{"id":286,"date":"2023-06-02T13:34:55","date_gmt":"2023-06-02T11:34:55","guid":{"rendered":"http:\/\/hweb-x-0-fe-04.fe.cpd.local\/crits\/?page_id=286"},"modified":"2025-11-06T15:36:19","modified_gmt":"2025-11-06T13:36:19","slug":"membres","status":"publish","type":"page","link":"https:\/\/www.ub.edu\/crits\/membres\/","title":{"rendered":"Membres"},"content":{"rendered":"<p>[et_pb_section fb_built=&#8221;1&#8243; _builder_version=&#8221;4.21.0&#8243; _module_preset=&#8221;default&#8221; global_colors_info=&#8221;{}&#8221;][et_pb_row _builder_version=&#8221;4.21.0&#8243; _module_preset=&#8221;default&#8221; global_colors_info=&#8221;{}&#8221;][et_pb_column type=&#8221;4_4&#8243; _builder_version=&#8221;4.21.0&#8243; _module_preset=&#8221;default&#8221; global_colors_info=&#8221;{}&#8221;][et_pb_post_title meta=&#8221;off&#8221; featured_image=&#8221;off&#8221; _builder_version=&#8221;4.21.0&#8243; _module_preset=&#8221;default&#8221; title_font=&#8221;Noto Serif|700|||||||&#8221; title_text_align=&#8221;right&#8221; title_text_color=&#8221;#000000&#8243; title_font_size=&#8221;4em&#8221; animation_style=&#8221;fade&#8221; animation_delay=&#8221;300ms&#8221; title_font_size_tablet=&#8221;3em&#8221; title_font_size_phone=&#8221;3em&#8221; title_font_size_last_edited=&#8221;on|desktop&#8221; border_width_bottom=&#8221;1px&#8221; border_color_bottom=&#8221;#FA6B5A&#8221; locked=&#8221;off&#8221; global_colors_info=&#8221;{}&#8221;][\/et_pb_post_title][\/et_pb_column][\/et_pb_row][et_pb_row _builder_version=&#8221;4.21.0&#8243; _module_preset=&#8221;default&#8221; background_color=&#8221;RGBA(255,255,255,0)&#8221; custom_padding=&#8221;||0px||false|false&#8221; locked=&#8221;off&#8221; global_colors_info=&#8221;{}&#8221;][et_pb_column type=&#8221;4_4&#8243; _builder_version=&#8221;4.21.0&#8243; _module_preset=&#8221;default&#8221; global_colors_info=&#8221;{}&#8221;][et_pb_text admin_label=&#8221;t\u00edtol invest&#8221; _builder_version=&#8221;4.22.1&#8243; _module_preset=&#8221;default&#8221; text_font=&#8221;Noto Serif||||||||&#8221; text_text_color=&#8221;#FA6B5A&#8221; header_2_font=&#8221;Noto Serif||||||||&#8221; header_2_text_color=&#8221;#FA6B5A&#8221; module_alignment=&#8221;left&#8221; global_colors_info=&#8221;{}&#8221;]<\/p>\n<h2 style=\"text-align: left;\"><strong>Investigadors\/es<\/strong><\/h2>\n<p>[\/et_pb_text][\/et_pb_column][\/et_pb_row][et_pb_row column_structure=&#8221;1_4,1_4,1_4,1_4&#8243; use_custom_gutter=&#8221;on&#8221; gutter_width=&#8221;2&#8243; make_equal=&#8221;on&#8221; admin_label=&#8221;Investigadors\/es&#8221; _builder_version=&#8221;4.21.0&#8243; background_color=&#8221;RGBA(255,255,255,0)&#8221; locked=&#8221;off&#8221; collapsed=&#8221;off&#8221; global_colors_info=&#8221;{}&#8221;][et_pb_column type=&#8221;1_4&#8243; _builder_version=&#8221;4.16&#8243; custom_padding=&#8221;|||&#8221; global_colors_info=&#8221;{}&#8221; custom_padding__hover=&#8221;|||&#8221;][et_pb_image src=&#8221;http:\/\/hweb-x-0-fe-04.fe.cpd.local\/crits\/wp-content\/uploads\/2023\/10\/Aramburu-Mikel.jpg&#8221; title_text=&#8221;Aramburu Mikel&#8221; force_fullwidth=&#8221;on&#8221; align_tablet=&#8221;center&#8221; align_phone=&#8221;center&#8221; align_last_edited=&#8221;on|desktop&#8221; admin_label=&#8221;ARAMBURU&#8221; _builder_version=&#8221;4.22.1&#8243; animation_style=&#8221;zoom&#8221; animation_delay=&#8221;100ms&#8221; animation_intensity_zoom=&#8221;6%&#8221; border_radii=&#8221;on|8px|8px|8px|8px&#8221; box_shadow_style=&#8221;preset3&#8243; box_shadow_color=&#8221;rgba(0,0,0,0.46)&#8221; locked=&#8221;off&#8221; global_colors_info=&#8221;{}&#8221;][\/et_pb_image][et_pb_text admin_label=&#8221;Nom&#8221; _builder_version=&#8221;4.22.2&#8243; text_font=&#8221;Noto Serif|700|||||||&#8221; text_text_color=&#8221;#FA6B5A&#8221; text_font_size=&#8221;1.3em&#8221; text_line_height=&#8221;1.9em&#8221; link_font=&#8221;||||||||&#8221; ul_font=&#8221;||||||||&#8221; ol_font=&#8221;||||||||&#8221; quote_font=&#8221;||||||||&#8221; header_font=&#8221;Noto Serif|700|||||||&#8221; header_text_align=&#8221;center&#8221; header_2_font=&#8221;Noto Serif|700|||||||&#8221; header_2_font_size=&#8221;44px&#8221; header_2_line_height=&#8221;1.5em&#8221; header_3_font=&#8221;||||||||&#8221; max_width=&#8221;800px&#8221; module_alignment=&#8221;center&#8221; header_2_font_size_tablet=&#8221;&#8221; header_2_font_size_phone=&#8221;34px&#8221; header_2_font_size_last_edited=&#8221;on|phone&#8221; border_width_bottom=&#8221;1px&#8221; locked=&#8221;off&#8221; global_colors_info=&#8221;{}&#8221;]<\/p>\n<p>Aramburu, Mikel<\/p>\n<p>[\/et_pb_text][et_pb_text _builder_version=&#8221;4.22.2&#8243; _module_preset=&#8221;default&#8221; global_colors_info=&#8221;{}&#8221;]<\/p>\n<p><a href=\"mailto:mikel.aramburu@ub.edu\">mikel.aramburu@ub.edu<\/a><\/p>\n<h4 style=\"text-align: left;\"><a href=\"https:\/\/orcid.org\/0000-0001-5605-5295\" target=\"_blank\" rel=\"noopener\"><strong><span style=\"color: #ff6b5a;\">CV +<\/span><\/strong><\/a><\/h4>\n<p>[\/et_pb_text][et_pb_toggle title=&#8221;Recerca&#8221; _builder_version=&#8221;4.22.2&#8243; _module_preset=&#8221;default&#8221; global_colors_info=&#8221;{}&#8221;]<\/p>\n<p>Mikel Aramburu Otazu \u00e9s professor titular d&#8217;Antropologia social a la Universitat de Barcelona, forma part del grup de recerca Antropologia de les Crisis i les Transformacions Contempor\u00e0nies (CRITS), est\u00e0 afiliat a la C\u00e0tedra Barcelona d&#8217;Estudis d&#8217;Habitatge. Imparteix doc\u00e8ncia de grau i m\u00e0ster en els camps de l&#8217;Antropologia pol\u00edtica i urbana, les migracions i l&#8217;epistemologia etnogr\u00e0fica. Actualment, investiga les ideologies sobre la redistribuci\u00f3 en les perif\u00e8ries metropolitanes de Barcelona i sobre l&#8217;Antropologia hist\u00f2rica de les migracions peninsulars a Catalunya.<\/p>\n<p>[\/et_pb_toggle][\/et_pb_column][et_pb_column type=&#8221;1_4&#8243; _builder_version=&#8221;4.16&#8243; custom_padding=&#8221;|||&#8221; global_colors_info=&#8221;{}&#8221; custom_padding__hover=&#8221;|||&#8221;][et_pb_image src=&#8221;https:\/\/www.ub.edu\/crits\/wp-content\/uploads\/2025\/04\/Argudo-Violeta.jpg&#8221; title_text=&#8221;Argudo, Violeta&#8221; force_fullwidth=&#8221;on&#8221; align_tablet=&#8221;center&#8221; align_phone=&#8221;center&#8221; align_last_edited=&#8221;on|desktop&#8221; admin_label=&#8221;ARGUDO&#8221; _builder_version=&#8221;4.27.4&#8243; animation_style=&#8221;zoom&#8221; animation_delay=&#8221;100ms&#8221; animation_intensity_zoom=&#8221;6%&#8221; border_radii=&#8221;on|8px|8px|8px|8px&#8221; box_shadow_style=&#8221;preset3&#8243; box_shadow_color=&#8221;rgba(0,0,0,0.46)&#8221; locked=&#8221;off&#8221; global_colors_info=&#8221;{}&#8221;][\/et_pb_image][et_pb_text admin_label=&#8221;Nom&#8221; _builder_version=&#8221;4.27.4&#8243; text_font=&#8221;Noto Serif|700|||||||&#8221; text_text_color=&#8221;#FA6B5A&#8221; text_font_size=&#8221;1.3em&#8221; text_line_height=&#8221;1.9em&#8221; link_font=&#8221;||||||||&#8221; ul_font=&#8221;||||||||&#8221; ol_font=&#8221;||||||||&#8221; quote_font=&#8221;||||||||&#8221; header_font=&#8221;Noto Serif|700|||||||&#8221; header_text_align=&#8221;center&#8221; header_2_font=&#8221;Noto Serif|700|||||||&#8221; header_2_font_size=&#8221;44px&#8221; header_2_line_height=&#8221;1.5em&#8221; header_3_font=&#8221;||||||||&#8221; max_width=&#8221;800px&#8221; module_alignment=&#8221;center&#8221; header_2_font_size_tablet=&#8221;&#8221; header_2_font_size_phone=&#8221;34px&#8221; header_2_font_size_last_edited=&#8221;on|phone&#8221; border_width_bottom=&#8221;1px&#8221; locked=&#8221;off&#8221; global_colors_info=&#8221;{}&#8221;]<\/p>\n<p>Argudo Portal, Violeta<\/p>\n<p>[\/et_pb_text][et_pb_text _builder_version=&#8221;4.27.4&#8243; _module_preset=&#8221;default&#8221; global_colors_info=&#8221;{}&#8221;]<\/p>\n<p><a href=\"mailto:vargudoportal@ub.edu\" target=\"_blank\" rel=\"noopener\">vargudoportal@ub.edu<\/a><\/p>\n<h4 style=\"text-align: left;\"><a href=\"https:\/\/www.researchgate.net\/profile\/Violeta-Argudo-Portal\" target=\"_blank\" rel=\"noopener\"><strong><span style=\"color: #ff6b5a;\">CV +<\/span><\/strong><\/a><\/h4>\n<p>[\/et_pb_text][et_pb_toggle title=&#8221;Recerca&#8221; _builder_version=&#8221;4.27.4&#8243; _module_preset=&#8221;default&#8221; global_colors_info=&#8221;{}&#8221;]<\/p>\n<p>Professora lectora Serra H\u00fanter en Antropologia Social (UB). Durant l&#8217;\u00faltima d\u00e8cada ha realitzat recerques interdisciplin\u00e0ries en diferents institucions nacionals i internacionals en el camp de l&#8217;antropologia de la ci\u00e8ncia, la tecnologia i la biomedicina en di\u00e0leg amb l&#8217;economia pol\u00edtica, els estudis en ci\u00e8ncia i tecnologia, les pol\u00edtiques p\u00fabliques i la biopol\u00edtica feminista. Estudia com, en l&#8217;\u00e0mbit biom\u00e8dic, coneixement, productes, dades, serveis i tecnologies s\u00f3n produ\u00efts, organitzats, distribu\u00efts i utilitzats, amb l&#8217;objectiu d&#8217;examinar els efectes distribu\u00efts que emergeixen d&#8217;aquestes formes d&#8217;organitzaci\u00f3 social. Un abordatge que pren el camp biom\u00e8dic de manera transversal com a espai d&#8217;indagaci\u00f3 de problemes antropol\u00f2gics i que explora els reptes etnogr\u00e0fics d&#8217;estudiar \u201ccap amunt\u201d. Ha fet treball de camp a Espanya, Dinamarca i l&#8217;Estat de Washington. Actualment, \u00e9s la secret\u00e0ria de la ASAEE, co-coordina la Political Stakes of Cancer Network i STS-CAT.<\/p>\n<p><a href=\"https:\/\/www.ub.edu\/portal\/web\/dp-antropologia\/violeta-argudo-portal\" target=\"_blank\" rel=\"noopener\">https:\/\/www.ub.edu\/portal\/web\/dp-antropologia\/violeta-argudo-portal<\/a><\/p>\n<p><a href=\"https:\/\/orcid.org\/0000-0002-6057-2559https:\/\/www.ub.edu\/portal\/web\/dp-antropologia\/violeta-argudo-portal\" target=\"_blank\" rel=\"noopener\">https:\/\/orcid.org\/0000-0002-6057-2559https:\/\/www.ub.edu\/portal\/web\/dp-antropologia\/violeta-argudo-portal<\/a><\/p>\n<p>[\/et_pb_toggle][\/et_pb_column][et_pb_column type=&#8221;1_4&#8243; _builder_version=&#8221;4.16&#8243; custom_padding=&#8221;|||&#8221; global_colors_info=&#8221;{}&#8221; custom_padding__hover=&#8221;|||&#8221;][et_pb_image src=&#8221;http:\/\/hweb-x-0-fe-04.fe.cpd.local\/crits\/wp-content\/uploads\/2023\/10\/Bellas-Lluis.jpg&#8221; title_text=&#8221;\u00a9 David Datzira&#8221; force_fullwidth=&#8221;on&#8221; align_tablet=&#8221;center&#8221; align_phone=&#8221;center&#8221; align_last_edited=&#8221;on|desktop&#8221; admin_label=&#8221;BELLAS&#8221; _builder_version=&#8221;4.27.3&#8243; animation_style=&#8221;zoom&#8221; animation_delay=&#8221;100ms&#8221; animation_intensity_zoom=&#8221;6%&#8221; border_radii=&#8221;on|8px|8px|8px|8px&#8221; box_shadow_style=&#8221;preset3&#8243; box_shadow_color=&#8221;rgba(0,0,0,0.46)&#8221; locked=&#8221;off&#8221; global_colors_info=&#8221;{}&#8221;][\/et_pb_image][et_pb_text admin_label=&#8221;Nom&#8221; _builder_version=&#8221;4.21.0&#8243; text_font=&#8221;Noto Serif|700|||||||&#8221; text_text_color=&#8221;#FA6B5A&#8221; text_font_size=&#8221;1.3em&#8221; text_line_height=&#8221;1.9em&#8221; link_font=&#8221;||||||||&#8221; ul_font=&#8221;||||||||&#8221; ol_font=&#8221;||||||||&#8221; quote_font=&#8221;||||||||&#8221; header_font=&#8221;Noto Serif|700|||||||&#8221; header_text_align=&#8221;center&#8221; header_2_font=&#8221;Noto Serif|700|||||||&#8221; header_2_font_size=&#8221;44px&#8221; header_2_line_height=&#8221;1.5em&#8221; header_3_font=&#8221;||||||||&#8221; max_width=&#8221;800px&#8221; module_alignment=&#8221;center&#8221; header_2_font_size_tablet=&#8221;&#8221; header_2_font_size_phone=&#8221;34px&#8221; header_2_font_size_last_edited=&#8221;on|phone&#8221; border_width_bottom=&#8221;1px&#8221; locked=&#8221;off&#8221; global_colors_info=&#8221;{}&#8221;]<\/p>\n<p>Bellas, Llu\u00eds<\/p>\n<p>[\/et_pb_text][et_pb_text _builder_version=&#8221;4.27.4&#8243; _module_preset=&#8221;default&#8221; global_colors_info=&#8221;{}&#8221;]<\/p>\n<p><a href=\"mailto:lluisbellas@ub.edu\">lluis.bellas@gmail.com<\/a><\/p>\n<h4 style=\"text-align: left;\"><a href=\"https:\/\/ub.academia.edu\/lluisbellas\" target=\"_blank\" rel=\"noopener\"><strong><span style=\"color: #ff6b5a;\">CV +<\/span><\/strong><\/a><\/h4>\n<p>[\/et_pb_text][et_pb_toggle title=&#8221;Recerca&#8221; _builder_version=&#8221;4.22.2&#8243; _module_preset=&#8221;default&#8221; global_colors_info=&#8221;{}&#8221;]<\/p>\n<p><a href=\"https:\/\/www.researchgate.net\/profile\/Lluis-Bellas\">https:\/\/www.researchgate.net\/profile\/Lluis-Bellas<\/a><br \/><a href=\"https:\/\/orcid.org\/0000-0001-5583-4975\">https:\/\/orcid.org\/0000-0001-5583-4975<\/a><br \/><a href=\"https:\/\/dialnet.unirioja.es\/servlet\/autor?codigo=6041682\">https:\/\/dialnet.unirioja.es\/servlet\/autor?codigo=6041682<\/a><\/p>\n<p>Doctorant en gesti\u00f3 del patrimoni cultural a la Universitat de Barcelona (investigador predoctoral contractat FI AGAUR, govern de la Generalitat de Catalunya). Graduat en Antropologia Social (UAB), M\u00e0ster en gesti\u00f3 del patrimoni cultural i museologia (UB) i postgraduat en gesti\u00f3 del patrimoni cultural immaterial (CRESPIAL-UNC), i pol\u00edtiques culturals de base comunit\u00e0ria (IberCultura Viva-FLASCO). Actualment est\u00e0 realitzant una tesi doctoral sobre museologies del patrimoni cultural immaterial i festes a Catalunya. Els seus interessos de recerca son els processos de patrimonialitzaci\u00f3 i muse\u00eftzaci\u00f3 de festes tradicionals a Catalunya, les pr\u00e0ctiques de salvaguarda del patrimoni cultural immaterial (PCI), Museus de PCI, la museologia social i les pol\u00edtiques culturals.<\/p>\n<p>[\/et_pb_toggle][\/et_pb_column][et_pb_column type=&#8221;1_4&#8243; _builder_version=&#8221;4.16&#8243; custom_padding=&#8221;|||&#8221; global_colors_info=&#8221;{}&#8221; custom_padding__hover=&#8221;|||&#8221;][et_pb_image src=&#8221;http:\/\/hweb-x-0-fe-04.fe.cpd.local\/crits\/wp-content\/uploads\/2023\/05\/Oriol-Beltran.jpg&#8221; title_text=&#8221;Oriol-Beltran&#8221; force_fullwidth=&#8221;on&#8221; align_tablet=&#8221;center&#8221; align_phone=&#8221;center&#8221; align_last_edited=&#8221;on|desktop&#8221; admin_label=&#8221;BELTRAN&#8221; _builder_version=&#8221;4.22.1&#8243; animation_style=&#8221;zoom&#8221; animation_delay=&#8221;100ms&#8221; animation_intensity_zoom=&#8221;6%&#8221; border_radii=&#8221;on|8px|8px|8px|8px&#8221; box_shadow_style=&#8221;preset3&#8243; box_shadow_color=&#8221;rgba(0,0,0,0.46)&#8221; locked=&#8221;off&#8221; global_colors_info=&#8221;{}&#8221;][\/et_pb_image][et_pb_text admin_label=&#8221;Nom&#8221; _builder_version=&#8221;4.21.0&#8243; text_font=&#8221;Noto Serif|700|||||||&#8221; text_text_color=&#8221;#FA6B5A&#8221; text_font_size=&#8221;1.3em&#8221; text_line_height=&#8221;1.9em&#8221; link_font=&#8221;||||||||&#8221; ul_font=&#8221;||||||||&#8221; ol_font=&#8221;||||||||&#8221; quote_font=&#8221;||||||||&#8221; header_font=&#8221;Noto Serif|700|||||||&#8221; header_text_align=&#8221;center&#8221; header_2_font=&#8221;Noto Serif|700|||||||&#8221; header_2_font_size=&#8221;44px&#8221; header_2_line_height=&#8221;1.5em&#8221; header_3_font=&#8221;||||||||&#8221; max_width=&#8221;800px&#8221; module_alignment=&#8221;center&#8221; header_2_font_size_tablet=&#8221;&#8221; header_2_font_size_phone=&#8221;34px&#8221; header_2_font_size_last_edited=&#8221;on|phone&#8221; border_width_bottom=&#8221;1px&#8221; locked=&#8221;off&#8221; global_colors_info=&#8221;{}&#8221;]<\/p>\n<p>Beltran, Oriol<\/p>\n<p>[\/et_pb_text][et_pb_text _builder_version=&#8221;4.22.2&#8243; _module_preset=&#8221;default&#8221; global_colors_info=&#8221;{}&#8221;]<\/p>\n<p><a href=\"mailto:obeltran@ub.edu\">obeltran@ub.edu<\/a><\/p>\n<h4 style=\"text-align: left;\">\u200b<a href=\"https:\/\/ub.academia.edu\/OBeltran\" target=\"_blank\" rel=\"noopener\"><strong><span style=\"color: #ff6b5a;\">CV +<\/span><\/strong><\/a><\/h4>\n<p>[\/et_pb_text][et_pb_toggle title=&#8221;Recerca&#8221; _builder_version=&#8221;4.22.2&#8243; _module_preset=&#8221;default&#8221; global_colors_info=&#8221;{}&#8221;]<\/p>\n<p>Oriol Beltran Costa \u00e9s professor titular d&#8217;Antropologia Social a la Universitat de Barcelona, coordinador del grup de recerca Antropologia de les crisis i les transformacions contempor\u00e0nies (CRITS) i membre de la Red de Antropolog\u00eda Ambiental. Ha impartit doc\u00e8ncia en antropologia econ\u00f2mica, t\u00e8cniques etnogr\u00e0fiques, antropologia ambiental i gesti\u00f3 del patrimoni natural. La seva traject\u00f2ria de recerca s&#8217;ha centrat en l&#8217;estudi dels processos t\u00e8cnics, les formes de gesti\u00f3 comunal, els processos de patrimonialitzaci\u00f3 i les pol\u00edtiques de conservaci\u00f3 de la natura. El seu treball de camp s&#8217;ha desenvolupat fonamentalment a l&#8217;Alt Pirineu, amb col\u00b7laboracions puntuals en projectes de recerca al Per\u00fa (Cusco, Madre de Dios) i, en l&#8217;actualitat, a l&#8217;Argentina (Santa Fe).<\/p>\n<p>[\/et_pb_toggle][\/et_pb_column][\/et_pb_row][et_pb_row column_structure=&#8221;1_4,1_4,1_4,1_4&#8243; use_custom_gutter=&#8221;on&#8221; gutter_width=&#8221;2&#8243; make_equal=&#8221;on&#8221; admin_label=&#8221;Investigadors\/es&#8221; _builder_version=&#8221;4.21.0&#8243; background_color=&#8221;RGBA(255,255,255,0)&#8221; locked=&#8221;off&#8221; collapsed=&#8221;off&#8221; global_colors_info=&#8221;{}&#8221;][et_pb_column type=&#8221;1_4&#8243; _builder_version=&#8221;4.16&#8243; custom_padding=&#8221;|||&#8221; global_colors_info=&#8221;{}&#8221; custom_padding__hover=&#8221;|||&#8221;][et_pb_image src=&#8221;https:\/\/www.ub.edu\/crits\/wp-content\/uploads\/2025\/04\/Bertolin-Patricia.jpg&#8221; title_text=&#8221;Bertolin, Patricia&#8221; force_fullwidth=&#8221;on&#8221; align_tablet=&#8221;center&#8221; align_phone=&#8221;center&#8221; align_last_edited=&#8221;on|desktop&#8221; admin_label=&#8221;BERTOLIN&#8221; _builder_version=&#8221;4.27.4&#8243; animation_style=&#8221;zoom&#8221; animation_delay=&#8221;100ms&#8221; animation_intensity_zoom=&#8221;6%&#8221; border_radii=&#8221;on|8px|8px|8px|8px&#8221; box_shadow_style=&#8221;preset3&#8243; box_shadow_color=&#8221;rgba(0,0,0,0.46)&#8221; locked=&#8221;off&#8221; global_colors_info=&#8221;{}&#8221;][\/et_pb_image][et_pb_text admin_label=&#8221;Nom&#8221; _builder_version=&#8221;4.27.4&#8243; text_font=&#8221;Noto Serif|700|||||||&#8221; text_text_color=&#8221;#FA6B5A&#8221; text_font_size=&#8221;1.3em&#8221; text_line_height=&#8221;1.9em&#8221; link_font=&#8221;||||||||&#8221; ul_font=&#8221;||||||||&#8221; ol_font=&#8221;||||||||&#8221; quote_font=&#8221;||||||||&#8221; header_font=&#8221;Noto Serif|700|||||||&#8221; header_text_align=&#8221;center&#8221; header_2_font=&#8221;Noto Serif|700|||||||&#8221; header_2_font_size=&#8221;44px&#8221; header_2_line_height=&#8221;1.5em&#8221; header_3_font=&#8221;||||||||&#8221; max_width=&#8221;800px&#8221; module_alignment=&#8221;center&#8221; header_2_font_size_tablet=&#8221;&#8221; header_2_font_size_phone=&#8221;34px&#8221; header_2_font_size_last_edited=&#8221;on|phone&#8221; border_width_bottom=&#8221;1px&#8221; locked=&#8221;off&#8221; global_colors_info=&#8221;{}&#8221;]<\/p>\n<p><strong>Bertolin, Patricia<\/strong><\/p>\n<p>[\/et_pb_text][et_pb_text _builder_version=&#8221;4.27.4&#8243; _module_preset=&#8221;default&#8221; global_colors_info=&#8221;{}&#8221;]<\/p>\n<p><a title=\"mailto:pbertolinros@ub.edu\" href=\"mailto:pbertolinros@ub.edu\" data-linkindex=\"0\" data-olk-copy-source=\"MessageBody\">pbertolinros@ub.edu<\/a><\/p>\n<h4 style=\"text-align: left;\"><a href=\"https:\/\/ub.academia.edu\/PatriciaBertolinRos\" target=\"_blank\" rel=\"noopener\">\u200b<strong><span style=\"color: #ff6b5a;\">CV +<\/span><\/strong><\/a><\/h4>\n<p>[\/et_pb_text][et_pb_toggle title=&#8221;Recerca&#8221; admin_label=&#8221;Conmutador&#8221; _builder_version=&#8221;4.27.4&#8243; _module_preset=&#8221;default&#8221; global_colors_info=&#8221;{}&#8221;]<\/p>\n<p>Graduada en Antropologia Social i Cultural per la Universitat de Barcelona, amb un M\u00e0ster en Estudis Avan\u00e7ats en Exclusi\u00f3 Social a la mateixa universitat. Actualment \u00e9s investigadora predoctoral al Departament d\u2019Antropologia Social de la UB, on desenvolupa la seva tesi doctoral. La seva recerca se centra en analitzar els efectes de la incorporaci\u00f3 de l\u2019educaci\u00f3 i l\u2019acompanyament emocional als centres de secund\u00e0ria de Catalunya.<\/p>\n<p>Els seus principals interessos de recerca inclouen la neoliberalitzaci\u00f3 de l\u2019educaci\u00f3 p\u00fablica, l\u2019emocionalitzaci\u00f3 del camp educatiu i el paper de les emocions en el context del capitalisme financer.<\/p>\n<p>Forma part del grup de recerca Antropologia de les Crisis i les Transformacions Contempor\u00e0nies (CRITS), i participa en els grups de treball Antropologia de l\u2019Estat i de l\u2019Acci\u00f3 P\u00fablica i Antropologia i Educaci\u00f3 de l\u2019Institut Catal\u00e0 d\u2019Antropologia (ICA).<\/p>\n<p>[\/et_pb_toggle][\/et_pb_column][et_pb_column type=&#8221;1_4&#8243; _builder_version=&#8221;4.16&#8243; custom_padding=&#8221;|||&#8221; global_colors_info=&#8221;{}&#8221; custom_padding__hover=&#8221;|||&#8221;][et_pb_image src=&#8221;http:\/\/hweb-x-0-fe-04.fe.cpd.local\/crits\/wp-content\/uploads\/2023\/10\/Bofill-Silvia.jpg&#8221; title_text=&#8221;Bofill Si\u0301lvia&#8221; force_fullwidth=&#8221;on&#8221; align_tablet=&#8221;center&#8221; align_phone=&#8221;center&#8221; align_last_edited=&#8221;on|desktop&#8221; admin_label=&#8221;BOFILL&#8221; _builder_version=&#8221;4.22.1&#8243; animation_style=&#8221;zoom&#8221; animation_delay=&#8221;100ms&#8221; animation_intensity_zoom=&#8221;6%&#8221; border_radii=&#8221;on|8px|8px|8px|8px&#8221; box_shadow_style=&#8221;preset3&#8243; box_shadow_color=&#8221;rgba(0,0,0,0.46)&#8221; locked=&#8221;off&#8221; global_colors_info=&#8221;{}&#8221;][\/et_pb_image][et_pb_text admin_label=&#8221;Nom&#8221; _builder_version=&#8221;4.21.0&#8243; text_font=&#8221;Noto Serif|700|||||||&#8221; text_text_color=&#8221;#FA6B5A&#8221; text_font_size=&#8221;1.3em&#8221; text_line_height=&#8221;1.9em&#8221; link_font=&#8221;||||||||&#8221; ul_font=&#8221;||||||||&#8221; ol_font=&#8221;||||||||&#8221; quote_font=&#8221;||||||||&#8221; header_font=&#8221;Noto Serif|700|||||||&#8221; header_text_align=&#8221;center&#8221; header_2_font=&#8221;Noto Serif|700|||||||&#8221; header_2_font_size=&#8221;44px&#8221; header_2_line_height=&#8221;1.5em&#8221; header_3_font=&#8221;||||||||&#8221; max_width=&#8221;800px&#8221; module_alignment=&#8221;center&#8221; header_2_font_size_tablet=&#8221;&#8221; header_2_font_size_phone=&#8221;34px&#8221; header_2_font_size_last_edited=&#8221;on|phone&#8221; border_width_bottom=&#8221;1px&#8221; locked=&#8221;off&#8221; global_colors_info=&#8221;{}&#8221;]<\/p>\n<p>Bofill, S\u00edlvia<\/p>\n<p>[\/et_pb_text][et_pb_text _builder_version=&#8221;4.22.2&#8243; _module_preset=&#8221;default&#8221; global_colors_info=&#8221;{}&#8221;]<\/p>\n<p><a href=\"mailto:bofill@ub.edu\">bofill@ub.edu<\/a><\/p>\n<h4 style=\"text-align: left;\"><a href=\"https:\/\/ub.academia.edu\/SilviaBofillPoch\" target=\"_blank\" rel=\"noopener\"><strong><span style=\"color: #ff6b5a;\">CV +<\/span><\/strong><\/a><\/h4>\n<p>[\/et_pb_text][et_pb_toggle title=&#8221;Recerca&#8221; _builder_version=&#8221;4.22.2&#8243; _module_preset=&#8221;default&#8221; global_colors_info=&#8221;{}&#8221;]<\/p>\n<p>S\u00edlvia Bofill-Poch \u00e9s Doctora en Antropologia i Professora titular del Departament d&#8217;Antropologia social de la Universitat de Barcelona. Ha fet recerca en els camps de l&#8217;Antropologia de la cura, l&#8217;Antropologia pol\u00edtica i jur\u00eddica i l&#8217;Etnologia mexicana. Va fer la tesi doctoral a M\u00e8xic sobre ecologia pol\u00edtica i silvicultura comunit\u00e0ria en contextos ind\u00edgenes (2003). Els seus interessos de recerca m\u00e9s recents se centren en l&#8217;economia de les cures i l&#8217;economia feminista, posant el focus en l&#8217;envelliment i les pol\u00edtiques p\u00fabliques, les moralitats de la cura, les migracions transnacionals, les viol\u00e8ncies i els reclams de just\u00edcia. Coordinadora del Grup d&#8217;Estudis sobre Reciprocitat (GER) del 2014 al 2021, membre del Grup de Recerca en Antropologia Jur\u00eddica (GRAJ) i de l&#8217;Institut Interuniversitari d&#8217;Estudis de Dones i G\u00e8nere (iiEDG).<\/p>\n<p>[\/et_pb_toggle][\/et_pb_column][et_pb_column type=&#8221;1_4&#8243; _builder_version=&#8221;4.16&#8243; custom_padding=&#8221;|||&#8221; global_colors_info=&#8221;{}&#8221; custom_padding__hover=&#8221;|||&#8221;][et_pb_image src=&#8221;http:\/\/hweb-x-0-fe-04.fe.cpd.local\/crits\/wp-content\/uploads\/2023\/10\/Breton-Victor.jpg&#8221; title_text=&#8221;Breto\u0301n Vi\u0301ctor&#8221; force_fullwidth=&#8221;on&#8221; align_tablet=&#8221;center&#8221; align_phone=&#8221;center&#8221; align_last_edited=&#8221;on|desktop&#8221; admin_label=&#8221;BRET\u00d3N&#8221; _builder_version=&#8221;4.22.1&#8243; animation_style=&#8221;zoom&#8221; animation_delay=&#8221;100ms&#8221; animation_intensity_zoom=&#8221;6%&#8221; border_radii=&#8221;on|8px|8px|8px|8px&#8221; box_shadow_style=&#8221;preset3&#8243; box_shadow_color=&#8221;rgba(0,0,0,0.46)&#8221; locked=&#8221;off&#8221; global_colors_info=&#8221;{}&#8221;][\/et_pb_image][et_pb_text admin_label=&#8221;Nom&#8221; _builder_version=&#8221;4.21.0&#8243; text_font=&#8221;Noto Serif|700|||||||&#8221; text_text_color=&#8221;#FA6B5A&#8221; text_font_size=&#8221;1.3em&#8221; text_line_height=&#8221;1.9em&#8221; link_font=&#8221;||||||||&#8221; ul_font=&#8221;||||||||&#8221; ol_font=&#8221;||||||||&#8221; quote_font=&#8221;||||||||&#8221; header_font=&#8221;Noto Serif|700|||||||&#8221; header_text_align=&#8221;center&#8221; header_2_font=&#8221;Noto Serif|700|||||||&#8221; header_2_font_size=&#8221;44px&#8221; header_2_line_height=&#8221;1.5em&#8221; header_3_font=&#8221;||||||||&#8221; max_width=&#8221;800px&#8221; module_alignment=&#8221;center&#8221; header_2_font_size_tablet=&#8221;&#8221; header_2_font_size_phone=&#8221;34px&#8221; header_2_font_size_last_edited=&#8221;on|phone&#8221; border_width_bottom=&#8221;1px&#8221; locked=&#8221;off&#8221; global_colors_info=&#8221;{}&#8221;]<\/p>\n<p>Bret\u00f3n, V\u00edctor<\/p>\n<p>[\/et_pb_text][et_pb_text _builder_version=&#8221;4.22.2&#8243; _module_preset=&#8221;default&#8221; global_colors_info=&#8221;{}&#8221;]<\/p>\n<p><a href=\"mailto:victor.breton@udl.cat\">victor.breton@udl.cat<\/a><\/p>\n<h4 style=\"text-align: left;\"><a href=\"https:\/\/webgrec.udl.cat\/webpages\/personal\/cas\/000237_victor.breton.udl.cat.html\" target=\"_blank\" rel=\"noopener\"><strong><span style=\"color: #ff6b5a;\">CV +<\/span><\/strong><\/a><\/h4>\n<p>[\/et_pb_text][et_pb_toggle title=&#8221;Recerca&#8221; _builder_version=&#8221;4.22.2&#8243; _module_preset=&#8221;default&#8221; global_colors_info=&#8221;{}&#8221;]<\/p>\n<p>V\u00edctor Bret\u00f3n Solo de Zald\u00edvar, Doctor en Antropologia Social per la Universitat de Barcelona, \u00e9s Catedr\u00e0tic d&#8217;Antropologia Social a la Universitat de Lleida i Professor Distingit de la Facultat Llatinoamericana de Ci\u00e8ncies Socials, seu Equador. Especialista en teories del desenvolupament, economies camperoles i moviments \u00e8tnics a Am\u00e8rica Llatina, ha fet investigaci\u00f3 hist\u00f2rica i etnogr\u00e0fica a Espanya, M\u00e8xic i Equador. \u00c9s autor de llibres com: <em>Capitalismo, reforma agraria y organizaci\u00f3n comunal en los Andes<\/em> (1997); <em>Tierra, Estado y Capitalismo<\/em> (2000); <em>Cooperaci\u00f3n al desarrollo y demandas \u00e9tnicas en los Andes ecuatorianos<\/em> (2001); <em>Capital social y etnodesarrollo en los Andes<\/em> (2005); <em>Toacazo. En los Andes equinocciales tras la Reforma Agraria<\/em> (2012); i <em>Indianidad evanescente en los Andes de Ecuador<\/em> (2022). Ha estat editor, co-editor i col\u00b7laborador, tanmateix, de les compilacions: <em>La agricultura familiar en Espa\u00f1a<\/em> (1994); <em>Los l\u00edmites del desarrollo<\/em> (1999); <em>Estado, etnicidad y movimientos sociales en Am\u00e9rica Latina<\/em> (2003); <em>Ciudadan\u00eda y exclusi\u00f3n: Ecuador y Espa\u00f1a frente al espejo<\/em> (2007); <em>Saturno devora a sus hijos. Miradas cr\u00edticas sobre el desarrollo y sus promesas<\/em> (2010); i <em>Poderes y personas. Pasado y presente de la administraci\u00f3n de poblaciones en Am\u00e9rica Latina<\/em> (2017).<\/p>\n<p>[\/et_pb_toggle][\/et_pb_column][et_pb_column type=&#8221;1_4&#8243; _builder_version=&#8221;4.16&#8243; custom_padding=&#8221;|||&#8221; global_colors_info=&#8221;{}&#8221; custom_padding__hover=&#8221;|||&#8221;][et_pb_image src=&#8221;http:\/\/hweb-x-0-fe-04.fe.cpd.local\/crits\/wp-content\/uploads\/2023\/10\/Canals-Alejandra.jpg&#8221; title_text=&#8221;Canals Alejandra&#8221; force_fullwidth=&#8221;on&#8221; align_tablet=&#8221;center&#8221; align_phone=&#8221;center&#8221; align_last_edited=&#8221;on|desktop&#8221; admin_label=&#8221;CANALS&#8221; _builder_version=&#8221;4.22.1&#8243; animation_style=&#8221;zoom&#8221; animation_delay=&#8221;100ms&#8221; animation_intensity_zoom=&#8221;6%&#8221; border_radii=&#8221;on|8px|8px|8px|8px&#8221; box_shadow_style=&#8221;preset3&#8243; box_shadow_color=&#8221;rgba(0,0,0,0.46)&#8221; locked=&#8221;off&#8221; global_colors_info=&#8221;{}&#8221;][\/et_pb_image][et_pb_text admin_label=&#8221;Nom&#8221; _builder_version=&#8221;4.21.0&#8243; text_font=&#8221;Noto Serif|700|||||||&#8221; text_text_color=&#8221;#FA6B5A&#8221; text_font_size=&#8221;1.3em&#8221; text_line_height=&#8221;1.9em&#8221; link_font=&#8221;||||||||&#8221; ul_font=&#8221;||||||||&#8221; ol_font=&#8221;||||||||&#8221; quote_font=&#8221;||||||||&#8221; header_font=&#8221;Noto Serif|700|||||||&#8221; header_text_align=&#8221;center&#8221; header_2_font=&#8221;Noto Serif|700|||||||&#8221; header_2_font_size=&#8221;44px&#8221; header_2_line_height=&#8221;1.5em&#8221; header_3_font=&#8221;||||||||&#8221; max_width=&#8221;800px&#8221; module_alignment=&#8221;center&#8221; header_2_font_size_tablet=&#8221;&#8221; header_2_font_size_phone=&#8221;34px&#8221; header_2_font_size_last_edited=&#8221;on|phone&#8221; border_width_bottom=&#8221;1px&#8221; locked=&#8221;off&#8221; global_colors_info=&#8221;{}&#8221;]<\/p>\n<p>Canals, Alejandra<\/p>\n<p>[\/et_pb_text][et_pb_text admin_label=&#8221;Texto&#8221; _builder_version=&#8221;4.22.2&#8243; _module_preset=&#8221;default&#8221; global_colors_info=&#8221;{}&#8221;]<\/p>\n<p><a href=\"mailto:alejandra_canals@ub.edu\">alejandra_canals@ub.edu<\/a><\/p>\n<h4 style=\"text-align: left;\"><a href=\"https:\/\/orcid.org\/0000-0003-4717-7842\" target=\"_blank\" rel=\"noopener\"><strong><span style=\"color: #ff6b5a;\">CV +<\/span><\/strong><\/a><\/h4>\n<p>[\/et_pb_text][et_pb_toggle title=&#8221;Recerca&#8221; _builder_version=&#8221;4.22.2&#8243; _module_preset=&#8221;default&#8221; global_colors_info=&#8221;{}&#8221;]<\/p>\n<p>Antrop\u00f2loga social de la Universitat de Xile, m\u00e0ster en Gesti\u00f3 del Patrimoni Cultural de la Universitat de Barcelona i doctora en Gesti\u00f3 de la Cultura i el Patrimoni per la mateixa Universitat. Actualment \u00e9s professora associada del departament d&#8217; Antropologia de la Universitat de Barcelona. Les seves l\u00ednies de recerca es relacionen amb l&#8217; estudi de la representaci\u00f3 ind\u00edgena als museus, els museus etnol\u00f2gics i els processos de patrimonialitzaci\u00f3. En aquests \u00faltims anys ha investigat sobre els efectes de la Covid-19 als museus i el patrimoni immaterial.<\/p>\n<p>[\/et_pb_toggle][\/et_pb_column][\/et_pb_row][et_pb_row column_structure=&#8221;1_4,1_4,1_4,1_4&#8243; use_custom_gutter=&#8221;on&#8221; gutter_width=&#8221;2&#8243; make_equal=&#8221;on&#8221; admin_label=&#8221;Investigadors\/es&#8221; _builder_version=&#8221;4.21.0&#8243; background_color=&#8221;RGBA(255,255,255,0)&#8221; locked=&#8221;off&#8221; collapsed=&#8221;off&#8221; global_colors_info=&#8221;{}&#8221;][et_pb_column type=&#8221;1_4&#8243; _builder_version=&#8221;4.16&#8243; custom_padding=&#8221;|||&#8221; global_colors_info=&#8221;{}&#8221; custom_padding__hover=&#8221;|||&#8221;][et_pb_image src=&#8221;https:\/\/www.ub.edu\/crits\/wp-content\/uploads\/2025\/04\/Castellano-Neixe.jpg&#8221; title_text=&#8221;Castellano, Neixe&#8221; force_fullwidth=&#8221;on&#8221; align_tablet=&#8221;center&#8221; align_phone=&#8221;center&#8221; align_last_edited=&#8221;on|desktop&#8221; admin_label=&#8221;CASTELLANO&#8221; _builder_version=&#8221;4.27.4&#8243; animation_style=&#8221;zoom&#8221; animation_delay=&#8221;100ms&#8221; animation_intensity_zoom=&#8221;6%&#8221; border_radii=&#8221;on|8px|8px|8px|8px&#8221; box_shadow_style=&#8221;preset3&#8243; box_shadow_color=&#8221;rgba(0,0,0,0.46)&#8221; locked=&#8221;off&#8221; global_colors_info=&#8221;{}&#8221;][\/et_pb_image][et_pb_text admin_label=&#8221;Nom&#8221; _builder_version=&#8221;4.27.4&#8243; text_font=&#8221;Noto Serif|700|||||||&#8221; text_text_color=&#8221;#FA6B5A&#8221; text_font_size=&#8221;1.3em&#8221; text_line_height=&#8221;1.9em&#8221; link_font=&#8221;||||||||&#8221; ul_font=&#8221;||||||||&#8221; ol_font=&#8221;||||||||&#8221; quote_font=&#8221;||||||||&#8221; header_font=&#8221;Noto Serif|700|||||||&#8221; header_text_align=&#8221;center&#8221; header_2_font=&#8221;Noto Serif|700|||||||&#8221; header_2_font_size=&#8221;44px&#8221; header_2_line_height=&#8221;1.5em&#8221; header_3_font=&#8221;||||||||&#8221; max_width=&#8221;800px&#8221; module_alignment=&#8221;center&#8221; header_2_font_size_tablet=&#8221;&#8221; header_2_font_size_phone=&#8221;34px&#8221; header_2_font_size_last_edited=&#8221;on|phone&#8221; border_width_bottom=&#8221;1px&#8221; locked=&#8221;off&#8221; global_colors_info=&#8221;{}&#8221;]<\/p>\n<p>Castellano, Neix\u00e9<\/p>\n<p>[\/et_pb_text][et_pb_text admin_label=&#8221;Texto&#8221; _builder_version=&#8221;4.27.4&#8243; _module_preset=&#8221;default&#8221; global_colors_info=&#8221;{}&#8221;]<\/p>\n<p><a href=\"mailto:neixecastellano@ub.edu\" target=\"_blank\" rel=\"noopener\">neixecastellano@ub.edu<\/a><\/p>\n<h4 style=\"text-align: left;\"><a href=\"https:\/\/orcid.org\/0009-0005-2553-3238\" target=\"_blank\" rel=\"noopener\"><strong><span style=\"color: #ff6b5a;\">CV +<\/span><\/strong><\/a><\/h4>\n<p>[\/et_pb_text][et_pb_toggle title=&#8221;Recerca&#8221; _builder_version=&#8221;4.27.4&#8243; _module_preset=&#8221;default&#8221; global_colors_info=&#8221;{}&#8221;]<\/p>\n<p>Investigadora predoctoral al departament d\u2019Antropologia Social de la Universitat de Barcelona. Va cursar el grau d\u2019antropologia en aquesta mateixa universitat i va complementar la seva formaci\u00f3 amb un m\u00e0ster sobre cultura \u00e0rab i hebrea la Universitat de Granada. Tant al grau com al m\u00e0ster va dur a terme un treball etnogr\u00e0fic sobre la turistificaci\u00f3 de certs espais relacionats amb el conflicte dins del context palest\u00ed, concretament la ciutat d\u2019Hebron i les expressions art\u00edstiques al mur de la separaci\u00f3 a Betlem. Actualment, du a terme la seva investigaci\u00f3 doctoral centrada en la intersecci\u00f3 turisme i conflicte en el context palest\u00ed i la patrimonialitzaci\u00f3 de la mem\u00f2ria traum\u00e0tica.<\/p>\n<p>[\/et_pb_toggle][\/et_pb_column][et_pb_column type=&#8221;1_4&#8243; _builder_version=&#8221;4.16&#8243; custom_padding=&#8221;|||&#8221; global_colors_info=&#8221;{}&#8221; custom_padding__hover=&#8221;|||&#8221;][et_pb_image src=&#8221;http:\/\/hweb-x-0-fe-04.fe.cpd.local\/crits\/wp-content\/uploads\/2023\/10\/Castellar-Nathalia-1.jpg&#8221; title_text=&#8221;Castellar Nathalia&#8221; force_fullwidth=&#8221;on&#8221; align_tablet=&#8221;center&#8221; align_phone=&#8221;center&#8221; align_last_edited=&#8221;on|desktop&#8221; admin_label=&#8221;CASTELLAR&#8221; _builder_version=&#8221;4.22.2&#8243; animation_style=&#8221;zoom&#8221; animation_delay=&#8221;100ms&#8221; animation_intensity_zoom=&#8221;6%&#8221; border_radii=&#8221;on|8px|8px|8px|8px&#8221; box_shadow_style=&#8221;preset3&#8243; box_shadow_color=&#8221;rgba(0,0,0,0.46)&#8221; locked=&#8221;off&#8221; global_colors_info=&#8221;{}&#8221;][\/et_pb_image][et_pb_text admin_label=&#8221;Nom&#8221; _builder_version=&#8221;4.22.2&#8243; text_font=&#8221;Noto Serif|700|||||||&#8221; text_text_color=&#8221;#FA6B5A&#8221; text_font_size=&#8221;1.3em&#8221; text_line_height=&#8221;1.9em&#8221; link_font=&#8221;||||||||&#8221; ul_font=&#8221;||||||||&#8221; ol_font=&#8221;||||||||&#8221; quote_font=&#8221;||||||||&#8221; header_font=&#8221;Noto Serif|700|||||||&#8221; header_text_align=&#8221;center&#8221; header_2_font=&#8221;Noto Serif|700|||||||&#8221; header_2_font_size=&#8221;44px&#8221; header_2_line_height=&#8221;1.5em&#8221; header_3_font=&#8221;||||||||&#8221; max_width=&#8221;800px&#8221; module_alignment=&#8221;center&#8221; header_2_font_size_tablet=&#8221;&#8221; header_2_font_size_phone=&#8221;34px&#8221; header_2_font_size_last_edited=&#8221;on|phone&#8221; border_width_bottom=&#8221;1px&#8221; locked=&#8221;off&#8221; global_colors_info=&#8221;{}&#8221;]<\/p>\n<p>Castellar, Nathalia<\/p>\n<p>[\/et_pb_text][et_pb_text admin_label=&#8221;Texto&#8221; _builder_version=&#8221;4.27.4&#8243; _module_preset=&#8221;default&#8221; global_colors_info=&#8221;{}&#8221;]<\/p>\n<p><a href=\"mailto:nathaliacq@hotmail.com\" target=\"_blank\" rel=\"noopener\">nathaliacq@hotmail.com<\/a><\/p>\n<h4 style=\"text-align: left;\"><a href=\"https:\/\/www.linkedin.com\/in\/n-castellar\/\" target=\"_blank\" rel=\"noopener\"><strong><span style=\"color: #ff6b5a;\">CV +<\/span><\/strong><\/a><\/h4>\n<p>[\/et_pb_text][et_pb_toggle title=&#8221;Recerca&#8221; _builder_version=&#8221;4.22.2&#8243; _module_preset=&#8221;default&#8221; global_colors_info=&#8221;{}&#8221;]<\/p>\n<p>Doctoranda del programa Societat i Cultura de la Universitat de Barcelona, a la l\u00ednia de investigaci\u00f3 Gesti\u00f3 de la Cultura i el Patrimoni. M\u00e0ster en Gesti\u00f3 de Patrimoni Cultural i Museologia d&#8217;aquesta mateixa universitat i Conservadora \u2013 Restauradora de B\u00e9ns Culturals Museables per la Universidad SEK de Santiago de Chile. La investigaci\u00f3 doctoral que est\u00e0 duent a terme en l&#8217;actualitat est\u00e0 centrada en la relaci\u00f3 entre el patrimoni cultural immaterial i els contextos migratoris, marc a trav\u00e9s del qual observa i estudia pr\u00e0ctiques culturals concretes de poblaci\u00f3 migrada d&#8217;origen colombi\u00e0 a la ciutat de Barcelona, en un exercici on s&#8217;analitzen les possibles relacions entre aquestes pr\u00e0ctiques i determinades l\u00f2giques subjacents als processos de patrimonializaci\u00f3. Aquest treball es realitza gr\u00e0cies a un contracte como a investigadora predoctoral en formaci\u00f3 del programa FI-AGAUR de la Generalitat de Catalunya.<\/p>\n<p>[\/et_pb_toggle][\/et_pb_column][et_pb_column type=&#8221;1_4&#8243; _builder_version=&#8221;4.16&#8243; custom_padding=&#8221;|||&#8221; global_colors_info=&#8221;{}&#8221; custom_padding__hover=&#8221;|||&#8221;][et_pb_image src=&#8221;https:\/\/www.ub.edu\/crits\/wp-content\/uploads\/2025\/04\/Del-Marmol-Camila.jpg&#8221; title_text=&#8221;Del Ma\u0301rmol, Camila&#8221; force_fullwidth=&#8221;on&#8221; align_tablet=&#8221;center&#8221; align_phone=&#8221;center&#8221; align_last_edited=&#8221;on|desktop&#8221; admin_label=&#8221;DEL M\u00c1RMOL&#8221; _builder_version=&#8221;4.27.4&#8243; animation_style=&#8221;zoom&#8221; animation_delay=&#8221;100ms&#8221; animation_intensity_zoom=&#8221;6%&#8221; border_radii=&#8221;on|8px|8px|8px|8px&#8221; box_shadow_style=&#8221;preset3&#8243; box_shadow_color=&#8221;rgba(0,0,0,0.46)&#8221; locked=&#8221;off&#8221; global_colors_info=&#8221;{}&#8221;][\/et_pb_image][et_pb_text admin_label=&#8221;Nom&#8221; _builder_version=&#8221;4.22.1&#8243; text_font=&#8221;Noto Serif|700|||||||&#8221; text_text_color=&#8221;#FA6B5A&#8221; text_font_size=&#8221;1.3em&#8221; text_line_height=&#8221;1.9em&#8221; link_font=&#8221;||||||||&#8221; ul_font=&#8221;||||||||&#8221; ol_font=&#8221;||||||||&#8221; quote_font=&#8221;||||||||&#8221; header_font=&#8221;Noto Serif|700|||||||&#8221; header_text_align=&#8221;center&#8221; header_2_font=&#8221;Noto Serif|700|||||||&#8221; header_2_font_size=&#8221;44px&#8221; header_2_line_height=&#8221;1.5em&#8221; header_3_font=&#8221;||||||||&#8221; max_width=&#8221;800px&#8221; module_alignment=&#8221;center&#8221; header_2_font_size_tablet=&#8221;&#8221; header_2_font_size_phone=&#8221;34px&#8221; header_2_font_size_last_edited=&#8221;on|phone&#8221; border_width_bottom=&#8221;1px&#8221; locked=&#8221;off&#8221; global_colors_info=&#8221;{}&#8221;]Del M\u00e1rmol, Camila[\/et_pb_text][et_pb_text _builder_version=&#8221;4.22.2&#8243; _module_preset=&#8221;default&#8221; link_option_url=&#8221;https:\/\/ub.academia.edu\/CamiladelM%C3%A1rmol&#8221; global_colors_info=&#8221;{}&#8221;]<\/p>\n<p><a href=\"mailto:cdelmarmol@ub.edu\">cdelmarmol@ub.edu<\/a><\/p>\n<h4 style=\"text-align: left;\"><a href=\"https:\/\/ub.academia.edu\/CamiladelM%C3%A1rmol\" target=\"_blank\" rel=\"noopener\"><strong><span style=\"color: #ff6b5a;\">CV +<\/span><\/strong><\/a><\/h4>\n<p>[\/et_pb_text][et_pb_toggle title=&#8221;Recerca&#8221; admin_label=&#8221;Conmutador&#8221; _builder_version=&#8221;4.22.2&#8243; _module_preset=&#8221;default&#8221; global_colors_info=&#8221;{}&#8221;]<\/p>\n<p>Professora d&#8217;Antropologia Social de la UB. Les meves investigacions se centren en l&#8217;estudi de les transformacions de la ruralitat a zones de muntanya, a partir d&#8217;una etnografia al Pirineu catal\u00e0. Els canvis en els sistemes de producci\u00f3 i l&#8217;an\u00e0lisi dels processos de patrimonialitzaci\u00f3 i els usos del passat em van permetre reflexionar sobre les din\u00e0miques de marginaci\u00f3 i despoblament de zones rurals. He escrit sobre neorrurals, transicions socioecon\u00f2miques i desenvolupament rural, poder, identitats i imaginaris locals, mem\u00f2ria, arquitectura i els nous extractivismes miners a Europa. Tamb\u00e9 m&#8217;he interessat pel concepte de patrimoni immaterial i l&#8217;economia dels intangibles a partir d&#8217;una etnografia a Buenos Aires. Actualment, col\u00b7laboro en un projecte als Andes equatorians sobre xarxes agroecol\u00f2giques i formo part de dos projectes sobre ruralitat. La meva recerca principal es continua centrant al Pirineu, ara enfocada a les &#8220;resist\u00e8ncies rurals&#8221;: els moviments socials, l&#8217;economia social i solid\u00e0ria i els nous comuns.<\/p>\n<p>[\/et_pb_toggle][\/et_pb_column][et_pb_column type=&#8221;1_4&#8243; _builder_version=&#8221;4.16&#8243; custom_padding=&#8221;|||&#8221; global_colors_info=&#8221;{}&#8221; custom_padding__hover=&#8221;|||&#8221;][et_pb_image src=&#8221;http:\/\/hweb-x-0-fe-04.fe.cpd.local\/crits\/wp-content\/uploads\/2024\/04\/Del-Pozo-Ainhara.jpeg&#8221; title_text=&#8221;Del Pozo, Ainhara&#8221; force_fullwidth=&#8221;on&#8221; align_tablet=&#8221;center&#8221; align_phone=&#8221;center&#8221; align_last_edited=&#8221;on|desktop&#8221; admin_label=&#8221;DEL POZO&#8221; _builder_version=&#8221;4.22.2&#8243; animation_style=&#8221;zoom&#8221; animation_delay=&#8221;100ms&#8221; animation_intensity_zoom=&#8221;6%&#8221; border_radii=&#8221;on|8px|8px|8px|8px&#8221; box_shadow_style=&#8221;preset3&#8243; box_shadow_color=&#8221;rgba(0,0,0,0.46)&#8221; locked=&#8221;off&#8221; global_colors_info=&#8221;{}&#8221;][\/et_pb_image][et_pb_text admin_label=&#8221;Nom&#8221; _builder_version=&#8221;4.27.0&#8243; text_font=&#8221;Noto Serif|700|||||||&#8221; text_text_color=&#8221;#FA6B5A&#8221; text_font_size=&#8221;1.3em&#8221; text_line_height=&#8221;1.9em&#8221; link_font=&#8221;||||||||&#8221; ul_font=&#8221;||||||||&#8221; ol_font=&#8221;||||||||&#8221; quote_font=&#8221;||||||||&#8221; header_font=&#8221;Noto Serif|700|||||||&#8221; header_text_align=&#8221;center&#8221; header_2_font=&#8221;Noto Serif|700|||||||&#8221; header_2_font_size=&#8221;44px&#8221; header_2_line_height=&#8221;1.5em&#8221; header_3_font=&#8221;||||||||&#8221; max_width=&#8221;800px&#8221; module_alignment=&#8221;center&#8221; header_2_font_size_tablet=&#8221;&#8221; header_2_font_size_phone=&#8221;34px&#8221; header_2_font_size_last_edited=&#8221;on|phone&#8221; border_width_bottom=&#8221;1px&#8221; locked=&#8221;off&#8221; global_colors_info=&#8221;{}&#8221;]<\/p>\n<p>Del Pozo, Ainhara<\/p>\n<p>[\/et_pb_text][et_pb_text _builder_version=&#8221;4.27.0&#8243; _module_preset=&#8221;default&#8221; global_colors_info=&#8221;{}&#8221;]<\/p>\n<p><a href=\"mailto:ainharadelpozo@ub.edu\">ainharadelpozo@ub.edu<\/a><\/p>\n<h4 style=\"text-align: left;\"><a href=\"https:\/\/www.linkedin.com\/in\/ainharadelpozo\/\" target=\"_blank\" rel=\"noopener\"><strong><span style=\"color: #ff6b5a;\">CV +<\/span><\/strong><\/a><\/h4>\n<p>[\/et_pb_text][et_pb_toggle title=&#8221;Recerca&#8221; _builder_version=&#8221;4.27.0&#8243; _module_preset=&#8221;default&#8221; global_colors_info=&#8221;{}&#8221;]<\/p>\n<p>Graduada en Ci\u00e8ncies Pol\u00edtiques i en Antropologia Social i Cultural. Ha participat en un programa de mobilitat acad\u00e8mica a la Universitat de Belgrano a Argentina. Ha cursat el M\u00e0ster d\u2019Antropologia i Etnografia (Universitat de Barcelona) on va realitzar un estudi etnogr\u00e0fic sobre les mobilitzacions per la millora dels centres d&#8217;atenci\u00f3 prim\u00e0ria de Barcelona, fent un estudi de cas del conflicte del CAP Raval Nord.<\/p>\n<p>Actualment, realitza estudis de doctorat a la Universitat de Barcelona investigant diferents moviments socials per la just\u00edcia ambiental.<\/p>\n<p>Forma part del grup de recerca Antropologia de les Crisis i les Transformacions Contempor\u00e0nies (CRITS) a la Universitat de Barcelona. A m\u00e9s, participa en el col\u00b7lectiu Observatori d&#8217;Antropologia del Conflicte Urb\u00e0 (OACU), i dels grups de treball Antropologia de l&#8217;Estat i de l&#8217;Acci\u00f3 P\u00fablica, i de Perif\u00e8ries Urbanes de l&#8217;Institut Catal\u00e0 d&#8217;Antropologia (ICA).<\/p>\n<p><strong>L\u00ednies tem\u00e0tiques:<\/strong>\u00a0Antropologia pol\u00edtica, moviments socials i acci\u00f3 col\u00b7lectiva. Antropologia urbana, processos de gentrificaci\u00f3, revaloritzaci\u00f3 i transformaci\u00f3 urbana.<\/p>\n<p>[\/et_pb_toggle][\/et_pb_column][\/et_pb_row][et_pb_row column_structure=&#8221;1_4,1_4,1_4,1_4&#8243; use_custom_gutter=&#8221;on&#8221; gutter_width=&#8221;2&#8243; make_equal=&#8221;on&#8221; admin_label=&#8221;Investigadors\/es&#8221; _builder_version=&#8221;4.21.0&#8243; background_color=&#8221;RGBA(255,255,255,0)&#8221; locked=&#8221;off&#8221; collapsed=&#8221;off&#8221; global_colors_info=&#8221;{}&#8221;][et_pb_column type=&#8221;1_4&#8243; _builder_version=&#8221;4.16&#8243; custom_padding=&#8221;|||&#8221; global_colors_info=&#8221;{}&#8221; custom_padding__hover=&#8221;|||&#8221;][et_pb_image src=&#8221;http:\/\/hweb-x-0-fe-04.fe.cpd.local\/crits\/wp-content\/uploads\/2023\/10\/Estrada-Ferran.jpg&#8221; title_text=&#8221;Estrada Ferran&#8221; force_fullwidth=&#8221;on&#8221; align_tablet=&#8221;center&#8221; align_phone=&#8221;center&#8221; align_last_edited=&#8221;on|desktop&#8221; admin_label=&#8221;ESTRADA&#8221; _builder_version=&#8221;4.22.2&#8243; animation_style=&#8221;zoom&#8221; animation_delay=&#8221;100ms&#8221; animation_intensity_zoom=&#8221;6%&#8221; border_radii=&#8221;on|8px|8px|8px|8px&#8221; box_shadow_style=&#8221;preset3&#8243; box_shadow_color=&#8221;rgba(0,0,0,0.46)&#8221; locked=&#8221;off&#8221; global_colors_info=&#8221;{}&#8221;][\/et_pb_image][et_pb_text admin_label=&#8221;Nom&#8221; _builder_version=&#8221;4.22.2&#8243; text_font=&#8221;Noto Serif|700|||||||&#8221; text_text_color=&#8221;#FA6B5A&#8221; text_font_size=&#8221;1.3em&#8221; text_line_height=&#8221;1.9em&#8221; link_font=&#8221;||||||||&#8221; ul_font=&#8221;||||||||&#8221; ol_font=&#8221;||||||||&#8221; quote_font=&#8221;||||||||&#8221; header_font=&#8221;Noto Serif|700|||||||&#8221; header_text_align=&#8221;center&#8221; header_2_font=&#8221;Noto Serif|700|||||||&#8221; header_2_font_size=&#8221;44px&#8221; header_2_line_height=&#8221;1.5em&#8221; header_3_font=&#8221;||||||||&#8221; max_width=&#8221;800px&#8221; module_alignment=&#8221;center&#8221; header_2_font_size_tablet=&#8221;&#8221; header_2_font_size_phone=&#8221;34px&#8221; header_2_font_size_last_edited=&#8221;on|phone&#8221; border_width_bottom=&#8221;1px&#8221; locked=&#8221;off&#8221; global_colors_info=&#8221;{}&#8221;]<\/p>\n<p>Estrada, Ferran<\/p>\n<p>[\/et_pb_text][et_pb_text _builder_version=&#8221;4.22.2&#8243; _module_preset=&#8221;default&#8221; global_colors_info=&#8221;{}&#8221;]<\/p>\n<p><a href=\"mailto:festrada@ub.edu\">festrada@ub.edu<\/a><\/p>\n<h4 style=\"text-align: left;\"><a href=\"https:\/\/portalrecerca.csuc.cat\/orcid\/0000-0003-4321-6189\" target=\"_blank\" rel=\"noopener\"><strong><span style=\"color: #ff6b5a;\">CV +<\/span><\/strong><\/a><\/h4>\n<p>[\/et_pb_text][et_pb_toggle title=&#8221;Recerca&#8221; _builder_version=&#8221;4.22.2&#8243; _module_preset=&#8221;default&#8221; global_colors_info=&#8221;{}&#8221;]<\/p>\n<p>Doctor en Antropologia social per la Universitat de Barcelona i professor del Departament d&#8217;Antropologia social de la UB. La meva recerca gira al voltant de les transformacions i les tensions produ\u00efdes al m\u00f3n rural des de finals del segle XIX fins al present. Primer, com a conseq\u00fc\u00e8ncia dels processos d&#8217;urbanitzaci\u00f3, industrialitzaci\u00f3 i implantaci\u00f3 d&#8217;una economia de mercat, que van impulsar el despoblament i l&#8217;abandonament les formes de producci\u00f3 tradicionals, aix\u00ed com la reconversi\u00f3 de les explotacions a una agricultura i ramaderia industrial fortament capitalitzada. I despr\u00e9s, des de les darreres d\u00e8cades del segle XX, per la progressiva terciaritzaci\u00f3 dels espais rurals en el marc dels processos de globalitzaci\u00f3, amb una economia orientada al turisme i una agricultura i ramaderia cada cop m\u00e9s residual. Des d&#8217;aquesta perspectiva he treballat sobre: el grup dom\u00e8stic, la fam\u00edlia i el parentiu, l&#8217;agricultura i la ramaderia, els processos de reproducci\u00f3 social,\u00a0 la patrimonialitzaci\u00f3 de la natura i la cultura, el patrimoni immaterial, la protecci\u00f3 de la natura, i l&#8217;arquitectura tradicional i el paisatge. He desenvolupat el meu treball a Catalunya: Pla d&#8217;Urgell, Val d&#8217;Aran, Alta Ribagor\u00e7a i Montseny.<\/p>\n<p>[\/et_pb_toggle][\/et_pb_column][et_pb_column type=&#8221;1_4&#8243; _builder_version=&#8221;4.16&#8243; custom_padding=&#8221;|||&#8221; global_colors_info=&#8221;{}&#8221; custom_padding__hover=&#8221;|||&#8221;][et_pb_image src=&#8221;https:\/\/www.ub.edu\/crits\/wp-content\/uploads\/2024\/09\/UPEC-2024_03_juliol_Inauguracio-030.jpg&#8221; title_text=&#8221;UPEC 2024_03_juliol_Inauguracio\u0301 030&#8243; force_fullwidth=&#8221;on&#8221; align_tablet=&#8221;center&#8221; align_phone=&#8221;center&#8221; align_last_edited=&#8221;on|desktop&#8221; admin_label=&#8221;FRAN\u00c7A&#8221; _builder_version=&#8221;4.27.0&#8243; animation_style=&#8221;zoom&#8221; animation_delay=&#8221;100ms&#8221; animation_intensity_zoom=&#8221;6%&#8221; border_radii=&#8221;on|8px|8px|8px|8px&#8221; box_shadow_style=&#8221;preset3&#8243; box_shadow_color=&#8221;rgba(0,0,0,0.46)&#8221; locked=&#8221;off&#8221; global_colors_info=&#8221;{}&#8221;][\/et_pb_image][et_pb_text admin_label=&#8221;Nom&#8221; _builder_version=&#8221;4.27.0&#8243; text_font=&#8221;Noto Serif|700|||||||&#8221; text_text_color=&#8221;#FA6B5A&#8221; text_font_size=&#8221;1.3em&#8221; text_line_height=&#8221;1.9em&#8221; link_font=&#8221;||||||||&#8221; ul_font=&#8221;||||||||&#8221; ol_font=&#8221;||||||||&#8221; quote_font=&#8221;||||||||&#8221; header_font=&#8221;Noto Serif|700|||||||&#8221; header_text_align=&#8221;center&#8221; header_2_font=&#8221;Noto Serif|700|||||||&#8221; header_2_font_size=&#8221;44px&#8221; header_2_line_height=&#8221;1.5em&#8221; header_3_font=&#8221;||||||||&#8221; max_width=&#8221;800px&#8221; module_alignment=&#8221;center&#8221; header_2_font_size_tablet=&#8221;&#8221; header_2_font_size_phone=&#8221;34px&#8221; header_2_font_size_last_edited=&#8221;on|phone&#8221; border_width_bottom=&#8221;1px&#8221; locked=&#8221;off&#8221; global_colors_info=&#8221;{}&#8221;]<\/p>\n<p>Fran\u00e7a, Jo\u00e3o<\/p>\n<p>[\/et_pb_text][et_pb_text _builder_version=&#8221;4.27.4&#8243; _module_preset=&#8221;default&#8221; global_colors_info=&#8221;{}&#8221;]<\/p>\n<p><a href=\"mailto:joao.franca@ub.edu\" target=\"_blank\" rel=\"noopener\">joao.franca@ub.edu<\/a><\/p>\n<h4 style=\"text-align: left;\"><a href=\"https:\/\/orcid.org\/0000-0002-2352-3942\" target=\"_blank\" rel=\"noopener\"><strong><span style=\"color: #ff6b5a;\">CV +<\/span><\/strong><\/a><\/h4>\n<p>[\/et_pb_text][et_pb_toggle title=&#8221;Recerca&#8221; _builder_version=&#8221;4.27.0&#8243; _module_preset=&#8221;default&#8221; global_colors_info=&#8221;{}&#8221;]<\/p>\n<p>Doctorand al Departament d\u2019Antropologia Social de la UB, m\u00e0ster en Antropologia i Etnografia per la mateixa universitat, i graduat en Humanitats per la UPF. Els seus interessos de recerca giren entorn als moviments socials i les seves estrat\u00e8gies organitzatives, i ha treballat particularment sobre els moviments pel dret a l\u2019habitatge i la mem\u00f2ria dels moviments LGTBIQA+. Tamb\u00e9 ha treballat com a periodista i ha investigat sobre els processos de producci\u00f3 informativa. \u00c9s president de la Universitat Progressista d\u2019Estiu de Catalunya (UPEC), membre de la junta de l\u2019Observatori DESCA, del patronat de la Fundaci\u00f3 Periodisme Plural, del consell period\u00edstic de la <em>Directa<\/em> i membre del Centre d\u2019Estudis sobre Moviments Socials (CEMS) de la UPF.<\/p>\n<p>[\/et_pb_toggle][\/et_pb_column][et_pb_column type=&#8221;1_4&#8243; _builder_version=&#8221;4.16&#8243; custom_padding=&#8221;|||&#8221; global_colors_info=&#8221;{}&#8221; custom_padding__hover=&#8221;|||&#8221;][et_pb_image src=&#8221;http:\/\/hweb-x-0-fe-04.fe.cpd.local\/crits\/wp-content\/uploads\/2023\/10\/Gascon-Jordi.jpg&#8221; title_text=&#8221;Gasco\u0301n Jordi&#8221; force_fullwidth=&#8221;on&#8221; align_tablet=&#8221;center&#8221; align_phone=&#8221;center&#8221; align_last_edited=&#8221;on|desktop&#8221; admin_label=&#8221;GASC\u00d3N&#8221; _builder_version=&#8221;4.22.1&#8243; animation_style=&#8221;zoom&#8221; animation_delay=&#8221;100ms&#8221; animation_intensity_zoom=&#8221;6%&#8221; border_radii=&#8221;on|8px|8px|8px|8px&#8221; box_shadow_style=&#8221;preset3&#8243; box_shadow_color=&#8221;rgba(0,0,0,0.46)&#8221; locked=&#8221;off&#8221; global_colors_info=&#8221;{}&#8221;][\/et_pb_image][et_pb_text admin_label=&#8221;Nom&#8221; _builder_version=&#8221;4.21.0&#8243; text_font=&#8221;Noto Serif|700|||||||&#8221; text_text_color=&#8221;#FA6B5A&#8221; text_font_size=&#8221;1.3em&#8221; text_line_height=&#8221;1.9em&#8221; link_font=&#8221;||||||||&#8221; ul_font=&#8221;||||||||&#8221; ol_font=&#8221;||||||||&#8221; quote_font=&#8221;||||||||&#8221; header_font=&#8221;Noto Serif|700|||||||&#8221; header_text_align=&#8221;center&#8221; header_2_font=&#8221;Noto Serif|700|||||||&#8221; header_2_font_size=&#8221;44px&#8221; header_2_line_height=&#8221;1.5em&#8221; header_3_font=&#8221;||||||||&#8221; max_width=&#8221;800px&#8221; module_alignment=&#8221;center&#8221; header_2_font_size_tablet=&#8221;&#8221; header_2_font_size_phone=&#8221;34px&#8221; header_2_font_size_last_edited=&#8221;on|phone&#8221; border_width_bottom=&#8221;1px&#8221; locked=&#8221;off&#8221; global_colors_info=&#8221;{}&#8221;]<\/p>\n<p>Gasc\u00f3n, Jordi<\/p>\n<p>[\/et_pb_text][et_pb_text _builder_version=&#8221;4.22.2&#8243; _module_preset=&#8221;default&#8221; global_colors_info=&#8221;{}&#8221;]<\/p>\n<p><a href=\"mailto:jordigascon@ub.edu\">jordigascon@ub.edu<\/a><\/p>\n<h4 style=\"text-align: left;\"><a href=\"https:\/\/ub.academia.edu\/JordiGasc%C3%B3n\" target=\"_blank\" rel=\"noopener\"><strong><span style=\"color: #ff6b5a;\">CV +<\/span><\/strong><\/a><\/h4>\n<p>[\/et_pb_text][et_pb_toggle title=&#8221;Recerca&#8221; _builder_version=&#8221;4.22.2&#8243; _module_preset=&#8221;default&#8221; global_colors_info=&#8221;{}&#8221;]<\/p>\n<p>Doctor en Antropologia Social per la Universitat de Barcelona, est\u00e0 especialitzat en estudis rurals. Els seus \u00e0mbits de recerca s\u00f3n els impactes del turisme en el m\u00f3n rural i la sostenibilitat en el cicle agroalimentari. Des de 1990 realitza recerca a l&#8217;\u00c0rea Andina (Per\u00fa i Equador), i a la Pen\u00ednsula Ib\u00e8rica des de 2014. Professor de la Universitat de Barcelona, tamb\u00e9 ho ha estat de la Universitat de Lleida, i investigador s\u00e8nior de l&#8217;Instituto de Altos Estudios Nacionales (IAEN) de l&#8217;Equador. Pr\u00e8viament, durant vint anys, va treballar en la cooperaci\u00f3 al desenvolupament, en projectes dirigits a defensar els drets pagesos i dels pobles ind\u00edgenes. \u00c9s investigador del Grup de Recerca &#8220;Antropologia de les crisis i les transformacions contempor\u00e0nies (CRITS)&#8221; de la Universitat de Barcelona, i membre de la Xarxa de Consum Solidari, ONGD especialitzada en la defensa de la sobirania aliment\u00e0ria.<\/p>\n<p>[\/et_pb_toggle][\/et_pb_column][et_pb_column type=&#8221;1_4&#8243; _builder_version=&#8221;4.16&#8243; custom_padding=&#8221;|||&#8221; global_colors_info=&#8221;{}&#8221; custom_padding__hover=&#8221;|||&#8221;][et_pb_image src=&#8221;http:\/\/hweb-x-0-fe-04.fe.cpd.local\/crits\/wp-content\/uploads\/2024\/04\/Guil-M.jpeg&#8221; title_text=&#8221;Guil, M&#8221; force_fullwidth=&#8221;on&#8221; align_tablet=&#8221;center&#8221; align_phone=&#8221;center&#8221; align_last_edited=&#8221;on|desktop&#8221; admin_label=&#8221;GUIL&#8221; _builder_version=&#8221;4.22.2&#8243; animation_style=&#8221;zoom&#8221; animation_delay=&#8221;100ms&#8221; animation_intensity_zoom=&#8221;6%&#8221; border_radii=&#8221;on|8px|8px|8px|8px&#8221; box_shadow_style=&#8221;preset3&#8243; box_shadow_color=&#8221;rgba(0,0,0,0.46)&#8221; locked=&#8221;off&#8221; global_colors_info=&#8221;{}&#8221;][\/et_pb_image][et_pb_text admin_label=&#8221;Nom&#8221; _builder_version=&#8221;4.22.2&#8243; text_font=&#8221;Noto Serif|700|||||||&#8221; text_text_color=&#8221;#FA6B5A&#8221; text_font_size=&#8221;1.3em&#8221; text_line_height=&#8221;1.9em&#8221; link_font=&#8221;||||||||&#8221; ul_font=&#8221;||||||||&#8221; ol_font=&#8221;||||||||&#8221; quote_font=&#8221;||||||||&#8221; header_font=&#8221;Noto Serif|700|||||||&#8221; header_text_align=&#8221;center&#8221; header_2_font=&#8221;Noto Serif|700|||||||&#8221; header_2_font_size=&#8221;44px&#8221; header_2_line_height=&#8221;1.5em&#8221; header_3_font=&#8221;||||||||&#8221; max_width=&#8221;800px&#8221; module_alignment=&#8221;center&#8221; header_2_font_size_tablet=&#8221;&#8221; header_2_font_size_phone=&#8221;34px&#8221; header_2_font_size_last_edited=&#8221;on|phone&#8221; border_width_bottom=&#8221;1px&#8221; locked=&#8221;off&#8221; global_colors_info=&#8221;{}&#8221;]<\/p>\n<p>Guil Egea, Mireia<\/p>\n<p>[\/et_pb_text][et_pb_text _builder_version=&#8221;4.22.2&#8243; _module_preset=&#8221;default&#8221; global_colors_info=&#8221;{}&#8221;]<\/p>\n<p><a href=\"mireia.guil@cett.cat\">mireia.guil@cett.cat<\/a><\/p>\n<h4 style=\"text-align: left;\"><a href=\"https:\/\/scholar.google.com\/citations?user=ombN-q8AAAAJ&amp;amp;hl=es\" target=\"_blank\" rel=\"noopener\"><strong><span style=\"color: #ff6b5a;\">CV +<\/span><\/strong><\/a><\/h4>\n<p>[\/et_pb_text][et_pb_toggle title=&#8221;Recerca&#8221; admin_label=&#8221;Conmutador&#8221; _builder_version=&#8221;4.22.2&#8243; _module_preset=&#8221;default&#8221; global_colors_info=&#8221;{}&#8221;]<\/p>\n<p>Doctora en Antropologia Social per la Universitat de Barcelona amb una tesi sobre el<br \/>proc\u00e9s de patrimonialitzaci\u00f3 de les Festes del Foc dels solsticis d\u2019estiu als Pirineus,<br \/>inscrites a la Llista Representativa del Patrimoni Cultural Immaterial de la UNESCO<br \/>l\u2019any 2015. El seu recorregut acad\u00e8mic ha girat al voltant de la Filologia (Llicenciatura<br \/>en Filologia Rom\u00e0nica \u2013 premi extraordinari de fi de carrera- i M\u00e0ster en Cultures<br \/>Medievals, ambd\u00f3s a la UB) i l\u2019Antropologia Social (Grau en Antropologia Social i<br \/>Cultural a la UAB i Doctorat en Antropologia a la UB, realitzat gr\u00e0cies a les beques FI<br \/>AGAUR i FPU), dos \u00e0mbits d\u2019estudi que intenta compaginar en el marc de les seves<br \/>investigacions.<\/p>\n<p>Els seus interessos de recerca se centren en els processos de patrimonialitzaci\u00f3 del que,<br \/>actualment, es coneix com a \u201cpatrimoni cultural immaterial\u201d, especialment a les dues<br \/>vessants del Pirineu. Dins d\u2019aquest paraig\u00fces, les seves l\u00ednies de recerca s\u00f3n els<br \/>conceptes derivats de l\u2019estudi de la patrimonialitzaci\u00f3; l\u2019evoluci\u00f3 conceptual del<br \/>folklore, la cultura popular i el PCI; les pol\u00edtiques patrimonials de la UNESCO<br \/>(especialment, els processos de candidatures de PCI); i els impactes locals de les<br \/>candidatures de PCI (concretament, al Pirineu). Actualment, ha iniciat una nova l\u00ednia<br \/>d\u2019estudi sobre els usos tur\u00edstic del patrimoni al Pirineu, espec\u00edficament, sobre la<br \/>recreaci\u00f3 del passat medieval.<\/p>\n<p>[\/et_pb_toggle][\/et_pb_column][\/et_pb_row][et_pb_row column_structure=&#8221;1_4,1_4,1_4,1_4&#8243; use_custom_gutter=&#8221;on&#8221; gutter_width=&#8221;2&#8243; make_equal=&#8221;on&#8221; admin_label=&#8221;Investigadors\/es&#8221; _builder_version=&#8221;4.21.0&#8243; background_color=&#8221;RGBA(255,255,255,0)&#8221; locked=&#8221;off&#8221; collapsed=&#8221;off&#8221; global_colors_info=&#8221;{}&#8221;][et_pb_column type=&#8221;1_4&#8243; _builder_version=&#8221;4.16&#8243; custom_padding=&#8221;|||&#8221; global_colors_info=&#8221;{}&#8221; custom_padding__hover=&#8221;|||&#8221;][et_pb_image src=&#8221;https:\/\/www.ub.edu\/crits\/wp-content\/uploads\/2025\/04\/Larrea-Cristina.jpg&#8221; title_text=&#8221;Larrea, Cristina&#8221; force_fullwidth=&#8221;on&#8221; align_tablet=&#8221;center&#8221; align_phone=&#8221;center&#8221; align_last_edited=&#8221;on|desktop&#8221; admin_label=&#8221;LARREA&#8221; _builder_version=&#8221;4.27.4&#8243; animation_style=&#8221;zoom&#8221; animation_delay=&#8221;100ms&#8221; animation_intensity_zoom=&#8221;6%&#8221; border_radii=&#8221;on|8px|8px|8px|8px&#8221; box_shadow_style=&#8221;preset3&#8243; box_shadow_color=&#8221;rgba(0,0,0,0.46)&#8221; locked=&#8221;off&#8221; global_colors_info=&#8221;{}&#8221;][\/et_pb_image][et_pb_text admin_label=&#8221;Nom&#8221; _builder_version=&#8221;4.21.0&#8243; text_font=&#8221;Noto Serif|700|||||||&#8221; text_text_color=&#8221;#FA6B5A&#8221; text_font_size=&#8221;1.3em&#8221; text_line_height=&#8221;1.9em&#8221; link_font=&#8221;||||||||&#8221; ul_font=&#8221;||||||||&#8221; ol_font=&#8221;||||||||&#8221; quote_font=&#8221;||||||||&#8221; header_font=&#8221;Noto Serif|700|||||||&#8221; header_text_align=&#8221;center&#8221; header_2_font=&#8221;Noto Serif|700|||||||&#8221; header_2_font_size=&#8221;44px&#8221; header_2_line_height=&#8221;1.5em&#8221; header_3_font=&#8221;||||||||&#8221; max_width=&#8221;800px&#8221; module_alignment=&#8221;center&#8221; header_2_font_size_tablet=&#8221;&#8221; header_2_font_size_phone=&#8221;34px&#8221; header_2_font_size_last_edited=&#8221;on|phone&#8221; border_width_bottom=&#8221;1px&#8221; locked=&#8221;off&#8221; global_colors_info=&#8221;{}&#8221;]<\/p>\n<p>Larrea, Cristina<\/p>\n<p>[\/et_pb_text][et_pb_text _builder_version=&#8221;4.22.2&#8243; _module_preset=&#8221;default&#8221; global_colors_info=&#8221;{}&#8221;]<\/p>\n<p><a href=\"mailto:larrea@ub.edu\">larrea@ub.edu<\/a><\/p>\n<h4 style=\"text-align: left;\"><a href=\"https:\/\/orcid.org\/0000-0002-2782-6748\" target=\"_blank\" rel=\"noopener\"><strong><span style=\"color: #ff6b5a;\">CV +<\/span><\/strong><\/a><\/h4>\n<p>[\/et_pb_text][et_pb_toggle title=&#8221;Recerca&#8221; _builder_version=&#8221;4.22.2&#8243; _module_preset=&#8221;default&#8221; global_colors_info=&#8221;{}&#8221;]<\/p>\n<p>Cristina Larrea Killinger \u00e9s catedr\u00e0tica d&#8217;Antropologia Social de la Universitat de Barcelona. Actualment \u00e9s membre del grup de recerca &#8220;Antropologia de les Crisis i les Transformacions Contempor\u00e0nies&#8221; del Departament d&#8217;Antropologia Social i Cultural i coordina la l\u00ednia de recerca Toxic Bodi (www.ub.edu\/toxicbody ). Actualment co-coordina un projecte R+D centrat en la (in)seguretat aliment\u00e0ria a Espanya. Col\u00b7labora en altres grups de recerca de salut p\u00fablica a nivell nacional, com CIBER-ESP, i a nivell internacional, amb prefer\u00e8ncia en l&#8217;\u00e0mbit de la salut col\u00b7lectiva Brasil. La seva experi\u00e8ncia etnogr\u00e0fica se cenyeix a problemes de salut ambiental com el sanejament b\u00e0sic, els contaminants ambientals i la inseguretat aliment\u00e0ria en zones urbanes i rurals, amb prefer\u00e8ncia en l&#8217;Estat de Badia, el Brasil. Ha publicat diversos articles cient\u00edfics, llibres i col\u00b7laborat amb investigadors de l&#8217;\u00e0rea de la salut col\u00b7lectiva, l&#8217;epidemiologia, la infermeria, la medicina i l&#8217;enginyeria.<\/p>\n<p>[\/et_pb_toggle][\/et_pb_column][et_pb_column type=&#8221;1_4&#8243; _builder_version=&#8221;4.16&#8243; custom_padding=&#8221;|||&#8221; global_colors_info=&#8221;{}&#8221; custom_padding__hover=&#8221;|||&#8221;][et_pb_image src=&#8221;http:\/\/hweb-x-0-fe-04.fe.cpd.local\/crits\/wp-content\/uploads\/2023\/10\/Marcos-Susana.jpg&#8221; title_text=&#8221;Marcos Susana&#8221; force_fullwidth=&#8221;on&#8221; align_tablet=&#8221;center&#8221; align_phone=&#8221;center&#8221; align_last_edited=&#8221;on|desktop&#8221; admin_label=&#8221;MARCOS&#8221; _builder_version=&#8221;4.22.1&#8243; animation_style=&#8221;zoom&#8221; animation_delay=&#8221;100ms&#8221; animation_intensity_zoom=&#8221;6%&#8221; border_radii=&#8221;on|8px|8px|8px|8px&#8221; box_shadow_style=&#8221;preset3&#8243; box_shadow_color=&#8221;rgba(0,0,0,0.46)&#8221; locked=&#8221;off&#8221; global_colors_info=&#8221;{}&#8221;][\/et_pb_image][et_pb_text admin_label=&#8221;Nom&#8221; _builder_version=&#8221;4.21.0&#8243; text_font=&#8221;Noto Serif|700|||||||&#8221; text_text_color=&#8221;#FA6B5A&#8221; text_font_size=&#8221;1.3em&#8221; text_line_height=&#8221;1.9em&#8221; link_font=&#8221;||||||||&#8221; ul_font=&#8221;||||||||&#8221; ol_font=&#8221;||||||||&#8221; quote_font=&#8221;||||||||&#8221; header_font=&#8221;Noto Serif|700|||||||&#8221; header_text_align=&#8221;center&#8221; header_2_font=&#8221;Noto Serif|700|||||||&#8221; header_2_font_size=&#8221;44px&#8221; header_2_line_height=&#8221;1.5em&#8221; header_3_font=&#8221;||||||||&#8221; max_width=&#8221;800px&#8221; module_alignment=&#8221;center&#8221; header_2_font_size_tablet=&#8221;&#8221; header_2_font_size_phone=&#8221;34px&#8221; header_2_font_size_last_edited=&#8221;on|phone&#8221; border_width_bottom=&#8221;1px&#8221; locked=&#8221;off&#8221; global_colors_info=&#8221;{}&#8221;]<\/p>\n<p>Marcos, Susana<\/p>\n<p>[\/et_pb_text][et_pb_text _builder_version=&#8221;4.22.2&#8243; _module_preset=&#8221;default&#8221; global_colors_info=&#8221;{}&#8221;]<\/p>\n<p><a href=\"mailto:susanamarcosal@gmail.com\">susanamarcosal@gmail.com<\/a><\/p>\n<h4 style=\"text-align: left;\"><a href=\"https:\/\/www.researchgate.net\/profile\/Susana-Marcos-Alonso\" target=\"_blank\" rel=\"noopener\"><strong><span style=\"color: #ff6b5a;\">CV +<\/span><\/strong><\/a><\/h4>\n<p>[\/et_pb_text][et_pb_toggle title=&#8221;Recerca&#8221; _builder_version=&#8221;4.22.2&#8243; _module_preset=&#8221;default&#8221; global_colors_info=&#8221;{}&#8221;]<\/p>\n<p>Especialista en Infermeria Familiar i Comunit\u00e0ria (2023), Doctora en per la Universitat de Barcelona en Societat i Cultura: Hist\u00f2ria, Antropologia, Art i Patrimoni (2017), llicenciada en antropologia (2009) i diplomada en infermeria (2002). Treballa actualment en un Centre d&#8217;Atenci\u00f3 Prim\u00e0ria de l&#8217;Institut Catal\u00e0 de la Salut i \u00e9s membre del grup Antropologia de les Crisis i les Transformacions Contempor\u00e0nies (CRITS). Va iniciar la seva recerca examinant les pr\u00e0ctiques de crian\u00e7a de fam\u00edlies de Bangladesh a Barcelona, i va continuar treballant el concepte de cura a trav\u00e9s de l&#8217;an\u00e0lisi d&#8217;hist\u00f2ries de vida de professores d&#8217;infermeria a Bangladesh. En els \u00faltims anys ha combinat la pr\u00e0ctica assistencial amb la doc\u00e8ncia com a professora associada a la Universitat de Barcelona (2014-2019), i impartint seminaris sobre migraci\u00f3 i salut a l&#8217;Hospital Cl\u00ednic i Provincial i a la Universitat de Barcelona.<\/p>\n<p>[\/et_pb_toggle][\/et_pb_column][et_pb_column type=&#8221;1_4&#8243; _builder_version=&#8221;4.16&#8243; custom_padding=&#8221;|||&#8221; global_colors_info=&#8221;{}&#8221; custom_padding__hover=&#8221;|||&#8221;][et_pb_image src=&#8221;http:\/\/hweb-x-0-fe-04.fe.cpd.local\/crits\/wp-content\/uploads\/2024\/04\/Marquez-Raul.jpg&#8221; title_text=&#8221;Ma\u0301rquez, Rau\u0301l&#8221; force_fullwidth=&#8221;on&#8221; align_tablet=&#8221;center&#8221; align_phone=&#8221;center&#8221; align_last_edited=&#8221;on|desktop&#8221; admin_label=&#8221;M\u00c1RQUEZ&#8221; _builder_version=&#8221;4.22.2&#8243; animation_style=&#8221;zoom&#8221; animation_delay=&#8221;100ms&#8221; animation_intensity_zoom=&#8221;6%&#8221; border_radii=&#8221;on|8px|8px|8px|8px&#8221; box_shadow_style=&#8221;preset3&#8243; box_shadow_color=&#8221;rgba(0,0,0,0.46)&#8221; locked=&#8221;off&#8221; global_colors_info=&#8221;{}&#8221;][\/et_pb_image][et_pb_text admin_label=&#8221;Nom&#8221; _builder_version=&#8221;4.21.0&#8243; text_font=&#8221;Noto Serif|700|||||||&#8221; text_text_color=&#8221;#FA6B5A&#8221; text_font_size=&#8221;1.3em&#8221; text_line_height=&#8221;1.9em&#8221; link_font=&#8221;||||||||&#8221; ul_font=&#8221;||||||||&#8221; ol_font=&#8221;||||||||&#8221; quote_font=&#8221;||||||||&#8221; header_font=&#8221;Noto Serif|700|||||||&#8221; header_text_align=&#8221;center&#8221; header_2_font=&#8221;Noto Serif|700|||||||&#8221; header_2_font_size=&#8221;44px&#8221; header_2_line_height=&#8221;1.5em&#8221; header_3_font=&#8221;||||||||&#8221; max_width=&#8221;800px&#8221; module_alignment=&#8221;center&#8221; header_2_font_size_tablet=&#8221;&#8221; header_2_font_size_phone=&#8221;34px&#8221; header_2_font_size_last_edited=&#8221;on|phone&#8221; border_width_bottom=&#8221;1px&#8221; locked=&#8221;off&#8221; global_colors_info=&#8221;{}&#8221;]<\/p>\n<p>M\u00e1rquez, Ra\u00fal<\/p>\n<p>[\/et_pb_text][et_pb_text _builder_version=&#8221;4.22.2&#8243; _module_preset=&#8221;default&#8221; global_colors_info=&#8221;{}&#8221;]<\/p>\n<p><a href=\"mailto:raulmarquez@ub.edu\">raulmarquez@ub.edu<\/a><\/p>\n<h4 style=\"text-align: left;\"><a href=\"https:\/\/www.researchgate.net\/profile\/Raul-Marquez\" target=\"_blank\" rel=\"noopener\"><strong><span style=\"color: #ff6b5a;\">CV +<\/span><\/strong><\/a><\/h4>\n<p>[\/et_pb_text][et_pb_toggle title=&#8221;Recerca&#8221; _builder_version=&#8221;4.22.2&#8243; _module_preset=&#8221;default&#8221; global_colors_info=&#8221;{}&#8221;]<\/p>\n<p>Doctor en Antropologia social i cultural (2010), professor agregat del Departament d&#8217;Antropologia Social de la Universitat de Barcelona (2019-) i coordinador del Grup de Recerca en Antropologia Jur\u00eddica (Institut Catal\u00e0 d&#8217;Antropologia, 2015-). Les seves recerques s&#8217;han focalitzat en l&#8217;\u00e0mbit de l&#8217;antropologia jur\u00eddica i l&#8217;economia pol\u00edtica, l&#8217;etnologia del Brasil i l&#8217;etnografia de institucions jur\u00eddiques. Ha desenvolupat projectes de recerca dedicats a l&#8217;estudi de pluralismes jur\u00eddics, aix\u00ed com a l&#8217;etnografia de pol\u00edtiques p\u00fabliques relacionades amb la propietat i extractivismes. Ha realitzat estades al Goldsmith College (Londres), la Universidade Federal da Bahia (Brasil), la Universidad T\u00e9cnica Particular de Loja (Equador), la Universidad Cat\u00f3lica del Norte (Xile) i la Universit\u00e0 degli Studi di Milano (It\u00e0lia). Entre les seves publicacions es troba el volum coeditat <em>Vindicatory Justice. Beyond Revenge and Law<\/em> (Springer), i articles a la <em>Revista de Antropolog\u00eda Social<\/em>, <em>Latin American Perspectives<\/em>, <em>European Rev. of Latin American and Caribbean Studies <\/em>o <em>Etnogr\u00e1fica<\/em>.<\/p>\n<p>[\/et_pb_toggle][\/et_pb_column][et_pb_column type=&#8221;1_4&#8243; _builder_version=&#8221;4.16&#8243; custom_padding=&#8221;|||&#8221; global_colors_info=&#8221;{}&#8221; custom_padding__hover=&#8221;|||&#8221;][et_pb_image src=&#8221;http:\/\/hweb-x-0-fe-04.fe.cpd.local\/crits\/wp-content\/uploads\/2023\/10\/Mata-Diana.jpg&#8221; title_text=&#8221;Mata Diana&#8221; force_fullwidth=&#8221;on&#8221; align_tablet=&#8221;center&#8221; align_phone=&#8221;center&#8221; align_last_edited=&#8221;on|desktop&#8221; admin_label=&#8221;MATA&#8221; _builder_version=&#8221;4.22.1&#8243; animation_style=&#8221;zoom&#8221; animation_delay=&#8221;100ms&#8221; animation_intensity_zoom=&#8221;6%&#8221; border_radii=&#8221;on|8px|8px|8px|8px&#8221; box_shadow_style=&#8221;preset3&#8243; box_shadow_color=&#8221;rgba(0,0,0,0.46)&#8221; locked=&#8221;off&#8221; global_colors_info=&#8221;{}&#8221;][\/et_pb_image][et_pb_text admin_label=&#8221;Nom&#8221; _builder_version=&#8221;4.21.0&#8243; text_font=&#8221;Noto Serif|700|||||||&#8221; text_text_color=&#8221;#FA6B5A&#8221; text_font_size=&#8221;1.3em&#8221; text_line_height=&#8221;1.9em&#8221; link_font=&#8221;||||||||&#8221; ul_font=&#8221;||||||||&#8221; ol_font=&#8221;||||||||&#8221; quote_font=&#8221;||||||||&#8221; header_font=&#8221;Noto Serif|700|||||||&#8221; header_text_align=&#8221;center&#8221; header_2_font=&#8221;Noto Serif|700|||||||&#8221; header_2_font_size=&#8221;44px&#8221; header_2_line_height=&#8221;1.5em&#8221; header_3_font=&#8221;||||||||&#8221; max_width=&#8221;800px&#8221; module_alignment=&#8221;center&#8221; header_2_font_size_tablet=&#8221;&#8221; header_2_font_size_phone=&#8221;34px&#8221; header_2_font_size_last_edited=&#8221;on|phone&#8221; border_width_bottom=&#8221;1px&#8221; locked=&#8221;off&#8221; global_colors_info=&#8221;{}&#8221;]<\/p>\n<p>Mata, Diana<\/p>\n<p>[\/et_pb_text][et_pb_text _builder_version=&#8221;4.22.2&#8243; _module_preset=&#8221;default&#8221; global_colors_info=&#8221;{}&#8221;]<\/p>\n<p><a href=\"mailto:dianamata@ub.edu\">dianamata@ub.edu<\/a><\/p>\n<h4 style=\"text-align: left;\"><a href=\"https:\/\/www.researchgate.net\/profile\/Diana-Mata-Codesal\" target=\"_blank\" rel=\"noopener\"><strong><span style=\"color: #ff6b5a;\">CV +<\/span><\/strong><\/a><\/h4>\n<p>[\/et_pb_text][et_pb_toggle title=&#8221;Recerca&#8221; _builder_version=&#8221;4.22.2&#8243; _module_preset=&#8221;default&#8221; global_colors_info=&#8221;{}&#8221;]<\/p>\n<p>Doctora per la Universitat de Sussex amb llicenciatures en Antropologia i Economia. He estat investigadora postdoctoral del Govern Basc en l&#8217;Institut de Drets Humans de la Universitat de Deusto i el Centre Regional de Recerques Multidisciplin\u00e0ries de la UNAM, aix\u00ed com investigadora Beatriu de Pin\u00f3s en la Universitat Pompeu Fabra. He dut a terme treball de camp en zones rurals de l&#8217;Austro equatori\u00e0 i l&#8217;Orient de Morelos a M\u00e8xic, l&#8217;estat de Nova York i la ciutat de Barcelona. La meva l\u00ednia principal de recerca s\u00f3n les articulacions i els significats de la in\/mobilitat i l&#8217;estudi de les fam\u00edlies transnacionals i el g\u00e8nere, particularment en relaci\u00f3 a les negociacions al voltant de les remeses. Tamb\u00e9 estic interessada en les experi\u00e8ncies corporals i sensorials de la migraci\u00f3 i la interacci\u00f3. Al costat d&#8217;altres companyes reflexiono sobre les metodologies i les aliances participatives m\u00e9s enll\u00e0 del m\u00f3n acad\u00e8mic.<\/p>\n<p>[\/et_pb_toggle][\/et_pb_column][\/et_pb_row][et_pb_row column_structure=&#8221;1_4,1_4,1_4,1_4&#8243; use_custom_gutter=&#8221;on&#8221; gutter_width=&#8221;2&#8243; make_equal=&#8221;on&#8221; admin_label=&#8221;Investigadors\/es&#8221; _builder_version=&#8221;4.21.0&#8243; background_color=&#8221;RGBA(255,255,255,0)&#8221; locked=&#8221;off&#8221; collapsed=&#8221;off&#8221; global_colors_info=&#8221;{}&#8221;][et_pb_column type=&#8221;1_4&#8243; _builder_version=&#8221;4.16&#8243; custom_padding=&#8221;|||&#8221; global_colors_info=&#8221;{}&#8221; custom_padding__hover=&#8221;|||&#8221;][et_pb_image src=&#8221;http:\/\/hweb-x-0-fe-04.fe.cpd.local\/crits\/wp-content\/uploads\/2023\/10\/Milano-Claudio.jpg&#8221; title_text=&#8221;Milano Claudio&#8221; force_fullwidth=&#8221;on&#8221; align_tablet=&#8221;center&#8221; align_phone=&#8221;center&#8221; align_last_edited=&#8221;on|desktop&#8221; admin_label=&#8221;MILANO&#8221; _builder_version=&#8221;4.22.1&#8243; animation_style=&#8221;zoom&#8221; animation_delay=&#8221;100ms&#8221; animation_intensity_zoom=&#8221;6%&#8221; border_radii=&#8221;on|8px|8px|8px|8px&#8221; box_shadow_style=&#8221;preset3&#8243; box_shadow_color=&#8221;rgba(0,0,0,0.46)&#8221; locked=&#8221;off&#8221; global_colors_info=&#8221;{}&#8221;][\/et_pb_image][et_pb_text admin_label=&#8221;Nom&#8221; _builder_version=&#8221;4.21.0&#8243; text_font=&#8221;Noto Serif|700|||||||&#8221; text_text_color=&#8221;#FA6B5A&#8221; text_font_size=&#8221;1.3em&#8221; text_line_height=&#8221;1.9em&#8221; link_font=&#8221;||||||||&#8221; ul_font=&#8221;||||||||&#8221; ol_font=&#8221;||||||||&#8221; quote_font=&#8221;||||||||&#8221; header_font=&#8221;Noto Serif|700|||||||&#8221; header_text_align=&#8221;center&#8221; header_2_font=&#8221;Noto Serif|700|||||||&#8221; header_2_font_size=&#8221;44px&#8221; header_2_line_height=&#8221;1.5em&#8221; header_3_font=&#8221;||||||||&#8221; max_width=&#8221;800px&#8221; module_alignment=&#8221;center&#8221; header_2_font_size_tablet=&#8221;&#8221; header_2_font_size_phone=&#8221;34px&#8221; header_2_font_size_last_edited=&#8221;on|phone&#8221; border_width_bottom=&#8221;1px&#8221; locked=&#8221;off&#8221; global_colors_info=&#8221;{}&#8221;]<\/p>\n<p>Milano, Claudio<\/p>\n<p>[\/et_pb_text][et_pb_text _builder_version=&#8221;4.22.2&#8243; _module_preset=&#8221;default&#8221; global_colors_info=&#8221;{}&#8221;]<\/p>\n<p><a href=\"mailto:claudiomilano@ub.edu\">claudiomilano@ub.edu<\/a><\/p>\n<h4 style=\"text-align: left;\"><a href=\"https:\/\/barcelona.academia.edu\/ClaudioMilano\" target=\"_blank\" rel=\"noopener\"><strong><span style=\"color: #ff6b5a;\">CV +<\/span><\/strong><\/a><\/h4>\n<p>[\/et_pb_text][et_pb_toggle title=&#8221;Recerca&#8221; _builder_version=&#8221;4.22.2&#8243; _module_preset=&#8221;default&#8221; global_colors_info=&#8221;{}&#8221;]<\/p>\n<p>Claudio Milano \u00e9s antrop\u00f2leg social i cultural per la Universitat Aut\u00f2noma de Barcelona. \u00c9s investigador Ram\u00f3n y Cajal al Departament d&#8217;Antropologia Social de la Universitat de Barcelona. Des de l&#8217;any 2021, \u00e9s Co-Deputy Chair de la Comissi\u00f3 d&#8217;Antropologia del Turisme de la Uni\u00f3 Internacional de Ci\u00e8ncies Antropol\u00f2giques i Etnol\u00f2giques (IUAES) i membre de l&#8217;Editorial Review Board d&#8217;Annals of Tourism Research (Elsevier). Tamb\u00e9 \u00e9s membre de l&#8217;Observatori d&#8217;Antropologia del Conflicte Urb\u00e0 (OACU). El principal inter\u00e8s de recerca \u00e9s l&#8217;economia pol\u00edtica del turisme. La seva investigaci\u00f3 se centra en els processos de turistificaci\u00f3 i en les respostes i resist\u00e8ncies dels moviments socials davant d&#8217;aquest fenomen. Ha publicat diversos articles en revistes cient\u00edfiques i participat en projectes internacionals sobre aquest tema.<\/p>\n<p>[\/et_pb_toggle][\/et_pb_column][et_pb_column type=&#8221;1_4&#8243; _builder_version=&#8221;4.16&#8243; custom_padding=&#8221;|||&#8221; global_colors_info=&#8221;{}&#8221; custom_padding__hover=&#8221;|||&#8221;][et_pb_image src=&#8221;https:\/\/www.ub.edu\/crits\/wp-content\/uploads\/2025\/11\/Foto-meva-marc-2023.jpg&#8221; title_text=&#8221;Foto meva marc\u0327 2023&#8243; force_fullwidth=&#8221;on&#8221; align_tablet=&#8221;center&#8221; align_phone=&#8221;center&#8221; align_last_edited=&#8221;on|desktop&#8221; admin_label=&#8221;RECASENS&#8221; _builder_version=&#8221;4.27.4&#8243; animation_style=&#8221;zoom&#8221; animation_delay=&#8221;100ms&#8221; animation_intensity_zoom=&#8221;6%&#8221; border_radii=&#8221;on|8px|8px|8px|8px&#8221; box_shadow_style=&#8221;preset3&#8243; box_shadow_color=&#8221;rgba(0,0,0,0.46)&#8221; locked=&#8221;off&#8221; global_colors_info=&#8221;{}&#8221;][\/et_pb_image][et_pb_text admin_label=&#8221;Nom&#8221; _builder_version=&#8221;4.27.4&#8243; text_font=&#8221;Noto Serif|700|||||||&#8221; text_text_color=&#8221;#FA6B5A&#8221; text_font_size=&#8221;1.3em&#8221; text_line_height=&#8221;1.9em&#8221; link_font=&#8221;||||||||&#8221; ul_font=&#8221;||||||||&#8221; ol_font=&#8221;||||||||&#8221; quote_font=&#8221;||||||||&#8221; header_font=&#8221;Noto Serif|700|||||||&#8221; header_text_align=&#8221;center&#8221; header_2_font=&#8221;Noto Serif|700|||||||&#8221; header_2_font_size=&#8221;44px&#8221; header_2_line_height=&#8221;1.5em&#8221; header_3_font=&#8221;||||||||&#8221; max_width=&#8221;800px&#8221; module_alignment=&#8221;center&#8221; header_2_font_size_tablet=&#8221;&#8221; header_2_font_size_phone=&#8221;34px&#8221; header_2_font_size_last_edited=&#8221;on|phone&#8221; border_width_bottom=&#8221;1px&#8221; locked=&#8221;off&#8221; global_colors_info=&#8221;{}&#8221;]<\/p>\n<p>Recasens Garriga, Anna<\/p>\n<p>[\/et_pb_text][et_pb_text admin_label=&#8221;Texto&#8221; _builder_version=&#8221;4.27.4&#8243; _module_preset=&#8221;default&#8221; global_colors_info=&#8221;{}&#8221;]<\/p>\n<p><a href=\"mailto:annarecasens@outlook.com\" target=\"_blank\" rel=\"noopener\">annarecasens@outlook.com<\/a><\/p>\n<h4 style=\"text-align: left;\"><a href=\"https:\/\/ub.academia.edu\/Recasens\" target=\"_blank\" rel=\"noopener\"><strong><span style=\"color: #ff6b5a;\">CV +<\/span><\/strong><\/a><\/h4>\n<p>[\/et_pb_text][et_pb_toggle title=&#8221;Recerca&#8221; admin_label=&#8221;Conmutador&#8221; _builder_version=&#8221;4.27.4&#8243; _module_preset=&#8221;default&#8221; hover_enabled=&#8221;0&#8243; global_colors_info=&#8221;{}&#8221; sticky_enabled=&#8221;0&#8243;]<\/p>\n<p>Investigadora predoctoral al Departament d\u2019Antropologia Social de la Universitat de Barcelona. Graduada en Antropologia Social i Cultural per la Universitat de Barcelona i m\u00e0ster en Antropologia Urbana, Migracions i Intervenci\u00f3 Social per la Universitat Rovira i Virgili. La seva actual investigaci\u00f3 doctoral es basa en el paper dels portals immobiliaris digitals com a actors en el mercat immobiliari de lloguer en un context de capitalisme de plataforma. Les seves l\u00ednies de recerca es centren principalment en l&#8217;antropologia econ\u00f2mica, <i>housing studies<\/i>, la financeritzaci\u00f3 de l&#8217;habitatge, el capitalisme digital, l&#8217;urbanisme de plataforma.<\/p>\n<p>[\/et_pb_toggle][\/et_pb_column][et_pb_column type=&#8221;1_4&#8243; _builder_version=&#8221;4.16&#8243; custom_padding=&#8221;|||&#8221; global_colors_info=&#8221;{}&#8221; custom_padding__hover=&#8221;|||&#8221;][et_pb_image src=&#8221;http:\/\/hweb-x-0-fe-04.fe.cpd.local\/crits\/wp-content\/uploads\/2024\/04\/martaa.jpg&#8221; title_text=&#8221;martaa&#8221; force_fullwidth=&#8221;on&#8221; align_tablet=&#8221;center&#8221; align_phone=&#8221;center&#8221; align_last_edited=&#8221;on|desktop&#8221; admin_label=&#8221;RICO&#8221; _builder_version=&#8221;4.22.2&#8243; animation_style=&#8221;zoom&#8221; animation_delay=&#8221;100ms&#8221; animation_intensity_zoom=&#8221;6%&#8221; border_radii=&#8221;on|8px|8px|8px|8px&#8221; box_shadow_style=&#8221;preset3&#8243; box_shadow_color=&#8221;rgba(0,0,0,0.46)&#8221; locked=&#8221;off&#8221; global_colors_info=&#8221;{}&#8221;][\/et_pb_image][et_pb_text admin_label=&#8221;Nom&#8221; _builder_version=&#8221;4.21.0&#8243; text_font=&#8221;Noto Serif|700|||||||&#8221; text_text_color=&#8221;#FA6B5A&#8221; text_font_size=&#8221;1.3em&#8221; text_line_height=&#8221;1.9em&#8221; link_font=&#8221;||||||||&#8221; ul_font=&#8221;||||||||&#8221; ol_font=&#8221;||||||||&#8221; quote_font=&#8221;||||||||&#8221; header_font=&#8221;Noto Serif|700|||||||&#8221; header_text_align=&#8221;center&#8221; header_2_font=&#8221;Noto Serif|700|||||||&#8221; header_2_font_size=&#8221;44px&#8221; header_2_line_height=&#8221;1.5em&#8221; header_3_font=&#8221;||||||||&#8221; max_width=&#8221;800px&#8221; module_alignment=&#8221;center&#8221; header_2_font_size_tablet=&#8221;&#8221; header_2_font_size_phone=&#8221;34px&#8221; header_2_font_size_last_edited=&#8221;on|phone&#8221; border_width_bottom=&#8221;1px&#8221; locked=&#8221;off&#8221; global_colors_info=&#8221;{}&#8221;]<\/p>\n<p>Rico, Marta<\/p>\n<p>[\/et_pb_text][et_pb_text admin_label=&#8221;Texto&#8221; _builder_version=&#8221;4.22.2&#8243; _module_preset=&#8221;default&#8221; global_colors_info=&#8221;{}&#8221;]<\/p>\n<p><a href=\"mailto:martarico@ub.edu\">martarico@ub.edu<\/a><\/p>\n<h4 style=\"text-align: left;\"><a href=\"https:\/\/orcid.org\/0000-0002-4075-2384\" target=\"_blank\" rel=\"noopener\"><strong><span style=\"color: #ff6b5a;\">CV +<\/span><\/strong><\/a><\/h4>\n<p>[\/et_pb_text][et_pb_toggle title=&#8221;Recerca&#8221; admin_label=&#8221;Conmutador&#8221; _builder_version=&#8221;4.22.2&#8243; _module_preset=&#8221;default&#8221; global_colors_info=&#8221;{}&#8221;]<\/p>\n<p>Professora Associada al Departament d&#8217;Antropologia Social de la Universitat de Barcelona (UB). Doctorada en Antropologia Social amb la tesi &#8216;L&#8217;amor sense papers. Parella, fills i parents a la cohabitaci\u00f3 a Catalunya&#8221;. Llicenciada en Antropologia Social (UB), Diplomada en Professorat d&#8217;EGB (UB) i postgraduada en Producci\u00f3 de Material Did\u00e0ctic Virtual (UB). Bec\u00e0ria predoctoral FPU del Ministeri d&#8217;Educaci\u00f3 per a la realitzaci\u00f3 de la tesi doctoral. Experi\u00e8ncia docent universit\u00e0ria a la Universitat de Barcelona i la UNED. Participaci\u00f3 en projectes de recerca sobre fam\u00edlia i parentiu en el marc del Grup d&#8217;Estudis sobre Parentiu i Fam\u00edlia, membre de la Xarxa Tem\u00e0tica d&#8217;Estudis sobre la Fam\u00edlia. Participaci\u00f3 en diferents grups d&#8217;Innovaci\u00f3 Docent Universit\u00e0ria, actualment al Grup Taedium. \u00c0mbits de recerca: parentiu i fam\u00edlia, transformacions familiars, parelles, matrimoni, g\u00e8nere, inf\u00e0ncia, patrimoni immaterial, museus, societat digital.<\/p>\n<p>[\/et_pb_toggle][\/et_pb_column][et_pb_column type=&#8221;1_4&#8243; _builder_version=&#8221;4.16&#8243; custom_padding=&#8221;|||&#8221; global_colors_info=&#8221;{}&#8221; custom_padding__hover=&#8221;|||&#8221;][et_pb_image src=&#8221;http:\/\/hweb-x-0-fe-04.fe.cpd.local\/crits\/wp-content\/uploads\/2023\/10\/Roige-Xavier.jpg&#8221; title_text=&#8221;Roige\u0301 Xavier&#8221; force_fullwidth=&#8221;on&#8221; align_tablet=&#8221;center&#8221; align_phone=&#8221;center&#8221; align_last_edited=&#8221;on|desktop&#8221; admin_label=&#8221;ROIG\u00c9&#8221; _builder_version=&#8221;4.22.1&#8243; animation_style=&#8221;zoom&#8221; animation_delay=&#8221;100ms&#8221; animation_intensity_zoom=&#8221;6%&#8221; border_radii=&#8221;on|8px|8px|8px|8px&#8221; box_shadow_style=&#8221;preset3&#8243; box_shadow_color=&#8221;rgba(0,0,0,0.46)&#8221; locked=&#8221;off&#8221; global_colors_info=&#8221;{}&#8221;][\/et_pb_image][et_pb_text admin_label=&#8221;Nom&#8221; _builder_version=&#8221;4.21.0&#8243; text_font=&#8221;Noto Serif|700|||||||&#8221; text_text_color=&#8221;#FA6B5A&#8221; text_font_size=&#8221;1.3em&#8221; text_line_height=&#8221;1.9em&#8221; link_font=&#8221;||||||||&#8221; ul_font=&#8221;||||||||&#8221; ol_font=&#8221;||||||||&#8221; quote_font=&#8221;||||||||&#8221; header_font=&#8221;Noto Serif|700|||||||&#8221; header_text_align=&#8221;center&#8221; header_2_font=&#8221;Noto Serif|700|||||||&#8221; header_2_font_size=&#8221;44px&#8221; header_2_line_height=&#8221;1.5em&#8221; header_3_font=&#8221;||||||||&#8221; max_width=&#8221;800px&#8221; module_alignment=&#8221;center&#8221; header_2_font_size_tablet=&#8221;&#8221; header_2_font_size_phone=&#8221;34px&#8221; header_2_font_size_last_edited=&#8221;on|phone&#8221; border_width_bottom=&#8221;1px&#8221; locked=&#8221;off&#8221; global_colors_info=&#8221;{}&#8221;]<\/p>\n<p>Roig\u00e9, Xavier<\/p>\n<p>[\/et_pb_text][et_pb_text _builder_version=&#8221;4.27.4&#8243; _module_preset=&#8221;default&#8221; global_colors_info=&#8221;{}&#8221;]<\/p>\n<p><a href=\"mailto:roige@ub.edu\">roige@ub.edu<\/a><\/p>\n<h4 style=\"text-align: left;\"><a href=\"https:\/\/sites.google.com\/view\/xavierroige\/p%C3%A0gina-dinici\" target=\"_blank\" rel=\"noopener\"><strong><span style=\"color: #ff6b5a;\">CV +<\/span><\/strong><\/a><\/h4>\n<p>[\/et_pb_text][et_pb_toggle title=&#8221;Recerca&#8221; _builder_version=&#8221;4.22.2&#8243; _module_preset=&#8221;default&#8221; global_colors_info=&#8221;{}&#8221;]<\/p>\n<p>Xavier Roig\u00e9 Ventura (Barcelona, 1960) \u00e9s Professor Titular d&#8217;Antropologia Social a la Universitat de Barcelona, on imparteix actualment classes de museologia, patrimoni etnol\u00f2gic i t\u00e8cniques de recerca. Ha estat Investigador Principal de diversos projectes de recerca competitius relacionats amb el camp del patrimoni cultural i la museologia i en relaci\u00f3 amb l&#8217;antropologia del parentiu i la hist\u00f2ria familiar. Ha impartit cursos i confer\u00e8ncies en nombroses universitats de diferents pa\u00efsos. Ha estat vicerector de Doctorat i Foment de la Recerca de la Universitat de Barcelona, deg\u00e0 de la Facultat de Geografia i Hist\u00f2ria i director del Departament d&#8217;Antropologia Social de la UB. Tamb\u00e9 ha estat director i fundador del M\u00e0ster en Museologia i Gesti\u00f3 del Patrimoni Cultural. \u00c9s autor de publicacions en els camps del patrimoni immaterial, el parentiu, la fam\u00edlia, el patrimoni cultural, els museus etnol\u00f2gics i la museologia. Ha estat assessor de projectes de gesti\u00f3 patrimonial en museus i ha comissariat diverses exposicions relacionades amb la hist\u00f2ria de la fam\u00edlia.<\/p>\n<p>[\/et_pb_toggle][\/et_pb_column][\/et_pb_row][et_pb_row column_structure=&#8221;1_4,1_4,1_4,1_4&#8243; use_custom_gutter=&#8221;on&#8221; gutter_width=&#8221;2&#8243; make_equal=&#8221;on&#8221; admin_label=&#8221;Investigadors\/es&#8221; _builder_version=&#8221;4.21.0&#8243; background_color=&#8221;RGBA(255,255,255,0)&#8221; locked=&#8221;off&#8221; collapsed=&#8221;off&#8221; global_colors_info=&#8221;{}&#8221;][et_pb_column type=&#8221;1_4&#8243; _builder_version=&#8221;4.16&#8243; custom_padding=&#8221;|||&#8221; global_colors_info=&#8221;{}&#8221; custom_padding__hover=&#8221;|||&#8221;][et_pb_image src=&#8221;http:\/\/hweb-x-0-fe-04.fe.cpd.local\/crits\/wp-content\/uploads\/2023\/10\/Sabate-Irene.jpg&#8221; title_text=&#8221;Sabate\u0301 Irene&#8221; force_fullwidth=&#8221;on&#8221; align_tablet=&#8221;center&#8221; align_phone=&#8221;center&#8221; align_last_edited=&#8221;on|desktop&#8221; admin_label=&#8221;SABAT\u00c9&#8221; _builder_version=&#8221;4.22.2&#8243; animation_style=&#8221;zoom&#8221; animation_delay=&#8221;100ms&#8221; animation_intensity_zoom=&#8221;6%&#8221; border_radii=&#8221;on|8px|8px|8px|8px&#8221; box_shadow_style=&#8221;preset3&#8243; box_shadow_color=&#8221;rgba(0,0,0,0.46)&#8221; locked=&#8221;off&#8221; global_colors_info=&#8221;{}&#8221;][\/et_pb_image][et_pb_text admin_label=&#8221;Nom&#8221; _builder_version=&#8221;4.22.2&#8243; text_font=&#8221;Noto Serif|700|||||||&#8221; text_text_color=&#8221;#FA6B5A&#8221; text_font_size=&#8221;1.3em&#8221; text_line_height=&#8221;1.9em&#8221; link_font=&#8221;||||||||&#8221; ul_font=&#8221;||||||||&#8221; ol_font=&#8221;||||||||&#8221; quote_font=&#8221;||||||||&#8221; header_font=&#8221;Noto Serif|700|||||||&#8221; header_text_align=&#8221;center&#8221; header_2_font=&#8221;Noto Serif|700|||||||&#8221; header_2_font_size=&#8221;44px&#8221; header_2_line_height=&#8221;1.5em&#8221; header_3_font=&#8221;||||||||&#8221; max_width=&#8221;800px&#8221; module_alignment=&#8221;center&#8221; header_2_font_size_tablet=&#8221;&#8221; header_2_font_size_phone=&#8221;34px&#8221; header_2_font_size_last_edited=&#8221;on|phone&#8221; border_width_bottom=&#8221;1px&#8221; locked=&#8221;off&#8221; global_colors_info=&#8221;{}&#8221;]<\/p>\n<p>Sabat\u00e9, Irene<\/p>\n<p>[\/et_pb_text][et_pb_text _builder_version=&#8221;4.22.2&#8243; _module_preset=&#8221;default&#8221; global_colors_info=&#8221;{}&#8221;]<\/p>\n<p><a href=\"mailto:irenesabate@ub.edu\">irenesabate@ub.edu<\/a><\/p>\n<h4 style=\"text-align: left;\"><a href=\"https:\/\/www.ub.edu\/portal\/web\/dp-antropologia\/irene-sabate-muriel\" target=\"_blank\" rel=\"noopener\"><strong><span style=\"color: #ff6b5a;\">CV +<\/span><\/strong><\/a><\/h4>\n<p>[\/et_pb_text][et_pb_toggle title=&#8221;Recerca&#8221; _builder_version=&#8221;4.22.2&#8243; _module_preset=&#8221;default&#8221; global_colors_info=&#8221;{}&#8221;]<\/p>\n<p>Irene Sabat\u00e9 Muriel \u00e9s professora agregada d&#8217;Antropologia social a la Universitat de Barcelona, forma part del grup de recerca Antropologia de les Crisis i les Transformacions Contempor\u00e0nies (CRITS), \u00e9s membre de la Junta de l&#8217;Observatori DESC i est\u00e0 afiliada a la C\u00e0tedra Barcelona d&#8217;Estudis d&#8217;Habitatge. Imparteix doc\u00e8ncia de grau i m\u00e0ster en els camps de l&#8217;Antropologia econ\u00f2mica i urbana. Investiga en els seg\u00fcents \u00e0mbits tem\u00e0tics: relacions de deute i cr\u00e8dit, visions antropol\u00f2giques de la financeritzaci\u00f3, economia pol\u00edtica de la provisi\u00f3 d&#8217;habitatge (amb un focus recent en la seva dimensi\u00f3 de g\u00e8nere), aprovisionament material i reproducci\u00f3 social.<\/p>\n<p>[\/et_pb_toggle][\/et_pb_column][et_pb_column type=&#8221;1_4&#8243; _builder_version=&#8221;4.16&#8243; custom_padding=&#8221;|||&#8221; global_colors_info=&#8221;{}&#8221; custom_padding__hover=&#8221;|||&#8221;][et_pb_image src=&#8221;http:\/\/hweb-x-0-fe-04.fe.cpd.local\/crits\/wp-content\/uploads\/2023\/10\/Sendros-Eloi.jpg&#8221; title_text=&#8221;Sendro\u0301s Eloi&#8221; force_fullwidth=&#8221;on&#8221; align_tablet=&#8221;center&#8221; align_phone=&#8221;center&#8221; align_last_edited=&#8221;on|desktop&#8221; admin_label=&#8221;SENDR\u00d3S&#8221; _builder_version=&#8221;4.22.1&#8243; animation_style=&#8221;zoom&#8221; animation_delay=&#8221;100ms&#8221; animation_intensity_zoom=&#8221;6%&#8221; border_radii=&#8221;on|8px|8px|8px|8px&#8221; box_shadow_style=&#8221;preset3&#8243; box_shadow_color=&#8221;rgba(0,0,0,0.46)&#8221; locked=&#8221;off&#8221; global_colors_info=&#8221;{}&#8221;][\/et_pb_image][et_pb_text admin_label=&#8221;Nom&#8221; _builder_version=&#8221;4.22.2&#8243; text_font=&#8221;Noto Serif|700|||||||&#8221; text_text_color=&#8221;#FA6B5A&#8221; text_font_size=&#8221;1.3em&#8221; text_line_height=&#8221;1.9em&#8221; link_font=&#8221;||||||||&#8221; ul_font=&#8221;||||||||&#8221; ol_font=&#8221;||||||||&#8221; quote_font=&#8221;||||||||&#8221; header_font=&#8221;Noto Serif|700|||||||&#8221; header_text_align=&#8221;center&#8221; header_2_font=&#8221;Noto Serif|700|||||||&#8221; header_2_font_size=&#8221;44px&#8221; header_2_line_height=&#8221;1.5em&#8221; header_3_font=&#8221;||||||||&#8221; max_width=&#8221;800px&#8221; module_alignment=&#8221;center&#8221; header_2_font_size_tablet=&#8221;&#8221; header_2_font_size_phone=&#8221;34px&#8221; header_2_font_size_last_edited=&#8221;on|phone&#8221; border_width_bottom=&#8221;1px&#8221; locked=&#8221;off&#8221; global_colors_info=&#8221;{}&#8221;]<\/p>\n<p>Sendr\u00f3s, Eloi<\/p>\n<p>[\/et_pb_text][et_pb_text _builder_version=&#8221;4.22.2&#8243; _module_preset=&#8221;default&#8221; global_colors_info=&#8221;{}&#8221;]<\/p>\n<p><a href=\"mailto:sendrosferrer@gmail.com\">sendrosferrer@gmail.com<\/a><\/p>\n<h4 style=\"text-align: left;\"><a href=\"https:\/\/ub.academia.edu\/ESendr%C3%B3sFerrer\" target=\"_blank\" rel=\"noopener\"><strong><span style=\"color: #ff6b5a;\">CV +<\/span><\/strong><\/a><\/h4>\n<p>[\/et_pb_text][et_pb_toggle title=&#8221;Recerca&#8221; _builder_version=&#8221;4.27.0&#8243; _module_preset=&#8221;default&#8221; global_colors_info=&#8221;{}&#8221;]<\/p>\n<p>Eloi Sendr\u00f3s Ferrer \u00e9s doctor en antropologia social a la Universitat de Barcelona, i cordinador del grup de recerca en Antropologia de l&#8217;Estat i l&#8217;Acci\u00f3 P\u00fablica (EiAP) a l&#8217;Institut Catal\u00e0 d&#8217;Antropologia. El seu treball gira al voltant de les relacions entre la pol\u00edtica p\u00fablica i l&#8217;economia, el desenvolupament tur\u00edstic, i les transformacions de les comunitats agr\u00e0ries; tres temes que actualment est\u00e0 estudiant a trav\u00e9s de l&#8217;an\u00e0lisi dels processos de mercantilitzaci\u00f3 del territori derivats de pol\u00edtiques i intervencions p\u00fabliques en l&#8217;\u00e0mbit del desenvolupament tur\u00edstic. La tesi que est\u00e0 realitzant es centra en l&#8217;estudi etnogr\u00e0fic dels processos socials, pol\u00edtics, i econ\u00f2mics pels quals s&#8217;ha convertit la regi\u00f3 vitivin\u00edcola del Pened\u00e8s (Barcelona) en una destinaci\u00f3 tur\u00edstica.<\/p>\n<p>&nbsp;<\/p>\n<p>[\/et_pb_toggle][\/et_pb_column][et_pb_column type=&#8221;1_4&#8243; _builder_version=&#8221;4.16&#8243; custom_padding=&#8221;|||&#8221; global_colors_info=&#8221;{}&#8221; custom_padding__hover=&#8221;|||&#8221;][et_pb_image src=&#8221;http:\/\/hweb-x-0-fe-04.fe.cpd.local\/crits\/wp-content\/uploads\/2024\/04\/q.jpeg&#8221; title_text=&#8221;q&#8221; force_fullwidth=&#8221;on&#8221; align_tablet=&#8221;center&#8221; align_phone=&#8221;center&#8221; align_last_edited=&#8221;on|desktop&#8221; admin_label=&#8221;TERRADAS&#8221; _builder_version=&#8221;4.22.2&#8243; animation_style=&#8221;zoom&#8221; animation_delay=&#8221;100ms&#8221; animation_intensity_zoom=&#8221;6%&#8221; border_radii=&#8221;on|8px|8px|8px|8px&#8221; box_shadow_style=&#8221;preset3&#8243; box_shadow_color=&#8221;rgba(0,0,0,0.46)&#8221; locked=&#8221;off&#8221; global_colors_info=&#8221;{}&#8221;][\/et_pb_image][et_pb_text admin_label=&#8221;Nom&#8221; _builder_version=&#8221;4.22.2&#8243; text_font=&#8221;Noto Serif|700|||||||&#8221; text_text_color=&#8221;#FA6B5A&#8221; text_font_size=&#8221;1.3em&#8221; text_line_height=&#8221;1.9em&#8221; link_font=&#8221;||||||||&#8221; ul_font=&#8221;||||||||&#8221; ol_font=&#8221;||||||||&#8221; quote_font=&#8221;||||||||&#8221; header_font=&#8221;Noto Serif|700|||||||&#8221; header_text_align=&#8221;center&#8221; header_2_font=&#8221;Noto Serif|700|||||||&#8221; header_2_font_size=&#8221;44px&#8221; header_2_line_height=&#8221;1.5em&#8221; header_3_font=&#8221;||||||||&#8221; max_width=&#8221;800px&#8221; module_alignment=&#8221;center&#8221; header_2_font_size_tablet=&#8221;&#8221; header_2_font_size_phone=&#8221;34px&#8221; header_2_font_size_last_edited=&#8221;on|phone&#8221; border_width_bottom=&#8221;1px&#8221; locked=&#8221;off&#8221; global_colors_info=&#8221;{}&#8221;]<\/p>\n<p>Terradas, Ignasi<\/p>\n<p>[\/et_pb_text][et_pb_text _builder_version=&#8221;4.22.2&#8243; _module_preset=&#8221;default&#8221; global_colors_info=&#8221;{}&#8221;]<\/p>\n<p><a href=\"mailto:gnasi@telefonica.net\">gnasi@telefonica.net<\/a><\/p>\n<h4 style=\"text-align: left;\"><a href=\"https:\/\/www.ub.edu\/geocrit\/terrades.htm\"><strong><span style=\"color: #ff6b5a;\">CV +<\/span><\/strong><\/a><\/h4>\n<p>[\/et_pb_text][et_pb_toggle title=&#8221;Recerca&#8221; _builder_version=&#8221;4.22.2&#8243; _module_preset=&#8221;default&#8221; global_colors_info=&#8221;{}&#8221;]<\/p>\n<p>Va ser catedr\u00e0tic del Departament d&#8217;Antropologia Social i professor titular d\u2019Hist\u00f2ria a la Universitat de Barcelona, actualment \u00e9s professor em\u00e8rit. Al llarg la seva llarga traject\u00f2ria en l\u2019\u00e0mbit acad\u00e8mic destaca les seves obres en l\u2019\u00e0rea de l\u2019Antropologia Jur\u00eddica, sent un referent a nivell internacional en aquest \u00e0mbit.<\/p>\n<p>[\/et_pb_toggle][\/et_pb_column][et_pb_column type=&#8221;1_4&#8243; _builder_version=&#8221;4.16&#8243; custom_padding=&#8221;|||&#8221; global_colors_info=&#8221;{}&#8221; custom_padding__hover=&#8221;|||&#8221;][et_pb_image src=&#8221;http:\/\/hweb-x-0-fe-04.fe.cpd.local\/crits\/wp-content\/uploads\/2024\/04\/Vaccaro-Ismael.jpeg&#8221; title_text=&#8221;Vaccaro, Ismael&#8221; force_fullwidth=&#8221;on&#8221; align_tablet=&#8221;center&#8221; align_phone=&#8221;center&#8221; align_last_edited=&#8221;on|desktop&#8221; admin_label=&#8221;VACCARO&#8221; _builder_version=&#8221;4.22.2&#8243; animation_style=&#8221;zoom&#8221; animation_delay=&#8221;100ms&#8221; animation_intensity_zoom=&#8221;6%&#8221; border_radii=&#8221;on|8px|8px|8px|8px&#8221; box_shadow_style=&#8221;preset3&#8243; box_shadow_color=&#8221;rgba(0,0,0,0.46)&#8221; locked=&#8221;off&#8221; global_colors_info=&#8221;{}&#8221;][\/et_pb_image][et_pb_text admin_label=&#8221;Nom&#8221; _builder_version=&#8221;4.22.2&#8243; text_font=&#8221;Noto Serif|700|||||||&#8221; text_text_color=&#8221;#FA6B5A&#8221; text_font_size=&#8221;1.3em&#8221; text_line_height=&#8221;1.9em&#8221; link_font=&#8221;||||||||&#8221; ul_font=&#8221;||||||||&#8221; ol_font=&#8221;||||||||&#8221; quote_font=&#8221;||||||||&#8221; header_font=&#8221;Noto Serif|700|||||||&#8221; header_text_align=&#8221;center&#8221; header_2_font=&#8221;Noto Serif|700|||||||&#8221; header_2_font_size=&#8221;44px&#8221; header_2_line_height=&#8221;1.5em&#8221; header_3_font=&#8221;||||||||&#8221; max_width=&#8221;800px&#8221; module_alignment=&#8221;center&#8221; header_2_font_size_tablet=&#8221;&#8221; header_2_font_size_phone=&#8221;34px&#8221; header_2_font_size_last_edited=&#8221;on|phone&#8221; border_width_bottom=&#8221;1px&#8221; locked=&#8221;off&#8221; global_colors_info=&#8221;{}&#8221;]<\/p>\n<p>Vaccaro Rib\u00f3, Ismael<\/p>\n<p>[\/et_pb_text][et_pb_text _builder_version=&#8221;4.27.4&#8243; _module_preset=&#8221;default&#8221; global_colors_info=&#8221;{}&#8221;]<\/p>\n<p><a title=\"mailto:vaccaroir@imf.csic.es\" href=\"mailto:vaccaroir@imf.csic.es\" data-linkindex=\"1\" data-olk-copy-source=\"MessageBody\">vaccaroir@imf.csic.es<\/a><\/p>\n<h4 style=\"text-align: left;\"><a href=\"https:\/\/orcid.org\/0000-0002-7551-4845\"><strong><span style=\"color: #ff6b5a;\">CV +<\/span><\/strong><\/a><\/h4>\n<p>[\/et_pb_text][et_pb_toggle title=&#8221;Recerca&#8221; _builder_version=&#8221;4.27.0&#8243; _module_preset=&#8221;default&#8221; global_colors_info=&#8221;{}&#8221;]<\/p>\n<p>Ismael Vaccaro \u00e9s professor a la McGill School of Environment. Va obtenir el seu doctorat en Antropologia Ambiental a la Universitat de Washington (2005). Els seus interessos de recerca inclouen l&#8217;antropologia ambiental, l&#8217;ecologia pol\u00edtica, la teoria de la propietat, l&#8217;an\u00e0lisi del paisatge, el desenvolupament i la globalitzaci\u00f3, l&#8217;antropologia pol\u00edtica i econ\u00f2mica, les pol\u00edtiques de conservaci\u00f3, el canvi clim\u00e0tic, l&#8217;antropologia de la mineria i les interaccions urb\u00e0-rurals. Ha realitzat investigacions a Europa, M\u00e8xic, les Illes Salom\u00f3 i Uganda.<\/p>\n<p>[\/et_pb_toggle][\/et_pb_column][\/et_pb_row][et_pb_row _builder_version=&#8221;4.21.0&#8243; _module_preset=&#8221;default&#8221; background_color=&#8221;RGBA(255,255,255,0)&#8221; custom_padding=&#8221;||0px||false|false&#8221; locked=&#8221;off&#8221; global_colors_info=&#8221;{}&#8221;][et_pb_column type=&#8221;4_4&#8243; _builder_version=&#8221;4.21.0&#8243; _module_preset=&#8221;default&#8221; global_colors_info=&#8221;{}&#8221;][et_pb_text admin_label=&#8221;t\u00edtol invest&#8221; _builder_version=&#8221;4.22.2&#8243; _module_preset=&#8221;default&#8221; text_font=&#8221;Noto Serif||||||||&#8221; text_text_color=&#8221;#FA6B5A&#8221; header_2_font=&#8221;Noto Serif||||||||&#8221; header_2_text_color=&#8221;#FA6B5A&#8221; module_alignment=&#8221;left&#8221; global_colors_info=&#8221;{}&#8221;]<\/p>\n<h2 style=\"text-align: left;\"><strong>Investigadors\/es visitants<\/strong><\/h2>\n<p>[\/et_pb_text][\/et_pb_column][\/et_pb_row][et_pb_row column_structure=&#8221;1_4,1_4,1_4,1_4&#8243; use_custom_gutter=&#8221;on&#8221; gutter_width=&#8221;2&#8243; make_equal=&#8221;on&#8221; admin_label=&#8221;Visitants&#8221; _builder_version=&#8221;4.21.0&#8243; background_color=&#8221;RGBA(255,255,255,0)&#8221; locked=&#8221;off&#8221; collapsed=&#8221;off&#8221; global_colors_info=&#8221;{}&#8221;][et_pb_column type=&#8221;1_4&#8243; _builder_version=&#8221;4.16&#8243; custom_padding=&#8221;|||&#8221; global_colors_info=&#8221;{}&#8221; custom_padding__hover=&#8221;|||&#8221;][et_pb_image src=&#8221;http:\/\/hweb-x-0-fe-04.fe.cpd.local\/crits\/wp-content\/uploads\/2024\/04\/ww.jpeg&#8221; title_text=&#8221;ww&#8221; force_fullwidth=&#8221;on&#8221; align_tablet=&#8221;center&#8221; align_phone=&#8221;center&#8221; align_last_edited=&#8221;on|desktop&#8221; admin_label=&#8221;Maria Cifre-Sabater&#8221; _builder_version=&#8221;4.22.2&#8243; animation_style=&#8221;zoom&#8221; animation_delay=&#8221;100ms&#8221; animation_intensity_zoom=&#8221;6%&#8221; border_radii=&#8221;on|8px|8px|8px|8px&#8221; box_shadow_style=&#8221;preset3&#8243; box_shadow_color=&#8221;rgba(0,0,0,0.46)&#8221; locked=&#8221;off&#8221; global_colors_info=&#8221;{}&#8221;][\/et_pb_image][et_pb_text admin_label=&#8221;Nom&#8221; _builder_version=&#8221;4.22.2&#8243; text_font=&#8221;Noto Serif|700|||||||&#8221; text_text_color=&#8221;#FA6B5A&#8221; text_font_size=&#8221;1.3em&#8221; text_line_height=&#8221;1.9em&#8221; link_font=&#8221;||||||||&#8221; ul_font=&#8221;||||||||&#8221; ol_font=&#8221;||||||||&#8221; quote_font=&#8221;||||||||&#8221; header_font=&#8221;Noto Serif|700|||||||&#8221; header_text_align=&#8221;center&#8221; header_2_font=&#8221;Noto Serif|700|||||||&#8221; header_2_font_size=&#8221;44px&#8221; header_2_line_height=&#8221;1.5em&#8221; header_3_font=&#8221;||||||||&#8221; max_width=&#8221;800px&#8221; module_alignment=&#8221;center&#8221; header_2_font_size_tablet=&#8221;&#8221; header_2_font_size_phone=&#8221;34px&#8221; header_2_font_size_last_edited=&#8221;on|phone&#8221; border_width_bottom=&#8221;1px&#8221; locked=&#8221;off&#8221; global_colors_info=&#8221;{}&#8221;]<\/p>\n<p>Cifre-Sabater, Maria<\/p>\n<p>[\/et_pb_text][et_pb_text admin_label=&#8221;Texto&#8221; _builder_version=&#8221;4.27.0&#8243; text_font=&#8221;Noto Serif|700|||||||&#8221; text_text_color=&#8221;#FA6B5A&#8221; text_font_size=&#8221;1.3em&#8221; text_line_height=&#8221;1.9em&#8221; link_font=&#8221;||||||||&#8221; ul_font=&#8221;||||||||&#8221; ol_font=&#8221;||||||||&#8221; quote_font=&#8221;||||||||&#8221; header_font=&#8221;Noto Serif|700|||||||&#8221; header_text_align=&#8221;center&#8221; header_2_font=&#8221;Noto Serif|700|||||||&#8221; header_2_font_size=&#8221;44px&#8221; header_2_line_height=&#8221;1.5em&#8221; header_3_font=&#8221;||||||||&#8221; max_width=&#8221;800px&#8221; module_alignment=&#8221;center&#8221; header_2_font_size_tablet=&#8221;&#8221; header_2_font_size_phone=&#8221;34px&#8221; header_2_font_size_last_edited=&#8221;on|phone&#8221; border_width_bottom=&#8221;1px&#8221; locked=&#8221;off&#8221; global_colors_info=&#8221;{}&#8221;]<\/p>\n<h4 style=\"text-align: left;\"><a href=\"https:\/\/talent.uoc.edu\/es\/maria-cifre-sabater.html\" target=\"_blank\" rel=\"noopener\"><strong><span style=\"color: #ff6b5a;\">CV +<\/span><\/strong><\/a><\/h4>\n<p>[\/et_pb_text][et_pb_toggle title=&#8221;Recerca&#8221; _builder_version=&#8221;4.27.0&#8243; _module_preset=&#8221;default&#8221; global_colors_info=&#8221;{}&#8221;]<\/p>\n<p><span class=\"TextRun SCXW238278218 BCX0\" lang=\"CA-ES\" xml:lang=\"CA-ES\" data-contrast=\"auto\"><span class=\"NormalTextRun SCXW238278218 BCX0\">Doctora en Antropologia Ambiental per la Universitat de Kent (UK, 2020), actualment investigadora a <\/span><span class=\"NormalTextRun SpellingErrorV2Themed SCXW238278218 BCX0\">l&#8217;Internet<\/span> <span class=\"NormalTextRun SpellingErrorV2Themed SCXW238278218 BCX0\">Interdisciplinary<\/span> <span class=\"NormalTextRun SpellingErrorV2Themed SCXW238278218 BCX0\">Institute<\/span><span class=\"NormalTextRun SCXW238278218 BCX0\"> (IN3) de la Universitat Oberta de Catalunya. Com a l\u00ednies de recerca, treballo entorn els \u00e0mbits social, hist\u00f2ric i ambiental dels incendis forestals i d&#8217;altres esdeveniments extrems vinculats al canvi clim\u00e0tic -com inundacions, onades de calor i de fred-, les \u00e0rees naturals protegides, i els processos de transformaci\u00f3 i <\/span><span class=\"NormalTextRun SpellingErrorV2Themed SCXW238278218 BCX0\">patrimonialitzaci\u00f3<\/span><span class=\"NormalTextRun SCXW238278218 BCX0\"> dels paisatges culturals. He coordinat i participat en projectes de recerca aplicada interdisciplinaris universitaris, i de l&#8217;administraci\u00f3 p\u00fablica, sobre el risc i la prevenci\u00f3 d&#8217;incendis forestals a la interf\u00edcie urbana-forestal, la gesti\u00f3 forestal comunit\u00e0ria, la conservaci\u00f3 del paisatge cultural i les xarxes d&#8217;economia circular a zones rurals, entre d&#8217;altres. Les \u00e0rees d&#8217;estudi principals on <\/span><span class=\"NormalTextRun SCXW238278218 BCX0\">duc <\/span><span class=\"NormalTextRun SCXW238278218 BCX0\">a terme treball de camp s\u00f3n la Serra de Tramuntana (Mallorca), la Serra de Collserola, Terrassa i Blanes.<\/span><\/span><span class=\"EOP SCXW238278218 BCX0\" data-ccp-props=\"{&quot;201341983&quot;:0,&quot;335559739&quot;:200,&quot;335559740&quot;:276}\">\u00a0<\/span><\/p>\n<p>[\/et_pb_toggle][\/et_pb_column][et_pb_column type=&#8221;1_4&#8243; _builder_version=&#8221;4.16&#8243; custom_padding=&#8221;|||&#8221; global_colors_info=&#8221;{}&#8221; custom_padding__hover=&#8221;|||&#8221;][et_pb_image src=&#8221;http:\/\/hweb-x-0-fe-04.fe.cpd.local\/crits\/wp-content\/uploads\/2024\/04\/Correa-Rosangela.jpeg&#8221; title_text=&#8221;Correa, Rosangela&#8221; force_fullwidth=&#8221;on&#8221; align_tablet=&#8221;center&#8221; align_phone=&#8221;center&#8221; align_last_edited=&#8221;on|desktop&#8221; admin_label=&#8221;Ros\u00e2ngela Corr\u00eaa&#8221; _builder_version=&#8221;4.22.2&#8243; animation_style=&#8221;zoom&#8221; animation_delay=&#8221;100ms&#8221; animation_intensity_zoom=&#8221;6%&#8221; border_radii=&#8221;on|8px|8px|8px|8px&#8221; box_shadow_style=&#8221;preset3&#8243; box_shadow_color=&#8221;rgba(0,0,0,0.46)&#8221; locked=&#8221;off&#8221; global_colors_info=&#8221;{}&#8221;][\/et_pb_image][et_pb_text admin_label=&#8221;Nom&#8221; _builder_version=&#8221;4.22.2&#8243; text_font=&#8221;Noto Serif|700|||||||&#8221; text_text_color=&#8221;#FA6B5A&#8221; text_font_size=&#8221;1.3em&#8221; text_line_height=&#8221;1.9em&#8221; link_font=&#8221;||||||||&#8221; ul_font=&#8221;||||||||&#8221; ol_font=&#8221;||||||||&#8221; quote_font=&#8221;||||||||&#8221; header_font=&#8221;Noto Serif|700|||||||&#8221; header_text_align=&#8221;center&#8221; header_2_font=&#8221;Noto Serif|700|||||||&#8221; header_2_font_size=&#8221;44px&#8221; header_2_line_height=&#8221;1.5em&#8221; header_3_font=&#8221;||||||||&#8221; max_width=&#8221;800px&#8221; module_alignment=&#8221;center&#8221; header_2_font_size_tablet=&#8221;&#8221; header_2_font_size_phone=&#8221;34px&#8221; header_2_font_size_last_edited=&#8221;on|phone&#8221; border_width_bottom=&#8221;1px&#8221; locked=&#8221;off&#8221; global_colors_info=&#8221;{}&#8221;]<\/p>\n<p>Corr\u00eaa, Ros\u00e2ngela<\/p>\n<p>[\/et_pb_text][et_pb_text admin_label=&#8221;Texto&#8221; _builder_version=&#8221;4.27.0&#8243; text_font=&#8221;Noto Serif|700|||||||&#8221; text_text_color=&#8221;#FA6B5A&#8221; text_font_size=&#8221;1.3em&#8221; text_line_height=&#8221;1.9em&#8221; link_font=&#8221;||||||||&#8221; ul_font=&#8221;||||||||&#8221; ol_font=&#8221;||||||||&#8221; quote_font=&#8221;||||||||&#8221; header_font=&#8221;Noto Serif|700|||||||&#8221; header_text_align=&#8221;center&#8221; header_2_font=&#8221;Noto Serif|700|||||||&#8221; header_2_font_size=&#8221;44px&#8221; header_2_line_height=&#8221;1.5em&#8221; header_3_font=&#8221;||||||||&#8221; max_width=&#8221;800px&#8221; module_alignment=&#8221;center&#8221; header_2_font_size_tablet=&#8221;&#8221; header_2_font_size_phone=&#8221;34px&#8221; header_2_font_size_last_edited=&#8221;on|phone&#8221; border_width_bottom=&#8221;1px&#8221; locked=&#8221;off&#8221; global_colors_info=&#8221;{}&#8221;]<\/p>\n<h4 style=\"text-align: left;\"><a href=\"https:\/\/lattes.cnpq.br\/8083671628852914\" target=\"_blank\" rel=\"noopener\"><strong><span style=\"color: #ff6b5a;\">CV +<\/span><\/strong><\/a><\/h4>\n<p>[\/et_pb_text][et_pb_toggle title=&#8221;Recerca&#8221; _builder_version=&#8221;4.22.2&#8243; _module_preset=&#8221;default&#8221; global_colors_info=&#8221;{}&#8221;]<\/p>\n<p>Professora de la Facultat d&#8217;Educaci\u00f3 de la Universitat de Bras\u00edlia. M\u00e0ster i Doctorat en Antropologia Social de la Universitat Iberoamericana, M\u00e8xic. Actualment realitza el seu postdoctorat en el departament d&#8217;Antropologia Social de la Universitat de Barcelona (2023-2024), Espanya. T\u00e9 experi\u00e8ncia en l&#8217;\u00e0rea d&#8217;Antropologia, amb \u00e8mfasi en Antropologia Social, treballant principalment en els seg\u00fcents temes: antropologia ambiental, ecologia humana, educaci\u00f3 ambiental, sociobiodiversitat del tancat, antropologia del treball, q\u00fcestions \u00e8tnic-racials.<\/p>\n<p>[\/et_pb_toggle][\/et_pb_column][et_pb_column type=&#8221;1_4&#8243; _builder_version=&#8221;4.16&#8243; custom_padding=&#8221;|||&#8221; global_colors_info=&#8221;{}&#8221; custom_padding__hover=&#8221;|||&#8221;][\/et_pb_column][et_pb_column type=&#8221;1_4&#8243; _builder_version=&#8221;4.16&#8243; custom_padding=&#8221;|||&#8221; global_colors_info=&#8221;{}&#8221; custom_padding__hover=&#8221;|||&#8221;][\/et_pb_column][\/et_pb_row][\/et_pb_section]<\/p>\n","protected":false},"excerpt":{"rendered":"<p>Investigadors\/esAramburu, Mikelmikel.aramburu@ub.edu CV +Mikel Aramburu Otazu \u00e9s professor titular d&#8217;Antropologia social a la Universitat de Barcelona, forma part del grup de recerca Antropologia de les Crisis i les Transformacions Contempor\u00e0nies (CRITS), est\u00e0 afiliat a la C\u00e0tedra Barcelona d&#8217;Estudis d&#8217;Habitatge. Imparteix doc\u00e8ncia de grau i m\u00e0ster en els camps de l&#8217;Antropologia pol\u00edtica i urbana, les migracions [&hellip;]<\/p>\n","protected":false},"author":1,"featured_media":0,"parent":0,"menu_order":0,"comment_status":"closed","ping_status":"closed","template":"","meta":{"_et_pb_use_builder":"on","_et_pb_old_content":"","_et_gb_content_width":"","footnotes":""},"class_list":["post-286","page","type-page","status-publish","hentry"],"_links":{"self":[{"href":"https:\/\/www.ub.edu\/crits\/wp-json\/wp\/v2\/pages\/286","targetHints":{"allow":["GET"]}}],"collection":[{"href":"https:\/\/www.ub.edu\/crits\/wp-json\/wp\/v2\/pages"}],"about":[{"href":"https:\/\/www.ub.edu\/crits\/wp-json\/wp\/v2\/types\/page"}],"author":[{"embeddable":true,"href":"https:\/\/www.ub.edu\/crits\/wp-json\/wp\/v2\/users\/1"}],"replies":[{"embeddable":true,"href":"https:\/\/www.ub.edu\/crits\/wp-json\/wp\/v2\/comments?post=286"}],"version-history":[{"count":28,"href":"https:\/\/www.ub.edu\/crits\/wp-json\/wp\/v2\/pages\/286\/revisions"}],"predecessor-version":[{"id":3982,"href":"https:\/\/www.ub.edu\/crits\/wp-json\/wp\/v2\/pages\/286\/revisions\/3982"}],"wp:attachment":[{"href":"https:\/\/www.ub.edu\/crits\/wp-json\/wp\/v2\/media?parent=286"}],"curies":[{"name":"wp","href":"https:\/\/api.w.org\/{rel}","templated":true}]}}