{"id":201,"date":"2023-04-12T12:20:09","date_gmt":"2023-04-12T10:20:09","guid":{"rendered":"https:\/\/www.ub.edu\/ema\/?page_id=201"},"modified":"2025-12-18T11:22:05","modified_gmt":"2025-12-18T09:22:05","slug":"revistes","status":"publish","type":"page","link":"https:\/\/www.ub.edu\/ema\/revistes\/","title":{"rendered":"Revistes"},"content":{"rendered":"<p>[et_pb_section fb_built=\u00bb1&#8243; _builder_version=\u00bb4.21.0&#8243; _module_preset=\u00bbdefault\u00bb custom_padding=\u00bb32px||0px|||\u00bb global_colors_info=\u00bb{}\u00bb][et_pb_row _builder_version=\u00bb4.21.0&#8243; _module_preset=\u00bbdefault\u00bb global_colors_info=\u00bb{}\u00bb][et_pb_column type=\u00bb4_4&#8243; _builder_version=\u00bb4.21.0&#8243; _module_preset=\u00bbdefault\u00bb global_colors_info=\u00bb{}\u00bb][et_pb_post_title meta=\u00bboff\u00bb featured_image=\u00bboff\u00bb _builder_version=\u00bb4.21.0&#8243; _module_preset=\u00bbdefault\u00bb title_font=\u00bb|||||on|||\u00bb background_color=\u00bb#e0f3fc\u00bb custom_padding=\u00bb10px|13px|2px|13px|false|true\u00bb global_module=\u00bb261&#8243; global_colors_info=\u00bb{}\u00bb][\/et_pb_post_title][\/et_pb_column][\/et_pb_row][\/et_pb_section][et_pb_section fb_built=\u00bb1&#8243; _builder_version=\u00bb4.20.1&#8243; _module_preset=\u00bbdefault\u00bb custom_padding=\u00bb0px||135px|||\u00bb global_colors_info=\u00bb{}\u00bb][et_pb_row _builder_version=\u00bb4.24.0&#8243; _module_preset=\u00bbdefault\u00bb global_colors_info=\u00bb{}\u00bb][et_pb_column type=\u00bb4_4&#8243; _builder_version=\u00bb4.24.0&#8243; _module_preset=\u00bbdefault\u00bb global_colors_info=\u00bb{}\u00bb][et_pb_toggle title=\u00bb2025&#8243; open_toggle_text_color=\u00bb#0C71C3&#8243; icon_color=\u00bb#0C71C3&#8243; open_icon_color=\u00bb#0C71C3&#8243; _builder_version=\u00bb4.24.0&#8243; _module_preset=\u00bbdefault\u00bb title_text_color=\u00bb#0C71C3&#8243; title_level=\u00bbh2&#8243; title_font=\u00bb|700|||||||\u00bb background_color=\u00bb#FFFFFF\u00bb hover_transition_duration=\u00bb0ms\u00bb custom_css_free_form=\u00bb.et_pb_toggle_content ul {||  padding-bottom: 0px !important;||}\u00bb border_color_all=\u00bb#0C71C3&#8243; saved_tabs=\u00bball\u00bb global_colors_info=\u00bb{}\u00bb]<\/p>\n<p>Escofet, A., Rubio, M. J. i Vila, R. (2025). <em>Digital citizenship: Digital participation profiles of women participating in digital literacy programmes<\/em>. Digital Education Review, 47, 181\u2013194. Disponible a: <a href=\"https:\/\/doi.org\/10.1344\/der.2025.47.181-194\">https:\/\/doi.org\/10.1344\/der.2025.47.181-194<\/a><\/p>\n<p>Escofet, A., L\u00f3pez, M. i Sanz, S. (2025). <em data-start=\"98\" data-end=\"182\">Hacia la ciudadan\u00eda digital: la participaci\u00f3n de las mujeres en entornos digitales<\/em>. Educar, 61(2), 465\u2013480. Disponible a: <a data-start=\"212\" data-end=\"251\" data-is-last-node=\"\" rel=\"noopener\" target=\"_new\" class=\"decorated-link\" href=\"https:\/\/doi.org\/10.5565\/rev\/educar.2296\">https:\/\/doi.org\/10.5565\/rev\/educar.2296<\/a><\/p>\n<p>Fabre-Mitjans, N., Jim\u00e9nez-Valverde, G., Guimer\u00e0-Ballesta, G. i Calafell-Subir\u00e0, G. (2025). Digital Gamification to Foster Attitudes Toward Science in Early Childhood Teacher Education. <em>Applied Sciences, 15<\/em>(11), 5961. Disponible a: <a href=\"https:\/\/doi.org\/10.3390\/app15115961\">https:\/\/doi.org\/10.3390\/app15115961<\/a><\/p>\n<div>\n<p>Gonz\u00e1lez, B. S., Guerrero, S. C., S\u00e1nchez, J. R., Guti\u00e9rrez, I. L., &amp; Gonzalo, E. L. (2025). Tratamiento actual de la enfermedad renal cr\u00f3nica. <i>FMC &#8211; Formaci\u00f3n M\u00e9dica Continuada En Atenci\u00f3n Primaria<\/i>, <i>32<\/i>(4), 188-196. Disponible a: <span class=\"url\"><a href=\"https:\/\/doi.org\/10.1016\/j.fmc.2024.08.004\">https:\/\/doi.org\/10.1016\/j.fmc.2024.08.004<\/a>\u00a0<\/span><\/p>\n<p><span class=\"url\"><\/span><\/p>\n<\/div>\n<p>Heras-Paniagua, C. i Jim\u00e9nez-Valverde, G. (2025). QOFormulaci\u00f3n: Una aplicaci\u00f3 gamificada per a l\u2019ensenyament de la formulaci\u00f3 en qu\u00edmica org\u00e0nica. <em>Ci\u00e8ncies: Revista Del Professorat De ci\u00e8ncies De Prim\u00e0ria I Secund\u00e0ria, 49<\/em>, 20\u201333. Disponible a: <a href=\"https:\/\/doi.org\/10.5565\/rev\/ciencies.522\">https:\/\/doi.org\/10.5565\/rev\/ciencies.522<\/a>\u00a0<\/p>\n<p>Jim\u00e9nez-Valverde, G., Fabre-Mitjans, N. i Guimer\u00e0-Ballesta, G. (2025). Games and Playful Activities to Learn About the Nature of Science. <em>Encyclopedia, 5<\/em>(4), 193. Disponible a: <a href=\"https:\/\/doi.org\/10.3390\/encyclopedia5040193\">https:\/\/doi.org\/10.3390\/encyclopedia5040193<\/a>\u00a0<\/p>\n<p>Jim\u00e9nez-Valverde, G., Fabre-Mitjans, N. i Guimer\u00e0-Ballesta, G. (2025). Narrative-Driven Digital Gamification for Motivation and Presence: Preservice Teachers\u2019 Experiences in a Science Education Course. <em>Computers, 14<\/em>(9), 384. Disponible a: <a href=\"https:\/\/doi.org\/10.3390\/computers14090384\">https:\/\/doi.org\/10.3390\/computers14090384<\/a>\u00a0<\/p>\n<p>Jim\u00e9nez-Valverde, G. (2025). Narrative Approaches in Science Education: From Conceptual Understanding to Applications in Chemistry and Gamification. <em>Encyclopedia, 5<\/em>(3), 116. Disponible a: <a href=\"https:\/\/doi.org\/10.3390\/encyclopedia5030116\">https:\/\/doi.org\/10.3390\/encyclopedia5030116<\/a><span style=\"font-weight: 400;\"><\/span><\/p>\n<p><span style=\"font-weight: 400;\">Jim\u00e9nez-Valverde, G.; Fabre-Mitjans, N.; Heras-Paniagua, C. i Guimer\u00e0-Ballesta, G. (2025). Tailoring Gamification in a Science Course to Enhance Intrinsic Motivation in Preservice Primary Teachers. <em>Education Sciences, 15<\/em>(3), 300. Disponible a: <a href=\"https:\/\/doi.org\/10.3390\/educsci15030300\">https:\/\/doi.org\/10.3390\/educsci15030300<\/a>\u00a0<\/span><a href=\"https:\/\/doi.org\/10.1111\/wvn.12682\"><span style=\"font-weight: 400;\"><\/span><\/a><span style=\"font-weight: 400;\"><\/span><span style=\"font-weight: 400;\"><\/span><\/p>\n<p>Moreal, C., Dobrowolska, B., Ozdoba, P., Szara, M., Velikonja, N. K., \u0160imec, M., Laznik, G., Krsnik, S., Escofet Roig, A., Esparza, M., Sol\u00e0-Pola, M. M., \u00d6zsaban, A., Bayram, A., Palese, A. i Chiappinotto, S. (2025). <em data-start=\"278\" data-end=\"390\">Promoting equitable access to infection prevention for people with different vulnerabilities: A scoping review<\/em>. BMC Nursing, 24, Article 1236. Disponible a: <a data-start=\"427\" data-end=\"469\" data-is-last-node=\"\" rel=\"noopener\" target=\"_new\" class=\"decorated-link\" href=\"https:\/\/doi.org\/10.1186\/s12912-025-03773-8\">https:\/\/doi.org\/10.1186\/s12912-025-03773-8<\/a><\/p>\n<p>Mart\u00edn, X., Avil\u00e9s, F., B\u00e4r, B., Escofet, A., Gij\u00f3n, M., Pay\u00e0, M. i Torres, C. (2024). <em data-start=\"141\" data-end=\"191\">R\u00fabrica pel desenvolupament territorial de l&#8217;ApS<\/em>. Disponible a: <a data-start=\"193\" data-end=\"271\" data-is-last-node=\"\" rel=\"noopener\" target=\"_new\" class=\"decorated-link\" href=\"https:\/\/aprenentatgeservei.cat\/wp-content\/uploads\/Rubrica-ApSLocal_Catala_.pdf\">https:\/\/aprenentatgeservei.cat\/wp-content\/uploads\/Rubrica-ApSLocal_Catala_.pdf<\/a><\/p>\n<p>Pedreira-Robles, G., Mor\u00edn-Fraile, V., Bach-Pascual, A., Graells-Sans, A., &amp; Garcimart\u00edn, P. (2024). \u201cI can&#8217;t imagine it without my nurse\u201d: Experiences of people with chronic kidney disease in the evaluation process as kidney transplant candidates. <em data-start=\"294\" data-end=\"328\">Research in Nursing &amp; Health, 47<\/em>(6), 635\u2013647. Disponible a: <a data-start=\"342\" data-end=\"375\" rel=\"noopener\" target=\"_new\" class=\"decorated-link cursor-pointer\">https:\/\/doi.org\/10.1002\/nur.22414<\/a><\/p>\n<p><span>Pintado-Outumuro, E., Morin-Fraile, V., Salvador-Gonz\u00e1lez, B., Benito, L., Julve-Ib\u00e1\u00f1ez, M., Sancho-Campos, M. P., Alves-Tafur, C., &amp; Lumillo-Guti\u00e9rrez, I. (2024). Exploring the factors influencing evidence-based approaches to advanced chronic kidney disease: a qualitative study involving nurses and physicians.\u00a0<\/span><i>BMC primary care<\/i><span>,\u00a0<\/span><i>25<\/i><span>(1), 177. Disponible a: <a href=\"https:\/\/doi.org\/10.1186\/s12875-024-02418-0\">https:\/\/doi.org\/10.1186\/s12875-024-02418-0<\/a>\u00a0<\/span><\/p>\n<p>Ripoll-Romero, E., Ag\u00fcera, Z., Puig-Llobet, M., Bassas, M., Manzanares-C\u00e9spedes, M. C., &amp; Galimany-Masclans, J. (2025). <em data-start=\"1094\" data-end=\"1156\">Gender differences in pre-surgical hip arthroplasty patients<\/em>. <em data-start=\"1158\" data-end=\"1197\">Frontiers in Global Women\u2019s Health, 6<\/em>. Disponible a: <a data-start=\"1199\" data-end=\"1240\" rel=\"noopener\" target=\"_new\" class=\"decorated-link cursor-pointer\">https:\/\/doi.org\/10.3389\/fgwh.2025.1565899<\/a><\/p>\n<p>Ripoll-Romero, E., Ag\u00fcera, Z., Puig-Llobet, M., &amp; Galimany-Masclans, J. (2025). <em data-start=\"663\" data-end=\"758\">The impact of nursing-led emotional preparation on mental health after total hip arthroplasty<\/em>. <em data-start=\"760\" data-end=\"789\">Frontiers in Psychology, 16<\/em>. Disponible a: <a data-start=\"791\" data-end=\"833\" rel=\"noopener\" target=\"_new\" class=\"decorated-link cursor-pointer\">https:\/\/doi.org\/10.3389\/fpsyg.2025.1693111<\/a><\/p>\n<p>Laroussy, K., Fern\u00e1ndez, E., Castellano, Y., Fu, M., Feliu, A., Tigova, O., Puig, M., Galimany, J., Moreno, C., &amp; Mart\u00ednez, C. (2025). <em data-start=\"171\" data-end=\"324\">Predictors of developing positive attitudes and increasing perceptions of training in tobacco control among Catalan nursing students: A follow-up study<\/em>. Journal of Addictions Nursing. Disponible a: <a data-start=\"361\" data-end=\"405\" data-is-last-node=\"\" rel=\"noopener\" target=\"_new\" class=\"decorated-link\" href=\"https:\/\/doi.org\/10.1097\/JAN.0000000000000664\">https:\/\/doi.org\/10.1097\/JAN.0000000000000664<\/a><\/p>\n<p><span>Lumillo, I., Escofet, A., Sol\u00e0, M., &amp; Mor\u00edn-Fraile, V. (2025). <em data-start=\"123\" data-end=\"248\">What is the social impact of university service-learning projects on citizens and community organizations? A scoping review<\/em>. International Journal of Research on Service-Learning and Community Engagement. Disponible a: <a data-start=\"334\" data-end=\"370\" rel=\"noopener\" target=\"_new\" class=\"decorated-link cursor-pointer\" data-is-last-node=\"\">https:\/\/doi.org\/10.37333\/001c.146138<\/a><\/span><\/p>\n<p>&nbsp;<\/p>\n<p>[\/et_pb_toggle][et_pb_toggle title=\u00bb2024&#8243; open_toggle_text_color=\u00bb#0C71C3&#8243; icon_color=\u00bb#0C71C3&#8243; open_icon_color=\u00bb#0C71C3&#8243; _builder_version=\u00bb4.24.0&#8243; _module_preset=\u00bbdefault\u00bb title_text_color=\u00bb#0C71C3&#8243; title_level=\u00bbh2&#8243; title_font=\u00bb|700|||||||\u00bb background_color=\u00bb#FFFFFF\u00bb hover_transition_duration=\u00bb0ms\u00bb custom_css_free_form=\u00bb.et_pb_toggle_content ul {||  padding-bottom: 0px !important;||}\u00bb border_color_all=\u00bb#0C71C3&#8243; saved_tabs=\u00bball\u00bb global_colors_info=\u00bb{}\u00bb]<\/p>\n<p><span style=\"font-weight: 400;\">Guanter-Peris, L., Alburquerque-Medina, E., Sol\u00e0-Pola, M., i Pla, M. (2024). Towards a set of competencies in palliative care nursing in Spain: What\u2019s getting in the way of consensus? <\/span><i><span style=\"font-weight: 400;\">BMC Palliative Care<\/span><\/i><span style=\"font-weight: 400;\">.<\/span><a href=\"https:\/\/bmcpalliatcare.biomedcentral.com\/articles\/10.1186\/s12904-024-01359-w\"> <span>https:\/\/doi.org\/10.1186\/s12904-024-01359-w<\/span><\/a><span style=\"font-weight: 400;\"><\/span><\/p>\n<p><span style=\"font-weight: 400;\">Jim\u00e9nez-Valverde, G.; Heras-Paniagua, C.; Fabre-Mitjans, N. i Calafell-Subir\u00e0, G. (2024). Gamifying Teacher Education with <em>FantasyClass<\/em>: Effects on Attitudes towards Physics and Chemistry among Preservice Primary Teachers. <em>Education Sciences, 14<\/em>(8), 822. Disponible a: <a href=\"https:\/\/doi.org\/10.3390\/educsci14080822\">https:\/\/doi.org\/10.3390\/educsci14080822<\/a><\/span><span style=\"font-weight: 400;\"><\/span><\/p>\n<p><span style=\"font-weight: 400;\">Pintado-Outumuro, E., Morin-Fraile, V., Salvador-Gonz\u00e1lez, B., &amp; altres. (2024). Exploring the factors influencing evidence-based approaches to advanced chronic kidney disease: A qualitative study involving nurses and physicians. <em data-start=\"275\" data-end=\"297\">BMC Primary Care, 25<\/em>, 177. <a data-start=\"304\" data-end=\"346\" rel=\"noopener\" target=\"_new\" class=\"decorated-link\" href=\"https:\/\/doi.org\/10.1186\/s12875-024-02418-0\">https:\/\/doi.org\/10.1186\/s12875-024-02418-0<\/a><\/span><\/p>\n<p>[\/et_pb_toggle][et_pb_toggle title=\u00bb2023&#8243; open_toggle_text_color=\u00bb#0C71C3&#8243; icon_color=\u00bb#0C71C3&#8243; open_icon_color=\u00bb#0C71C3&#8243; _builder_version=\u00bb4.24.0&#8243; _module_preset=\u00bbdefault\u00bb title_text_color=\u00bb#0C71C3&#8243; title_level=\u00bbh2&#8243; title_font=\u00bb|700|||||||\u00bb background_color=\u00bb#FFFFFF\u00bb hover_transition_duration=\u00bb0ms\u00bb custom_css_free_form=\u00bb.et_pb_toggle_content ul {||  padding-bottom: 0px !important;||}\u00bb border_color_all=\u00bb#0C71C3&#8243; saved_tabs=\u00bball\u00bb global_colors_info=\u00bb{}\u00bb]<\/p>\n<p><span style=\"font-weight: 400;\">Calafell, G., Jim\u00e9nez, G. i Duran, H. (2023). L&#8217;avaluaci\u00f3 entre iguals en una activitat de sostenibilitzaci\u00f3 curricular a la formaci\u00f3 inicial del professorat de secund\u00e0ria. Revista del CIDUI, 6. Disponible a:<\/span><a href=\"https:\/\/raco.cat\/index.php\/RevistaCIDUI\/article\/view\/417399\"><span style=\"font-weight: 400;\">https:\/\/raco.cat\/index.php\/RevistaCIDUI\/article\/view\/417399<\/span><\/a><span style=\"font-weight: 400;\"><\/span><\/p>\n<p><span style=\"font-weight: 400;\">Fabre, N. (2023). Kahoot y Quizizz: cuando jugar en equipos marca la diferencia a la hora de motivar a leer noticias de ciencias. Revista Electr\u00f3nica Interuniversitaria de Formaci\u00f3n del Profesorado, 26(2), 129-142. Disponible a: <a href=\"https:\/\/doi.org\/10.6018\/reifop.547421\">https:\/\/doi.org\/10.6018\/reifop.547421<\/a>\u00a0<\/span><\/p>\n<p><span style=\"font-weight: 400;\">Jim\u00e9nez, G. i Heras, C. (2023). Gamificaci\u00f3 d&#8217;una assignatura de did\u00e0ctica de les ci\u00e8ncies amb FantasyClass. Revista del CIDUI, 6. Disponible a:\u00a0<\/span><a href=\"https:\/\/raco.cat\/index.php\/RevistaCIDUI\/article\/view\/415319\"><span style=\"font-weight: 400;\">https:\/\/raco.cat\/index.php\/RevistaCIDUI\/article\/view\/415319<\/span><\/a><\/p>\n<p><span style=\"font-weight: 400;\">Rodoreda-Pall\u00e0s, B., Lumillo-Guti\u00e9rrez, I., Mir\u00f3 Catalina, Q., Torra Escarrer, E., Sanahuja Juncadella, J., &amp; Morin Fraile, V. (2023). Recording of Social Determinants in Computerized Medical Records in Primary Care Consultations: Quasi-Experimental Study. JMIR Formative Research, 7, e41706. <a href=\"https:\/\/doi.org\/10.2196\/41706\">https:\/\/doi.org\/10.2196\/41706<\/a><\/span><\/p>\n<p><span style=\"font-weight: 400;\">Rosell\u00f3-Novella, Alba; Lumillo-Guti\u00e9rrez, Iris; Pla-Consuegra, Margarida; Rosa-Castillo, Antonio; Villa-Garcia, Lorena; Mor\u00edn-Fraile, Victoria (2023). Percepciones y factores externos de la actividad f\u00edsica en adolescentes mediante m\u00e9todos mixtos.\u00a0<\/span><i><span style=\"font-weight: 400;\">Gaceta Sanitaria, 37<\/span><\/i><span style=\"font-weight: 400;\">, 102281.\u00a0 Disponible a:\u00a0<\/span><a href=\"https:\/\/www.sciencedirect.com\/science\/article\/pii\/S0213911122001728\"><span style=\"font-weight: 400;\">https:\/\/www.sciencedirect.com\/science\/article\/pii\/S0213911122001728<\/span><\/a><span style=\"font-weight: 400;\">.<\/span><\/p>\n<p><span style=\"font-weight: 400;\">Rosa-Castillo, Antonio; Garc\u00eda-Pa\u00f1ella, Oscar; Rosell\u00f3-Novella, Alba; Maestre-Gonzalez, Elena; Pulp\u00f3n-Segura, Anna; Icart-Isern, Teresa; Sol\u00e0-Pola, Montserrat (2023). The effectiveness of an Instagram-based educational game in a Bachelor of Nursing course: An experimental study.\u00a0<\/span><i><span style=\"font-weight: 400;\">Nurse Education in Practice, 70, 103656<\/span><\/i><span style=\"font-weight: 400;\">.\u00a0 Disponible a:\u00a0<\/span><a href=\"https:\/\/www.sciencedirect.com\/science\/article\/pii\/S147159532300118X\"><span style=\"font-weight: 400;\">https:\/\/www.sciencedirect.com\/science\/article\/pii\/S147159532300118X<\/span><\/a><\/p>\n<p><span style=\"font-weight: 400;\">Rosell\u00f3-Novella, Alba; Pla-Consuegra, Margarida; Guix-Comellas, Eva; Font-Cabrera, Cristina; Sola-Pola, Montserrat; Mor\u00edn-Fraile, Victoria (2023). Physical activity among adolescent girls and the factors linked to it: a scoping review.\u00a0<\/span><i><span style=\"font-weight: 400;\">Journal of Sport and Health Research, 15 (3)<\/span><\/i><span style=\"font-weight: 400;\">.\u00a0 Disponible a:\u00a0<\/span><a href=\"https:\/\/recyt.fecyt.es\/index.php\/JSHR\/article\/view\/94166\"><span style=\"font-weight: 400;\">https:\/\/recyt.fecyt.es\/index.php\/JSHR\/article\/view\/94166<\/span><\/a><\/p>\n<p><span style=\"font-weight: 400;\">Zabaleta-Del-Olmo, E., Santesmases-Masana, R., Mart\u00edn-Payo, R., Romero-Collado, \u00c0., Zamora-S\u00e1nchez, J.-J., Urp\u00ed-Fern\u00e1ndez, A.-M., Gonzalez-Del-Rio, M., Lumillo-Guti\u00e9rrez, I., Sastre-Rus, M., Jodar-Fern\u00e1ndez, L., &amp; Hern\u00e1ndez-Mart\u00ednez-Esparza, E. (2023). Research on missed nursing care during the COVID-19 pandemic: A scoping review. Worldviews on Evidence-Based Nursing, 20(6), 559-573. <\/span><a href=\"https:\/\/doi.org\/10.1111\/wvn.12682\"><span style=\"font-weight: 400;\">https:\/\/doi.org\/10.1111\/wvn.12682<\/span><\/a><\/p>\n<p>[\/et_pb_toggle][et_pb_toggle title=\u00bb2022&#8243; open_toggle_text_color=\u00bb#0C71C3&#8243; icon_color=\u00bb#0C71C3&#8243; open_icon_color=\u00bb#0C71C3&#8243; _builder_version=\u00bb4.24.0&#8243; _module_preset=\u00bbdefault\u00bb title_text_color=\u00bb#0C71C3&#8243; title_level=\u00bbh2&#8243; title_font=\u00bb|700|||||||\u00bb background_color=\u00bb#FFFFFF\u00bb hover_transition_duration=\u00bb0ms\u00bb custom_css_free_form=\u00bb.et_pb_toggle_content ul {||  padding-bottom: 0px !important;||}\u00bb border_color_all=\u00bb#0C71C3&#8243; saved_tabs=\u00bball\u00bb global_colors_info=\u00bb{}\u00bb]<\/p>\n<p>Almazor-Sirvent, Adri\u00e1n; Miguel-Ruiz, Maria Dolores; Huguet-Miguel, Anna; Hurtado-Pardos, B\u00e1rbara; Rold\u00e1n-Merino, Juan Francisco; Moreno-Arroyo, Mar\u00eda del Carmen; Biurr\u00fan-Garrido, Ainoa; Garnacho-Casta\u00f1o, Manuel Vicente; Escofet, Anna (2022). Design and Validation of a Questionnaire to Measure the Perception of Nursing Degree Students about the Learning Process in Primary Care. <em>Healthcare, 10<\/em>(11), 2240.\u00a0 Disponible a: <a href=\"https:\/\/pubmed.ncbi.nlm.nih.gov\/36360581\/\" target=\"_blank\" rel=\"noopener\">https:\/\/pubmed.ncbi.nlm.nih.gov\/36360581\/<\/a>.<\/p>\n<p>Ayuste, A.; Escofet, A.; Gros, B.; Palou, B.; Mercader, J.; Gustems, J.; Santamaria, J.; Masgrau, M.; L\u00f3pez, M.; Sabariego, M.; Pay\u00e1, M.\u00a0 (2022). Desarrollo de la competencia investigadora en los grados de Educaci\u00f3n Infantil y Educaci\u00f3n Primaria en universidades catalanas. En Membiela, P.; Cebreiros, M. I. (ed.). <em>Innovaci\u00f3n en la pr\u00e1ctica educativa universitaria<\/em> (pp. 119-128). Educaci\u00f3n Editora. Disponible a: <a href=\"https:\/\/portalrecerca.csuc.cat\/85132834\" target=\"_blank\" rel=\"noopener\">https:\/\/portalrecerca.csuc.cat\/85132834<\/a>.<\/p>\n<p>Ayuste, A.; Escofet, A.; Pay\u00e1, M.; Rubio, L (2022). Desarrollo de competencias investigadoras en la formaci\u00f3n inicial del profesorado: hacia la mejora de la pr\u00e1ctica docente universitaria y escolar. <em>RISEI Academic Journal, 2<\/em>(1), 73-81. Disponible a: <a href=\"https:\/\/portalrecerca.csuc.cat\/85236501\" target=\"_blank\" rel=\"noopener\">https:\/\/portalrecerca.csuc.cat\/85236501<\/a>.<\/p>\n<p>Escofet, A . (2022). Desarrollo del compromiso c\u00edvico en contextos virtuales. En Juan Garcia y Marta Ruiz (2022). <em>Aprendizaje-servicio virtual. Marco te\u00f3rico y propuestas de acci\u00f3n innovadoras<\/em> (pp. 85-94). Narcea. Disponible a: <a href=\"https:\/\/dialnet.unirioja.es\/servlet\/articulo?codigo=9137409\" target=\"_blank\" rel=\"noopener\">https:\/\/dialnet.unirioja.es\/servlet\/articulo?codigo=9137409<\/a>.<\/p>\n<p>Maestre, E.; Berlanga, S.; Rosell\u00f3, A.; Villafafila, R.; Carreiro, M.A.; Mor\u00edn, V. (2022). . Identificaci\u00f3n de activos de salud en una asociaci\u00f3n multicultural. <em>Enfermer\u00eda comunit\u00e0ria<\/em>. Disponible a: <a href=\"https:\/\/ciberindex.com\/index.php\/ec\/article\/view\/e13918\" target=\"_blank\" rel=\"noopener\">https:\/\/ciberindex.com\/index.php\/ec\/article\/view\/e13918<\/a>.<\/p>\n<p><span style=\"font-weight: 400;\">Rosa-Castillo, Antonio; Garc\u00eda-Pa\u00f1ella, Oscar; Maestre-Gonzalez, Elena; Pulp\u00f3n-Segura, Anna; Rosell\u00f3-Novella, Alba; Sol\u00e0-Pola, Montserrat (2022). Gamification on Instagram: Nursing students\u2019 degree of satisfaction with and perception of learning in an educational game.\u00a0<\/span><i><span style=\"font-weight: 400;\">Nurse Education Today, 118, 105533<\/span><\/i><span style=\"font-weight: 400;\">.\u00a0 Disponible a:\u00a0<\/span><a href=\"https:\/\/www.sciencedirect.com\/science\/article\/pii\/S0260691722002696?via%3Dihub\"><span style=\"font-weight: 400;\">https:\/\/www.sciencedirect.com\/science\/article\/pii\/S0260691722002696?via%3Dihub<\/span><\/a><\/p>\n<p><span style=\"font-weight: 400;\">Rosa-Castillo, Antonio; Garc\u00eda-Pa\u00f1ella, Oscar; Maestre-Gonzalez, Elena; Pulp\u00f3n-Segura, Anna; Rosell\u00f3-Novella, Alba; Sol\u00e0-Pola, Montserrat (2022). Gamification on Instagram: Nursing students\u2019 degree of satisfaction with and perception of learning in an educational game.\u00a0<\/span><i><span style=\"font-weight: 400;\">Nurse Education Today, 118, 105533<\/span><\/i><span style=\"font-weight: 400;\">.\u00a0 Disponible a:\u00a0<\/span><a href=\"https:\/\/www.sciencedirect.com\/science\/article\/pii\/S0260691722002696?via%3Dihub\"><span style=\"font-weight: 400;\">https:\/\/www.sciencedirect.com\/science\/article\/pii\/S0260691722002696?via%3Dihub<\/span><\/a><\/p>\n<p><span style=\"font-weight: 400;\">Rosell\u00f3-Novella, A., Lumillo-Guti\u00e9rrez, I., Pla-Consuegra, M., Rosa-Castillo, A., Villa-Garcia, L., &amp; Morin-Frailea, V. (2022). Percepciones y factores externos de la actividad f\u00edsica en adolescentes mediante m\u00e9todos mixtos [Perceptions and external factors of physical activity in adolescents using mixed methods]. Gaceta Sanitaria. Advance online publication. <\/span><a href=\"https:\/\/doi.org\/10.1016\/j.gaceta.2022.102281\"><span style=\"font-weight: 400;\">https:\/\/doi.org\/10.1016\/j.gaceta.2022.102281<\/span><\/a><\/p>\n<p>Zamora JJ, Urp\u00ed-Fern\u00e1ndez AM, Sastre-Rus M, Lumillo-Guti\u00e9rrez I, Gea-Caballero V, Jodar-Fern\u00e1mdez L, Juli\u00e1n-Rochina I, Zabaleta del Olmo, E. (2022). <em>The Tilburg Frailty Indicator. Psychometric systematic review: Ageing Research Reviews<\/em>. Disponible a: <a href=\"https:\/\/www.sciencedirect.com\/science\/article\/pii\/S1568163722000307\" target=\"_blank\" rel=\"noopener\">https:\/\/www.sciencedirect.com\/science\/article\/pii\/S1568163722000307<\/a>.<\/p>\n<p>[\/et_pb_toggle][et_pb_toggle title=\u00bb2021&#8243; open_toggle_text_color=\u00bb#0C71C3&#8243; icon_color=\u00bb#0C71C3&#8243; open_icon_color=\u00bb#0C71C3&#8243; _builder_version=\u00bb4.24.0&#8243; _module_preset=\u00bbdefault\u00bb title_text_color=\u00bb#0C71C3&#8243; title_level=\u00bbh2&#8243; title_font=\u00bb|700|||||||\u00bb background_color=\u00bb#FFFFFF\u00bb hover_transition_duration=\u00bb0ms\u00bb custom_css_free_form=\u00bb.et_pb_toggle_content ul {||  padding-bottom: 0px !important;||}\u00bb border_color_all=\u00bb#0C71C3&#8243; saved_tabs=\u00bball\u00bb global_colors_info=\u00bb{}\u00bb]<\/p>\n<p><span data-contrast=\"auto\">Bautista, G.; Escofet, A.; L\u00f3pez, M.; Casanovas, M. (2021). Espacio, bienestar y aprendizaje en el aula. <\/span><i><span data-contrast=\"auto\">Aula de Innovaci\u00f3n Educativa, <\/span><\/i><span data-contrast=\"auto\">(303), 10-16.<\/span><span data-contrast=\"auto\">\u00a0<\/span><span data-ccp-props=\"{&quot;201341983&quot;:0,&quot;335551550&quot;:6,&quot;335551620&quot;:6,&quot;335559685&quot;:705,&quot;335559739&quot;:160,&quot;335559740&quot;:259,&quot;335559991&quot;:705}\">Disponible a: <a href=\"https:\/\/dialnet.unirioja.es\/servlet\/articulo?codigo=7864981\" target=\"_blank\" rel=\"noopener\">https:\/\/dialnet.unirioja.es\/servlet\/articulo?codigo=7864981<\/a>.<\/span><\/p>\n<p><span data-contrast=\"auto\">Bautista, G.; Escofet, A.; L\u00f3pez, M.; Casanovas, M. (2021). Espai, benestar i aprenentatge a l\u2019escola. <\/span><i><span data-contrast=\"auto\">Guix Elements d\u2019Acci\u00f3 Educativa, <\/span><\/i><span data-contrast=\"auto\">(406), 10-16.<\/span><span data-contrast=\"auto\"> <\/span><span data-ccp-props=\"{&quot;201341983&quot;:0,&quot;335551550&quot;:6,&quot;335551620&quot;:6,&quot;335559685&quot;:705,&quot;335559739&quot;:160,&quot;335559740&quot;:259,&quot;335559991&quot;:705}\">Disponible a: <a href=\"https:\/\/dialnet.unirioja.es\/servlet\/articulo?codigo=7868594\" target=\"_blank\" rel=\"noopener\">https:\/\/dialnet.unirioja.es\/servlet\/articulo?codigo=7868594<\/a>.<\/span><\/p>\n<p><span data-contrast=\"auto\">Berlanga-Fern\u00e1ndez, S., Carreiro-Alonso, M., Maestre-Gonz\u00e1lez, E., Rosell\u00f3-Novella, A. i Mor\u00edn-Fraile, V. (2021). An\u00e1lisis cualitativo de los diarios reflexivos de estudiantes de Enfermer\u00eda en Trabajos Final de Grado de Aprendizaje-Servicio en el distrito III de Hospitalet de Llobregat. <\/span><i><span data-contrast=\"auto\">Revista Ene De Enfermer\u00eda, 15<\/span><\/i><span data-contrast=\"auto\">(1).<\/span><span data-contrast=\"auto\"> <\/span><span data-ccp-props=\"{&quot;201341983&quot;:0,&quot;335551550&quot;:6,&quot;335551620&quot;:6,&quot;335559685&quot;:705,&quot;335559739&quot;:160,&quot;335559740&quot;:259,&quot;335559991&quot;:705}\">Disponible a: <a href=\"https:\/\/dialnet.unirioja.es\/servlet\/articulo?codigo=7971380\" target=\"_blank\" rel=\"noopener\">https:\/\/dialnet.unirioja.es\/servlet\/articulo?codigo=7971380<\/a>.<\/span><\/p>\n<p><span data-ccp-props=\"{&quot;201341983&quot;:0,&quot;335551550&quot;:6,&quot;335551620&quot;:6,&quot;335559685&quot;:705,&quot;335559739&quot;:160,&quot;335559740&quot;:259,&quot;335559991&quot;:705}\">Calafell, G.; Jim\u00e9nez, G. (2021). La introducci\u00f3 dels Objectius per al Desenvolupament Sostenible en l&#8217;alfabetitzaci\u00f3 digital dels futurs mestres d&#8217;Educaci\u00f3 Infantil. Una experi\u00e8ncia de doc\u00e8ncia virtual en el Grau de Mestre d&#8217;Educaci\u00f3 Infantil de la Universitat de Barcelona. <i>Revista del CIDUI<\/i>, 5, 1-7. Disponible a: <a href=\"https:\/\/raco.cat\/index.php\/RevistaCIDUI\/article\/view\/390060\" target=\"_blank\" rel=\"noopener\">https:\/\/raco.cat\/index.php\/RevistaCIDUI\/article\/view\/390060<\/a>.<\/span><\/p>\n<p><span data-contrast=\"auto\">Escofet, A.; Novella, A.; Mor\u00edn, V. (2021). El codise\u00f1o como impulso del compromiso del estudiantado universitario. <\/span><i><span data-contrast=\"auto\">Aula Abierta, 50<\/span><\/i><span data-contrast=\"auto\">(4), 825-832.<\/span><span data-contrast=\"auto\"> <\/span><span data-ccp-props=\"{&quot;201341983&quot;:0,&quot;335551550&quot;:6,&quot;335551620&quot;:6,&quot;335559685&quot;:705,&quot;335559739&quot;:160,&quot;335559740&quot;:259,&quot;335559991&quot;:705}\">Disponible a: <a href=\"https:\/\/dialnet.unirioja.es\/servlet\/articulo?codigo=8230566\" target=\"_blank\" rel=\"noopener\">https:\/\/dialnet.unirioja.es\/servlet\/articulo?codigo=8230566<\/a>.<\/span><\/p>\n<p><span data-contrast=\"auto\">Gavrus-Ion, A.; Sj\u00f8vold, T.; Hern\u00e1ndez, M.; Gonz\u00e1lez-Jos\u00e9, R.; Mart\u00ednez-Abad\u00edas, N.; Esteban Torn\u00e9, M.E.; Esparza, M. (2021). <\/span><span data-contrast=\"auto\">Religion and Fertility patterns: comparison of life history traits in Catholics and Protestants, Hallstatt (Austria) 1733-1908. <\/span><i><span data-contrast=\"auto\">Journal of Biosocial Science, 53<\/span><\/i><span data-contrast=\"auto\">(2), 305-318. Disponible a: <a href=\"https:\/\/pubmed.ncbi.nlm.nih.gov\/32513321\/\" target=\"_blank\" rel=\"noopener\">https:\/\/pubmed.ncbi.nlm.nih.gov\/32513321\/<\/a>.<br \/><\/span><\/p>\n<p><span data-contrast=\"auto\">Grasa, M.M.; Esparza, M.; Tello, E.; Padr\u00f3, R.; Ali\u00f3, M.A. (2021). Ensenyar ODS a trav\u00e9s de l&#8217;ApS: la import\u00e0ncia de l&#8217;ensenyament actiu de les compet\u00e8ncies transversals. Un cas d&#8217;aplicaci\u00f3 del codisseny per la millora docent. <\/span><i><span data-contrast=\"auto\">Revista del CIDUI, <\/span><\/i><span data-contrast=\"auto\">(5).<\/span><span data-contrast=\"auto\"> <\/span><span data-ccp-props=\"{&quot;201341983&quot;:0,&quot;335551550&quot;:6,&quot;335551620&quot;:6,&quot;335559685&quot;:705,&quot;335559739&quot;:160,&quot;335559740&quot;:259,&quot;335559991&quot;:705}\">Disponible a: <a href=\"https:\/\/dialnet.unirioja.es\/servlet\/articulo?codigo=8514578\" target=\"_blank\" rel=\"noopener\">https:\/\/dialnet.unirioja.es\/servlet\/articulo?codigo=8514578<\/a>.<\/span><\/p>\n<p><span data-contrast=\"auto\">Jim\u00e9nez, G.; Calafell, G. (2021). Evaluaci\u00f3n entre iguales remota y s\u00edncrona de una presentaci\u00f3n oral. Estudio del sesgo de severidad\/benevolencia. <\/span><i><span data-contrast=\"auto\">Revista del CIDUI, <\/span><\/i><span data-contrast=\"auto\">(5), 1-8. <\/span><span data-contrast=\"auto\">Disponible a: <a href=\"https:\/\/diposit.ub.edu\/dspace\/handle\/2445\/181038\" target=\"_blank\" rel=\"noopener\">https:\/\/diposit.ub.edu\/dspace\/handle\/2445\/181038<\/a>.<\/span><\/p>\n<p><span data-contrast=\"auto\">Mart\u00ednez, C.; Castellano, Y.; Laroussy K.; Fu, M.; Baena, A.; Margalef, M.; Feliu, A.; Aldazabel, J.; Tigova, O.; Galimany, J.; Puig-Lobet, M.; Moreno-Arroyo, C.; Bueno, A.; L\u00f3pez, A.; Guydish, J.; Fern\u00e1ndez, E. (2021). <\/span><span data-contrast=\"auto\">Knowledge, Attitudes, and training in tobacco dependence and cessation treatment among nursing <\/span><span data-contrast=\"auto\">strudents in catalonia (ECTEC study): cross-sectional study. <\/span><i><span data-contrast=\"auto\">International Journal of Mental Health and Addiction.<\/span><\/i><span data-contrast=\"auto\"> <\/span><span data-ccp-props=\"{&quot;201341983&quot;:0,&quot;335551550&quot;:6,&quot;335551620&quot;:6,&quot;335559685&quot;:705,&quot;335559739&quot;:160,&quot;335559740&quot;:259,&quot;335559991&quot;:705}\">Disponible a: <a href=\"https:\/\/pubmed.ncbi.nlm.nih.gov\/37261115\/\" target=\"_blank\" rel=\"noopener\">https:\/\/pubmed.ncbi.nlm.nih.gov\/37261115\/<\/a>.<\/span><\/p>\n<p><span data-contrast=\"auto\">Sancho Agredano, R; Galimany Masclans, J; Guix-Comellas, E.M.; Morin Fraile, V.; Sarria-Guerrero, J.A.; Sola Pola, M.; Fabrellas, N. (2021). Older Adults With Complex Chronic Conditions Who Receive Care at Home: The Importance of Primary Care Assessment. <\/span><i><span data-contrast=\"auto\">Journal of Gerontological Nursing, 47<\/span><\/i><span data-contrast=\"auto\">(11), 31-38.<\/span><span data-contrast=\"auto\"> <\/span><span data-contrast=\"auto\">Disponible a: <a href=\"https:\/\/pubmed.ncbi.nlm.nih.gov\/34704867\/\" target=\"_blank\" rel=\"noopener\">https:\/\/pubmed.ncbi.nlm.nih.gov\/34704867\/<\/a>.<\/span><span data-ccp-props=\"{&quot;201341983&quot;:0,&quot;335551550&quot;:6,&quot;335551620&quot;:6,&quot;335559685&quot;:705,&quot;335559739&quot;:160,&quot;335559740&quot;:259,&quot;335559991&quot;:705}\"><\/span><span data-ccp-props=\"{&quot;201341983&quot;:0,&quot;335551550&quot;:6,&quot;335551620&quot;:6,&quot;335559685&quot;:705,&quot;335559739&quot;:160,&quot;335559740&quot;:259,&quot;335559991&quot;:705}\"><\/span><\/p>\n<p><span data-contrast=\"auto\">Sancho, R.; Galimany, J.; Guix, E; Morin, V.; Sarria, JA.; Sol\u00e0, M.; Fabrellas, N. (2021). <\/span><span data-contrast=\"auto\">Older Adults With Complex Chronic Conditions Who Receive Care at Home: The Importance of Primary Care Assessment. <\/span><i><span data-contrast=\"auto\">Journal Of Gerontological Nursing, 2017<\/span><\/i><span data-contrast=\"auto\">(237), 1371-1375.<\/span><i><span data-contrast=\"auto\"> <\/span><\/i><span data-contrast=\"auto\">Disponible a: <a href=\"https:\/\/pubmed.ncbi.nlm.nih.gov\/34704867\/\" target=\"_blank\" rel=\"noopener\">https:\/\/pubmed.ncbi.nlm.nih.gov\/34704867\/<\/a>.<\/span><\/p>\n<p>[\/et_pb_toggle][et_pb_toggle title=\u00bb2020&#8243; open_toggle_text_color=\u00bb#0C71C3&#8243; icon_color=\u00bb#0C71C3&#8243; open_icon_color=\u00bb#0C71C3&#8243; _builder_version=\u00bb4.24.0&#8243; _module_preset=\u00bbdefault\u00bb title_text_color=\u00bb#0C71C3&#8243; title_level=\u00bbh2&#8243; title_font=\u00bb|700|||||||\u00bb background_color=\u00bb#FFFFFF\u00bb hover_transition_duration=\u00bb0ms\u00bb custom_css_free_form=\u00bb.et_pb_toggle_content ul {||  padding-bottom: 0px !important;||}\u00bb border_color_all=\u00bb#0C71C3&#8243; saved_tabs=\u00bball\u00bb global_colors_info=\u00bb{}\u00bb]<\/p>\n<p><span data-contrast=\"none\">Bueno, D. i For\u00e9s, A. (2020). Por qu\u00e9 nos cuesta tanto cumplir los buenos prop\u00f3sitos de A\u00f1o Nuevo. <\/span><i><span data-contrast=\"none\">013756: The Conversation<\/span><\/i><span data-contrast=\"none\">.<\/span><span data-ccp-props=\"{&quot;201341983&quot;:0,&quot;335551550&quot;:6,&quot;335551620&quot;:6,&quot;335559685&quot;:709,&quot;335559739&quot;:160,&quot;335559740&quot;:257,&quot;335559991&quot;:709}\"> Disponible a: <a href=\"https:\/\/theconversation.com\/por-que-nos-cuesta-tanto-cumplir-los-buenos-propositos-de-ano-nuevo-129811%20\" target=\"_blank\" rel=\"noopener\">https:\/\/theconversation.com\/por-que-nos-cuesta-tanto-cumplir-los-buenos-propositos-de-ano-nuevo-129811<\/a>.<br \/><\/span><\/p>\n<p><span data-contrast=\"auto\">Escofet, A. (2020). Aprendizaje-servicio y tecnolog\u00edas digitales: \u00bfuna relaci\u00f3n posible? <\/span><i><span data-contrast=\"auto\">RIED: Revista Iberoamericana de Educaci\u00f3n a Distancia, 23<\/span><\/i><span data-contrast=\"auto\">(1), 169-182.<\/span><span data-contrast=\"auto\">\u00a0<\/span><span data-ccp-props=\"{&quot;201341983&quot;:0,&quot;335551550&quot;:6,&quot;335551620&quot;:6,&quot;335559685&quot;:703,&quot;335559739&quot;:160,&quot;335559740&quot;:259,&quot;335559991&quot;:703}\">Disponible a: <a href=\"https:\/\/www.redalyc.org\/journal\/3314\/331462375009\/331462375009.pdf\" target=\"_blank\" rel=\"noopener\">https:\/\/www.redalyc.org\/journal\/3314\/331462375009\/331462375009.pdf<\/a>.<\/span><\/p>\n<p><span data-ccp-props=\"{&quot;201341983&quot;:0,&quot;335551550&quot;:6,&quot;335551620&quot;:6,&quot;335559685&quot;:703,&quot;335559739&quot;:160,&quot;335559740&quot;:259,&quot;335559991&quot;:703}\"><span style=\"font-weight: 400;\">Fabre, N., Vila-Gispert, A., Galobart, C., &amp; Vinyoles, D. (2020). Effect of environmental enrichment on the body shape of the pumpkinseed. Current Zoology, 66(5), 597-599. <a href=\"https:\/\/pmc.ncbi.nlm.nih.gov\/articles\/PMC7705513\/\">https:\/\/pmc.ncbi.nlm.nih.gov\/articles\/PMC7705513\/<\/a><\/span><\/span><span data-ccp-props=\"{&quot;201341983&quot;:0,&quot;335551550&quot;:6,&quot;335551620&quot;:6,&quot;335559685&quot;:703,&quot;335559739&quot;:160,&quot;335559740&quot;:259,&quot;335559991&quot;:703}\"><span style=\"font-weight: 400;\"><\/span><\/span><\/p>\n<p><span data-contrast=\"auto\">Fabrellas, N.; Moreira, R.; Carol, M.; Cervera, M.; de Prada, G.; Perez, M.; Vazquez, E.; Sola, M.; Sancho, R.; Juanola, A.; Pose, E.; Sol\u00e9, C.; Graupera, I.; Sol\u00e0, E.; Kamath, P.; Gin\u00e8s, P. (2020). Psychological burden of hepatic encephalopathy on patients and caregivers. <\/span><i><span data-contrast=\"auto\">Clinical and Translational Gastroenterology, 11<\/span><\/i><span data-contrast=\"auto\">(4).<\/span><span data-contrast=\"auto\">\u00a0<\/span><span data-contrast=\"auto\">Disponible a: <a href=\"https:\/\/www.ncbi.nlm.nih.gov\/pmc\/articles\/PMC7263656\/\" target=\"_blank\" rel=\"noopener\">https:\/\/www.ncbi.nlm.nih.gov\/pmc\/articles\/PMC7263656\/<\/a>.<\/span><\/p>\n<p><span data-contrast=\"none\">For\u00e9s, A. (2020). Les funcions executives del cervell: comprendre-les i aplicar-les a l\u2019aula. <\/span><i><span data-contrast=\"none\">014181: Pensem<\/span><\/i><span data-contrast=\"none\">.<\/span><span data-ccp-props=\"{&quot;201341983&quot;:0,&quot;335551550&quot;:6,&quot;335551620&quot;:6,&quot;335559685&quot;:709,&quot;335559739&quot;:160,&quot;335559740&quot;:257,&quot;335559991&quot;:709}\"> Disponible a: <a href=\"https:\/\/www.pensem.cat\/noticia\/89\/funcions-executives-cervell-comprendre-les-aplicar-les-aula\" target=\"_blank\" rel=\"noopener\">https:\/\/www.pensem.cat\/noticia\/89\/funcions-executives-cervell-comprendre-les-aplicar-les-aula<\/a>.<\/span><\/p>\n<p><span data-contrast=\"none\">For\u00e9s, A. (2020). Singularidades y pluralidades del ser en tiempos robotizados. <\/span><i><span data-contrast=\"none\">216647: Ruta Maestra, <\/span><\/i><span data-contrast=\"none\">(28).<\/span><span data-ccp-props=\"{&quot;201341983&quot;:0,&quot;335551550&quot;:6,&quot;335551620&quot;:6,&quot;335559685&quot;:709,&quot;335559739&quot;:160,&quot;335559740&quot;:257,&quot;335559991&quot;:709}\"> Disponible a: <a href=\"https:\/\/rutamaestra.santillana.com.co\/wp-content\/uploads\/2020\/04\/Anna-For\u00e9s-Ruta-Maestra-Ed28.pdf\" target=\"_blank\" rel=\"noopener\">https:\/\/rutamaestra.santillana.com.co\/wp-content\/uploads\/2020\/04\/Anna-For\u00e9s-Ruta-Maestra-Ed28.pdf<\/a>.<\/span><\/p>\n<p><span data-contrast=\"auto\">Gros, B.; Escofet, A.; Pay\u00e0, M. (2020). Codise\u00f1o de un chatbot para facilitar procedimientos administrativos a poblaci\u00f3n migrada. <\/span><i><span data-contrast=\"auto\">003972: Pixel-Bit. Revista de Medios y Educaci\u00f3n<\/span><\/i><span data-contrast=\"auto\">, (57), 91-106.<\/span><span data-contrast=\"auto\">\u00a0<\/span><span data-ccp-props=\"{&quot;201341983&quot;:0,&quot;335551550&quot;:6,&quot;335551620&quot;:6,&quot;335559685&quot;:703,&quot;335559739&quot;:160,&quot;335559740&quot;:259,&quot;335559991&quot;:703}\">Disponible a: <a href=\"https:\/\/recyt.fecyt.es\/index.php\/pixel\/article\/view\/70376\" target=\"_blank\" rel=\"noopener\">https:\/\/recyt.fecyt.es\/index.php\/pixel\/article\/view\/70376<\/a>.<\/span><\/p>\n<p><span data-contrast=\"auto\">Guanter-Peris, L.; Molins-Mesalles, A.; Benito-Aracil, Ll.; Sol\u00e0-Pola, M.; Pla-Consuerga, M. (2020). Spanish Palliative Care Nurses\u2019 Degree of Acceptance of a Proposal for Nursing Competencies in Palliative Care.<\/span> <i><span data-contrast=\"auto\">Journal of Palliative Care, <\/span><\/i><span data-contrast=\"auto\">1-15.<\/span><span data-contrast=\"auto\">\u00a0<\/span><span data-ccp-props=\"{&quot;201341983&quot;:0,&quot;335551550&quot;:6,&quot;335551620&quot;:6,&quot;335559685&quot;:703,&quot;335559739&quot;:160,&quot;335559740&quot;:259,&quot;335559991&quot;:703}\">Disponible a: <a href=\"https:\/\/pubmed.ncbi.nlm.nih.gov\/34918570\/\" target=\"_blank\" rel=\"noopener\">https:\/\/pubmed.ncbi.nlm.nih.gov\/34918570\/<\/a>.<\/span><\/p>\n<p><span data-contrast=\"auto\">Lumillo-Guti\u00e9rrez, I. i Salto, GE. (2020). Buurtzorg Nederland: una propuesta de atenci\u00f3n domiciliaria dirigida por enfermeras. <\/span><i><span data-contrast=\"auto\">Enferm Clin (Engl Ed), 10<\/span><\/i><span data-contrast=\"auto\">(20).<\/span><span data-contrast=\"auto\">\u00a0<\/span><span data-contrast=\"auto\">Disponible a: <a href=\"https:\/\/dialnet.unirioja.es\/servlet\/articulo?codigo=8032471\" target=\"_blank\" rel=\"noopener\">https:\/\/dialnet.unirioja.es\/servlet\/articulo?codigo=8032471<\/a>.<\/span><\/p>\n<p><span data-contrast=\"none\">Martinez, C; Feliu, A; Castellano, Y; Fu, M; Fernandez, P; Cabrera, S; Puig, M; Galimany, J; Guydish, J.; Fernandez, E. (2020). <\/span><span data-contrast=\"none\">Factors associated with receipt of the 5As model of brief intervention for smoking cessation among hospitalized patients. <\/span><i><span data-contrast=\"none\">Addiction, 115<\/span><\/i><span data-contrast=\"none\">(11), 2098-2112.<\/span><span data-ccp-props=\"{&quot;201341983&quot;:0,&quot;335551550&quot;:6,&quot;335551620&quot;:6,&quot;335559685&quot;:709,&quot;335559739&quot;:160,&quot;335559740&quot;:257,&quot;335559991&quot;:709}\"> Disponible a: <a href=\"https:\/\/pubmed.ncbi.nlm.nih.gov\/32297373\/\" target=\"_blank\" rel=\"noopener\">https:\/\/pubmed.ncbi.nlm.nih.gov\/32297373\/<\/a>.<\/span><\/p>\n<p><span data-contrast=\"auto\">Mart\u00ednez, C.; Castellano, Y.; Fu, M.; Riccobene, A.; Feliu, A.; Tigova, O.; Ballb\u00e8, M.; Anton, L.; Fern\u00e1ndez, P.; Cabrera, S.; Puig-Llobet, M.; Moreno, C.; Falc\u00f3-Pegueroles, A.; Galimany, J.; Estrada, JM.; Guydish.; J.; Fernandez, E. (2020). <\/span><span data-contrast=\"auto\">Patient perceptions of tobacco control after smoke-free hospital grouds legislation:multi-center cross-sectional study. <\/span><i><span data-contrast=\"auto\">International Journal of Nursing Studies International Journal of Nursing Studies<\/span><\/i><span data-contrast=\"auto\">, 102.<\/span><span data-contrast=\"auto\"> Disponible a: <a href=\"https:\/\/europepmc.org\/article\/med\/31862532\" target=\"_blank\" rel=\"noopener\">https:\/\/europepmc.org\/article\/med\/31862532<\/a>.<br \/><\/span><\/p>\n<p><span data-contrast=\"none\">Mart\u00ednez, C.; Fu, M.; Castellano, Y.; Riccobene, A.; Fern\u00e1ndez, P.; Cabrera, S.; Gavilan, E.; Feliu, A.; Puig, M.; Fuster, P.; Mart\u00ednez, JM.; Montes, J.; Estrada, JM.; Moreno, C.; Falc\u00f3, A.; Galimany, J.; Brando, Su\u00f1er, R.; Capsada, A.; Fern\u00e1ndez, E. (2020). <\/span><span data-contrast=\"none\">Smoking among hospitalized patients: a multi-hospital cross sectional study of a widely neglected problem. <\/span><i><span data-contrast=\"none\">Tobacco Induced Diseases<\/span><\/i><span data-contrast=\"none\">.<\/span><span data-ccp-props=\"{&quot;201341983&quot;:0,&quot;335551550&quot;:6,&quot;335551620&quot;:6,&quot;335559685&quot;:709,&quot;335559739&quot;:160,&quot;335559740&quot;:259,&quot;335559991&quot;:709}\"> Disponible a: <a href=\"https:\/\/www.ncbi.nlm.nih.gov\/pmc\/articles\/PMC6659490\/\" target=\"_blank\" rel=\"noopener\">https:\/\/www.ncbi.nlm.nih.gov\/pmc\/articles\/PMC6659490\/<\/a>.<\/span><\/p>\n<p><span data-contrast=\"none\">Ons\u00e9s, J. i For\u00e9s, A. (2020). Co-docencia en la universidad desde una ontolog\u00eda del devenir. <\/span><i><span data-contrast=\"none\">RIDU: Revista d\u2019Innovaci\u00f3 Docent Universit\u00e0ria, <\/span><\/i><span data-contrast=\"none\">(12), 118-124.<\/span><span data-ccp-props=\"{&quot;201341983&quot;:0,&quot;335551550&quot;:6,&quot;335551620&quot;:6,&quot;335559685&quot;:709,&quot;335559739&quot;:160,&quot;335559740&quot;:257,&quot;335559991&quot;:709}\"> Disponible a: <a href=\"https:\/\/www.researchgate.net\/publication\/339231374_Co-docencia_en_la_universidad_desde_una_ontologia_del_devenir\" target=\"_blank\" rel=\"noopener\">https:\/\/www.researchgate.net\/publication\/339231374_Co-docencia_en_la_universidad_desde_una_ontologia_del_devenir<\/a>.<\/span><\/p>\n<p><span data-contrast=\"auto\">Rod\u00f3 Cobo, M.; Medina Moya, JL.; Garrido Aguilar; E., Sol\u00e0 Pola, M. (2020). <\/span><span data-contrast=\"auto\">A qualitative model for evaluating and improving nursing governance in medium\u2010 and long\u2010term intermediate care. <\/span><i><span data-contrast=\"auto\">Journal of Nursing Management, 28<\/span><\/i><span data-contrast=\"auto\">, 1391-1399.<\/span><span data-contrast=\"auto\">\u00a0<\/span><span data-ccp-props=\"{&quot;201341983&quot;:0,&quot;335551550&quot;:6,&quot;335551620&quot;:6,&quot;335559685&quot;:703,&quot;335559739&quot;:160,&quot;335559740&quot;:259,&quot;335559991&quot;:703}\">Disponible a: <a href=\"https:\/\/pubmed.ncbi.nlm.nih.gov\/32657486\/\" target=\"_blank\" rel=\"noopener\">https:\/\/pubmed.ncbi.nlm.nih.gov\/32657486\/<\/a>.<\/span><\/p>\n<p><span data-contrast=\"auto\">Sancho Agredano, R.; Galimany Masclans, J.; Guix-Comellas, E.; Morin Fraile, V.; Sarria-Guerrero, JA.; Sol\u00e0 Pola, M.; Fabrellas, N. (2020). <\/span><span data-contrast=\"auto\">Older Adults With Complex Chronic Conditions Who Receive Care at Home: The Importance of Primary Care Assessment. <\/span><i><span data-contrast=\"auto\">Journal of Gerontological Nursing, <\/span><\/i><i><span data-contrast=\"auto\">47<\/span><\/i><span data-contrast=\"auto\">(11),31-38.<\/span><span data-contrast=\"auto\">\u00a0<\/span><span data-ccp-props=\"{&quot;201341983&quot;:0,&quot;335551550&quot;:6,&quot;335551620&quot;:6,&quot;335559685&quot;:703,&quot;335559739&quot;:160,&quot;335559740&quot;:259,&quot;335559991&quot;:703}\">Disponible a: <a href=\"https:\/\/pubmed.ncbi.nlm.nih.gov\/34704867\/\" target=\"_blank\" rel=\"noopener\">https:\/\/pubmed.ncbi.nlm.nih.gov\/34704867\/<\/a>.<\/span><\/p>\n<p><span data-contrast=\"auto\">Sola M; Morin V; Fabrellas N; Raurell M; Guanter L; Guix E; Pulp\u00f3n AM. (2020). The usefulness and acceptance of the OSCE in nursing schools. <\/span><i><span data-contrast=\"auto\">Nurse Education In Practice, 43<\/span><\/i><span data-contrast=\"auto\">(31).<\/span><span data-contrast=\"auto\">\u00a0<\/span><span data-ccp-props=\"{&quot;201341983&quot;:0,&quot;335551550&quot;:6,&quot;335551620&quot;:6,&quot;335559685&quot;:703,&quot;335559739&quot;:160,&quot;335559740&quot;:259,&quot;335559991&quot;:703}\">Disponible a: <a href=\"https:\/\/pubmed.ncbi.nlm.nih.gov\/32058920\/\" target=\"_blank\" rel=\"noopener\">https:\/\/pubmed.ncbi.nlm.nih.gov\/32058920\/<\/a>.<\/span><\/p>\n<p><span data-contrast=\"auto\">Vil\u00e0, R.; Rubio, M.J. i Escofet, A. (2020). <\/span><span data-contrast=\"auto\">Are our Future Socio-Educational Agents Duly Prepared to Foster Intercultural and Interreligious Dialogue in their Professional Practice?<\/span> <i><span data-contrast=\"auto\">Religion &amp; Education, 47<\/span><\/i><span data-contrast=\"auto\">(3), 300-320.<\/span><span data-ccp-props=\"{&quot;201341983&quot;:0,&quot;335551550&quot;:6,&quot;335551620&quot;:6,&quot;335559685&quot;:703,&quot;335559739&quot;:160,&quot;335559740&quot;:259,&quot;335559991&quot;:703}\"> Disponible a: <a href=\"https:\/\/www.tandfonline.com\/doi\/abs\/10.1080\/15507394.2020.1768820\" target=\"_blank\" rel=\"noopener\">https:\/\/www.tandfonline.com\/doi\/abs\/10.1080\/15507394.2020.1768820<\/a>.<\/span><\/p>\n<p>[\/et_pb_toggle][et_pb_toggle title=\u00bb2019&#8243; open_toggle_text_color=\u00bb#0C71C3&#8243; icon_color=\u00bb#0C71C3&#8243; open_icon_color=\u00bb#0C71C3&#8243; _builder_version=\u00bb4.24.0&#8243; _module_preset=\u00bbdefault\u00bb title_text_color=\u00bb#0C71C3&#8243; title_level=\u00bbh2&#8243; title_font=\u00bb|700|||||||\u00bb background_color=\u00bb#FFFFFF\u00bb hover_transition_duration=\u00bb0ms\u00bb custom_css_free_form=\u00bb.et_pb_toggle_content ul {||  padding-bottom: 0px !important;||}\u00bb border_color_all=\u00bb#0C71C3&#8243; saved_tabs=\u00bball\u00bb global_colors_info=\u00bb{}\u00bb]<\/p>\n<p><span data-contrast=\"auto\">Bautista, G.; Escofet, A.; L\u00f3pez, M. (2019). Design and Validation of an Instrument for Measuring the Classroom&#8217;s Environmental, Pedagogical, and Digital Dimensions. <\/span><i><span data-contrast=\"auto\">Revista Mexicana de Investigaci\u00f3n Educativa, 24<\/span><\/i><span data-contrast=\"auto\">(83), 1055 &#8211; 1075.<\/span><span data-contrast=\"auto\"> <\/span><span data-ccp-props=\"{&quot;201341983&quot;:0,&quot;335551550&quot;:6,&quot;335551620&quot;:6,&quot;335559685&quot;:703,&quot;335559739&quot;:160,&quot;335559740&quot;:259,&quot;335559991&quot;:703}\">Disponible a: <a href=\"https:\/\/www.researchgate.net\/publication\/345762569_Design_and_Validation_of_an_Instrument_for_Measuring_the_Classroom%27s_Environmental_Pedagogical_and_Digital_Dimensions\" target=\"_blank\" rel=\"noopener\">https:\/\/www.researchgate.net\/publication\/345762569_Design_and_Validation_of_an_Instrument_for_Measuring_the_Classroom%27s_Environmental_Pedagogical_and_Digital_Dimensions<\/a>.<\/span><\/p>\n<p><span data-contrast=\"auto\">Bautista, G.; Escofet, A.; L\u00f3pez, M. (2019). Dise\u00f1o y validaci\u00f3n de un instrumento para medir las dimensiones ambiental, pedag\u00f3gica y digital del aula. <\/span><i><span data-contrast=\"auto\">Revista Mexicana de Investigaci\u00f3n Educativa, 24<\/span><\/i><span data-contrast=\"auto\">(83), 1055-1075.<\/span><span data-contrast=\"auto\">\u00a0<\/span><span data-ccp-props=\"{&quot;201341983&quot;:0,&quot;335551550&quot;:6,&quot;335551620&quot;:6,&quot;335559685&quot;:703,&quot;335559739&quot;:160,&quot;335559740&quot;:259,&quot;335559991&quot;:703}\">Disponible a: <a href=\"https:\/\/dialnet.unirioja.es\/servlet\/articulo?codigo=7468444\" target=\"_blank\" rel=\"noopener\">https:\/\/dialnet.unirioja.es\/servlet\/articulo?codigo=7468444<\/a>.<\/span><\/p>\n<p><span data-contrast=\"auto\">Bautista, G.; Escofet, A.; L\u00f3pez, M. (2019). <\/span><span data-contrast=\"auto\">Smart Classroom Project: Learning spaces design based on research. <\/span><i><span data-contrast=\"auto\">Praxis, 15<\/span><\/i><span data-contrast=\"auto\">(2), 15-22.<\/span><span data-contrast=\"auto\"> Disponible a: <a href=\"https:\/\/smartclassroomproject.com\/wp-content\/uploads\/2021\/06\/Art%C3%ADculo_Praxis_Smart.pdf\" target=\"_blank\" rel=\"noopener\">https:\/\/smartclassroomproject.com\/wp-content\/uploads\/2021\/06\/Art%C3%ADculo_Praxis_Smart.pdf<\/a>.<br \/><\/span><\/p>\n<p><span data-contrast=\"none\">Bueno, D. i For\u00e9s, A.<\/span><span data-contrast=\"auto\"> (2019). Neuroeducaci\u00f3n para &#8216;knowmads&#8217;, o c\u00f3mo el conocimiento sobre el cerebro empodera la educaci\u00f3n. <\/span><i><span data-contrast=\"auto\">014126: Hip\u00f3tesis Magazine<\/span><\/i><span data-contrast=\"auto\">.<\/span><span data-ccp-props=\"{&quot;201341983&quot;:0,&quot;335551550&quot;:6,&quot;335551620&quot;:6,&quot;335559685&quot;:709,&quot;335559739&quot;:160,&quot;335559740&quot;:257,&quot;335559991&quot;:709}\"> Disponible a: <a href=\"https:\/\/diposit.ub.edu\/dspace\/handle\/2445\/153298\" target=\"_blank\" rel=\"noopener\">https:\/\/diposit.ub.edu\/dspace\/handle\/2445\/153298<\/a>.<\/span><\/p>\n<p><span data-contrast=\"none\">Doherty, A. i For\u00e9s, A. (2019). Physical Activity and Cognition: Inseparable in the Classroom. <\/span><i><span data-contrast=\"none\">013739: Frontiers in Education<\/span><\/i><span data-contrast=\"none\">.<\/span><span data-ccp-props=\"{&quot;201341983&quot;:0,&quot;335551550&quot;:6,&quot;335551620&quot;:6,&quot;335559685&quot;:709,&quot;335559739&quot;:160,&quot;335559740&quot;:257,&quot;335559991&quot;:709}\"> Disponible a: <a href=\"https:\/\/www.frontiersin.org\/articles\/10.3389\/feduc.2019.00105\/full\" target=\"_blank\" rel=\"noopener\">https:\/\/www.frontiersin.org\/articles\/10.3389\/feduc.2019.00105\/full<\/a>.<\/span><\/p>\n<p><span data-contrast=\"auto\">Escofet, A. (2019). Las <\/span><span data-contrast=\"auto\">tecnolog\u00edas digitales y el aprendizaje-servicio. <\/span><i><span data-contrast=\"auto\">Aula de Innovaci\u00f3n Educativa<\/span><\/i><span data-contrast=\"auto\">, 284-285, 55-58.<\/span><span data-contrast=\"auto\"> Disponible a: <a href=\"https:\/\/dialnet.unirioja.es\/servlet\/articulo?codigo=7011788\" target=\"_blank\" rel=\"noopener\">https:\/\/dialnet.unirioja.es\/servlet\/articulo?codigo=7011788<\/a>.<\/span><\/p>\n<p><span data-contrast=\"auto\">Escofet, A. (2019). Les tecnologies digitals i l&#8217;aprenentatge servei. Guix. Elements d&#8217;Acci\u00f3 Educativa, 457-458, 57-61.<\/span><span data-contrast=\"auto\"> Disponible a: <a href=\"https:\/\/dialnet.unirioja.es\/servlet\/articulo?codigo=7011788\" target=\"_blank\" rel=\"noopener\">https:\/\/dialnet.unirioja.es\/servlet\/articulo?codigo=7011788<\/a>.<\/span><\/p>\n<p><span data-contrast=\"auto\">Escofet<\/span><span data-contrast=\"auto\">, A. i Rubio, L. (2019). <\/span><span data-contrast=\"auto\">Impact analysis of a Service-Learning university programme from the student perspective<\/span><span data-contrast=\"auto\">. <\/span><i><span data-contrast=\"auto\">Journal of higher education outreach and engagement<\/span><\/i><i><span data-contrast=\"auto\">, 23<\/span><\/i><span data-contrast=\"auto\">(3), 159-174.<\/span><span data-contrast=\"auto\">\u00a0<\/span><span data-ccp-props=\"{&quot;201341983&quot;:0,&quot;335551550&quot;:6,&quot;335551620&quot;:6,&quot;335559685&quot;:703,&quot;335559739&quot;:160,&quot;335559740&quot;:259,&quot;335559991&quot;:703}\">Disponible a: <a href=\"https:\/\/files.eric.ed.gov\/fulltext\/EJ1241647.pdf\" target=\"_blank\" rel=\"noopener\">https:\/\/files.eric.ed.gov\/fulltext\/EJ1241647.pdf<\/a>.<\/span><\/p>\n<p><span data-contrast=\"auto\">Escofet, A.; Gros, B.; L\u00f3pez, M.; Marim\u00f3n, M. (2019). Teachers&#8217; Perception of Technology Integration in Learning Spaces. <\/span><i><span data-contrast=\"auto\">Revista Interuniversitaria de Investigaci\u00f3n en Tecnolog\u00eda Educativa,<\/span><\/i><span data-contrast=\"auto\"> 6, 37 &#8211; 47.<\/span><span data-contrast=\"auto\">\u00a0<\/span><span data-ccp-props=\"{&quot;201341983&quot;:0,&quot;335551550&quot;:6,&quot;335551620&quot;:6,&quot;335559685&quot;:703,&quot;335559739&quot;:160,&quot;335559740&quot;:259,&quot;335559991&quot;:703}\">Disponible a: <a href=\"https:\/\/www.researchgate.net\/publication\/334406330_Teachers'_perception_of_technology_integration_in_learning_spaces\" target=\"_blank\" rel=\"noopener\">https:\/\/www.researchgate.net\/publication\/334406330_Teachers&#8217;_perception_of_technology_integration_in_learning_spaces<\/a>.<\/span><\/p>\n<p><span data-contrast=\"auto\">Escofet, A.; Gros, B.; L\u00f3pez, M.; Marimon-Mart\u00ed, M. (2019). Percepci\u00f3n de los docentes sobre la integraci\u00f3n de la tecnolog\u00eda en el espacio escolar. <\/span><i><span data-contrast=\"auto\">Revista Interuniversitaria de Tecnolog\u00eda Educativa<\/span><\/i><span data-contrast=\"auto\">, 6, 37-47.<\/span><span data-contrast=\"auto\">\u00a0<\/span><span data-contrast=\"auto\">Disponible a: <a href=\"https:\/\/revistas.um.es\/riite\/article\/view\/360631\" target=\"_blank\" rel=\"noopener\">https:\/\/revistas.um.es\/riite\/article\/view\/360631<\/a>.<\/span><\/p>\n<p><span data-contrast=\"auto\">Esparza, M. i Grasa, M. (2019). Aprendizaje-Servicio en Ciencias Ambientales. <\/span><i><span data-contrast=\"auto\">Comunicaci\u00f3n y Pedagog\u00eda Monogr\u00e1fico Aprendizaje-Servicio, 319-320<\/span><\/i><span data-contrast=\"auto\">, 48-53.<\/span><span data-contrast=\"auto\">\u00a0<\/span><span data-ccp-props=\"{&quot;201341983&quot;:0,&quot;335551550&quot;:6,&quot;335551620&quot;:6,&quot;335559685&quot;:703,&quot;335559739&quot;:160,&quot;335559740&quot;:259,&quot;335559991&quot;:703}\">Disponible a: <a href=\"https:\/\/dialnet.unirioja.es\/servlet\/articulo?codigo=7564569\" target=\"_blank\" rel=\"noopener\">https:\/\/dialnet.unirioja.es\/servlet\/articulo?codigo=7564569<\/a>.<\/span><\/p>\n<p><span data-contrast=\"auto\">Est\u00e9banez-Perpi\u00f1\u00e1, JL.; Lumillo-Guti\u00e9rrez, I.; Fari\u00f1as-Rodr\u00edguez, S. (2019). Direcci\u00f3n por objetivos, m\u00e1s all\u00e1 de la inform\u00e1tica en el \u00e1mbito de atenci\u00f3n primaria: \u00bfqu\u00e9 podemos hacer? <\/span><i><span data-contrast=\"auto\">FMC, 26<\/span><\/i><span data-contrast=\"auto\">(1), 30-32.<\/span><span data-contrast=\"auto\">\u00a0<\/span><span data-contrast=\"auto\">Disponible a: <a href=\"https:\/\/dialnet.unirioja.es\/servlet\/articulo?codigo=6868827\" target=\"_blank\" rel=\"noopener\">https:\/\/dialnet.unirioja.es\/servlet\/articulo?codigo=6868827<\/a>.<\/span><\/p>\n<p><span data-contrast=\"auto\">Fabrellas, N.; Galimany, J. (2019). Influencia de las TIC en la educaci\u00f3n para la salud. <\/span><i><span data-contrast=\"auto\">ROL: Revista Espa\u00f1ola de Enfermer\u00eda, 42(<\/span><\/i><span data-contrast=\"auto\">7-8), 6-7.<\/span><span data-contrast=\"auto\">\u00a0<\/span><span data-contrast=\"auto\">Disponible a: <a href=\"https:\/\/dialnet.unirioja.es\/servlet\/articulo?codigo=7028236\" target=\"_blank\" rel=\"noopener\">https:\/\/dialnet.unirioja.es\/servlet\/articulo?codigo=7028236<\/a>.<\/span><\/p>\n<p><span data-contrast=\"none\">For\u00e9s, A. (2019). Regalos navide\u00f1os: la ciencia nos ayuda a elegir los mejores juguetes. <\/span><i><span data-contrast=\"none\">013756: The Conversation<\/span><\/i><span data-contrast=\"none\">.<\/span><span data-ccp-props=\"{&quot;201341983&quot;:0,&quot;335551550&quot;:6,&quot;335551620&quot;:6,&quot;335559685&quot;:709,&quot;335559739&quot;:160,&quot;335559740&quot;:257,&quot;335559991&quot;:709}\"> Disponible a: <a href=\"https:\/\/theconversation.com\/regalos-navidenos-la-ciencia-nos-ayuda-a-elegir-los-mejores-juguetes-129221\" target=\"_blank\" rel=\"noopener\">https:\/\/theconversation.com\/regalos-navidenos-la-ciencia-nos-ayuda-a-elegir-los-mejores-juguetes-129221<\/a>.<\/span><\/p>\n<p><span data-contrast=\"none\">For\u00e9s, A. i Bueno, D. (2019). Hay una f\u00f3rmula para saber si una metodolog\u00eda educativa tiene solvencia cient\u00edfica. <\/span><i><span data-contrast=\"none\">013756: The Conversation<\/span><\/i><span data-contrast=\"none\">.<\/span><span data-ccp-props=\"{&quot;201341983&quot;:0,&quot;335551550&quot;:6,&quot;335551620&quot;:6,&quot;335559685&quot;:709,&quot;335559739&quot;:160,&quot;335559740&quot;:257,&quot;335559991&quot;:709}\"> Disponible a: <a href=\"https:\/\/theconversation.com\/hay-una-formula-para-saber-si-una-metodologia-educativa-tiene-solvencia-cientifica-111969\" target=\"_blank\" rel=\"noopener\">https:\/\/theconversation.com\/hay-una-formula-para-saber-si-una-metodologia-educativa-tiene-solvencia-cientifica-111969<\/a>.<\/span><\/p>\n<p><span data-contrast=\"auto\">L\u00f3pez, M. (2019). <\/span><span data-contrast=\"auto\">The integration of digital devices into learning spaces according to the needs of primary and secondary teachers. <\/span><i><span data-contrast=\"auto\">TEM Journal: technology, education, management, inform\u00e0tics, 8<\/span><\/i><span data-contrast=\"auto\">(4), 1351 &#8211; 1358.<\/span><span data-contrast=\"auto\">\u00a0<\/span><span data-ccp-props=\"{&quot;201341983&quot;:0,&quot;335551550&quot;:6,&quot;335551620&quot;:6,&quot;335559685&quot;:703,&quot;335559739&quot;:160,&quot;335559740&quot;:259,&quot;335559991&quot;:703}\">Disponible a: <a href=\"https:\/\/www.temjournal.com\/content\/84\/TEMJournalNovember2019_1351_1358.pdf\" target=\"_blank\" rel=\"noopener\">https:\/\/www.temjournal.com\/content\/84\/TEMJournalNovember2019_1351_1358.pdf<\/a>.<\/span><\/p>\n<p><span data-contrast=\"auto\">Mirabet, S.; Pascual, A.; Fluvi\u00e0, P.; Pirla, M.; Mesado, N.; Lumillo, I.; Villegas, E.; Llauger, M.; Roig, E. (2019). <\/span><span data-contrast=\"auto\">Multidisciplinary Care for End-Stage HF. How to Improve Care? <\/span><i><span data-contrast=\"auto\">Journal of heart and lung transplantation, 38<\/span><\/i><span data-contrast=\"auto\">(4).<\/span><span data-contrast=\"auto\">\u00a0<\/span><span data-contrast=\"auto\">Disponible a: <a href=\"https:\/\/www.sciencedirect.com\/science\/article\/abs\/pii\/S1053249819309751\" target=\"_blank\" rel=\"noopener\">https:\/\/www.sciencedirect.com\/science\/article\/abs\/pii\/S1053249819309751<\/a>.<\/span><\/p>\n<p><span data-contrast=\"none\">Montero, C.; Lara, I.; For\u00e9s, A.; Lara, T. (2019). Cuando Instagram se col\u00f3 en la universidad, visibilizando a los Invisibles. <\/span><i><span data-contrast=\"none\">RIDU: Revista d\u2019Innovaci\u00f3 Docent Universit\u00e0ria,<\/span><\/i><span data-contrast=\"none\"> (113), 104-113.<\/span><span data-ccp-props=\"{&quot;201341983&quot;:0,&quot;335551550&quot;:6,&quot;335551620&quot;:6,&quot;335559685&quot;:709,&quot;335559739&quot;:160,&quot;335559740&quot;:257,&quot;335559991&quot;:709}\"> Disponible a: <a href=\"https:\/\/dialnet.unirioja.es\/servlet\/articulo?codigo=6811727\" target=\"_blank\" rel=\"noopener\">https:\/\/dialnet.unirioja.es\/servlet\/articulo?codigo=6811727<\/a>.<\/span><\/p>\n<p><span data-contrast=\"auto\">Mor\u00edn-Fraile, V.; Berlanga-Fern\u00e1ndez, S.; Maestre-Gonz\u00e1lez, E. (2019). Experience in a community health service learning project in the development of final degree projects. <\/span><i><span data-contrast=\"auto\">Enfermer\u00eda Cl\u00ednica<\/span><\/i><span data-contrast=\"auto\">.<\/span><span data-contrast=\"auto\">\u00a0<\/span><span data-ccp-props=\"{&quot;201341983&quot;:0,&quot;335551550&quot;:6,&quot;335551620&quot;:6,&quot;335559685&quot;:703,&quot;335559739&quot;:160,&quot;335559740&quot;:259,&quot;335559991&quot;:703}\">Disponible a: <a href=\"https:\/\/pubmed.ncbi.nlm.nih.gov\/29785942\/\" target=\"_blank\" rel=\"noopener\">https:\/\/pubmed.ncbi.nlm.nih.gov\/29785942\/<\/a>.<\/span><\/p>\n<p><span data-contrast=\"auto\">Pay\u00e1, M.; Escofet, A.; Rubio, L. El desarrollo de la competencia investigadora a trav\u00e9s de los proyectos de aprendizaje-servicio: Codise\u00f1o y validaci\u00f3n de una herramienta formativa para los futuros profesionales de la educaci\u00f3n. <\/span><i><span data-contrast=\"auto\">Bord\u00f3n, 71<\/span><\/i><span data-contrast=\"auto\">(3), 79-95.<\/span><span data-contrast=\"auto\">\u00a0<\/span><span data-contrast=\"auto\">Disponible a: <a href=\"https:\/\/recyt.fecyt.es\/index.php\/BORDON\/article\/view\/68259\" target=\"_blank\" rel=\"noopener\">https:\/\/recyt.fecyt.es\/index.php\/BORDON\/article\/view\/68259<\/a>.<\/span><\/p>\n<p><span data-contrast=\"auto\">Roca, J.; Falc\u00f3, A.; <\/span><span data-contrast=\"auto\">Serlav\u00f3s, C.;l L\u00f2pez.M; Galimany, J. (2019). Manejo de las extravasaciones de contraste yodado, mediante una intervenci\u00f3n t\u00e9rmica: Prueba piloto. <\/span><i><span data-contrast=\"auto\">ROL: Revista Espa\u00f1ola de Enfermer\u00eda, 42<\/span><\/i><span data-contrast=\"auto\">(9), 577-582.<\/span><span data-contrast=\"auto\">\u00a0<\/span><span data-ccp-props=\"{&quot;201341983&quot;:0,&quot;335551550&quot;:6,&quot;335551620&quot;:6,&quot;335559685&quot;:703,&quot;335559739&quot;:160,&quot;335559740&quot;:259,&quot;335559991&quot;:703}\">Disponible a: <a href=\"https:\/\/dialnet.unirioja.es\/servlet\/articulo?codigo=7077064\" target=\"_blank\" rel=\"noopener\">https:\/\/dialnet.unirioja.es\/servlet\/articulo?codigo=7077064<\/a>.<\/span><\/p>\n<p><span data-contrast=\"auto\">Sabater Mateu, MP.; Curto Garc\u00eda, J.J.; Maestre Gonz\u00e1lez, E.; Del Pino Guti\u00e9rrez, A.; Mor\u00edn Fraile, V.; Terr\u00e9 Rull, C.; S\u00e1nchez Zaplana, I.; Lluch Canut, M.T.; Oliv\u00e9 Ferrer, C.; Pardo Fern\u00e1ndez, A.; Puig Llobet. M. (2019). Trabajo en equipo en el grado de Enfermer\u00eda: Evaluaci\u00f3n. Validaci\u00f3n de un instrumento para su medici\u00f3n. <\/span><i><span data-contrast=\"auto\">ROL. Revista Espa\u00f1ola de Enfermer\u00eda, 42<\/span><\/i><span data-contrast=\"auto\">(3), 176-189.<\/span><span data-contrast=\"auto\">\u00a0<\/span><span data-ccp-props=\"{&quot;201341983&quot;:0,&quot;335551550&quot;:6,&quot;335551620&quot;:6,&quot;335559685&quot;:703,&quot;335559739&quot;:160,&quot;335559740&quot;:259,&quot;335559991&quot;:703}\">Disponible a: <a href=\"https:\/\/diposit.ub.edu\/dspace\/bitstream\/2445\/145260\/4\/145260.pdf\" target=\"_blank\" rel=\"noopener\">https:\/\/diposit.ub.edu\/dspace\/bitstream\/2445\/145260\/4\/145260.pdf<\/a>.<\/span><\/p>\n<p>Zamora-S\u00e1nchez, JJ.; Gea-Caballero, V.; Juli\u00e1n-Rochina, I.; Jodar-Fern\u00e1ndez,L.; Lumillo-Guti\u00e9rrez, I.; Sastre-Rus, M.; Urp\u00ed-Fern\u00e1ndez, AM.; Zabaleta-Del-Olmo, E. (2020). Multidimensional instruments with an integral approach to identify frailty in community-dwelling people: protocol for a systematic psychometric review. BMJ Open, <em>9<\/em>(15). <span data-ccp-props=\"{&quot;201341983&quot;:0,&quot;335551550&quot;:6,&quot;335551620&quot;:6,&quot;335559685&quot;:703,&quot;335559739&quot;:160,&quot;335559740&quot;:259,&quot;335559991&quot;:703}\">Disponible a: <a href=\"https:\/\/pubmed.ncbi.nlm.nih.gov\/31843847\/\" target=\"_blank\" rel=\"noopener\">https:\/\/pubmed.ncbi.nlm.nih.gov\/31843847\/<\/a>.<\/span><\/p>\n<p>[\/et_pb_toggle][et_pb_toggle title=\u00bb2018&#8243; open_toggle_text_color=\u00bb#0C71C3&#8243; icon_color=\u00bb#0C71C3&#8243; open_icon_color=\u00bb#0C71C3&#8243; _builder_version=\u00bb4.24.0&#8243; _module_preset=\u00bbdefault\u00bb title_text_color=\u00bb#0C71C3&#8243; title_level=\u00bbh2&#8243; title_font=\u00bb|700|||||||\u00bb background_color=\u00bb#FFFFFF\u00bb hover_transition_duration=\u00bb0ms\u00bb custom_css_free_form=\u00bb.et_pb_toggle_content ul {||  padding-bottom: 0px !important;||}\u00bb border_color_all=\u00bb#0C71C3&#8243; saved_tabs=\u00bball\u00bb global_colors_info=\u00bb{}\u00bb]<\/p>\n<p><span data-contrast=\"auto\">Almazor, A.; Miguel, M\u00aa D.; Escofet, A. (2018). Validaci\u00f3n de los objetivos de aprendizaje del Grado en Enfermer\u00eda en el contexto de las pr\u00e1cticas de Enfermer\u00eda Comunitaria. <\/span><i><span data-contrast=\"auto\">Revista del CIDUI<\/span><\/i><span data-contrast=\"auto\">, 1-9. Disponible a: <a href=\"https:\/\/raco.cat\/index.php\/RevistaCIDUI\/article\/view\/348982\" target=\"_blank\" rel=\"noopener\">https:\/\/raco.cat\/index.php\/RevistaCIDUI\/article\/view\/348982<\/a>.<\/span><span data-contrast=\"auto\"> \u00a0<\/span><span data-ccp-props=\"{&quot;201341983&quot;:0,&quot;335551550&quot;:6,&quot;335551620&quot;:6,&quot;335559685&quot;:705,&quot;335559739&quot;:160,&quot;335559740&quot;:259,&quot;335559991&quot;:705}\"> <br \/><\/span><\/p>\n<p><span data-contrast=\"auto\">Amat, C.; Anderson, M.; Arias, B.; <\/span><span data-contrast=\"auto\">Asensio, J.A.; Ballesteros, E.; Boix, E.; Bondia, D.; Buenaventura, M.A.; Bueno, D.; Carreras, J.; Cases, I.; Cort\u00e8s, F.; Coll, T.; Collado, A.; Condom, J.L.; Costa, M.; Cuffi, L.; Del\u00e0s, J.; Domingo, J.M.; Escobedo, A.; Escofet, A.; Esparza, M.; Esteban, E.; Fatj\u00f3-Vilas, M.; Fern\u00e1ndez, A.B.; Fontiveros, M.; Garc\u00eda, A.; Gim\u00e9nez, A.; Goula, M.; Grasso, G.; Grau, E.; Illan, M.; Lama, Ch.; de Lecuona, I.; L\u00f3pez, M.; Madrid, A.; March, M.A.; Mart\u00edn, X.; Mart\u00ednez, M.; Mart\u00ednez, M.; Massip, A.; Mata, P.; Mauricio, C.; Moret\u00f3, L.; Morin, V.; Oliva, S.; Pacheco, J.J.; Padilla, J.A.; Pe\u00f1alver, A.; Playa, E.; Poblet, M.C.; Pons, M.A.; Porquer, J.M.; Povedano, R.; Puig, J.M.; Pumar, N.; Romero, R.; Ros, J.; Rosa, A.; Rius, M.; Rubio, L.; Rubio, M.; S\u00e1nchez, D.; Sarras\u00ed, F.J.; Sasiain, A.; Segarra, M.; Serrano, F.J.l; Soler, A.; Solervicens, J.; Teixid\u00f3, E.; Tey, A.; Torrado, X.; Valverde, T.l; Vall\u00e8s, A.; Verg\u00e9s, N.; Vil\u00e0, R.; Vilella, A. (2018). Compartir ideas. La Universidad va al Instituto: un proyecto de aprendizaje- servicio transversal de la Universidad de Barcelona. <\/span><i><span data-contrast=\"auto\">Annals del Sagrat Cor, 25<\/span><\/i><span data-contrast=\"auto\">(2), 93-96.<\/span><span data-contrast=\"auto\">\u00a0<\/span><span data-ccp-props=\"{&quot;201341983&quot;:0,&quot;335551550&quot;:6,&quot;335551620&quot;:6,&quot;335559685&quot;:705,&quot;335559739&quot;:160,&quot;335559740&quot;:259,&quot;335559991&quot;:705}\">Disponible a: <a href=\"https:\/\/diposit.ub.edu\/dspace\/handle\/2445\/177920\" target=\"_blank\" rel=\"noopener\">https:\/\/diposit.ub.edu\/dspace\/handle\/2445\/177920<\/a>.<\/span><\/p>\n<p><span data-contrast=\"auto\">Azzato, M.; Bautista, G.; Escofet, A.; L\u00f3pez, M.; Marimon-Mart\u00ed, M.; S\u00e1nchez, A. (2018). Repensando los espacios universitarios de aprendizaje. Una aproximaci\u00f3n multidimensional. <\/span><i><span data-contrast=\"auto\">Revista del CIDUI<\/span><\/i><span data-contrast=\"auto\">, 1-12.<\/span><span data-contrast=\"auto\">\u00a0<\/span><span data-contrast=\"auto\">Disponible a: <a href=\"https:\/\/raco.cat\/index.php\/RevistaCIDUI\/article\/view\/349185\" target=\"_blank\" rel=\"noopener\">https:\/\/raco.cat\/index.php\/RevistaCIDUI\/article\/view\/349185<\/a>.<br \/><\/span><\/p>\n<p><span data-contrast=\"none\">Ballarini, F. i For\u00e9s, A. (2018). <\/span><span data-contrast=\"none\">Creatividad desde las neurociencias. <\/span><i><span data-contrast=\"none\">012193: enTERA2.0<\/span><\/i><span data-contrast=\"none\">, (6), 27-34.<\/span><span data-ccp-props=\"{&quot;201341983&quot;:0,&quot;335551550&quot;:6,&quot;335551620&quot;:6,&quot;335559685&quot;:709,&quot;335559739&quot;:160,&quot;335559740&quot;:257,&quot;335559991&quot;:709}\"> Disponible a: <a href=\"https:\/\/diposit.ub.edu\/dspace\/bitstream\/2445\/155442\/1\/685633.pdf\" target=\"_blank\" rel=\"noopener\">https:\/\/diposit.ub.edu\/dspace\/bitstream\/2445\/155442\/1\/685633.pdf<\/a>.<\/span><\/p>\n<p><span data-contrast=\"none\">Bueno, D. i For\u00e9s, A. (2018). 5 principios de la neuroeducaci\u00f3n que la familia deber\u00eda saber y poner en pr\u00e1ctica. <\/span><i><span data-contrast=\"none\">004847: Revista Iberoamericana de Educaci\u00f3n, 78<\/span><\/i><span data-contrast=\"none\">(1), 13-25.<\/span><span data-ccp-props=\"{&quot;201341983&quot;:0,&quot;335551550&quot;:6,&quot;335551620&quot;:6,&quot;335559685&quot;:709,&quot;335559739&quot;:160,&quot;335559740&quot;:257,&quot;335559991&quot;:709}\"> Disponible a: <a href=\"https:\/\/rieoei.org\/RIE\/article\/view\/3255\" target=\"_blank\" rel=\"noopener\">https:\/\/rieoei.org\/RIE\/article\/view\/3255<\/a>.<\/span><\/p>\n<p><span data-contrast=\"auto\">Casas, J.; De las Heras, C.; Escofet, A.; Rubio, L. (2018). Optimizar la reflexi\u00f3n en los proyectos de aprendizaje-servicio. Un instrumento para la orientaci\u00f3n, acompa\u00f1amiento y evaluaci\u00f3n del proceso reflexivo. Revista del CIDUI, (4), 1-9.<\/span><span data-contrast=\"auto\">\u00a0<\/span><span data-contrast=\"auto\">Disponible a: <a href=\"https:\/\/raco.cat\/index.php\/RevistaCIDUI\/article\/view\/349187\" target=\"_blank\" rel=\"noopener\">https:\/\/raco.cat\/index.php\/RevistaCIDUI\/article\/view\/349187<\/a>.<\/span><\/p>\n<p><span data-contrast=\"auto\">Casas, J.; De las Heras, C.; Escofet, A.; Rubio, L. (2018). Repensando los espacios universitarios. Un mirada desde la Oficina de Aprendizaje-Servicio de la Facultad de Educaci\u00f3n de la Universidad de Barcelona. <\/span><i><span data-contrast=\"auto\">Revista del CIDUI, <\/span><\/i><span data-contrast=\"auto\">(4), 1-11.<\/span><span data-contrast=\"auto\">\u00a0<\/span><span data-contrast=\"auto\">Disponible a: <a href=\"https:\/\/raco.cat\/index.php\/RevistaCIDUI\/article\/view\/349189\" target=\"_blank\" rel=\"noopener\">https:\/\/raco.cat\/index.php\/RevistaCIDUI\/article\/view\/349189<\/a>.<\/span><\/p>\n<p><span data-contrast=\"auto\">D\u2019Agostino, F.; Pancani, L.; Romero-S\u00e1nchez, JM.; Lumillo-Guit\u00e9rrez, I.; Paloma-Castro, O.; Vellone, E. (2018). <\/span><span data-contrast=\"auto\">Nurses\u2019 beliefs about nursing diagnosis: A study with cluster. <\/span><i><span data-contrast=\"auto\">J Adv Nurs.<\/span><\/i><span data-contrast=\"auto\">\u00a0<\/span><span data-ccp-props=\"{&quot;201341983&quot;:0,&quot;335551550&quot;:6,&quot;335551620&quot;:6,&quot;335559685&quot;:705,&quot;335559739&quot;:160,&quot;335559740&quot;:259,&quot;335559991&quot;:705}\">Disponible a: <a href=\"https:\/\/pubmed.ncbi.nlm.nih.gov\/29444350\/\" target=\"_blank\" rel=\"noopener\">https:\/\/pubmed.ncbi.nlm.nih.gov\/29444350\/<\/a>.<\/span><\/p>\n<p><span data-contrast=\"auto\">Esparza, M. (2018). El sexe en la nostra esp\u00e8cie: &#8216;Vive la diff\u00e9rence!&#8217; <\/span><i><span data-contrast=\"auto\">L\u2019Atzavara, 28<\/span><\/i><span data-contrast=\"auto\">, 87-92.<\/span><span data-contrast=\"auto\">\u00a0<\/span><span data-ccp-props=\"{&quot;201341983&quot;:0,&quot;335551550&quot;:6,&quot;335551620&quot;:6,&quot;335559685&quot;:705,&quot;335559739&quot;:160,&quot;335559740&quot;:259,&quot;335559991&quot;:705}\">Disponible a: <a href=\"https:\/\/raco.cat\/index.php\/Atzavara\/article\/view\/332844\" target=\"_blank\" rel=\"noopener\">https:\/\/raco.cat\/index.php\/Atzavara\/article\/view\/332844<\/a>.<\/span><\/p>\n<p><span data-contrast=\"auto\">Esparza, M.; Grasa, M.M.; Tello, E.; Ali\u00f3, M.A.; Padr\u00f3, R. (2018). Sostenibilitat mediambiental i social a trav\u00e9s de l&#8217;ApS: una experi\u00e8ncia des del camp de les ci\u00e8ncies. <\/span><i><span data-contrast=\"auto\">Revista del CIDUI<\/span><\/i><span data-contrast=\"auto\">, (4).<\/span><span data-contrast=\"auto\">\u00a0<\/span><span data-contrast=\"auto\">Disponible a: <a href=\"https:\/\/raco.cat\/index.php\/RevistaCIDUI\/article\/view\/349015\" target=\"_blank\" rel=\"noopener\">https:\/\/raco.cat\/index.php\/RevistaCIDUI\/article\/view\/349015<\/a>.<\/span><\/p>\n<p><span data-contrast=\"auto\">Esparza, M.; Mor\u00edn, V.; Rubio, L. (2018). La incorporaci\u00f3n del aprendizaje-servicio en la universidad: la experiencia de la Universidad de Barcelona<\/span><i><span data-contrast=\"auto\">. RIDAS: Revista Iberoamericana de Aprendizaje Servicio<\/span><\/i><span data-contrast=\"auto\">, (6), 103-114.<\/span><span data-contrast=\"auto\">\u00a0<\/span><span data-contrast=\"auto\">Disponible a: <a href=\"https:\/\/revistes.ub.edu\/index.php\/RIDAS\/article\/view\/RIDAS2018.6.10\" target=\"_blank\" rel=\"noopener\">https:\/\/revistes.ub.edu\/index.php\/RIDAS\/article\/view\/RIDAS2018.6.10<\/a>.<\/span><\/p>\n<p><span data-contrast=\"auto\">Fabrellas, N.; Hern\u00e1ndez, R.; Graupera, I.; Sol\u00e0, E.; Ramos, P.; Mart\u00edn, N.; S\u00e1ez, G.; Sim\u00f3n, C.; P\u00e9rez, A.; Graell, T.; Larra\u00f1aga, A.; Garcia, M.; de la Arada, A.; Juanola, A.; Coiduras, A.; Duaso, I.; Casado, A.; Martin, J.; Gin\u00e8s, M.; Moreno, N.; Perez, A.; Marti, L.; Bernat, M.; Sol\u00e0, M.; Oliv\u00e9, C.; Sol\u00e9, C.; Gin\u00e8s, P. (2018). Prevalence of hepatic steatosis as assessed by controlled attenuation parameter (CAP) in subjects with metabolic risk factors in primary care. A population-based study.<\/span> <i><span data-contrast=\"auto\">PLoS One<\/span><\/i><span data-contrast=\"auto\">, <\/span><i><span data-contrast=\"auto\">13<\/span><\/i><span data-contrast=\"auto\">(9).<\/span><span data-contrast=\"auto\"> Disponible a: <a href=\"https:\/\/journals.plos.org\/plosone\/article?id=10.1371\/journal.pone.0200656\" target=\"_blank\" rel=\"noopener\">https:\/\/journals.plos.org\/plosone\/article?id=10.1371\/journal.pone.0200656<\/a>.<br \/><\/span><\/p>\n<p><span data-contrast=\"auto\">Gros, B.; Ayuste, A.; Escofet, A.; Pay\u00e0, M. (2018). Tecnolog\u00edas digitales al servicio de los procesos de acogida mediante el dise\u00f1o participativo de aplicaciones m\u00f3viles. <\/span><i><span data-contrast=\"auto\">Edetania, estudios y propuestas sodio-educativas, <\/span><\/i><span data-contrast=\"auto\">(53), 117-131.<\/span><span data-contrast=\"auto\">\u00a0<\/span><span data-contrast=\"auto\">Disponible a: <a href=\"https:\/\/revistas.ucv.es\/edetania\/index.php\/Edetania\/article\/view\/342\" target=\"_blank\" rel=\"noopener\">https:\/\/revistas.ucv.es\/edetania\/index.php\/Edetania\/article\/view\/342<\/a>.<\/span><\/p>\n<p><span data-contrast=\"auto\">Gros, B; Zhang-Yu, C; Ayuste, A; Escofet, A. (2018). La apropiaci\u00f3n de los dispositivos m\u00f3viles en ciudadanos inmigrantes: el segundo nivel de divisi\u00f3n digital. <\/span><i><span data-contrast=\"auto\">Athenea Digital: Revista de Pensamiento e Investigaci\u00f3n Social, 18<\/span><\/i><span data-contrast=\"auto\">(3), 1-18.<\/span><span data-contrast=\"auto\">\u00a0<\/span><span data-ccp-props=\"{&quot;201341983&quot;:0,&quot;335551550&quot;:6,&quot;335551620&quot;:6,&quot;335559685&quot;:705,&quot;335559739&quot;:160,&quot;335559740&quot;:259,&quot;335559991&quot;:705}\">Disponible a: <a href=\"https:\/\/www.redalyc.org\/journal\/537\/53759040023\/html\/\" target=\"_blank\" rel=\"noopener\">https:\/\/www.redalyc.org\/journal\/537\/53759040023\/html\/<\/a>.<\/span><\/p>\n<p><span data-contrast=\"auto\">Guti\u00e9rrez, C.; Escofet, A. (2018). Creaci\u00f3n de una comunidad de pr\u00e1ctica virtual en la Escuela de Obstetricia y Puericultura de la Universidad de Valparaiso, Chile. <\/span><i><span data-contrast=\"auto\">Revista del CIDUI<\/span><\/i><span data-contrast=\"auto\">, 1-9.<\/span><span data-contrast=\"auto\">\u00a0<\/span><span data-contrast=\"auto\">Disponible a: <a href=\"https:\/\/raco.cat\/index.php\/RevistaCIDUI\/article\/view\/349014\" target=\"_blank\" rel=\"noopener\">https:\/\/raco.cat\/index.php\/RevistaCIDUI\/article\/view\/349014<\/a>.<\/span><\/p>\n<p><span data-contrast=\"auto\">Guti\u00e9rrez, C.; Escofet, A.; Carre\u00f1o, C. (2018). Creaci\u00f3n de una comunidad de pr\u00e1ctica virtual por la Escuela de Obstetricia y Puericultura en la Universidad de Valpara\u00edso, Chile. <\/span><i><span data-contrast=\"auto\">Revista de la Realidad Global, 8<\/span><\/i><span data-contrast=\"auto\">(1), 9-16.<\/span><span data-contrast=\"auto\"> Disponible a: <a href=\"https:\/\/raco.cat\/index.php\/RevistaCIDUI\/article\/view\/349014\" target=\"_blank\" rel=\"noopener\">https:\/\/raco.cat\/index.php\/RevistaCIDUI\/article\/view\/349014<\/a>.<br \/><\/span><\/p>\n<p><span data-contrast=\"auto\">Lana-P\u00e9rez, A.; Caama\u00f1o-Isorna, F.; Baltasar-Bagu\u00e9, A.; Amezcua-Prieto, C.; Vives-Cases, C.; Dav\u00f3-Blanes, M.N. (2018). Competencias y contenidos de salud p\u00fablica del grado de Enfermer\u00eda en las universidades espa\u00f1olas. <\/span><i><span data-contrast=\"auto\">Revista Espa\u00f1ola de Salud P\u00fablica, 92<\/span><\/i><span data-contrast=\"auto\">, 87-92.<\/span><span data-contrast=\"auto\">\u00a0<\/span><span data-contrast=\"auto\">Disponible a: <a href=\"https:\/\/dialnet.unirioja.es\/servlet\/articulo?codigo=6642821\" target=\"_blank\" rel=\"noopener\">https:\/\/dialnet.unirioja.es\/servlet\/articulo?codigo=6642821<\/a>.<\/span><\/p>\n<p><span data-contrast=\"auto\">Lana-P\u00e9rez, A.; Caama\u00f1o-Isorna, F.; Baltasar-Bagu\u00e9, A.; Amezcua-Prieto, C.; Vives-Cases, C.; Dav\u00f3-Blanes, M.N. (2018). Competencias y contenidos de salud p\u00fablica del grado de Enfermer\u00eda en las universidades espa\u00f1olas. <\/span><i><span data-contrast=\"auto\">Revista Espa\u00f1ola de Salud P\u00fablica, 92<\/span><\/i><span data-contrast=\"auto\">.<\/span><span data-contrast=\"auto\">\u00a0<\/span><span data-contrast=\"auto\">Disponible a: <a href=\"https:\/\/dialnet.unirioja.es\/servlet\/articulo?codigo=6642821\" target=\"_blank\" rel=\"noopener\">https:\/\/dialnet.unirioja.es\/servlet\/articulo?codigo=6642821<\/a>.<\/span><\/p>\n<p>Lumillo-Guti\u00e9rrez, I.; Romero-S\u00e1nchez, JM.; D&#8217;Agostino, F.; Paramio-Cuevas, JC.; Fabrellas, N.; Moreno-Corral, LJ.; Paloma-Castro, O. (2018). Nurses&#8217; characteristics and practice environments: Comparison between clusters with different attitude and utilisation profiles regarding nursing diagnosis. <em>J Nurs Manag. <\/em>Disponible a: <a href=\"https:\/\/portalrecerca.csuc.cat\/article\/doi\/10.1111\/jonm.12652\" target=\"_blank\" rel=\"noopener\">https:\/\/portalrecerca.csuc.cat\/article\/doi\/10.1111\/jonm.12652<\/a>.<em><br \/><\/em><\/p>\n<p><span data-contrast=\"auto\">Martinez, Cristina.; Fu, Marcela.; Riccobene, Anna.; Fern\u00e1ndez, Paz.; Cabrera, Sandra.; Gavilan, Eva.; Feliu, Ariadna.; Puig-Llobet, Montse.; Galimany, Jordi.; Brando, Cecilia.; Su\u00f1er, Rosa.; Fernandez, Esteve. <\/span><span data-contrast=\"auto\">(2018). Prevalence and determinants of tobacco, e-cigarettes, and cannabis use among nursing students: a multicenter cross-sectional. <\/span><i><span data-contrast=\"auto\">Nurse Education Today, 74<\/span><\/i><span data-contrast=\"auto\">, 61-68.<\/span><span data-contrast=\"auto\">\u00a0<\/span><span data-ccp-props=\"{&quot;201341983&quot;:0,&quot;335551550&quot;:6,&quot;335551620&quot;:6,&quot;335559685&quot;:705,&quot;335559739&quot;:160,&quot;335559740&quot;:259,&quot;335559991&quot;:705}\">Disponible a: <a href=\"https:\/\/portalrecerca.csuc.cat\/article\/doi\/10.1016\/j.nedt.2018.11.018\" target=\"_blank\" rel=\"noopener\">https:\/\/portalrecerca.csuc.cat\/article\/doi\/10.1016\/j.nedt.2018.11.018<\/a>.<\/span><\/p>\n<p><span data-contrast=\"auto\">Morin, V.; Escofet, A.; Esparza, M.; Novella, A.; Rubio, L. (2018). La pr\u00e0ctica reflexiva com a eina did\u00e0ctica: elements clau, espais i moments. <\/span><i><span data-contrast=\"auto\">Revista del CIDUI,<\/span><\/i><span data-contrast=\"auto\"> (4), 1-14.<\/span><span data-contrast=\"auto\">\u00a0<\/span><span data-contrast=\"auto\">Disponible a: <a href=\"https:\/\/raco.cat\/index.php\/RevistaCIDUI\/article\/view\/348981\" target=\"_blank\" rel=\"noopener\">https:\/\/raco.cat\/index.php\/RevistaCIDUI\/article\/view\/348981<\/a>.<\/span><\/p>\n<p><span data-contrast=\"auto\">Pay\u00e0, M.; Ayuste, A.; Cano, A.; Escofet, A. (2018). Investigar com a mestres per a millorar la pr\u00e0ctica educativa. Desenvolupament de compet\u00e8ncies de recerca aplicada a la formaci\u00f3 inicial del professorat. <\/span><i><span data-contrast=\"auto\">Revista del CIDUI<\/span><\/i><span data-contrast=\"auto\">, (4), 1-12.<\/span><span data-contrast=\"auto\">\u00a0<\/span><span data-contrast=\"auto\">Disponible a: <a href=\"https:\/\/www.researchgate.net\/publication\/331277632_Investigar_com_a_mestres_per_a_millorar_la_practica_educativa_Desenvolupament_de_competencies_de_recerca_aplicada_a_la_formacio_inicial_del_professorat\" target=\"_blank\" rel=\"noopener\">https:\/\/www.researchgate.net\/publication\/331277632_Investigar_com_a_mestres_per_a_millorar_la_practica_educativa_Desenvolupament_de_competencies_de_recerca_aplicada_a_la_formacio_inicial_del_professorat<\/a>.<\/span><\/p>\n<p><span data-contrast=\"auto\">Puig, M.; Moreno, C.; Falc\u00f3, A.; Garrido, E.; Sol\u00e0, M. (2018). \u00das de medicaci\u00f3 i ter\u00e0pies alternatives a estudiants universitaris.<\/span> <i><span data-contrast=\"auto\">\u00c0gora d&#8217;Infermeria, 22<\/span><\/i><span data-contrast=\"auto\">(3), 104-108.<\/span><span data-contrast=\"auto\">\u00a0<\/span><span data-ccp-props=\"{&quot;201341983&quot;:0,&quot;335551550&quot;:6,&quot;335551620&quot;:6,&quot;335559685&quot;:705,&quot;335559739&quot;:160,&quot;335559740&quot;:259,&quot;335559991&quot;:705}\">Disponible a: <a href=\"https:\/\/www.agoradenfermeria.eu\/magazine\/abstracts\/055_1_ca.php\" target=\"_blank\" rel=\"noopener\">https:\/\/www.agoradenfermeria.eu\/magazine\/abstracts\/055_1_ca.php<\/a>.<\/span><\/p>\n<p><span data-contrast=\"auto\">Raurell-Torred\u00e0, M.; Romero-Collado, A; Bonmat\u00ed-Tom\u00e0s, A.; Olivet-Pujol, J; Baltasar-Bagu\u00e9, A.; Sola-Pola, M.; Mateu-Figueras, G. (2018). Objective Structured Clinical Examination: an assessment method for academic-practice partnerships. <\/span><i><span data-contrast=\"auto\">Clinical Simulation In Nursing, 19<\/span><\/i><span data-contrast=\"auto\">, 8-16.<\/span><span data-contrast=\"auto\">\u00a0<\/span><span data-ccp-props=\"{&quot;201341983&quot;:0,&quot;335551550&quot;:6,&quot;335551620&quot;:6,&quot;335559685&quot;:705,&quot;335559739&quot;:160,&quot;335559740&quot;:259,&quot;335559991&quot;:705}\">Disponible a: <a href=\"https:\/\/www.researchgate.net\/publication\/324687298_Objective_Structured_Clinical_Examination_An_Assessment_Method_for_Academic-Practice_Partnerships\" target=\"_blank\" rel=\"noopener\">https:\/\/www.researchgate.net\/publication\/324687298_Objective_Structured_Clinical_Examination_An_Assessment_Method_for_Academic-Practice_Partnerships<\/a>.<\/span><\/p>\n<p>[\/et_pb_toggle][et_pb_toggle title=\u00bb2017&#8243; open_toggle_text_color=\u00bb#0C71C3&#8243; icon_color=\u00bb#0C71C3&#8243; open_icon_color=\u00bb#0C71C3&#8243; _builder_version=\u00bb4.24.0&#8243; _module_preset=\u00bbdefault\u00bb title_text_color=\u00bb#0C71C3&#8243; title_level=\u00bbh2&#8243; title_font=\u00bb|700|||||||\u00bb background_color=\u00bb#FFFFFF\u00bb hover_transition_duration=\u00bb0ms\u00bb custom_css_free_form=\u00bb.et_pb_toggle_content ul {||  padding-bottom: 0px !important;||}\u00bb border_color_all=\u00bb#0C71C3&#8243; saved_tabs=\u00bball\u00bb global_colors_info=\u00bb{}\u00bb]<\/p>\n<p><span data-contrast=\"none\">For\u00e9s, A. (2017). Revisi\u00f3 de la revista Cultura y Educaci\u00f3n. <\/span><i><span data-contrast=\"none\">915630: Cultura y Educaci\u00f3n<\/span><\/i><span data-contrast=\"none\">.<\/span><span data-ccp-props=\"{&quot;201341983&quot;:0,&quot;335551550&quot;:6,&quot;335551620&quot;:6,&quot;335559685&quot;:709,&quot;335559739&quot;:160,&quot;335559740&quot;:257,&quot;335559991&quot;:709}\"> Disponible a: <a href=\"https:\/\/dialnet.unirioja.es\/servlet\/revista?codigo=252\" target=\"_blank\" rel=\"noopener\">https:\/\/dialnet.unirioja.es\/servlet\/revista?codigo=252<\/a>.<br \/><\/span><\/p>\n<p><span data-contrast=\"auto\">Galimany-Masclans, J.; Sancho-Agredano, R.; Mor\u00edn-Fraile, V.; Jodar-Sol\u00e0, G. La formaci\u00f3n universitaria de las enfermeras en el nuevo contexto assistencial. <\/span><i><span data-contrast=\"auto\">ROL: Revista Espa\u00f1ola de Enfermer\u00eda, 36<\/span><\/i><span data-contrast=\"auto\">(6), 44-47.\u00a0<\/span><span data-ccp-props=\"{&quot;201341983&quot;:0,&quot;335551550&quot;:6,&quot;335551620&quot;:6,&quot;335559685&quot;:703,&quot;335559739&quot;:160,&quot;335559740&quot;:259,&quot;335559991&quot;:703}\">Disponible a: <a href=\"https:\/\/dialnet.unirioja.es\/servlet\/articulo?codigo=5962933\" target=\"_blank\" rel=\"noopener\">https:\/\/dialnet.unirioja.es\/servlet\/articulo?codigo=5962933<\/a>.<\/span><\/p>\n<p><span data-contrast=\"none\">Galimany-<\/span><span data-contrast=\"auto\">Masclans, J; Sancho-Agredano, R; Mor\u00edn-Fraile, V; Jodar-Sol\u00e0, G. (2017). La formaci\u00f3n universitaria de las enfermeras en el nuevo contexto asistencial. <\/span><i><span data-contrast=\"auto\">ROL: Revista Espa\u00f1ola de Enfermer\u00eda, 40(<\/span><\/i><span data-contrast=\"auto\">3), 44-47.<\/span><span data-contrast=\"none\">\u00a0<\/span><span data-ccp-props=\"{&quot;201341983&quot;:0,&quot;335551550&quot;:6,&quot;335551620&quot;:6,&quot;335559685&quot;:703,&quot;335559739&quot;:160,&quot;335559740&quot;:259,&quot;335559991&quot;:703}\"> Disponible a: <a href=\"https:\/\/dialnet.unirioja.es\/servlet\/articulo?codigo=5962933\" target=\"_blank\" rel=\"noopener\">https:\/\/dialnet.unirioja.es\/servlet\/articulo?codigo=5962933<\/a>.<\/span><\/p>\n<p><span data-contrast=\"none\">Gavrus-Ion<\/span><span data-contrast=\"auto\">, A.; Sjovold, T.; Hernandez, M.; Gonzalez-Jose, R.; Esteban T., Maria E.; Martinez-Abadias, N.; Esparza, Mireia. <\/span><span data-contrast=\"none\">(2017). <\/span><span data-contrast=\"none\">Measuring fitness heritability: Life history traits versus morphological traits in humans. <\/span><i><span data-contrast=\"auto\">American Journal of Physical Anthropology<\/span><\/i><i><span data-contrast=\"none\">, 164<\/span><\/i><span data-contrast=\"none\">(2), 321-330.<\/span><span data-contrast=\"none\">\u00a0<\/span><span data-ccp-props=\"{&quot;201341983&quot;:0,&quot;335551550&quot;:6,&quot;335551620&quot;:6,&quot;335559685&quot;:703,&quot;335559739&quot;:160,&quot;335559740&quot;:259,&quot;335559991&quot;:703}\">Disponible a: <a href=\"https:\/\/pubmed.ncbi.nlm.nih.gov\/28635123\/\" target=\"_blank\" rel=\"noopener\">https:\/\/pubmed.ncbi.nlm.nih.gov\/28635123\/<\/a>.<\/span><\/p>\n<p><span data-contrast=\"none\">Guix, E.; <\/span><span data-contrast=\"auto\">Rozas, L.; Mor\u00edn, V.; Estrada, JM.; Galimany, J.; Sancho, R.; Ferr\u00e9s, A.; Force, E.; Noguera, A. (2017). <\/span><span data-contrast=\"none\">Educational measure for promoting adherence to treatment for tuberculosis. <\/span><i><span data-contrast=\"none\">ROL: Revista Espa\u00f1ola de <\/span><\/i><i><span data-contrast=\"auto\">Enfermer\u00eda, 2017<\/span><\/i><span data-contrast=\"none\">(237), 705-709.<\/span><span data-contrast=\"none\">\u00a0<\/span><span data-ccp-props=\"{&quot;201341983&quot;:0,&quot;335551550&quot;:6,&quot;335551620&quot;:6,&quot;335559685&quot;:703,&quot;335559739&quot;:160,&quot;335559740&quot;:259,&quot;335559991&quot;:703}\"> Disponible a: <a href=\"https:\/\/www.researchgate.net\/publication\/314714829_Educational_Measure_for_Promoting_Adherence_to_Treatment_for_Tuberculosis\" target=\"_blank\" rel=\"noopener\">https:\/\/www.researchgate.net\/publication\/314714829_Educational_Measure_for_Promoting_Adherence_to_Treatment_for_Tuberculosis<\/a>.<\/span><\/p>\n<p><span data-contrast=\"auto\">Guix-Comellas, E.M.; Rozas-Quesada, L.; Mor\u00edn-Fraile, V.; Estrada-Masllorens, J.M.; Galimany-Masclans, J.; Sancho-Agredano, R.; Ferr\u00e9s-Canals, A.; Force-Sanmart\u00edn, E.; Noguera-Julian, A. (2017). Educational measure for promoting adherence to treatment for tuberculosis. <\/span><i><span data-contrast=\"auto\">Procedia: Social and Behavioral Sciences, 237<\/span><\/i><span data-contrast=\"auto\">, 1371-1375.\u00a0<\/span><span data-contrast=\"auto\"> Disponible a: <a href=\"https:\/\/www.researchgate.net\/publication\/314714829_Educational_Measure_for_Promoting_Adherence_to_Treatment_for_Tuberculosis\" target=\"_blank\" rel=\"noopener\">https:\/\/www.researchgate.net\/publication\/314714829_Educational_Measure_for_Promoting_Adherence_to_Treatment_for_Tuberculosis<\/a>.<\/span><\/p>\n<p><span data-contrast=\"auto\">L\u00f3pez, M. (2017). <\/span><span data-contrast=\"none\">Analyzing<\/span><span data-contrast=\"auto\"> the digital practices of university students to improve learning. <\/span><i><span data-contrast=\"auto\">Technics Technologies Education Management, 12<\/span><\/i><span data-contrast=\"auto\">(2), 93-101.<\/span><span data-contrast=\"none\">\u00a0<\/span><span data-ccp-props=\"{&quot;201341983&quot;:0,&quot;335551550&quot;:6,&quot;335551620&quot;:6,&quot;335559685&quot;:703,&quot;335559739&quot;:160,&quot;335559740&quot;:259,&quot;335559991&quot;:703}\"> Disponible a: <a href=\"https:\/\/www.sciencedirect.com\/science\/article\/pii\/S2666412722000137\" target=\"_blank\" rel=\"noopener\">https:\/\/www.sciencedirect.com\/science\/article\/pii\/S2666412722000137<\/a>.<\/span><\/p>\n<p><span data-contrast=\"auto\">Mor\u00edn Fraile, V.; Guix Comellas, E.M.; Galimany Masclans, J.; Estrada Masllorens, J. M,; Sancho Agredano, R.; Sol\u00e0 Pola, M.; Fern\u00e1ndez Cervilla, A. B.; Vall\u00e8s Segal\u00e9s, A. (2017). Aprendizaje-servicio, compromiso social e innovaci\u00f3n: experiencias en las asignaturas Enfermer\u00eda Comunitaria y Trabajo Final de Grado. FEM. <\/span><i><span data-contrast=\"auto\">Revista de la Fundaci\u00f3n Educaci\u00f3n M\u00e9dica, 20<\/span><\/i><span data-contrast=\"auto\">, 70-72.<\/span><span data-contrast=\"auto\">\u00a0<\/span><span data-ccp-props=\"{&quot;201341983&quot;:0,&quot;335551550&quot;:6,&quot;335551620&quot;:6,&quot;335559685&quot;:703,&quot;335559739&quot;:160,&quot;335559740&quot;:259,&quot;335559991&quot;:703}\">Disponible a: <a href=\"https:\/\/scielo.isciii.es\/pdf\/fem\/v20s1\/2014-9832-fem-20-s1-s70.pdf\" target=\"_blank\" rel=\"noopener\">https:\/\/scielo.isciii.es\/pdf\/fem\/v20s1\/2014-9832-fem-20-s1-s70.pdf<\/a>.<\/span><\/p>\n<p><span data-contrast=\"none\">Morin, V.; Guix, E.; Galimany, J.; Estrada, JM\u00aa.; Sancho, R.; Sola, M.; <\/span><span data-contrast=\"auto\">Fernandez, AB.; Vall\u00e9s, A. (2017). Apredizaje-servicio, compromiso social e innovaci\u00f3n. experiencias en las asignaturas enfermer\u00eda ocmunitaria y trabajo final de grado. <\/span><i><span data-contrast=\"auto\">Educaci\u00f3n M\u00e9dica, 20,<\/span><\/i><span data-contrast=\"auto\"> 70-71.<\/span><span data-contrast=\"none\"> Disponible a: <a href=\"https:\/\/scielo.isciii.es\/scielo.php?script=sci_arttext&amp;pid=S2014-98322017000700011\" target=\"_blank\" rel=\"noopener\">https:\/\/scielo.isciii.es\/scielo.php?script=sci_arttext&amp;pid=S2014-98322017000700011<\/a>.<\/span><\/p>\n<p><span data-contrast=\"none\">Mor\u00edn<\/span><span data-contrast=\"auto\">, V.; Sancho, R.; Galimany, J.; Guix-Comellas, E.M.; Estrada-Masllorens, J.M.; V\u00e1zquez, M.; Rubio, L.; Escofet, A. (2017). <\/span><span data-contrast=\"none\">Service learning and health education: Innovation in nursing education. Procedia: <\/span><i><span data-contrast=\"auto\">Social and Behavioral Sciences, 237,<\/span><\/i><span data-contrast=\"auto\"> 956-961.<\/span><span data-contrast=\"none\"> Disponible a: <a href=\"https:\/\/www.researchgate.net\/publication\/314782327_Service_Learning_and_Health_Education_Innovation_in_Nursing_Education\" target=\"_blank\" rel=\"noopener\">https:\/\/www.researchgate.net\/publication\/314782327_Service_Learning_and_Health_Education_Innovation_in_Nursing_Education<\/a>.<\/span><\/p>\n<p><span data-contrast=\"auto\">Sancho, R.; Mor\u00edn, V.; Estrada-Masllorens, J.M.; Guix-Comellas, E.M.; Galimany, J.; L\u00f3pez, M. (2017). Comprehensive geriatric assesment of the nonagenarian population. <\/span><i><span data-contrast=\"auto\">Procedia: Social and Behavioral Sciences, 237<\/span><\/i><span data-contrast=\"auto\">, 705-709.<\/span><span data-contrast=\"auto\"> Disponible a: <a href=\"https:\/\/www.researchgate.net\/publication\/314781594_Comprehensive_Geriatric_Assessment_of_the_Nonagenarian_Population\" target=\"_blank\" rel=\"noopener\">https:\/\/www.researchgate.net\/publication\/314781594_Comprehensive_Geriatric_Assessment_of_the_Nonagenarian_Population<\/a>.<\/span><span data-ccp-props=\"{&quot;201341983&quot;:0,&quot;335551550&quot;:6,&quot;335551620&quot;:6,&quot;335559685&quot;:703,&quot;335559739&quot;:160,&quot;335559740&quot;:259,&quot;335559991&quot;:703}\">\u00a0<\/span><\/p>\n<p><span data-contrast=\"none\">Sancho, R.; <\/span><span data-contrast=\"auto\">Mor\u00edn, V.; Guix, E.; Estrada, JM.; Galimany, J.; Lopez, M. (2017). <\/span><span data-contrast=\"auto\">Comprehensive geriatric assessment of the nonagenarian population. <\/span><i><span data-contrast=\"auto\">ROL: Revista Espa\u00f1ola de Enfermer\u00eda, 2017<\/span><\/i><span data-contrast=\"auto\">(237), 1371-1375. Disponible a: <a href=\"https:\/\/www.researchgate.net\/publication\/314781594_Comprehensive_Geriatric_Assessment_of_the_Nonagenarian_Population\" target=\"_blank\" rel=\"noopener\">https:\/\/www.researchgate.net\/publication\/314781594_Comprehensive_Geriatric_Assessment_of_the_Nonagenarian_Population<\/a>.<\/span><span data-contrast=\"none\">\u00a0<\/span><span data-ccp-props=\"{&quot;201341983&quot;:0,&quot;335551550&quot;:6,&quot;335551620&quot;:6,&quot;335559685&quot;:703,&quot;335559739&quot;:160,&quot;335559740&quot;:259,&quot;335559991&quot;:703}\">\u00a0<\/span><\/p>\n<p><span data-contrast=\"auto\">Sol\u00e0, M.; Pulp\u00f3n, AM.; Mor\u00edn, V.; Sancho, R.; Cl\u00e8ries, X.; Fabrellas, N. (2017). Towards the implementation of OSCE in undergraduate nursing curriculum: a qualitative study. <\/span><i><span data-contrast=\"auto\">Nurse Education Today, 49<\/span><\/i><span data-contrast=\"auto\">, 163-167. Disponible a: <a href=\"https:\/\/pubmed.ncbi.nlm.nih.gov\/27978445\/\" target=\"_blank\" rel=\"noopener\">https:\/\/pubmed.ncbi.nlm.nih.gov\/27978445\/<\/a>.<\/span><span data-ccp-props=\"{&quot;201341983&quot;:0,&quot;335551550&quot;:6,&quot;335551620&quot;:6,&quot;335559685&quot;:703,&quot;335559739&quot;:160,&quot;335559740&quot;:259,&quot;335559991&quot;:703}\">\u00a0<\/span><\/p>\n<p>[\/et_pb_toggle][\/et_pb_column][\/et_pb_row][\/et_pb_section]<\/p>\n","protected":false},"excerpt":{"rendered":"<p>Escofet, A., Rubio, M. J. i Vila, R. (2025). Digital citizenship: Digital participation profiles of women participating in digital literacy programmes. Digital Education Review, 47, 181\u2013194. Disponible a: https:\/\/doi.org\/10.1344\/der.2025.47.181-194 Escofet, A., L\u00f3pez, M. i Sanz, S. (2025). Hacia la ciudadan\u00eda digital: la participaci\u00f3n de las mujeres en entornos digitales. Educar, 61(2), 465\u2013480. Disponible a: https:\/\/doi.org\/10.5565\/rev\/educar.2296 [&hellip;]<\/p>\n","protected":false},"author":2,"featured_media":0,"parent":0,"menu_order":0,"comment_status":"closed","ping_status":"closed","template":"","meta":{"_et_pb_use_builder":"on","_et_pb_old_content":"","_et_gb_content_width":"","footnotes":""},"class_list":["post-201","page","type-page","status-publish","hentry"],"_links":{"self":[{"href":"https:\/\/www.ub.edu\/ema\/wp-json\/wp\/v2\/pages\/201","targetHints":{"allow":["GET"]}}],"collection":[{"href":"https:\/\/www.ub.edu\/ema\/wp-json\/wp\/v2\/pages"}],"about":[{"href":"https:\/\/www.ub.edu\/ema\/wp-json\/wp\/v2\/types\/page"}],"author":[{"embeddable":true,"href":"https:\/\/www.ub.edu\/ema\/wp-json\/wp\/v2\/users\/2"}],"replies":[{"embeddable":true,"href":"https:\/\/www.ub.edu\/ema\/wp-json\/wp\/v2\/comments?post=201"}],"version-history":[{"count":33,"href":"https:\/\/www.ub.edu\/ema\/wp-json\/wp\/v2\/pages\/201\/revisions"}],"predecessor-version":[{"id":1033,"href":"https:\/\/www.ub.edu\/ema\/wp-json\/wp\/v2\/pages\/201\/revisions\/1033"}],"wp:attachment":[{"href":"https:\/\/www.ub.edu\/ema\/wp-json\/wp\/v2\/media?parent=201"}],"curies":[{"name":"wp","href":"https:\/\/api.w.org\/{rel}","templated":true}]}}