{"id":473,"date":"2018-01-12T12:05:55","date_gmt":"2018-01-12T12:05:55","guid":{"rendered":"http:\/\/www.ub.edu\/epp\/?page_id=473"},"modified":"2026-03-24T21:26:34","modified_gmt":"2026-03-24T20:26:34","slug":"publicaciones","status":"publish","type":"page","link":"https:\/\/www.ub.edu\/epp\/publicaciones\/","title":{"rendered":"Publicaciones"},"content":{"rendered":"\n<p><\/p>\n\n\n\n<p><a href=\"https:\/\/www.ub.edu\/PortalRecercaUB\/organizations\/478-es\" target=\"_blank\" rel=\"noreferrer noopener\"><strong>Dades de recerca &#8211; Portal UB<\/strong><\/a><\/p>\n\n\n\n<p><span style=\"color: #000080;\"><strong>Publicaciones m\u00e1s destacadas desde 2012<\/strong><\/span><\/p>\n\n\n\n<p><strong>2021<\/strong><\/p>\n\n\n\n<ul id=\"block-92c2ee1f-0592-4a06-a22e-d98e46ccb572\" class=\"wp-block-list\">\n<li><a href=\"https:\/\/doi.org\/10.14422\/mig.i46.y2019.007\" target=\"_blank\" rel=\"noreferrer noopener\"><\/a><a href=\"http:\/\/doi.org\/10.28939\/iam.debats-135-1.1\" target=\"_blank\" rel=\"noreferrer noopener\">Mart\u00edn P\u00e9rez, A., Rodr\u00edguez D\u00edaz, J.A., Condom Bosch, J.L:, Dom\u00ednguez Aguayo, A. (2021) \u201cRecetas para la felicidad: una propuesta para el an\u00e1lisis de la orientaci\u00f3n moral de acciones y emociones\u201d, Debats: Revista de cultura, poder i societat, 135\/1: 13-30. http:\/\/doi.org\/10.28939\/iam.debats-135-1.1<\/a><\/li>\n\n\n\n<li><a href=\"https:\/\/doi.org\/10.3390\/rel12030213\" target=\"_blank\" rel=\"noreferrer noopener\">Khalfaoui, A., Burgu\u00e9s, A., Duque, E., &amp; Munt\u00e9, A.(2021). Believers, Attractiveness and Values.\u00a0<em>Religions\u00a012<\/em>(3), 213.\u00a0https:\/\/doi.org\/10.3390\/rel12030213<\/a><\/li>\n<\/ul>\n\n\n\n<p><strong>2020<\/strong><\/p>\n\n\n\n<ul id=\"block-b29e5cc9-8327-4fac-8783-a32d7ff02a9e\" class=\"wp-block-list\">\n<li><a href=\"http:\/\/doi.org\/10.22325\/fes\/res.2020.43\" target=\"_blank\" rel=\"noreferrer noopener\">Rodr\u00edguez D\u00edaz, J.A. (2020). \u201cLa COVID-19: la gran oportunidad para pensar y crear sociedades futures mejores\u201d. Revista Espa\u00f1ola de Sociolog\u00eda, 29(3). http:\/\/doi.org\/10.22325\/fes\/res.2020.43<\/a><\/li>\n\n\n\n<li><a href=\"http:\/\/doi.org\/10.3389\/fpsyg.2020.00005\" target=\"_blank\" rel=\"noreferrer noopener\">Rodr\u00edguez, J.A., Condom Bosch, J.L., Ruiz, L., Oliver, E. (2020) \u201cOn the Shoulders of Giants: Benefits of Participating in a Dialogic Professional Development Program for In-Service Teachers\u201d, Front. Psycolo. 06 Feb 2020. http:\/\/doi.org\/10.3389\/fpsyg.2020.00005<\/a><\/li>\n\n\n\n<li><a href=\"http:\/\/doi.org\/10.1177\/1077800420938117\" target=\"_blank\" rel=\"noreferrer noopener\">Sord\u00e9, T., Flecha, R., Rodr\u00edguez, J.A., Condom Bosch, J.L. (2020) \u201cQualitative Inquiry: A key element for Assessing the Social Impact of Research\u201d, Qualitative Inquiry, 26(8-9). 948-954. http:\/\/doi.org\/10.1177\/1077800420938117<\/a><\/li>\n\n\n\n<li><a href=\"http:\/\/editorial.csic.es\/publicaciones\/libros\/13359\/0\/la-paternidad-en-espana-la-implicacion-paterna-en-.html\">Flaquer, Ll., Escobedo, A. (2020) \u201cLas licencias parentales y la pol\u00edtica social a la paternidad en Espa\u00f1a\u201d en Ll. Flaquer, T. Cano y M. Barbeta (eds.) La paternidad en Espa\u00f1a: la implicaci\u00f3n paterna en el cuidado de los hijos. Madrid: CSIC.<\/a><\/li>\n<\/ul>\n\n\n\n<p><strong>2019<\/strong><\/p>\n\n\n\n<ul class=\"wp-block-list\">\n<li><a href=\"https:\/\/doi.org\/10.14422\/mig.i46.y2019.007\" target=\"_blank\" rel=\"noreferrer noopener\">Ferr\u00e1s-Murcia, M.; Mart\u00edn-P\u00e9rez, A.\u00a0(2019).\u00a0Asociaciones de inmigrantes y participaci\u00f3n pol\u00edtica como sociedad civil: un estudio de caso en Barcelona.\u00a0Migraciones, 46, pp. 179 &#8211; 204\u00a0.\u00a0https:\/\/doi.org\/10.14422\/mig.i46.y2019.007<\/a>. <\/li>\n\n\n\n<li><a href=\"http:\/\/www.undv2019vietnam.com\/Main-Theme\/en\/26.pdf\" target=\"_blank\" rel=\"noreferrer noopener\">Rodr\u00edguez D\u00edaz, J.A. (2019). <\/a><em><a href=\"http:\/\/www.undv2019vietnam.com\/Main-Theme\/en\/26.pdf\" target=\"_blank\" rel=\"noreferrer noopener\">Buddhists Contributions to Building More Harmonious and Sustainable Societies. A Sociological  Analysis<\/a><\/em><a href=\"http:\/\/www.undv2019vietnam.com\/Main-Theme\/en\/26.pdf\" target=\"_blank\" rel=\"noreferrer noopener\">. In Most Ven. Thich Nhat Tu y Most Ven. Thich Duc Thien (eds.), Buddhist Approach to Global Leadership and Shared Responsibilities for Sustainable Societies (Vietnam Buddhist University Series, Religion Publisher, HCM City, Vietnam, 2019). ISBN: 978-604-61-6256-8.<\/a> Main book: <a href=\"http:\/\/www.undv2019vietnam.com\/en\/node\/157\">http:\/\/www.undv2019vietnam.com\/en\/node\/157<\/a>.  <\/li>\n\n\n\n<li> <a href=\"http:\/\/www.silabo.pt\/index_new.asp\" target=\"_blank\" rel=\"noreferrer noopener\">Flecha, R.; Burgu\u00e9s, A.; Mara, L.C. (2019). Business models and values for social changes &#8211; The case of Mondragon Corporation. <\/a><em><a href=\"http:\/\/www.silabo.pt\/index_new.asp\" target=\"_blank\" rel=\"noreferrer noopener\">Techniques,\u00a0Methodologies\u00a0and\u00a0Quality<\/a><\/em><a href=\"http:\/\/www.silabo.pt\/index_new.asp\" target=\"_blank\" rel=\"noreferrer noopener\">. Numero especial &#8211; 10 anos, 41-57.<\/a> <\/li>\n<\/ul>\n\n\n\n<p><strong>2018<\/strong><\/p>\n\n\n\n<ul class=\"wp-block-list\">\n<li><a data-wplink-edit=\"true\" href=\"http:\/\/treballiaferssocials.gencat.cat\/web\/.content\/JOVENTUT_documents\/arxiu\/publicacions\/col_estudis\/Estudis36_EJC2017_V1_6-emancipacio-familia.pdf\" target=\"_blank\" rel=\"noopener\">Escobedo Caparr\u00f3s, A., Condom Bosch, J.L., Mart\u00edn P\u00e9rez, A., Aguayo, A.D. (2018) \u201cEmancipaci\u00f3 i familia: Una an\u00e0lisi dels arranjaments familiars i les traject\u00f2ries d\u2019emancipaci\u00f3 dels joves catalans incorporant la perspectiva de la satisfacci\u00f3 vital\u201d in Serracant, P. (Dir.) <em>Enquesta a la joventut de Catalunya, Vol. 1<\/em>, Barcelona: Generalitat de Catalunya.<\/a><\/li>\n\n\n\n<li><a data-wplink-edit=\"true\" href=\"https:\/\/revistes.uab.cat\/anuarioiet\/article\/view\/v5-martin-gutierrez\" target=\"_blank\" rel=\"noopener\">Mart\u00edn P\u00e9rez, A., Guti\u00e9rrez Sastre, M. (2018)\u00a0\u201cEl trabajo en tiempos de ciudadan\u00eda erosionada: la percepci\u00f3n de las clases medias urbanas\u201d, <em>Anuario IET de Trabajo y Relaciones Laborales<\/em>, 5: 13-25.<\/a><\/li>\n\n\n\n<li><a aria-label=\"Rodr\u00edguez D\u00edaz, J.A. (2018)  \u201cBuddhist Values and Actions Towards Peace and Environment Rrotection. A Sociological Perspective\u201d en JIABU Special Edition on the UN Day of Vesak Conference 2561\/2018 Buddhist Contribution to Human Development.  pp. 486-505.   (abre en una nueva pesta\u00f1a)\" href=\"http:\/\/www.ub.edu\/epp\/wp-content\/uploads\/2019\/07\/JARD-Buddhists-Peace-Environment-IJABU2018-2.pdf\" target=\"_blank\" rel=\"noreferrer noopener\">Rodr\u00edguez D\u00edaz, J.A. (2018)  \u201cBuddhist Values and Actions Towards Peace and Environment Rrotection. A Sociological Perspective\u201d en JIABU Special Edition on the UN Day of Vesak Conference 2561\/2018 Buddhist Contribution to Human Development.  pp. 486-505.<\/a><\/li>\n<\/ul>\n\n\n\n<p><strong>2017<\/strong><\/p>\n\n\n\n<ul class=\"wp-block-list\">\n<li><a data-wplink-edit=\"true\" href=\"https:\/\/revistes.uab.cat\/anuarioiet\/article\/view\/v5-martin-gutierrez\" target=\"_blank\" rel=\"noopener\"><\/a><a href=\"https:\/\/www.emeraldinsight.com\/doi\/abs\/10.1108\/S0733-558X20170000053007\" target=\"_blank\" rel=\"noopener\">Rodr\u00edguez, J.A.; Mohr, J.; Halcomb, L. (2017). Becoming a Buddhist: The Duality of Ritual and Belief. Research in the Sociology of Organizations, 53.<\/a><\/li>\n\n\n\n<li><a href=\"https:\/\/www.fundacionsistema.com\/revista-sistema\/revista-sistema-num-245\/el-amor-en-el-camino-a-la-maxima-felicidad-un-analisis-global-con-la-encuesta-mundial-de-valores-love-on-the-road-to-maximum-happiness-a-global-analysis-with-the-world-values-survey\/\" target=\"_blank\" rel=\"noopener\">Rodr\u00edguez, J.A.; Condom Bosch, J.L.; Mar\u00edn, R.; Yter, M. (2017) El amor en el camino a la m\u00e1xima felicidad: un an\u00e1lisis global con la Encuesta Mundial de Valores. Sistema, Revista de Ciencias Sociales, 245, 53-77.<\/a><\/li>\n\n\n\n<li><a href=\"http:\/\/nalanda.org.br\/edicoes-nalanda\/revista-de-estudos-buddhistas-01\" target=\"_blank\" rel=\"noopener\">Rodr\u00edguez, J.A. (2017). Ser Budista na Sociedade do S\u00e9culo XXI. Revista de Estudos Budistas, 1, 40-59.<\/a><\/li>\n<\/ul>\n\n\n\n<p><strong>2016<\/strong><a href=\"https:\/\/rowman.com\/ISBN\/9780761867845\/Regarding-Tilly-Conflict-Power-and-Collective-Action\" target=\"_blank\" rel=\"noopener\"><\/a><\/p>\n\n\n\n<ul class=\"wp-block-list\">\n<li><a href=\"http:\/\/revistas.ucm.es\/index.php\/POSO\/article\/view\/47511\" target=\"_blank\" rel=\"noopener\">Mart\u00edn P\u00e9rez, A.\u00a0(2016).\u00a0El concepto de ciudadan\u00eda en la obra de Dominique Schnapper: entre el tipo ideal sociol\u00f3gico y el ideal de sociedad democr\u00e1tica. Pol\u00edtica y Sociedad, 53(1), 101-121.<\/a><\/li>\n\n\n\n<li><a href=\"http:\/\/revistes.uab.cat\/redes\/article\/view\/v27-n2-rodriguez-yter-arroyo\" target=\"_blank\" rel=\"noopener\">Rodr\u00edguez, J.A.; Yter, M.; Arroyo L. (2016) El campo de definici\u00f3n de la felicidad por las Ciencias Sociales: una aproximaci\u00f3n desde el an\u00e1lisis de redes sociales. Redes: Revista Hispana para el An\u00e1lisis de Redes Sociales, 27(2), 45-71.<\/a><\/li>\n\n\n\n<li><a href=\"https:\/\/rowman.com\/ISBN\/9780761867845\/Regarding-Tilly-Conflict-Power-and-Collective-Action\" target=\"_blank\" rel=\"noopener\">Mart\u00edn P\u00e9rez, A. (2016). Compilation and review of Charles Tilly\u2019s bibliography. En \u2018Regarding Tilly: Conflict, Power and Collective Action\u2019 de Funes, M.J. (ed.). University Press of America.<\/a><\/li>\n\n\n\n<li><a href=\"https:\/\/presses-universitaires.univ-amu.fr\/peres-solitaire\" target=\"_blank\" rel=\"noopener\">Escobedo, A.; Meil, G. (2016). Paternit\u00e9 et cong\u00e9s parentaux en France et en Espagne. En \u2018P\u00e8res en solitaire ? Ruptures conjugales et paternit\u00e9 contemporaine\u2019 de Martial, A. (ed.). Presses de l\u2019Universit\u00e9 de Provence.<\/a><\/li>\n\n\n\n<li><a href=\"http:\/\/www.academia.edu\/28893373\/The_Social_Structure_of_Loving_Kindness_in_Buddhist_Populations_of_the_ASEAN_Region_And_neighbors_._A_Sociological_Analysis\" target=\"_blank\" rel=\"noopener\">Rodr\u00edguez, J.A. (2016). The Social Structure of Loving-Kindness in Buddhist Populations of the ASEAN Region (and Neighbors) \u2013 A Sociological Analysis. Journal of the International Association of Buddhist Universities, 9, 1-25.<\/a><\/li>\n\n\n\n<li><a href=\"http:\/\/hipatiapress.com\/hpjournals\/index.php\/recei\/article\/view\/1900\" target=\"_blank\" rel=\"noopener\">Condom Bosch, J.L.; Rodr\u00edguez, J.A.; Burgu\u00e9s, A.; Valls, R. (2016). El di\u00e1logo interreligioso como herramienta para desactivar el prejuicio racista. Recei \u2013 Revista Cient\u00edfica de Estudios sobre Interculturalidad, 2(1), 86-11.<\/a><\/li>\n<\/ul>\n\n\n\n<p><strong>2015<\/strong><a href=\"http:\/\/cadmus.eui.eu\/bitstream\/handle\/1814\/34480\/EUDO_CIT_2015_04-Spain.pdf?sequence=1\" target=\"_blank\" rel=\"noopener\"><\/a><a href=\"http:\/\/www.reis.cis.es\/REIS\/PDF\/REIS_139_091358241904344.pdf\" target=\"_blank\" rel=\"noopener\"><\/a><\/p>\n\n\n\n<ul class=\"wp-block-list\">\n<li><a href=\"http:\/\/journals.sagepub.com\/doi\/abs\/10.1177\/1077800415614026\" target=\"_blank\" rel=\"noopener\">Roca, E.; G\u00f3mez, A.; Burgu\u00e9s, A. (2015). Luisa, Transforming personal visions to ensure better education for all children. Qualitative Inquiry, 21(10): 843-850.<\/a><\/li>\n\n\n\n<li><a href=\"https:\/\/www.tandfonline.com\/doi\/abs\/10.1080\/13668803.2015.1024822?journalCode=ccwf20\" target=\"_blank\" rel=\"noopener\">Escobedo, A.; Wall, K. (2015). Leave policies in Southern Europe: continuities and changes. Community, Work &amp; Family, 28(2), 218-235.<\/a><\/li>\n\n\n\n<li><a href=\"http:\/\/www.intangiblecapital.org\/index.php\/ic\/article\/view\/656\" target=\"_blank\" rel=\"noopener\">Burgu\u00e9s, A. (2015). Learning in School for Tomorrow Jobs. Intangible Capital, 11(3): 458-484.<\/a><\/li>\n\n\n\n<li><a href=\"https:\/\/www.routledge.com\/Methods-of-Exploring-Emotions\/Flam-Kleres\/p\/book\/9781138798694\" target=\"_blank\" rel=\"noopener\">Mart\u00edn P\u00e9rez, A.\u00a0(2015). Emotional Alliances in Bureaucratic Encounters.\u00a0En\u00a0&#8216;Methods of Exploring Emotions&#8217; de Flam, H.; Kleres, J. (eds.). Routledge.<\/a><\/li>\n<\/ul>\n\n\n\n<p><strong>2014<\/strong><\/p>\n\n\n\n<ul class=\"wp-block-list\">\n<li><a href=\"https:\/\/www.springer.com\/la\/book\/9789048190621\" target=\"_blank\" rel=\"noopener\">Escobedo, A. (2014) Conciliating Parent\u2019s Labor and Family Life. En \u2018Handbook of Child Well-Being. Theories, Methods and Policies in Global Perspective\u2019 de Ben-Arieh, A.; Casas, F.; Frones, I.; Korbin, J. (eds.). Springer.<\/a><\/li>\n\n\n\n<li><a href=\"https:\/\/www.palgrave.com\/gp\/book\/9781137346919\" target=\"_blank\" rel=\"noopener\">Fraisse, L.; Escobedo, A. (2014). Changing family needs and local childcare policies. En \u2018Social Vulnerability in European Cities. The Role of Local Welfare in Times of Crisis\u2019 de Ranci, C.; Brandsen, T.; Sabatinelli, S. (eds.). Palgrave.<\/a><\/li>\n\n\n\n<li><a href=\"https:\/\/brill.com\/view\/title\/24108\" target=\"_blank\" rel=\"noopener\">Mart\u00edn P\u00e9rez, A.; Moreno Fuentes, F.J.\u00a0(2014). Dealing with Loopholes in National and EU Citizenship: Spanish Nationality in the Case of Western Sahara.\u00a0En\u00a0&#8216;The Reconceptualization of European Union Citizenship&#8217; de Guild E.; Gort\u00e1zar Rotaeche, C.; Kostakopoulou D. (eds.). Brill.<\/a><\/li>\n\n\n\n<li><a href=\"http:\/\/www.scirp.org\/journal\/PaperInformation.aspx?paperID=44642\" target=\"_blank\" rel=\"noopener\">Rodr\u00edguez, J.A.; Arroyo, L. (2014). Open Organization Networks: Combining Closure and Opennes in the Social World of an European Buddhist Monastery. Sociology Mind, 4(2), 136-150.<\/a><\/li>\n<\/ul>\n\n\n\n<p><strong>2013<\/strong><\/p>\n\n\n\n<ul class=\"wp-block-list\">\n<li><a href=\"https:\/\/www.springer.com\/la\/book\/9789400743533\" target=\"_blank\" rel=\"noopener\">Wall, K.; Escobedo, A. (2013). Parental leave policies, gender equity and family well-being in Europe. En \u2018Family well-being: European perspectives\u2019 de Moreno-Minguez, A. (ed.). Springer.<\/a><\/li>\n\n\n\n<li><a href=\"https:\/\/www.academia.edu\/4526034\/Evitar_la_politizaci%C3%B3n_de_la_inmigraci%C3%B3n_equilibrios_fr%C3%A1giles_y_debilidad_de_los_actores\" target=\"_blank\" rel=\"noopener\">Mart\u00edn Coppola, E., Mart\u00edn P\u00e9rez, A. (2013) \u201cEvitar la politizaci\u00f3n de la inmigraci\u00f3n: equilibrios fr\u00e1giles y debilidad de los actores\u201d. En \u2018Actores y demandas en Espa\u00f1a: an\u00e1lisis de un inicio de siglo convulso\u2019 de Mor\u00e1n, M.L. (Ed.). La Catarata.<\/a><\/li>\n\n\n\n<li><a href=\"http:\/\/www.ub.es\/geocrit\/sn\/sn-427\/sn-427-4.htm\" target=\"_blank\" rel=\"noopener\">Burgu\u00e9s, A.; Mart\u00edn, S.; Santa Cruz, I.. (2013)\u00a0La relaci\u00f3n entre cooperativas transformadoras y desigualdades sociales en los territorios.\u00a0<em>Scripta Nova. Revista Electr\u00f3nica de Geograf\u00eda y Ciencias Sociales,\u00a0<\/em>XVII, 427 (4).<\/a><\/li>\n\n\n\n<li><a href=\"http:\/\/hipatiapress.com\/hpjournals\/index.php\/hse\/article\/view\/750\" target=\"_blank\" rel=\"noopener\">Berrozpe, T. I.; Burgu\u00e9s, A. (2013). Retales de la Historia de la SE en Espa\u00f1a: del Papel Reproductor al Compromiso con la Transformaci\u00f3n Social. <em>Historia Social y de la Educaci\u00f3n<\/em>,\u00a0<em>2<\/em>(3), 296-340<\/a>.<\/li>\n<\/ul>\n\n\n\n<p><strong>2012<\/strong><\/p>\n\n\n\n<ul class=\"wp-block-list\">\n<li><a href=\"http:\/\/onlinelibrary.wiley.com\/doi\/10.1111\/j.1747-7379.2012.00899.x\/abstract\" target=\"_blank\" rel=\"noopener\">Mart\u00edn P\u00e9rez, A.; Moreno Fuentes, F.J. (2012).\u00a0 Migration and citizenship law in Spain: path-dependency and policy change in a recent country of immigration. <em>International Migration Review<\/em>, 46(3), 625-655.<\/a><\/li>\n\n\n\n<li><a href=\"http:\/\/www.reis.cis.es\/REIS\/PDF\/REIS_139_091358241904344.pdf\" target=\"_blank\" rel=\"noopener\">Mart\u00edn Perez, A.; Mart\u00edn Coppola, E.; Gentile, A.; Guti\u00e9rrez Sastre, M. (2012). Representaciones de la ciudadan\u00eda en los servicios p\u00fablicos: reconocimiento, m\u00e9rito y autonom\u00eda.\u00a0Revista Espa\u00f1ola de Investigaciones Sociologicas, 139, 189-200.<\/a><\/li>\n\n\n\n<li><a href=\"https:\/\/www.cairn.info\/revue-ethnologie-francaise-2012-1-page-117.htm\" target=\"_blank\" rel=\"noopener\">Escobedo, A.; Flaquer, L.; Navarro, L. (2012). The social politics of fatherhood in Spain and France: A comparative analysis of parental leave and shared residence. <em>Ethnologie fran\u00e7aise<\/em>, 42(1), 117-126.<\/a><\/li>\n\n\n\n<li><a href=\"http:\/\/www.academia.edu\/1753238\/Being_Buddhist_in_New_Lands1_Mapping_Buddhist_Social-Cultural_Identities\" target=\"_blank\" rel=\"noopener\">Rodr\u00edguez, J.A.\u00a0(2012).\u00a0 Being Buddhist in New Lands: Mapping Buddhist Social-Cultural Identities.\u00a0En\u00a0\u2018Teaching Dhamma in New Lands<span>\u2019. <\/span>The International Association of Buddhist Universities.<\/a><\/li>\n<\/ul>\n\n\n<p><!--EndFragment--><\/p>\n<\/p>","protected":false},"excerpt":{"rendered":"<p>Dades de recerca &#8211; Portal UB Publicaciones m\u00e1s destacadas desde 2012 2021 2020 2019 2018 2017 2016 2015 2014 2013 2012<\/p>\n","protected":false},"author":1,"featured_media":0,"parent":0,"menu_order":0,"comment_status":"closed","ping_status":"closed","template":"","meta":{"footnotes":""},"class_list":["post-473","page","type-page","status-publish","hentry"],"_links":{"self":[{"href":"https:\/\/www.ub.edu\/epp\/wp-json\/wp\/v2\/pages\/473","targetHints":{"allow":["GET"]}}],"collection":[{"href":"https:\/\/www.ub.edu\/epp\/wp-json\/wp\/v2\/pages"}],"about":[{"href":"https:\/\/www.ub.edu\/epp\/wp-json\/wp\/v2\/types\/page"}],"author":[{"embeddable":true,"href":"https:\/\/www.ub.edu\/epp\/wp-json\/wp\/v2\/users\/1"}],"replies":[{"embeddable":true,"href":"https:\/\/www.ub.edu\/epp\/wp-json\/wp\/v2\/comments?post=473"}],"version-history":[{"count":31,"href":"https:\/\/www.ub.edu\/epp\/wp-json\/wp\/v2\/pages\/473\/revisions"}],"predecessor-version":[{"id":1148,"href":"https:\/\/www.ub.edu\/epp\/wp-json\/wp\/v2\/pages\/473\/revisions\/1148"}],"wp:attachment":[{"href":"https:\/\/www.ub.edu\/epp\/wp-json\/wp\/v2\/media?parent=473"}],"curies":[{"name":"wp","href":"https:\/\/api.w.org\/{rel}","templated":true}]}}