{"id":1573,"date":"2025-06-28T12:36:44","date_gmt":"2025-06-28T10:36:44","guid":{"rendered":"https:\/\/www.ub.edu\/functionalmaterials\/?page_id=1573"},"modified":"2025-07-14T11:48:24","modified_gmt":"2025-07-14T09:48:24","slug":"prod2023-twister","status":"publish","type":"page","link":"https:\/\/www.ub.edu\/functionalmaterials\/prod2023-twister\/","title":{"rendered":"PROD2023 TWISTER"},"content":{"rendered":"<p>[et_pb_section fb_built=&#8221;1&#8243; fullwidth=&#8221;on&#8221; _builder_version=&#8221;4.20.4&#8243; _module_preset=&#8221;default&#8221; global_colors_info=&#8221;{}&#8221;][et_pb_fullwidth_header title=&#8221;TWISTER&#8221; subhead=&#8221;Prototype of TWISTocaloric cooling with Energy Recovery based on natural rubber&#8221; _builder_version=&#8221;4.27.4&#8243; _module_preset=&#8221;default&#8221; title_font=&#8221;|700|||||||&#8221; title_font_size=&#8221;60px&#8221; subhead_font=&#8221;|300|||||||&#8221; subhead_font_size=&#8221;60px&#8221; subhead_line_height=&#8221;1.1em&#8221; use_background_color_gradient=&#8221;on&#8221; background_color_gradient_type=&#8221;circular&#8221; background_color_gradient_direction_radial=&#8221;top left&#8221; background_color_gradient_stops=&#8221;rgba(11,84,105,0.73) 0%|rgba(51,18,35,0.69) 32%|rgba(163,140,98,0.69) 56%|rgba(5,154,178,0.66) 87%&#8221; background_color_gradient_overlays_image=&#8221;on&#8221; background_image=&#8221;https:\/\/www.ub.edu\/functionalmaterials\/wp-content\/uploads\/2025\/06\/foto-twister-capcalera-retoc.jpg&#8221; background_position=&#8221;top_center&#8221; min_height=&#8221;50vh&#8221; custom_padding=&#8221;15vh||15vh||false|false&#8221; custom_css_header_container=&#8221;||&#8221; custom_css_title=&#8221;max-width:40%;&#8221; custom_css_subtitle=&#8221;max-width:70%;&#8221; global_colors_info=&#8221;{}&#8221; custom_css_header_container_last_edited=&#8221;on|desktop&#8221; custom_css_title_last_edited=&#8221;on|phone&#8221; custom_css_title_tablet=&#8221;max-width:80%;&#8221; custom_css_title_phone=&#8221;max-width:100%;&#8221; custom_css_header_container_tablet=&#8221;||&#8221; custom_css_header_container_phone=&#8221;||&#8221;][\/et_pb_fullwidth_header][\/et_pb_section][et_pb_section fb_built=&#8221;1&#8243; admin_label=&#8221;section&#8221; _builder_version=&#8221;4.16&#8243; global_colors_info=&#8221;{}&#8221;][et_pb_row admin_label=&#8221;row&#8221; _builder_version=&#8221;4.16&#8243; background_size=&#8221;initial&#8221; background_position=&#8221;top_left&#8221; background_repeat=&#8221;repeat&#8221; global_colors_info=&#8221;{}&#8221;][et_pb_column type=&#8221;4_4&#8243; _builder_version=&#8221;4.16&#8243; custom_padding=&#8221;|||&#8221; global_colors_info=&#8221;{}&#8221; custom_padding__hover=&#8221;|||&#8221;][et_pb_text admin_label=&#8221;Text&#8221; module_class=&#8221;destacat&#8221; _builder_version=&#8221;4.27.4&#8243; text_font=&#8221;|300|||||||&#8221; background_size=&#8221;initial&#8221; background_position=&#8221;top_left&#8221; background_repeat=&#8221;repeat&#8221; text_orientation=&#8221;center&#8221; global_colors_info=&#8221;{}&#8221;]<strong> La refrigeraci\u00f3 i la calefacci\u00f3 \u00e9s una necessitat b\u00e0sica, per\u00f2 el seu funcionament habitual \u2014i en constant auge\u2014  t\u00e9 un cost ambiental molt alt: l\u2019escalfament global del planeta <\/strong><\/p>\n<p>\u00c9s per aix\u00f2 que la UE ha imposat una normativa estricta [Reglament UE n\u00fam. 517\/2014], per a eliminar progressivament l&#8217;\u00fas de gasos fluorats, causants de l\u2019efecte hivernacle. <\/p>\n<p>D&#8217;aqu\u00ed ve que el problema de mantenir fresc el nostre planeta sense augmentar les emissions de gasos d&#8217;efecte d&#8217;hivernacle plantegi un estimulant repte als cient\u00edfics.[\/et_pb_text][\/et_pb_column][\/et_pb_row][et_pb_row column_structure=&#8221;1_3,1_3,1_3&#8243; custom_padding_last_edited=&#8221;on|tablet&#8221; _builder_version=&#8221;4.20.4&#8243; _module_preset=&#8221;default&#8221; custom_padding=&#8221;|80px||80px|false|false&#8221; custom_padding_tablet=&#8221;|80px||80px|false|false&#8221; custom_padding_phone=&#8221;|80px||80px|false|false&#8221; global_colors_info=&#8221;{}&#8221;][et_pb_column type=&#8221;1_3&#8243; _builder_version=&#8221;4.20.0&#8243; _module_preset=&#8221;default&#8221; global_colors_info=&#8221;{}&#8221;][et_pb_blurb image=&#8221;https:\/\/www.ub.edu\/functionalmaterials\/wp-content\/uploads\/2023\/04\/bombeta-ico.svg&#8221; image_icon_width=&#8221;180px&#8221; module_class=&#8221;fons_color1&#8243; _builder_version=&#8221;4.27.4&#8243; _module_preset=&#8221;default&#8221; global_colors_info=&#8221;{}&#8221;]<\/p>\n<p class=\"fletxa_anterior\"><strong> Gaireb\u00e9 un 70% del consum energ\u00e8tic mundial es dedica a la calefacci\u00f3 i la refrigeraci\u00f3. <\/strong><\/p>\n<p>[\/et_pb_blurb][\/et_pb_column][et_pb_column type=&#8221;1_3&#8243; _builder_version=&#8221;4.20.0&#8243; _module_preset=&#8221;default&#8221; global_colors_info=&#8221;{}&#8221;][et_pb_blurb image=&#8221;https:\/\/www.ub.edu\/functionalmaterials\/wp-content\/uploads\/2023\/04\/industria-ico.svg&#8221; image_icon_width=&#8221;180px&#8221; module_class=&#8221;fons_color2&#8243; _builder_version=&#8221;4.27.4&#8243; _module_preset=&#8221;default&#8221; global_colors_info=&#8221;{}&#8221;]<\/p>\n<p class=\"fletxa_anterior\"><strong> La depend\u00e8ncia de les fonts d\u2019origen f\u00f2ssil \u00e9s molt gran en les tecnologies de calefacci\u00f3. <\/strong><\/p>\n<p>[\/et_pb_blurb][\/et_pb_column][et_pb_column type=&#8221;1_3&#8243; _builder_version=&#8221;4.20.0&#8243; _module_preset=&#8221;default&#8221; global_colors_info=&#8221;{}&#8221;][et_pb_blurb image=&#8221;https:\/\/www.ub.edu\/functionalmaterials\/wp-content\/uploads\/2023\/04\/planeta-ico.svg&#8221; image_icon_width=&#8221;180px&#8221; module_class=&#8221;fons_color3&#8243; _builder_version=&#8221;4.27.4&#8243; _module_preset=&#8221;default&#8221; global_colors_info=&#8221;{}&#8221;]<\/p>\n<p class=\"fletxa_anterior\"><strong> Els equips de refrigeraci\u00f3 utilitzen gasos amb alt potencial d\u2019escalfament global (GWP). <\/strong><\/p>\n<p>[\/et_pb_blurb][\/et_pb_column][\/et_pb_row][\/et_pb_section][et_pb_section fb_built=&#8221;1&#8243; _builder_version=&#8221;4.20.4&#8243; _module_preset=&#8221;default&#8221; use_background_color_gradient=&#8221;on&#8221; background_color_gradient_direction=&#8221;90deg&#8221; background_color_gradient_stops=&#8221;rgba(188,134,27,0.44) 0%|rgba(64,127,137,0.41) 99%&#8221; background_color_gradient_overlays_image=&#8221;on&#8221; background_image=&#8221;https:\/\/www.ub.edu\/functionalmaterials\/wp-content\/uploads\/2023\/04\/elastocool-img-2.webp&#8221; background_position=&#8221;top_center&#8221; min_height=&#8221;45vh&#8221; global_colors_info=&#8221;{}&#8221;][et_pb_row _builder_version=&#8221;4.20.0&#8243; _module_preset=&#8221;default&#8221; global_colors_info=&#8221;{}&#8221;][et_pb_column type=&#8221;4_4&#8243; _builder_version=&#8221;4.20.0&#8243; _module_preset=&#8221;default&#8221; global_colors_info=&#8221;{}&#8221;][et_pb_text _builder_version=&#8221;4.20.0&#8243; _module_preset=&#8221;default&#8221; global_colors_info=&#8221;{}&#8221;][\/et_pb_text][\/et_pb_column][\/et_pb_row][\/et_pb_section][et_pb_section fb_built=&#8221;1&#8243; _builder_version=&#8221;4.20.0&#8243; _module_preset=&#8221;default&#8221; use_background_color_gradient=&#8221;on&#8221; background_color_gradient_direction=&#8221;-90deg&#8221; background_color_gradient_stops=&#8221;rgba(188,134,27,0.19) 0%|rgba(64,127,137,0.24) 97%&#8221; global_colors_info=&#8221;{}&#8221;][et_pb_row _builder_version=&#8221;4.20.0&#8243; _module_preset=&#8221;default&#8221; global_colors_info=&#8221;{}&#8221;][et_pb_column type=&#8221;4_4&#8243; _builder_version=&#8221;4.20.0&#8243; _module_preset=&#8221;default&#8221; global_colors_info=&#8221;{}&#8221;][et_pb_text module_class=&#8221;lletra_gran&#8221; _builder_version=&#8221;4.27.4&#8243; _module_preset=&#8221;default&#8221; global_colors_info=&#8221;{}&#8221;]<\/p>\n<p>S&#8217;estan investigant moltes alternatives a l&#8217;actual tecnologia de refrigeraci\u00f3, que utilitza gasos nocius per al medi ambient. No obstant aix\u00f2, cap d&#8217;elles ha aconseguit prou maduresa per a entrar en el mercat.<\/p>\n<p>La investigaci\u00f3 de materials per a la refrigeraci\u00f3 elastocal\u00f2rica (EC) \u2014que inclouen aliatges met\u00e0l\u00b7lics, pol\u00edmers, etc.\u2014mostra que aquests poden absorbir i alliberar calor quan se sotmeten a tensions mec\u00e0niques c\u00edcliques.<\/p>\n<p>Els materials EC presenten avantatges enfront d&#8217;altres alternatives basades en efectes electrocal\u00f2rics o magnetocal\u00f2rics, ja que \u00e9s molt m\u00e9s senzill aplicar una tensi\u00f3 mec\u00e0nica que un gran camp magn\u00e8tic o el\u00e8ctric.<\/p>\n<p class=\"fletxa_anterior\"><strong> El cautx\u00fa natural s&#8217;ha revelat com un refrigerant d&#8217;estat s\u00f2lid potencialment disruptiu. Aquest material presenta un rendiment elastocal\u00f2ric excepcional. <\/strong><\/p>\n<p><strong> <\/strong><\/p>\n<p>[\/et_pb_text][\/et_pb_column][\/et_pb_row][\/et_pb_section][et_pb_section fb_built=&#8221;1&#8243; _builder_version=&#8221;4.20.4&#8243; _module_preset=&#8221;default&#8221; global_colors_info=&#8221;{}&#8221;][et_pb_row _builder_version=&#8221;4.20.4&#8243; _module_preset=&#8221;default&#8221; global_colors_info=&#8221;{}&#8221;][et_pb_column type=&#8221;4_4&#8243; _builder_version=&#8221;4.20.4&#8243; _module_preset=&#8221;default&#8221; global_colors_info=&#8221;{}&#8221;][et_pb_text module_class=&#8221;titular&#8221; _builder_version=&#8221;4.27.4&#8243; _module_preset=&#8221;default&#8221; global_colors_info=&#8221;{}&#8221;]<em> L\u2019objectiu del projecte TWISTER \u00e9s continuar investigant en el disseny d\u2019una nova tecnologia de refrigeraci\u00f3 i calefacci\u00f3 sense gas basada en refrigerants de cautx\u00fa natural. <\/em>[\/et_pb_text][\/et_pb_column][\/et_pb_row][\/et_pb_section][et_pb_section fb_built=&#8221;1&#8243; _builder_version=&#8221;4.27.4&#8243; _module_preset=&#8221;default&#8221; use_background_color_gradient=&#8221;on&#8221; background_color_gradient_direction=&#8221;-90deg&#8221; background_color_gradient_stops=&#8221;rgba(188,134,27,0.44) 0%|rgba(64,127,137,0.41) 99%&#8221; background_color_gradient_overlays_image=&#8221;on&#8221; background_image=&#8221;https:\/\/www.ub.edu\/functionalmaterials\/wp-content\/uploads\/2025\/06\/foto-twister-capcalera2-retoc.jpg&#8221; min_height=&#8221;45vh&#8221; global_colors_info=&#8221;{}&#8221;][et_pb_row _builder_version=&#8221;4.20.0&#8243; _module_preset=&#8221;default&#8221; global_colors_info=&#8221;{}&#8221;][et_pb_column type=&#8221;4_4&#8243; _builder_version=&#8221;4.20.0&#8243; _module_preset=&#8221;default&#8221; global_colors_info=&#8221;{}&#8221;][et_pb_text _builder_version=&#8221;4.20.0&#8243; _module_preset=&#8221;default&#8221; global_colors_info=&#8221;{}&#8221;][\/et_pb_text][\/et_pb_column][\/et_pb_row][\/et_pb_section][et_pb_section fb_built=&#8221;1&#8243; _builder_version=&#8221;4.20.4&#8243; _module_preset=&#8221;default&#8221; global_colors_info=&#8221;{}&#8221;][et_pb_row _builder_version=&#8221;4.20.4&#8243; _module_preset=&#8221;default&#8221; global_colors_info=&#8221;{}&#8221;][et_pb_column type=&#8221;4_4&#8243; _builder_version=&#8221;4.20.4&#8243; _module_preset=&#8221;default&#8221; global_colors_info=&#8221;{}&#8221;][et_pb_text module_class=&#8221;lletra_gran&#8221; _builder_version=&#8221;4.27.4&#8243; _module_preset=&#8221;default&#8221; hover_enabled=&#8221;0&#8243; global_colors_info=&#8221;{}&#8221; link_font=&#8221;||||on||||&#8221; sticky_enabled=&#8221;0&#8243;]<\/p>\n<p class=\"fletxa_anterior\">Durant el desenvolupament del nostre anterior projecte Llavor (<a href=\"\/functionalmaterials\/elastocool\/\">2021 LLAV 00080<\/a>), s&#8217;ha descobert que els efectes elastocal\u00f2rics s&#8217;amplifiquen significativament sota torsi\u00f3 en lloc de tensi\u00f3 uniaxial, donant lloc al denominat efecte <strong>twistocal\u00f2ric<\/strong>.<\/p>\n<p class=\"fletxa_anterior\"><strong>El prop\u00f2sit del projecte TWISTER \u00e9s desenvolupar el primer prototip de refrigeraci\u00f3 twistocal\u00f2rica amb refrigerants de cautx\u00fa natural.<\/strong><\/p>\n<p class=\"fletxa_anterior\">Aquest prototip \u00e9s una versi\u00f3 millorada del nostre \u00faltim dispositiu elastocal\u00f2ric basat en cautx\u00fa natural, que actualment funciona en un entorn de laboratori.<\/p>\n<p class=\"fletxa_anterior\">El nostre nou prototip incorpora la torsi\u00f3 dels refrigerants i combina tant l&#8217;estirament uniaxial com la torsi\u00f3 per a maximitzar la pot\u00e8ncia de refrigeraci\u00f3 i refredar un circuit tancat d&#8217;aigua (o un l\u00edquid alternatiu). A banda, fa servir un sistema de recuperaci\u00f3 d\u2019energia.<\/p>\n<p class=\"fletxa_anterior\">Hem sol\u00b7licitat una patent europea EP25382371 (9 d\u2019abril de 2025).<\/p>\n<p>[\/et_pb_text][\/et_pb_column][\/et_pb_row][\/et_pb_section][et_pb_section fb_built=&#8221;1&#8243; _builder_version=&#8221;4.27.4&#8243; _module_preset=&#8221;default&#8221; use_background_color_gradient=&#8221;on&#8221; background_color_gradient_direction=&#8221;-90deg&#8221; background_color_gradient_stops=&#8221;rgba(188,134,27,0.44) 0%|rgba(64,127,137,0.41) 99%&#8221; background_color_gradient_overlays_image=&#8221;on&#8221; background_image=&#8221;https:\/\/www.ub.edu\/functionalmaterials\/wp-content\/uploads\/2025\/06\/foto-twister-contingut-retoc.jpg&#8221; background_position=&#8221;bottom_center&#8221; min_height=&#8221;45vh&#8221; global_colors_info=&#8221;{}&#8221;][et_pb_row _builder_version=&#8221;4.20.0&#8243; _module_preset=&#8221;default&#8221; global_colors_info=&#8221;{}&#8221;][et_pb_column type=&#8221;4_4&#8243; _builder_version=&#8221;4.20.0&#8243; _module_preset=&#8221;default&#8221; global_colors_info=&#8221;{}&#8221;][et_pb_text _builder_version=&#8221;4.20.0&#8243; _module_preset=&#8221;default&#8221; global_colors_info=&#8221;{}&#8221;][\/et_pb_text][\/et_pb_column][\/et_pb_row][\/et_pb_section][et_pb_section fb_built=&#8221;1&#8243; _builder_version=&#8221;4.20.4&#8243; _module_preset=&#8221;default&#8221; global_colors_info=&#8221;{}&#8221;][et_pb_row _builder_version=&#8221;4.20.4&#8243; _module_preset=&#8221;default&#8221; global_colors_info=&#8221;{}&#8221;][et_pb_column type=&#8221;4_4&#8243; _builder_version=&#8221;4.20.4&#8243; _module_preset=&#8221;default&#8221; global_colors_info=&#8221;{}&#8221;][et_pb_text module_class=&#8221;titular&#8221; _builder_version=&#8221;4.27.4&#8243; _module_preset=&#8221;default&#8221; text_text_color=&#8221;#BC861B&#8221; text_orientation=&#8221;center&#8221; global_colors_info=&#8221;{}&#8221;]<em> El projecte TWISTER pret\u00e9n aprofitar les propietats d&#8217;elongaci\u00f3 del cautx\u00fa per a crear un disseny de bescanviador de calor innovadora, rendible i simplificat que permeti una refrigeraci\u00f3 m\u00e9s eficient,<br \/>\ni aplicable al disseny de dispositius petits. <\/em>[\/et_pb_text][\/et_pb_column][\/et_pb_row][\/et_pb_section][et_pb_section fb_built=&#8221;1&#8243; _builder_version=&#8221;4.20.4&#8243; _module_preset=&#8221;default&#8221; background_color=&#8221;rgba(255,255,255,0)&#8221; custom_margin=&#8221;-150px||||false|false&#8221; global_colors_info=&#8221;{}&#8221;][et_pb_row column_structure=&#8221;1_3,1_3,1_3&#8243; custom_padding_last_edited=&#8221;on|tablet&#8221; _builder_version=&#8221;4.20.4&#8243; _module_preset=&#8221;default&#8221; custom_padding=&#8221;|80px||80px|false|false&#8221; custom_padding_tablet=&#8221;|80px||80px|false|false&#8221; custom_padding_phone=&#8221;|80px||80px|false|false&#8221; global_colors_info=&#8221;{}&#8221;][et_pb_column type=&#8221;1_3&#8243; _builder_version=&#8221;4.20.0&#8243; _module_preset=&#8221;default&#8221; global_colors_info=&#8221;{}&#8221;][et_pb_blurb image=&#8221;https:\/\/www.ub.edu\/functionalmaterials\/wp-content\/uploads\/2023\/04\/planeta-ico.svg&#8221; image_icon_width=&#8221;180px&#8221; module_class=&#8221;fons_color1&#8243; _builder_version=&#8221;4.27.4&#8243; _module_preset=&#8221;default&#8221; global_colors_info=&#8221;{}&#8221;]<\/p>\n<p class=\"fletxa_anterior\"><strong> TWISTER \u00e9s una soluci\u00f3 neta, basada en el cautx\u00fa, un material natural que no allibera gasos a l\u2019atmosfera. <\/strong><\/p>\n<p>[\/et_pb_blurb][\/et_pb_column][et_pb_column type=&#8221;1_3&#8243; _builder_version=&#8221;4.20.0&#8243; _module_preset=&#8221;default&#8221; global_colors_info=&#8221;{}&#8221;][et_pb_blurb image=&#8221;https:\/\/www.ub.edu\/functionalmaterials\/wp-content\/uploads\/2023\/05\/reciclatge-ico.svg&#8221; image_icon_width=&#8221;180px&#8221; module_class=&#8221;fons_color2&#8243; _builder_version=&#8221;4.27.4&#8243; _module_preset=&#8221;default&#8221; global_colors_info=&#8221;{}&#8221;]<\/p>\n<p class=\"fletxa_anterior\"><strong> L\u2019\u00fas del cautx\u00fa a TWISTER afavoreix l\u2019economia circular, minimitzant la generaci\u00f3 de residus. <\/strong><\/p>\n<p>[\/et_pb_blurb][\/et_pb_column][et_pb_column type=&#8221;1_3&#8243; _builder_version=&#8221;4.20.0&#8243; _module_preset=&#8221;default&#8221; global_colors_info=&#8221;{}&#8221;][et_pb_blurb image=&#8221;https:\/\/www.ub.edu\/functionalmaterials\/wp-content\/uploads\/2023\/04\/diners-ico.svg&#8221; image_icon_width=&#8221;180px&#8221; module_class=&#8221;fons_color3&#8243; _builder_version=&#8221;4.27.4&#8243; _module_preset=&#8221;default&#8221; global_colors_info=&#8221;{}&#8221;]<\/p>\n<p class=\"fletxa_anterior\"><strong> TWISTER augmenta l\u2019efici\u00e8ncia de refrigeraci\u00f3 gr\u00e0cies al mecanisme de recuperaci\u00f3 d\u2019energia. <\/strong><\/p>\n<p>[\/et_pb_blurb][\/et_pb_column][\/et_pb_row][\/et_pb_section][et_pb_section fb_built=&#8221;1&#8243; _builder_version=&#8221;4.20.4&#8243; _module_preset=&#8221;default&#8221; global_colors_info=&#8221;{}&#8221;][et_pb_row _builder_version=&#8221;4.20.4&#8243; _module_preset=&#8221;default&#8221; global_colors_info=&#8221;{}&#8221;][et_pb_column type=&#8221;4_4&#8243; _builder_version=&#8221;4.20.4&#8243; _module_preset=&#8221;default&#8221; global_colors_info=&#8221;{}&#8221;][et_pb_text module_class=&#8221;titular&#8221; _builder_version=&#8221;4.27.4&#8243; _module_preset=&#8221;default&#8221; global_colors_info=&#8221;{}&#8221;]<em> TWISTER \u00e9s una proposta d\u2019R+D pensada per a empreses l\u00edders que volen posicionar-se al capdavant de la transici\u00f3 cap a sistemes de refrigeraci\u00f3 i calefacci\u00f3 m\u00e9s sostenibles, integrant innovaci\u00f3 i responsabilitat ambiental en el seu model de negoci. <\/em>[\/et_pb_text][\/et_pb_column][\/et_pb_row][et_pb_row _builder_version=&#8221;4.20.4&#8243; _module_preset=&#8221;default&#8221; max_width=&#8221;800px&#8221; custom_margin=&#8221;||||false|false&#8221; custom_padding=&#8221;||||false|false&#8221; border_width_top=&#8221;1px&#8221; border_color_top=&#8221;#BC861B&#8221; border_width_bottom=&#8221;1px&#8221; border_color_bottom=&#8221;#BC861B&#8221; global_colors_info=&#8221;{}&#8221;][et_pb_column type=&#8221;4_4&#8243; _builder_version=&#8221;4.20.4&#8243; _module_preset=&#8221;default&#8221; global_colors_info=&#8221;{}&#8221;][et_pb_text module_class=&#8221;lletra_gran&#8221; _builder_version=&#8221;4.27.4&#8243; _module_preset=&#8221;default&#8221; text_orientation=&#8221;center&#8221; global_colors_info=&#8221;{}&#8221;]Si tens inter\u00e8s a con\u00e8ixer m\u00e9s detalls sobre el projecte TWISTER i la seva aplicaci\u00f3, envia un correu a<br \/>\n<strong><a href=\"mailto:fun%63tionalmat%65%72ials@ub.edu\">functionalmaterials@ub.edu<\/a><\/strong>[\/et_pb_text][et_pb_button button_url=&#8221;@ET-DC@eyJkeW5hbWljIjp0cnVlLCJjb250ZW50IjoicG9zdF9saW5rX3VybF9wYWdlIiwic2V0dGluZ3MiOnsicG9zdF9pZCI6IjI0NiJ9fQ==@&#8221; button_text=&#8221;Informaci\u00f3 de contacte&#8221; button_alignment=&#8221;center&#8221; _builder_version=&#8221;4.20.4&#8243; _dynamic_attributes=&#8221;button_url&#8221; _module_preset=&#8221;default&#8221; global_colors_info=&#8221;{}&#8221;][\/et_pb_button][\/et_pb_column][\/et_pb_row][\/et_pb_section][et_pb_section fb_built=&#8221;1&#8243; module_class=&#8221;membres_equip&#8221; _builder_version=&#8221;4.20.4&#8243; _module_preset=&#8221;default&#8221; custom_margin=&#8221;0px||||false|false&#8221; custom_padding=&#8221;0px||||false|false&#8221; global_colors_info=&#8221;{}&#8221;][et_pb_row _builder_version=&#8221;4.20.4&#8243; _module_preset=&#8221;default&#8221; custom_padding=&#8221;||0px||false|false&#8221; global_colors_info=&#8221;{}&#8221;][et_pb_column type=&#8221;4_4&#8243; _builder_version=&#8221;4.20.4&#8243; _module_preset=&#8221;default&#8221; global_colors_info=&#8221;{}&#8221;][et_pb_text module_class=&#8221;titular&#8221; _builder_version=&#8221;4.20.4&#8243; _module_preset=&#8221;default&#8221; custom_padding=&#8221;50px||||false|false&#8221; global_colors_info=&#8221;{}&#8221;]<\/p>\n<h2>Equip de projecte<\/h2>\n<p>[\/et_pb_text][\/et_pb_column][\/et_pb_row][et_pb_row column_structure=&#8221;1_5,1_5,1_5,1_5,1_5&#8243; _builder_version=&#8221;4.20.0&#8243; _module_preset=&#8221;default&#8221; global_colors_info=&#8221;{}&#8221;][et_pb_column type=&#8221;1_5&#8243; _builder_version=&#8221;4.20.0&#8243; _module_preset=&#8221;default&#8221; global_colors_info=&#8221;{}&#8221;][et_pb_team_member name=&#8221;Eduard Vives Santa-Eulalia&#8221; position=&#8221;Coordinador&#8221; image_url=&#8221;https:\/\/www.ub.edu\/functionalmaterials\/wp-content\/uploads\/2023\/04\/2023-eduard-vives-23318-S.jpg&#8221; module_class=&#8221;color1&#8243; _builder_version=&#8221;4.20.4&#8243; _module_preset=&#8221;default&#8221; global_colors_info=&#8221;{}&#8221;][\/et_pb_team_member][\/et_pb_column][et_pb_column type=&#8221;1_5&#8243; _builder_version=&#8221;4.20.0&#8243; _module_preset=&#8221;default&#8221; global_colors_info=&#8221;{}&#8221;][et_pb_team_member name=&#8221;Enric Stern Taulats&#8221; position=&#8221;Cient\u00edfic emprenedor&#8221; image_url=&#8221;https:\/\/www.ub.edu\/functionalmaterials\/wp-content\/uploads\/2023\/04\/2023-enric-stern-23318-S.jpg&#8221; module_class=&#8221;color2&#8243; _builder_version=&#8221;4.20.4&#8243; _module_preset=&#8221;default&#8221; global_colors_info=&#8221;{}&#8221;][\/et_pb_team_member][\/et_pb_column][et_pb_column type=&#8221;1_5&#8243; _builder_version=&#8221;4.20.0&#8243; _module_preset=&#8221;default&#8221; global_colors_info=&#8221;{}&#8221;][et_pb_team_member name=&#8221;Emma Vald\u00e9s Mart\u00edn&#8221; position=&#8221;Investigadora&#8221; image_url=&#8221;https:\/\/www.ub.edu\/functionalmaterials\/wp-content\/uploads\/2023\/04\/2023-emma-valdes-23318-S.jpg&#8221; module_class=&#8221;color3&#8243; _builder_version=&#8221;4.27.4&#8243; _module_preset=&#8221;default&#8221; global_colors_info=&#8221;{}&#8221;][\/et_pb_team_member][\/et_pb_column][et_pb_column type=&#8221;1_5&#8243; _builder_version=&#8221;4.27.4&#8243; _module_preset=&#8221;default&#8221; global_colors_info=&#8221;{}&#8221;][et_pb_team_member name=&#8221;Toni Vives Cabaleiro&#8221; position=&#8221;Enginyer&#8221; image_url=&#8221;https:\/\/www.ub.edu\/functionalmaterials\/wp-content\/uploads\/2023\/05\/toni-vives-foto.jpg&#8221; module_class=&#8221;color4&#8243; _builder_version=&#8221;4.27.4&#8243; _module_preset=&#8221;default&#8221; global_colors_info=&#8221;{}&#8221;][\/et_pb_team_member][\/et_pb_column][et_pb_column type=&#8221;1_5&#8243; _builder_version=&#8221;4.27.4&#8243; _module_preset=&#8221;default&#8221; global_colors_info=&#8221;{}&#8221;][et_pb_team_member name=&#8221;K\u00fcbra G\u00fcrpinar&#8221; position=&#8221;Investigadora&#8221; image_url=&#8221;https:\/\/www.ub.edu\/functionalmaterials\/wp-content\/uploads\/2023\/04\/2023-kubra-gurpinar-23318-S.jpg&#8221; module_class=&#8221;color4&#8243; _builder_version=&#8221;4.27.4&#8243; _module_preset=&#8221;default&#8221; global_colors_info=&#8221;{}&#8221;][\/et_pb_team_member][\/et_pb_column][\/et_pb_row][et_pb_row _builder_version=&#8221;4.20.4&#8243; _module_preset=&#8221;default&#8221; custom_padding=&#8221;||0px||false|false&#8221; global_colors_info=&#8221;{}&#8221;][et_pb_column type=&#8221;4_4&#8243; _builder_version=&#8221;4.20.4&#8243; _module_preset=&#8221;default&#8221; global_colors_info=&#8221;{}&#8221;][et_pb_text module_class=&#8221;titular&#8221; _builder_version=&#8221;4.27.4&#8243; _module_preset=&#8221;default&#8221; custom_padding=&#8221;50px||||false|false&#8221; global_colors_info=&#8221;{}&#8221;]<\/p>\n<h2>Col.laboracions<\/h2>\n<p>[\/et_pb_text][et_pb_text module_class=&#8221;ratlla_inferior&#8221; _builder_version=&#8221;4.27.4&#8243; _module_preset=&#8221;default&#8221; global_colors_info=&#8221;{}&#8221;]<\/p>\n<p class=\"p1\">Nicolas Candau (e-Plascom &#8211; UPC)<\/p>\n<p>[\/et_pb_text][\/et_pb_column][\/et_pb_row][\/et_pb_section][et_pb_section fb_built=&#8221;1&#8243; _builder_version=&#8221;4.20.0&#8243; _module_preset=&#8221;default&#8221; use_background_color_gradient=&#8221;on&#8221; background_color_gradient_direction=&#8221;-90deg&#8221; background_color_gradient_stops=&#8221;rgba(188,134,27,0.19) 0%|rgba(64,127,137,0.24) 97%&#8221; global_colors_info=&#8221;{}&#8221;][et_pb_row _builder_version=&#8221;4.20.0&#8243; _module_preset=&#8221;default&#8221; global_colors_info=&#8221;{}&#8221;][et_pb_column type=&#8221;4_4&#8243; _builder_version=&#8221;4.20.0&#8243; _module_preset=&#8221;default&#8221; global_colors_info=&#8221;{}&#8221;][et_pb_text module_class=&#8221;titular&#8221; _builder_version=&#8221;4.20.4&#8243; _module_preset=&#8221;default&#8221; custom_padding=&#8221;||0px||false|false&#8221; global_colors_info=&#8221;{}&#8221;]<\/p>\n<h2>Publicacions destacades<\/h2>\n<p>[\/et_pb_text][et_pb_text module_class=&#8221;lletra_gran&#8221; _builder_version=&#8221;4.27.4&#8243; _module_preset=&#8221;default&#8221; global_colors_info=&#8221;{}&#8221;]<\/p>\n<p class=\"fletxa_anterior\">Emma Vald\u00e9s, Enric Stern-Taulats,\u00a0Nicolas Candau, Llu\u00efs Ma\u00f1osa, Eduard Vives<i>. <\/i><i>Enhancement of the Elastocaloric\u00a0Performance of Natural Rubber by\u00a0Forced Air Convection.<br \/>\n<\/i>Polymers <b>16<\/b>, 3078 (2024)<br \/>\n<span class=\"s1\"><a href=\"https:\/\/www.mdpi.com\/2073-4360\/16\/21\/3078\">https:\/\/www.mdpi.com\/2073-4360\/16\/21\/3078<\/a><\/span><\/p>\n<p class=\"fletxa_anterior\">Nicolas Candau, Adele Zimmy, Eduard Vives, Maria Llu\u00efsa Maspoch <i>Elastocaloric Waste\/Natural Rubber Materials with Various Crosslink Densities<\/i><br \/>\nPolymers <b>15<\/b>, 2566 (2023)<br \/>\n<span class=\"s1\"><a href=\"https:\/\/www.mdpi.com\/2073-4360\/15\/11\/2566\">https:\/\/www.mdpi.com\/2073-4360\/15\/11\/2566<span class=\"s2\"><\/span><\/a><\/span><\/p>\n<p class=\"p3\">[\/et_pb_text][\/et_pb_column][\/et_pb_row][\/et_pb_section][et_pb_section fb_built=&#8221;1&#8243; _builder_version=&#8221;4.20.0&#8243; _module_preset=&#8221;default&#8221; global_colors_info=&#8221;{}&#8221;][et_pb_row _builder_version=&#8221;4.20.0&#8243; _module_preset=&#8221;default&#8221; global_colors_info=&#8221;{}&#8221;][et_pb_column type=&#8221;4_4&#8243; _builder_version=&#8221;4.20.0&#8243; _module_preset=&#8221;default&#8221; global_colors_info=&#8221;{}&#8221;][et_pb_text module_class=&#8221;titular&#8221; _builder_version=&#8221;4.20.4&#8243; _module_preset=&#8221;default&#8221; custom_padding=&#8221;||0px||false|false&#8221; global_colors_info=&#8221;{}&#8221;]<\/p>\n<p>Amb el suport de:<\/p>\n<p>[\/et_pb_text][et_pb_text _builder_version=&#8221;4.27.4&#8243; _module_preset=&#8221;default&#8221; text_orientation=&#8221;center&#8221; global_colors_info=&#8221;{}&#8221;]Projecte 2023 PROD 00071 finan\u00e7at per:[\/et_pb_text][\/et_pb_column][\/et_pb_row][et_pb_row module_class=&#8221;logos&#8221; _builder_version=&#8221;4.20.0&#8243; _module_preset=&#8221;default&#8221; custom_padding=&#8221;||||false|false&#8221; border_width_top=&#8221;2px&#8221; border_color_top=&#8221;#BC861B&#8221; border_width_bottom=&#8221;2px&#8221; border_color_bottom=&#8221;#BC861B&#8221; global_colors_info=&#8221;{}&#8221;][et_pb_column type=&#8221;4_4&#8243; _builder_version=&#8221;4.20.0&#8243; _module_preset=&#8221;default&#8221; global_colors_info=&#8221;{}&#8221;][et_pb_image src=&#8221;https:\/\/www.ub.edu\/functionalmaterials\/wp-content\/uploads\/2023\/04\/generalitat-catalunya-departament-recerca-universitats-logo.png&#8221; title_text=&#8221;generalitat-catalunya-departament-recerca-universitats-logo&#8221; _builder_version=&#8221;4.20.0&#8243; _module_preset=&#8221;default&#8221; max_width=&#8221;400px&#8221; module_alignment=&#8221;center&#8221; global_colors_info=&#8221;{}&#8221;][\/et_pb_image][et_pb_image src=&#8221;https:\/\/www.ub.edu\/functionalmaterials\/wp-content\/uploads\/2023\/04\/agencia-ajuts-universitaris-i-recerca-logo.png&#8221; title_text=&#8221;agencia-ajuts-universitaris-i-recerca-logo&#8221; _builder_version=&#8221;4.20.0&#8243; _module_preset=&#8221;default&#8221; max_width=&#8221;400px&#8221; module_alignment=&#8221;center&#8221; global_colors_info=&#8221;{}&#8221;][\/et_pb_image][et_pb_image src=&#8221;https:\/\/www.ub.edu\/functionalmaterials\/wp-content\/uploads\/2023\/04\/bosch-i-gimpera-logo.jpg&#8221; title_text=&#8221;bosch-i-gimpera-logo&#8221; _builder_version=&#8221;4.20.4&#8243; _module_preset=&#8221;default&#8221; max_width=&#8221;400px&#8221; module_alignment=&#8221;center&#8221; global_colors_info=&#8221;{}&#8221;][\/et_pb_image][\/et_pb_column][\/et_pb_row][\/et_pb_section]<\/p>\n","protected":false},"excerpt":{"rendered":"<p>La refrigeraci\u00f3 i la calefacci\u00f3 \u00e9s una necessitat b\u00e0sica, per\u00f2 el seu funcionament habitual \u2014i en constant auge\u2014 t\u00e9 un cost ambiental molt alt: l\u2019escalfament global del planeta \u00c9s per aix\u00f2 que la UE ha imposat una normativa estricta [Reglament UE n\u00fam. 517\/2014], per a eliminar progressivament l&#8217;\u00fas de gasos fluorats, causants de l\u2019efecte hivernacle. [&hellip;]<\/p>\n","protected":false},"author":1,"featured_media":0,"parent":0,"menu_order":0,"comment_status":"closed","ping_status":"closed","template":"","meta":{"_acf_changed":false,"_et_pb_use_builder":"on","_et_pb_old_content":"","_et_gb_content_width":"","inline_featured_image":false,"footnotes":""},"class_list":["post-1573","page","type-page","status-publish","hentry"],"acf":[],"yoast_head":"<!-- This site is optimized with the Yoast SEO plugin v27.4 - https:\/\/yoast.com\/product\/yoast-seo-wordpress\/ -->\n<title>PROD2023 TWISTER - Materials Funcionals i Transicions de Fase<\/title>\n<meta name=\"robots\" content=\"index, follow, max-snippet:-1, max-image-preview:large, max-video-preview:-1\" \/>\n<link rel=\"canonical\" href=\"https:\/\/www.ub.edu\/functionalmaterials\/prod2023-twister\/\" \/>\n<meta property=\"og:locale\" content=\"ca_ES\" \/>\n<meta property=\"og:type\" content=\"article\" \/>\n<meta property=\"og:title\" content=\"PROD2023 TWISTER - Materials Funcionals i Transicions de Fase\" \/>\n<meta property=\"og:description\" content=\"La refrigeraci\u00f3 i la calefacci\u00f3 \u00e9s una necessitat b\u00e0sica, per\u00f2 el seu funcionament habitual \u2014i en constant auge\u2014 t\u00e9 un cost ambiental molt alt: l\u2019escalfament global del planeta \u00c9s per aix\u00f2 que la UE ha imposat una normativa estricta [Reglament UE n\u00fam. 517\/2014], per a eliminar progressivament l&#039;\u00fas de gasos fluorats, causants de l\u2019efecte hivernacle. [&hellip;]\" \/>\n<meta property=\"og:url\" content=\"https:\/\/www.ub.edu\/functionalmaterials\/prod2023-twister\/\" \/>\n<meta property=\"og:site_name\" content=\"Materials Funcionals i Transicions de Fase\" \/>\n<meta property=\"article:modified_time\" content=\"2025-07-14T09:48:24+00:00\" \/>\n<meta name=\"twitter:card\" content=\"summary_large_image\" \/>\n<meta name=\"twitter:label1\" content=\"Temps estimat de lectura\" \/>\n\t<meta name=\"twitter:data1\" content=\"7 minuts\" \/>\n<script type=\"application\/ld+json\" class=\"yoast-schema-graph\">{\"@context\":\"https:\\\/\\\/schema.org\",\"@graph\":[{\"@type\":\"WebPage\",\"@id\":\"https:\\\/\\\/www.ub.edu\\\/functionalmaterials\\\/prod2023-twister\\\/\",\"url\":\"https:\\\/\\\/www.ub.edu\\\/functionalmaterials\\\/prod2023-twister\\\/\",\"name\":\"PROD2023 TWISTER - Materials Funcionals i Transicions de Fase\",\"isPartOf\":{\"@id\":\"https:\\\/\\\/www.ub.edu\\\/functionalmaterials\\\/#website\"},\"datePublished\":\"2025-06-28T10:36:44+00:00\",\"dateModified\":\"2025-07-14T09:48:24+00:00\",\"breadcrumb\":{\"@id\":\"https:\\\/\\\/www.ub.edu\\\/functionalmaterials\\\/prod2023-twister\\\/#breadcrumb\"},\"inLanguage\":\"ca\",\"potentialAction\":[{\"@type\":\"ReadAction\",\"target\":[\"https:\\\/\\\/www.ub.edu\\\/functionalmaterials\\\/prod2023-twister\\\/\"]}]},{\"@type\":\"BreadcrumbList\",\"@id\":\"https:\\\/\\\/www.ub.edu\\\/functionalmaterials\\\/prod2023-twister\\\/#breadcrumb\",\"itemListElement\":[{\"@type\":\"ListItem\",\"position\":1,\"name\":\"Inici\",\"item\":\"https:\\\/\\\/www.ub.edu\\\/functionalmaterials\\\/\"},{\"@type\":\"ListItem\",\"position\":2,\"name\":\"PROD2023 TWISTER\"}]},{\"@type\":\"WebSite\",\"@id\":\"https:\\\/\\\/www.ub.edu\\\/functionalmaterials\\\/#website\",\"url\":\"https:\\\/\\\/www.ub.edu\\\/functionalmaterials\\\/\",\"name\":\"Materials funcionals i trancicions de fase\",\"description\":\"Grup d&#039;investigaci\u00f3 de la UB\",\"publisher\":{\"@id\":\"https:\\\/\\\/www.ub.edu\\\/functionalmaterials\\\/#organization\"},\"potentialAction\":[{\"@type\":\"SearchAction\",\"target\":{\"@type\":\"EntryPoint\",\"urlTemplate\":\"https:\\\/\\\/www.ub.edu\\\/functionalmaterials\\\/?s={search_term_string}\"},\"query-input\":{\"@type\":\"PropertyValueSpecification\",\"valueRequired\":true,\"valueName\":\"search_term_string\"}}],\"inLanguage\":\"ca\"},{\"@type\":\"Organization\",\"@id\":\"https:\\\/\\\/www.ub.edu\\\/functionalmaterials\\\/#organization\",\"name\":\"Materials funcionals i trancicions de fase\",\"url\":\"https:\\\/\\\/www.ub.edu\\\/functionalmaterials\\\/\",\"logo\":{\"@type\":\"ImageObject\",\"inLanguage\":\"ca\",\"@id\":\"https:\\\/\\\/www.ub.edu\\\/functionalmaterials\\\/#\\\/schema\\\/logo\\\/image\\\/\",\"url\":\"https:\\\/\\\/www.ub.edu\\\/functionalmaterials\\\/wp-content\\\/uploads\\\/2023\\\/05\\\/favicon.png\",\"contentUrl\":\"https:\\\/\\\/www.ub.edu\\\/functionalmaterials\\\/wp-content\\\/uploads\\\/2023\\\/05\\\/favicon.png\",\"width\":250,\"height\":291,\"caption\":\"Materials funcionals i trancicions de fase\"},\"image\":{\"@id\":\"https:\\\/\\\/www.ub.edu\\\/functionalmaterials\\\/#\\\/schema\\\/logo\\\/image\\\/\"}}]}<\/script>\n<!-- \/ Yoast SEO plugin. -->","yoast_head_json":{"title":"PROD2023 TWISTER - Materials Funcionals i Transicions de Fase","robots":{"index":"index","follow":"follow","max-snippet":"max-snippet:-1","max-image-preview":"max-image-preview:large","max-video-preview":"max-video-preview:-1"},"canonical":"https:\/\/www.ub.edu\/functionalmaterials\/prod2023-twister\/","og_locale":"ca_ES","og_type":"article","og_title":"PROD2023 TWISTER - Materials Funcionals i Transicions de Fase","og_description":"La refrigeraci\u00f3 i la calefacci\u00f3 \u00e9s una necessitat b\u00e0sica, per\u00f2 el seu funcionament habitual \u2014i en constant auge\u2014 t\u00e9 un cost ambiental molt alt: l\u2019escalfament global del planeta \u00c9s per aix\u00f2 que la UE ha imposat una normativa estricta [Reglament UE n\u00fam. 517\/2014], per a eliminar progressivament l'\u00fas de gasos fluorats, causants de l\u2019efecte hivernacle. [&hellip;]","og_url":"https:\/\/www.ub.edu\/functionalmaterials\/prod2023-twister\/","og_site_name":"Materials Funcionals i Transicions de Fase","article_modified_time":"2025-07-14T09:48:24+00:00","twitter_card":"summary_large_image","twitter_misc":{"Temps estimat de lectura":"7 minuts"},"schema":{"@context":"https:\/\/schema.org","@graph":[{"@type":"WebPage","@id":"https:\/\/www.ub.edu\/functionalmaterials\/prod2023-twister\/","url":"https:\/\/www.ub.edu\/functionalmaterials\/prod2023-twister\/","name":"PROD2023 TWISTER - Materials Funcionals i Transicions de Fase","isPartOf":{"@id":"https:\/\/www.ub.edu\/functionalmaterials\/#website"},"datePublished":"2025-06-28T10:36:44+00:00","dateModified":"2025-07-14T09:48:24+00:00","breadcrumb":{"@id":"https:\/\/www.ub.edu\/functionalmaterials\/prod2023-twister\/#breadcrumb"},"inLanguage":"ca","potentialAction":[{"@type":"ReadAction","target":["https:\/\/www.ub.edu\/functionalmaterials\/prod2023-twister\/"]}]},{"@type":"BreadcrumbList","@id":"https:\/\/www.ub.edu\/functionalmaterials\/prod2023-twister\/#breadcrumb","itemListElement":[{"@type":"ListItem","position":1,"name":"Inici","item":"https:\/\/www.ub.edu\/functionalmaterials\/"},{"@type":"ListItem","position":2,"name":"PROD2023 TWISTER"}]},{"@type":"WebSite","@id":"https:\/\/www.ub.edu\/functionalmaterials\/#website","url":"https:\/\/www.ub.edu\/functionalmaterials\/","name":"Materials funcionals i trancicions de fase","description":"Grup d&#039;investigaci\u00f3 de la UB","publisher":{"@id":"https:\/\/www.ub.edu\/functionalmaterials\/#organization"},"potentialAction":[{"@type":"SearchAction","target":{"@type":"EntryPoint","urlTemplate":"https:\/\/www.ub.edu\/functionalmaterials\/?s={search_term_string}"},"query-input":{"@type":"PropertyValueSpecification","valueRequired":true,"valueName":"search_term_string"}}],"inLanguage":"ca"},{"@type":"Organization","@id":"https:\/\/www.ub.edu\/functionalmaterials\/#organization","name":"Materials funcionals i trancicions de fase","url":"https:\/\/www.ub.edu\/functionalmaterials\/","logo":{"@type":"ImageObject","inLanguage":"ca","@id":"https:\/\/www.ub.edu\/functionalmaterials\/#\/schema\/logo\/image\/","url":"https:\/\/www.ub.edu\/functionalmaterials\/wp-content\/uploads\/2023\/05\/favicon.png","contentUrl":"https:\/\/www.ub.edu\/functionalmaterials\/wp-content\/uploads\/2023\/05\/favicon.png","width":250,"height":291,"caption":"Materials funcionals i trancicions de fase"},"image":{"@id":"https:\/\/www.ub.edu\/functionalmaterials\/#\/schema\/logo\/image\/"}}]}},"_links":{"self":[{"href":"https:\/\/www.ub.edu\/functionalmaterials\/wp-json\/wp\/v2\/pages\/1573","targetHints":{"allow":["GET"]}}],"collection":[{"href":"https:\/\/www.ub.edu\/functionalmaterials\/wp-json\/wp\/v2\/pages"}],"about":[{"href":"https:\/\/www.ub.edu\/functionalmaterials\/wp-json\/wp\/v2\/types\/page"}],"author":[{"embeddable":true,"href":"https:\/\/www.ub.edu\/functionalmaterials\/wp-json\/wp\/v2\/users\/1"}],"replies":[{"embeddable":true,"href":"https:\/\/www.ub.edu\/functionalmaterials\/wp-json\/wp\/v2\/comments?post=1573"}],"version-history":[{"count":11,"href":"https:\/\/www.ub.edu\/functionalmaterials\/wp-json\/wp\/v2\/pages\/1573\/revisions"}],"predecessor-version":[{"id":1610,"href":"https:\/\/www.ub.edu\/functionalmaterials\/wp-json\/wp\/v2\/pages\/1573\/revisions\/1610"}],"wp:attachment":[{"href":"https:\/\/www.ub.edu\/functionalmaterials\/wp-json\/wp\/v2\/media?parent=1573"}],"curies":[{"name":"wp","href":"https:\/\/api.w.org\/{rel}","templated":true}]}}