{"id":295,"date":"2023-04-30T17:55:05","date_gmt":"2023-04-30T15:55:05","guid":{"rendered":"https:\/\/www.ub.edu\/functionalmaterials\/?page_id=295"},"modified":"2023-09-15T12:46:18","modified_gmt":"2023-09-15T10:46:18","slug":"ted-rubcool","status":"publish","type":"page","link":"https:\/\/www.ub.edu\/functionalmaterials\/ted-rubcool\/","title":{"rendered":"TED2021 RUBCOOL"},"content":{"rendered":"<p>[et_pb_section fb_built=&#8221;1&#8243; fullwidth=&#8221;on&#8221; _builder_version=&#8221;4.20.4&#8243; _module_preset=&#8221;default&#8221; global_colors_info=&#8221;{}&#8221;][et_pb_fullwidth_header title=&#8221;TED RUBCOOL&#8221; subhead=&#8221;Mechanocaloric refrigerators based on natural rubber (RUBCOOL)&#8221; _builder_version=&#8221;4.20.4&#8243; _module_preset=&#8221;default&#8221; title_font=&#8221;|700|||||||&#8221; title_font_size=&#8221;60px&#8221; subhead_font=&#8221;|300|||||||&#8221; subhead_font_size=&#8221;60px&#8221; subhead_line_height=&#8221;1.1em&#8221; use_background_color_gradient=&#8221;on&#8221; background_color_gradient_type=&#8221;circular&#8221; background_color_gradient_direction_radial=&#8221;top left&#8221; background_color_gradient_stops=&#8221;rgba(11,84,105,0.73) 0%|rgba(51,18,35,0.69) 32%|rgba(163,140,98,0.69) 56%|rgba(5,154,178,0.66) 87%&#8221; background_color_gradient_overlays_image=&#8221;on&#8221; background_image=&#8221;https:\/\/www.ub.edu\/functionalmaterials\/wp-content\/uploads\/2023\/04\/TED-RUBCOOL-capcalera.webp&#8221; min_height=&#8221;50vh&#8221; custom_padding=&#8221;15vh||15vh||false|false&#8221; custom_css_header_container=&#8221;||&#8221; custom_css_title=&#8221;max-width:40%;&#8221; custom_css_subtitle=&#8221;max-width:70%;&#8221; global_colors_info=&#8221;{}&#8221; custom_css_header_container_last_edited=&#8221;on|desktop&#8221; custom_css_title_last_edited=&#8221;on|phone&#8221; custom_css_title_tablet=&#8221;max-width:80%;&#8221; custom_css_title_phone=&#8221;max-width:100%;&#8221; custom_css_header_container_tablet=&#8221;||&#8221; custom_css_header_container_phone=&#8221;||&#8221;][\/et_pb_fullwidth_header][\/et_pb_section][et_pb_section fb_built=&#8221;1&#8243; _builder_version=&#8221;4.20.4&#8243; _module_preset=&#8221;default&#8221; global_colors_info=&#8221;{}&#8221;][et_pb_row _builder_version=&#8221;4.20.4&#8243; _module_preset=&#8221;default&#8221; global_colors_info=&#8221;{}&#8221;][et_pb_column type=&#8221;4_4&#8243; _builder_version=&#8221;4.20.4&#8243; _module_preset=&#8221;default&#8221; global_colors_info=&#8221;{}&#8221;][et_pb_text module_class=&#8221;lletra_gran&#8221; _builder_version=&#8221;4.20.4&#8243; _module_preset=&#8221;default&#8221; global_colors_info=&#8221;{}&#8221;]<\/p>\n<p class=\"fletxa_anterior\">La refrigeraci\u00f3 \u00e9s clau per al nostre estil de vida modern. S\u2019utilitza tant en l&#8217;\u00e0mbit dom\u00e8stic com industrial, des de la conservaci\u00f3 d&#8217;aliments i medicaments o la refrigeraci\u00f3 de centres de dades fins a la refrigeraci\u00f3 del transport i dels edificis.<\/p>\n<p class=\"fletxa_anterior\">Al voltant del 80% dels refrigeradors fa \u00fas del cicle de compressi\u00f3 de vapor (VCC), suposen un 15% del consum mundial d&#8217;electricitat i originen el 8% de les emissions totals d&#8217;efecte hivernacle.<\/p>\n<p class=\"fletxa_anterior\"><strong>La substituci\u00f3 d&#8217;aquests refrigerants nocius podria reduir les emissions d&#8217;efecte hivernacle en un 3%, amb un impacte directe positiu en el medi ambient.<\/strong><\/p>\n<p>[\/et_pb_text][\/et_pb_column][\/et_pb_row][\/et_pb_section][et_pb_section fb_built=&#8221;1&#8243; _builder_version=&#8221;4.20.4&#8243; _module_preset=&#8221;default&#8221; use_background_color_gradient=&#8221;on&#8221; background_color_gradient_direction=&#8221;90deg&#8221; background_color_gradient_stops=&#8221;rgba(188,134,27,0.44) 0%|rgba(64,127,137,0.41) 99%&#8221; background_color_gradient_overlays_image=&#8221;on&#8221; background_image=&#8221;https:\/\/www.ub.edu\/functionalmaterials\/wp-content\/uploads\/2023\/04\/TED-RUBCOOL-imatge2.webp&#8221; min_height=&#8221;45vh&#8221; global_colors_info=&#8221;{}&#8221;][et_pb_row _builder_version=&#8221;4.20.0&#8243; _module_preset=&#8221;default&#8221; global_colors_info=&#8221;{}&#8221;][et_pb_column type=&#8221;4_4&#8243; _builder_version=&#8221;4.20.0&#8243; _module_preset=&#8221;default&#8221; global_colors_info=&#8221;{}&#8221;][et_pb_text _builder_version=&#8221;4.20.0&#8243; _module_preset=&#8221;default&#8221; global_colors_info=&#8221;{}&#8221;][\/et_pb_text][\/et_pb_column][\/et_pb_row][\/et_pb_section][et_pb_section fb_built=&#8221;1&#8243; _builder_version=&#8221;4.20.0&#8243; _module_preset=&#8221;default&#8221; use_background_color_gradient=&#8221;on&#8221; background_color_gradient_direction=&#8221;-90deg&#8221; background_color_gradient_stops=&#8221;rgba(188,134,27,0.19) 0%|rgba(64,127,137,0.24) 97%&#8221; global_colors_info=&#8221;{}&#8221;][et_pb_row _builder_version=&#8221;4.20.0&#8243; _module_preset=&#8221;default&#8221; global_colors_info=&#8221;{}&#8221;][et_pb_column type=&#8221;4_4&#8243; _builder_version=&#8221;4.20.0&#8243; _module_preset=&#8221;default&#8221; global_colors_info=&#8221;{}&#8221;][et_pb_text module_class=&#8221;lletra_gran&#8221; _builder_version=&#8221;4.20.4&#8243; _module_preset=&#8221;default&#8221; global_colors_info=&#8221;{}&#8221;]<\/p>\n<p class=\"fletxa_anterior\">El problema de mantenir el nostre planeta fresc sense augmentar les emissions d&#8217;efecte hivernacle suposa un repte extraordinari.<\/p>\n<p class=\"fletxa_anterior\">Si b\u00e9 ja s&#8217;utilitzen gasos de baix GWP, com l&#8217;amon\u00edac cl\u00e0ssic, el di\u00f2xid de carboni o les hidrofluoroolefines (HFO) de nova s\u00edntesi, aquests plantegen la necessitat urgent de desenvolupar nous materials i tecnologies ecol\u00f2gics a causa dels nous problemes que presenten, com la seva inflamabilitat, toxicitat o les altes pressions operatives.\n<\/p>\n<p>[\/et_pb_text][\/et_pb_column][\/et_pb_row][\/et_pb_section][et_pb_section fb_built=&#8221;1&#8243; _builder_version=&#8221;4.20.4&#8243; _module_preset=&#8221;default&#8221; global_colors_info=&#8221;{}&#8221;][et_pb_row _builder_version=&#8221;4.20.4&#8243; _module_preset=&#8221;default&#8221; global_colors_info=&#8221;{}&#8221;][et_pb_column type=&#8221;4_4&#8243; _builder_version=&#8221;4.20.4&#8243; _module_preset=&#8221;default&#8221; global_colors_info=&#8221;{}&#8221;][et_pb_text module_class=&#8221;titular&#8221; _builder_version=&#8221;4.20.4&#8243; _module_preset=&#8221;default&#8221; global_colors_info=&#8221;{}&#8221;]<\/p>\n<p>Els efectes cal\u00f2rics que es produeixen en s\u00f2lids es consideren entre les alternatives verdes m\u00e9s prometedores. El repte implica la cerca de materials amb transicions de fase amb una gran calor latent per a efectes cal\u00f2rics gegants (i colossals).<\/p>\n<p>[\/et_pb_text][\/et_pb_column][\/et_pb_row][\/et_pb_section][et_pb_section fb_built=&#8221;1&#8243; _builder_version=&#8221;4.20.4&#8243; _module_preset=&#8221;default&#8221; use_background_color_gradient=&#8221;on&#8221; background_color_gradient_direction=&#8221;90deg&#8221; background_color_gradient_stops=&#8221;rgba(188,134,27,0.44) 0%|rgba(64,127,137,0.41) 99%&#8221; background_color_gradient_overlays_image=&#8221;on&#8221; background_image=&#8221;https:\/\/www.ub.edu\/functionalmaterials\/wp-content\/uploads\/2023\/04\/TED-RUBCOOL-imatge3.webp&#8221; min_height=&#8221;45vh&#8221; global_colors_info=&#8221;{}&#8221;][et_pb_row _builder_version=&#8221;4.20.0&#8243; _module_preset=&#8221;default&#8221; global_colors_info=&#8221;{}&#8221;][et_pb_column type=&#8221;4_4&#8243; _builder_version=&#8221;4.20.0&#8243; _module_preset=&#8221;default&#8221; global_colors_info=&#8221;{}&#8221;][et_pb_text _builder_version=&#8221;4.20.0&#8243; _module_preset=&#8221;default&#8221; global_colors_info=&#8221;{}&#8221;][\/et_pb_text][\/et_pb_column][\/et_pb_row][\/et_pb_section][et_pb_section fb_built=&#8221;1&#8243; _builder_version=&#8221;4.20.4&#8243; _module_preset=&#8221;default&#8221; global_colors_info=&#8221;{}&#8221;][et_pb_row _builder_version=&#8221;4.20.4&#8243; _module_preset=&#8221;default&#8221; global_colors_info=&#8221;{}&#8221;][et_pb_column type=&#8221;4_4&#8243; _builder_version=&#8221;4.20.4&#8243; _module_preset=&#8221;default&#8221; global_colors_info=&#8221;{}&#8221;][et_pb_text module_class=&#8221;lletra_gran&#8221; _builder_version=&#8221;4.20.4&#8243; _module_preset=&#8221;default&#8221; global_colors_info=&#8221;{}&#8221;]<\/p>\n<p class=\"fletxa_anterior\"><strong>Les propietats cal\u00f2riques del cautx\u00fa es coneixen des de fa molts anys<\/strong>. Contr\u00e0riament a la majoria dels materials cal\u00f2rics, el cautx\u00fa \u00e9s deformable amb forces petites, barat i pot ser de base biol\u00f2gica. Podria solucionar simult\u00e0niament alguns dels principals problemes d&#8217;enginyeria i sostenibilitat de la refrigeraci\u00f3 artificial.<\/p>\n<p class=\"fletxa_anterior\">Donada la urg\u00e8ncia imposada pel canvi clim\u00e0tic, cal augmentar els esfor\u00e7os per desenvolupar una prova de concepte que converteixi en realitat les prestacions promeses en aplicacions de refrigeraci\u00f3 m\u00e9s respectuoses amb el medi ambient.<\/p>\n<p>[\/et_pb_text][\/et_pb_column][\/et_pb_row][\/et_pb_section][et_pb_section fb_built=&#8221;1&#8243; _builder_version=&#8221;4.20.4&#8243; _module_preset=&#8221;default&#8221; global_colors_info=&#8221;{}&#8221;][et_pb_row _builder_version=&#8221;4.20.4&#8243; _module_preset=&#8221;default&#8221; global_colors_info=&#8221;{}&#8221;][et_pb_column type=&#8221;4_4&#8243; _builder_version=&#8221;4.20.4&#8243; _module_preset=&#8221;default&#8221; global_colors_info=&#8221;{}&#8221;][et_pb_text module_class=&#8221;titular&#8221; _builder_version=&#8221;4.20.4&#8243; _module_preset=&#8221;default&#8221; text_text_color=&#8221;#BC861B&#8221; text_orientation=&#8221;center&#8221; global_colors_info=&#8221;{}&#8221;]L\u2019objectiu del projecte TED RUBCOOL\u00a0\u00e9s dissenyar i construir dos prototips basats en els efectes elastocal\u00f2rics (EC) i barocal\u00f2rics (BC), aix\u00ed com optimitzar el rendiment del cautx\u00fa com a refrigerant.[\/et_pb_text][\/et_pb_column][\/et_pb_row][\/et_pb_section][et_pb_section fb_built=&#8221;1&#8243; _builder_version=&#8221;4.20.4&#8243; _module_preset=&#8221;default&#8221; use_background_color_gradient=&#8221;on&#8221; background_color_gradient_direction=&#8221;-90deg&#8221; background_color_gradient_stops=&#8221;rgba(188,134,27,0.44) 0%|rgba(64,127,137,0.41) 99%&#8221; background_color_gradient_overlays_image=&#8221;on&#8221; background_image=&#8221;https:\/\/www.ub.edu\/functionalmaterials\/wp-content\/uploads\/2023\/04\/TED-RUBCOOL-imatge4.webp&#8221; background_position=&#8221;top_center&#8221; min_height=&#8221;50vh&#8221; global_colors_info=&#8221;{}&#8221;][et_pb_row _builder_version=&#8221;4.20.0&#8243; _module_preset=&#8221;default&#8221; global_colors_info=&#8221;{}&#8221;][et_pb_column type=&#8221;4_4&#8243; _builder_version=&#8221;4.20.0&#8243; _module_preset=&#8221;default&#8221; global_colors_info=&#8221;{}&#8221;][et_pb_text _builder_version=&#8221;4.20.0&#8243; _module_preset=&#8221;default&#8221; global_colors_info=&#8221;{}&#8221;][\/et_pb_text][\/et_pb_column][\/et_pb_row][\/et_pb_section][et_pb_section fb_built=&#8221;1&#8243; _builder_version=&#8221;4.20.4&#8243; _module_preset=&#8221;default&#8221; global_colors_info=&#8221;{}&#8221;][et_pb_row _builder_version=&#8221;4.20.4&#8243; _module_preset=&#8221;default&#8221; global_colors_info=&#8221;{}&#8221;][et_pb_column type=&#8221;4_4&#8243; _builder_version=&#8221;4.20.4&#8243; _module_preset=&#8221;default&#8221; global_colors_info=&#8221;{}&#8221;][et_pb_text module_class=&#8221;lletra_gran&#8221; _builder_version=&#8221;4.20.4&#8243; _module_preset=&#8221;default&#8221; global_colors_info=&#8221;{}&#8221;]<\/p>\n<p>TED RUBCOOL\u00a0\u00e9s un projecte coordinat entre dos grups d\u2019investigaci\u00f3 de la UPC i un de la UB:<\/p>\n<ul>\n<li><a href=\"https:\/\/gcm.upc.edu\/en\" target=\"_blank\" rel=\"noopener\">Grup de Caracteritzaci\u00f3 de Materials &#8211; GCM (UPC)<\/a>\n<\/li>\n<li><a href=\"https:\/\/futur.upc.edu\/e-PLASCOM\" target=\"_blank\" rel=\"noopener\">e-Plascom &#8211; Pl\u00e0stics i Comp\u00f2sits Ecol\u00f2gics (UPC)<\/a>\n<\/li>\n<li>Grup Materials Funcionals i Transicions de Fase (UB)<\/li>\n<\/ul>\n<p>[\/et_pb_text][\/et_pb_column][\/et_pb_row][\/et_pb_section][et_pb_section fb_built=&#8221;1&#8243; _builder_version=&#8221;4.20.4&#8243; _module_preset=&#8221;default&#8221; use_background_color_gradient=&#8221;on&#8221; background_color_gradient_direction=&#8221;-90deg&#8221; background_color_gradient_stops=&#8221;rgba(188,134,27,0.19) 0%|rgba(64,127,137,0.24) 97%&#8221; custom_padding=&#8221;||150px||false|false&#8221; global_colors_info=&#8221;{}&#8221;][et_pb_row _builder_version=&#8221;4.20.0&#8243; _module_preset=&#8221;default&#8221; global_colors_info=&#8221;{}&#8221;][et_pb_column type=&#8221;4_4&#8243; _builder_version=&#8221;4.20.0&#8243; _module_preset=&#8221;default&#8221; global_colors_info=&#8221;{}&#8221;][et_pb_text module_class=&#8221;lletra_gran&#8221; _builder_version=&#8221;4.20.4&#8243; _module_preset=&#8221;default&#8221; global_colors_info=&#8221;{}&#8221;]<\/p>\n<p class=\"fletxa_anterior\"><strong>L&#8217;objectiu general del projecte \u00e9s fer passos importants per al desenvolupament de tecnologies alternatives al cicle de compressi\u00f3 de vapor, que siguin m\u00e9s eficients i evitin l&#8217;\u00fas de fluids de gran GWP.<\/strong><\/p>\n<p class=\"fletxa_anterior\">Es pret\u00e9n dissenyar i construir dispositius per refredar des de la temperatura ambient basats en l&#8217;efecte barocal\u00f2ric i elastocal\u00f2ric utilitzant cautx\u00fa natural o derivats com a refrigerants d&#8217;estat s\u00f2lid.<\/p>\n<p>[\/et_pb_text][\/et_pb_column][\/et_pb_row][\/et_pb_section][et_pb_section fb_built=&#8221;1&#8243; _builder_version=&#8221;4.20.4&#8243; _module_preset=&#8221;default&#8221; global_colors_info=&#8221;{}&#8221;][et_pb_row _builder_version=&#8221;4.20.4&#8243; _module_preset=&#8221;default&#8221; global_colors_info=&#8221;{}&#8221;][et_pb_column type=&#8221;4_4&#8243; _builder_version=&#8221;4.20.4&#8243; _module_preset=&#8221;default&#8221; global_colors_info=&#8221;{}&#8221;][et_pb_text module_class=&#8221;titular&#8221; _builder_version=&#8221;4.20.4&#8243; _module_preset=&#8221;default&#8221; text_text_color=&#8221;#BC861B&#8221; text_orientation=&#8221;center&#8221; global_colors_info=&#8221;{}&#8221;]L\u2019objectiu del grup d\u2019investigaci\u00f3 Materials Funcionals i Transicions de Fase \u00e9s el disseny i la construcci\u00f3 del  prototip EC basat en cautx\u00fa.[\/et_pb_text][et_pb_image src=&#8221;https:\/\/www.ub.edu\/functionalmaterials\/wp-content\/uploads\/2023\/04\/IMG_TEDRUBCOOL-prototip.jpg&#8221; title_text=&#8221;IMG_TEDRUBCOOL-prototip&#8221; _builder_version=&#8221;4.20.4&#8243; _module_preset=&#8221;default&#8221; global_colors_info=&#8221;{}&#8221;][\/et_pb_image][\/et_pb_column][\/et_pb_row][\/et_pb_section][et_pb_section fb_built=&#8221;1&#8243; _builder_version=&#8221;4.20.4&#8243; _module_preset=&#8221;default&#8221; use_background_color_gradient=&#8221;on&#8221; background_color_gradient_direction=&#8221;-90deg&#8221; background_color_gradient_stops=&#8221;rgba(188,134,27,0.19) 0%|rgba(64,127,137,0.24) 97%&#8221; custom_padding=&#8221;||150px||false|false&#8221; global_colors_info=&#8221;{}&#8221;][et_pb_row _builder_version=&#8221;4.20.0&#8243; _module_preset=&#8221;default&#8221; global_colors_info=&#8221;{}&#8221;][et_pb_column type=&#8221;4_4&#8243; _builder_version=&#8221;4.20.0&#8243; _module_preset=&#8221;default&#8221; global_colors_info=&#8221;{}&#8221;][et_pb_text module_class=&#8221;lletra_gran&#8221; _builder_version=&#8221;4.20.4&#8243; _module_preset=&#8221;default&#8221; text_orientation=&#8221;center&#8221; global_colors_info=&#8221;{}&#8221;]<\/p>\n<p>La consecuci\u00f3 d&#8217;aquest projecte \u00e9s clau cap a la substituci\u00f3 de tecnologies utilitzades en milers de milions de dispositius a tot el m\u00f3n que contribueixen significativament a les emissions globals d&#8217;efecte hivernacle.<\/p>\n<p><strong>El potencial impacte social d&#8217;aquest projecte engloba beneficis que van des de la salut fins al benestar en l\u2019\u00e0mbit individual, aix\u00ed com la preservaci\u00f3 de societats i ecosistemes.<\/strong><\/p>\n<p>[\/et_pb_text][\/et_pb_column][\/et_pb_row][\/et_pb_section][et_pb_section fb_built=&#8221;1&#8243; _builder_version=&#8221;4.20.4&#8243; _module_preset=&#8221;default&#8221; background_color=&#8221;rgba(255,255,255,0)&#8221; custom_margin=&#8221;-150px||||false|false&#8221; global_colors_info=&#8221;{}&#8221;][et_pb_row column_structure=&#8221;1_3,1_3,1_3&#8243; custom_padding_last_edited=&#8221;on|tablet&#8221; _builder_version=&#8221;4.20.4&#8243; _module_preset=&#8221;default&#8221; custom_padding=&#8221;|80px||80px|false|false&#8221; custom_padding_tablet=&#8221;|80px||80px|false|false&#8221; custom_padding_phone=&#8221;|80px||80px|false|false&#8221; global_colors_info=&#8221;{}&#8221;][et_pb_column type=&#8221;1_3&#8243; _builder_version=&#8221;4.20.0&#8243; _module_preset=&#8221;default&#8221; global_colors_info=&#8221;{}&#8221;][et_pb_blurb image=&#8221;https:\/\/www.ub.edu\/functionalmaterials\/wp-content\/uploads\/2023\/05\/sol-neu-ico.svg&#8221; image_icon_width=&#8221;180px&#8221; module_class=&#8221;fons_color4&#8243; _builder_version=&#8221;4.20.4&#8243; _module_preset=&#8221;default&#8221; global_colors_info=&#8221;{}&#8221;]<\/p>\n<p class=\"fletxa_anterior\"><strong> Millor acc\u00e9s a llarg termini a una refrigeraci\u00f3 eficient, i a una millor qualitat de vida. <\/strong><\/p>\n<p>[\/et_pb_blurb][\/et_pb_column][et_pb_column type=&#8221;1_3&#8243; _builder_version=&#8221;4.20.0&#8243; _module_preset=&#8221;default&#8221; global_colors_info=&#8221;{}&#8221;][et_pb_blurb image=&#8221;https:\/\/www.ub.edu\/functionalmaterials\/wp-content\/uploads\/2023\/04\/diners-ico.svg&#8221; image_icon_width=&#8221;180px&#8221; module_class=&#8221;fons_color3&#8243; _builder_version=&#8221;4.20.4&#8243; _module_preset=&#8221;default&#8221; global_colors_info=&#8221;{}&#8221;]<\/p>\n<p class=\"fletxa_anterior\"><strong> Gran potencial per millorar les mesures per estalviar energia.<br \/>\n <\/strong><\/p>\n<p>[\/et_pb_blurb][\/et_pb_column][et_pb_column type=&#8221;1_3&#8243; _builder_version=&#8221;4.20.0&#8243; _module_preset=&#8221;default&#8221; global_colors_info=&#8221;{}&#8221;][et_pb_blurb image=&#8221;https:\/\/www.ub.edu\/functionalmaterials\/wp-content\/uploads\/2023\/04\/arbre-ico.svg&#8221; image_icon_width=&#8221;180px&#8221; module_class=&#8221;fons_color2&#8243; _builder_version=&#8221;4.20.4&#8243; _module_preset=&#8221;default&#8221; global_colors_info=&#8221;{}&#8221;]<\/p>\n<p class=\"fletxa_anterior\"><strong> Accessibilitat econ\u00f2mica afavorida pel baix preu de la mat\u00e8ria primera. <\/strong><\/p>\n<p>[\/et_pb_blurb][\/et_pb_column][\/et_pb_row][\/et_pb_section][et_pb_section fb_built=&#8221;1&#8243; _builder_version=&#8221;4.20.4&#8243; _module_preset=&#8221;default&#8221; global_colors_info=&#8221;{}&#8221;][et_pb_row _builder_version=&#8221;4.20.4&#8243; _module_preset=&#8221;default&#8221; max_width=&#8221;800px&#8221; custom_margin=&#8221;||||false|false&#8221; custom_padding=&#8221;||||false|false&#8221; border_width_top=&#8221;1px&#8221; border_color_top=&#8221;#BC861B&#8221; border_width_bottom=&#8221;1px&#8221; border_color_bottom=&#8221;#BC861B&#8221; global_colors_info=&#8221;{}&#8221;][et_pb_column type=&#8221;4_4&#8243; _builder_version=&#8221;4.20.4&#8243; _module_preset=&#8221;default&#8221; global_colors_info=&#8221;{}&#8221;][et_pb_text module_class=&#8221;lletra_gran&#8221; _builder_version=&#8221;4.21.0&#8243; _module_preset=&#8221;default&#8221; text_orientation=&#8221;center&#8221; global_colors_info=&#8221;{}&#8221;]Si tens inter\u00e8s a con\u00e8ixer m\u00e9s detalls sobre el projecte<br \/>\nTED RUBCOOL, envia un correu a<br \/>\n<strong><a href='mailto&#58;&#102;u&#110;&#37;63&#116;io&#110;&#97;lm&#97;t%6&#53;%7&#50;ials&#64;&#117;b&#46;e&#100;u'>fun&#99;ti&#111;nal&#109;ater&#105;&#97;ls&#64;ub&#46;edu<\/a><\/strong>[\/et_pb_text][et_pb_button button_url=&#8221;@ET-DC@eyJkeW5hbWljIjp0cnVlLCJjb250ZW50IjoicG9zdF9saW5rX3VybF9wYWdlIiwic2V0dGluZ3MiOnsicG9zdF9pZCI6IjI0NiJ9fQ==@&#8221; button_text=&#8221;Informaci\u00f3 de contacte&#8221; button_alignment=&#8221;center&#8221; _builder_version=&#8221;4.20.4&#8243; _dynamic_attributes=&#8221;button_url&#8221; _module_preset=&#8221;default&#8221; global_colors_info=&#8221;{}&#8221;][\/et_pb_button][\/et_pb_column][\/et_pb_row][\/et_pb_section][et_pb_section fb_built=&#8221;1&#8243; module_class=&#8221;membres_equip&#8221; _builder_version=&#8221;4.20.4&#8243; _module_preset=&#8221;default&#8221; custom_margin=&#8221;0px||||false|false&#8221; custom_padding=&#8221;0px||||false|false&#8221; global_colors_info=&#8221;{}&#8221;][et_pb_row _builder_version=&#8221;4.20.4&#8243; _module_preset=&#8221;default&#8221; custom_padding=&#8221;||0px||false|false&#8221; global_colors_info=&#8221;{}&#8221;][et_pb_column type=&#8221;4_4&#8243; _builder_version=&#8221;4.20.4&#8243; _module_preset=&#8221;default&#8221; global_colors_info=&#8221;{}&#8221;][et_pb_text module_class=&#8221;titular&#8221; _builder_version=&#8221;4.20.4&#8243; _module_preset=&#8221;default&#8221; custom_padding=&#8221;50px||||false|false&#8221; global_colors_info=&#8221;{}&#8221;]<\/p>\n<h2>Equip de projecte<\/h2>\n<p>[\/et_pb_text][\/et_pb_column][\/et_pb_row][et_pb_row column_structure=&#8221;1_4,1_4,1_4,1_4&#8243; _builder_version=&#8221;4.20.0&#8243; _module_preset=&#8221;default&#8221; global_colors_info=&#8221;{}&#8221;][et_pb_column type=&#8221;1_4&#8243; _builder_version=&#8221;4.20.0&#8243; _module_preset=&#8221;default&#8221; global_colors_info=&#8221;{}&#8221;][et_pb_team_member name=&#8221;Eduard Vives Santa-Eulalia&#8221; position=&#8221;Investigador Principal \/ Coordinador&#8221; image_url=&#8221;https:\/\/www.ub.edu\/functionalmaterials\/wp-content\/uploads\/2023\/04\/2023-eduard-vives-23318-S.jpg&#8221; module_class=&#8221;color1&#8243; _builder_version=&#8221;4.20.4&#8243; _module_preset=&#8221;default&#8221; global_colors_info=&#8221;{}&#8221;][\/et_pb_team_member][\/et_pb_column][et_pb_column type=&#8221;1_4&#8243; _builder_version=&#8221;4.20.0&#8243; _module_preset=&#8221;default&#8221; global_colors_info=&#8221;{}&#8221;][et_pb_team_member name=&#8221;Lluis Ma\u00f1osa Carrera&#8221; position=&#8221;Investigador Principal \/ Coordinador&#8221; image_url=&#8221;https:\/\/www.ub.edu\/functionalmaterials\/wp-content\/uploads\/2023\/04\/2023-llui-s-man-osa-23318-S.jpg&#8221; module_class=&#8221;color2&#8243; _builder_version=&#8221;4.20.4&#8243; _module_preset=&#8221;default&#8221; global_colors_info=&#8221;{}&#8221;][\/et_pb_team_member][\/et_pb_column][et_pb_column type=&#8221;1_4&#8243; _builder_version=&#8221;4.20.0&#8243; _module_preset=&#8221;default&#8221; global_colors_info=&#8221;{}&#8221;][et_pb_team_member name=&#8221;Antoni Planes Vila&#8221; position=&#8221;Investigador&#8221; image_url=&#8221;https:\/\/www.ub.edu\/functionalmaterials\/wp-content\/uploads\/2023\/04\/2023-antoni-planes-23318-S.jpg&#8221; module_class=&#8221;color3&#8243; _builder_version=&#8221;4.20.4&#8243; _module_preset=&#8221;default&#8221; global_colors_info=&#8221;{}&#8221;][\/et_pb_team_member][\/et_pb_column][et_pb_column type=&#8221;1_4&#8243; _builder_version=&#8221;4.20.0&#8243; _module_preset=&#8221;default&#8221; global_colors_info=&#8221;{}&#8221;][et_pb_team_member name=&#8221;Enric Stern Taulats&#8221; position=&#8221;Investigador&#8221; image_url=&#8221;https:\/\/www.ub.edu\/functionalmaterials\/wp-content\/uploads\/2023\/04\/2023-enric-stern-23318-S.jpg&#8221; module_class=&#8221;color4&#8243; _builder_version=&#8221;4.20.4&#8243; _module_preset=&#8221;default&#8221; global_colors_info=&#8221;{}&#8221;][\/et_pb_team_member][\/et_pb_column][\/et_pb_row][et_pb_row _builder_version=&#8221;4.20.4&#8243; _module_preset=&#8221;default&#8221; custom_padding=&#8221;||0px||false|false&#8221; global_colors_info=&#8221;{}&#8221;][et_pb_column type=&#8221;4_4&#8243; _builder_version=&#8221;4.20.4&#8243; _module_preset=&#8221;default&#8221; global_colors_info=&#8221;{}&#8221;][et_pb_text module_class=&#8221;titular&#8221; _builder_version=&#8221;4.20.4&#8243; _module_preset=&#8221;default&#8221; custom_padding=&#8221;50px||||false|false&#8221; global_colors_info=&#8221;{}&#8221;]<\/p>\n<h2>Equip de treball<\/h2>\n<p>[\/et_pb_text][\/et_pb_column][\/et_pb_row][et_pb_row column_structure=&#8221;1_4,1_4,1_4,1_4&#8243; _builder_version=&#8221;4.20.0&#8243; _module_preset=&#8221;default&#8221; global_colors_info=&#8221;{}&#8221;][et_pb_column type=&#8221;1_4&#8243; _builder_version=&#8221;4.20.0&#8243; _module_preset=&#8221;default&#8221; global_colors_info=&#8221;{}&#8221;][et_pb_team_member name=&#8221;Eduardo Mendive Tapia&#8221; position=&#8221;Equip de treball&#8221; image_url=&#8221;https:\/\/www.ub.edu\/functionalmaterials\/wp-content\/uploads\/2023\/04\/2023-eduardo-mendive-23318-S.jpg&#8221; module_class=&#8221;color5&#8243; _builder_version=&#8221;4.20.4&#8243; _module_preset=&#8221;default&#8221; global_colors_info=&#8221;{}&#8221;][\/et_pb_team_member][\/et_pb_column][et_pb_column type=&#8221;1_4&#8243; _builder_version=&#8221;4.20.0&#8243; _module_preset=&#8221;default&#8221; global_colors_info=&#8221;{}&#8221;][et_pb_team_member name=&#8221;Marcel Porta Tena&#8221; position=&#8221;Equip de treball&#8221; image_url=&#8221;https:\/\/www.ub.edu\/functionalmaterials\/wp-content\/uploads\/2023\/04\/2023-marcel-porta-23318-S.jpg&#8221; module_class=&#8221;color6&#8243; _builder_version=&#8221;4.20.4&#8243; _module_preset=&#8221;default&#8221; global_colors_info=&#8221;{}&#8221;][\/et_pb_team_member][\/et_pb_column][et_pb_column type=&#8221;1_4&#8243; _builder_version=&#8221;4.20.0&#8243; _module_preset=&#8221;default&#8221; global_colors_info=&#8221;{}&#8221;][\/et_pb_column][et_pb_column type=&#8221;1_4&#8243; _builder_version=&#8221;4.20.0&#8243; _module_preset=&#8221;default&#8221; global_colors_info=&#8221;{}&#8221;][\/et_pb_column][\/et_pb_row][\/et_pb_section][et_pb_section fb_built=&#8221;1&#8243; _builder_version=&#8221;4.20.0&#8243; _module_preset=&#8221;default&#8221; use_background_color_gradient=&#8221;on&#8221; background_color_gradient_direction=&#8221;-90deg&#8221; background_color_gradient_stops=&#8221;rgba(188,134,27,0.19) 0%|rgba(64,127,137,0.24) 97%&#8221; global_colors_info=&#8221;{}&#8221;][et_pb_row _builder_version=&#8221;4.20.0&#8243; _module_preset=&#8221;default&#8221; global_colors_info=&#8221;{}&#8221;][et_pb_column type=&#8221;4_4&#8243; _builder_version=&#8221;4.20.0&#8243; _module_preset=&#8221;default&#8221; global_colors_info=&#8221;{}&#8221;][et_pb_text module_class=&#8221;titular&#8221; _builder_version=&#8221;4.20.4&#8243; _module_preset=&#8221;default&#8221; custom_padding=&#8221;||0px||false|false&#8221; global_colors_info=&#8221;{}&#8221;]<\/p>\n<h2>Publicacions destacades<\/h2>\n<p>[\/et_pb_text][et_pb_text admin_label=&#8221;Text&#8221; module_class=&#8221;lletra_gran&#8221; _builder_version=&#8221;4.21.0&#8243; _module_preset=&#8221;default&#8221; hover_enabled=&#8221;0&#8243; global_module=&#8221;1256&#8243; saved_tabs=&#8221;all&#8221; global_colors_info=&#8221;{}&#8221; sticky_enabled=&#8221;0&#8243;]<\/p>\n<p class=\"fletxa_anterior\">Nicolas Candau, Adele Zimmy, Eduard Vives, Maria Llu\u00efsa Maspoch<br \/><em>Elastocaloric Waste\/Natural Rubber Materials with Various Crosslink Densities<\/em><br \/>Polymers <strong>15<\/strong>, 2566 (2023)<\/p>\n<p class=\"fletxa_anterior\">Nicolas Candau, Eduard Vives, Ana In\u00e9s Fern\u00e1ndez, Oguzhan Oguz, Guillaume Corvec, Carlos Eloy Federico, Jo\u00e3o Paulo Cosas Fernandes, Gregory Stoclet, Maria Llu\u00efsa Maspoch.<br \/><em>Observation of heterogeneities in elastocaloric natural\/wastes rubber composites.<\/em><br \/>Express Polymer Letters <strong>16<\/strong>, 1331\u20131347 (2022)<\/p>\n<p class=\"fletxa_anterior\">Nicolas Candau, Eduard Vives, Ana In\u00e9s Fern\u00e1ndez, Maria Llu\u00efsa Maspoch.<br \/><em>Elastocaloric effect in vulcanized natural rubber and natural\/wastes rubber blends.<\/em><br \/>Polymer <strong>236<\/strong>, 124309 (2021)<\/p>\n<p>[\/et_pb_text][\/et_pb_column][\/et_pb_row][\/et_pb_section][et_pb_section fb_built=&#8221;1&#8243; _builder_version=&#8221;4.20.0&#8243; _module_preset=&#8221;default&#8221; global_colors_info=&#8221;{}&#8221;][et_pb_row _builder_version=&#8221;4.20.0&#8243; _module_preset=&#8221;default&#8221; global_colors_info=&#8221;{}&#8221;][et_pb_column type=&#8221;4_4&#8243; _builder_version=&#8221;4.20.0&#8243; _module_preset=&#8221;default&#8221; global_colors_info=&#8221;{}&#8221;][et_pb_text module_class=&#8221;destacat&#8221; _builder_version=&#8221;4.20.4&#8243; _module_preset=&#8221;default&#8221; text_font=&#8221;|300|||||||&#8221; text_orientation=&#8221;center&#8221; global_colors_info=&#8221;{}&#8221;]<\/p>\n<p>En aquest projecte, el grup d\u2019investigaci\u00f3 compta, a m\u00e9s a m\u00e9s del seu laboratori de recerca, amb els Centres Cient\u00edfics i T\u00e8cnics de la UB (CCiTUB) i amb el suport de la Fundaci\u00f3 Bosch i Gimpera (FBG), l&#8217;Oficina de Transfer\u00e8ncia i Innovaci\u00f3 Tecnol\u00f2gica de la Universitat de Barcelona.<\/p>\n<p>[\/et_pb_text][et_pb_text module_class=&#8221;titular&#8221; _builder_version=&#8221;4.20.4&#8243; _module_preset=&#8221;default&#8221; custom_padding=&#8221;60px||0px||false|false&#8221; global_colors_info=&#8221;{}&#8221;]<\/p>\n<p>Amb el suport de:<\/p>\n<p>[\/et_pb_text][et_pb_text _builder_version=&#8221;4.20.4&#8243; _module_preset=&#8221;default&#8221; text_orientation=&#8221;center&#8221; global_colors_info=&#8221;{}&#8221;]Projecte TED2021-129952B-C32 finan\u00e7at per:[\/et_pb_text][\/et_pb_column][\/et_pb_row][et_pb_row module_class=&#8221;logos&#8221; _builder_version=&#8221;4.20.0&#8243; _module_preset=&#8221;default&#8221; custom_padding=&#8221;||||false|false&#8221; border_width_top=&#8221;2px&#8221; border_color_top=&#8221;#BC861B&#8221; border_width_bottom=&#8221;2px&#8221; border_color_bottom=&#8221;#BC861B&#8221; global_colors_info=&#8221;{}&#8221;][et_pb_column type=&#8221;4_4&#8243; _builder_version=&#8221;4.20.0&#8243; _module_preset=&#8221;default&#8221; global_colors_info=&#8221;{}&#8221;][et_pb_image src=&#8221;https:\/\/www.ub.edu\/functionalmaterials\/wp-content\/uploads\/2023\/05\/ministerio-cinecia-innovacion-logo2.png&#8221; title_text=&#8221;ministerio-cinecia-innovacion-logo2&#8243; _builder_version=&#8221;4.20.4&#8243; _module_preset=&#8221;default&#8221; max_width=&#8221;400px&#8221; module_alignment=&#8221;center&#8221; global_colors_info=&#8221;{}&#8221;][\/et_pb_image][et_pb_image src=&#8221;https:\/\/www.ub.edu\/functionalmaterials\/wp-content\/uploads\/2023\/05\/next-generation-logo.png&#8221; title_text=&#8221;next-generation-logo&#8221; _builder_version=&#8221;4.20.4&#8243; _module_preset=&#8221;default&#8221; max_width=&#8221;400px&#8221; module_alignment=&#8221;center&#8221; global_colors_info=&#8221;{}&#8221;][\/et_pb_image][et_pb_image src=&#8221;https:\/\/www.ub.edu\/functionalmaterials\/wp-content\/uploads\/2023\/05\/plan-recuperacion-transformacion-resiliencia-logo.png&#8221; title_text=&#8221;plan-recuperacion-transformacion-resiliencia-logo&#8221; _builder_version=&#8221;4.20.4&#8243; _module_preset=&#8221;default&#8221; max_width=&#8221;400px&#8221; module_alignment=&#8221;center&#8221; global_colors_info=&#8221;{}&#8221;][\/et_pb_image][et_pb_image src=&#8221;https:\/\/www.ub.edu\/functionalmaterials\/wp-content\/uploads\/2023\/05\/agencia-estatal-investigacion-logo.png&#8221; title_text=&#8221;agencia-estatal-investigacion-logo&#8221; _builder_version=&#8221;4.20.4&#8243; _module_preset=&#8221;default&#8221; max_width=&#8221;400px&#8221; module_alignment=&#8221;center&#8221; global_colors_info=&#8221;{}&#8221;][\/et_pb_image][\/et_pb_column][\/et_pb_row][\/et_pb_section]<\/p>\n","protected":false},"excerpt":{"rendered":"<p>La refrigeraci\u00f3 \u00e9s clau per al nostre estil de vida modern. S\u2019utilitza tant en l&#8217;\u00e0mbit dom\u00e8stic com industrial, des de la conservaci\u00f3 d&#8217;aliments i medicaments o la refrigeraci\u00f3 de centres de dades fins a la refrigeraci\u00f3 del transport i dels edificis. Al voltant del 80% dels refrigeradors fa \u00fas del cicle de compressi\u00f3 de vapor [&hellip;]<\/p>\n","protected":false},"author":1,"featured_media":0,"parent":0,"menu_order":0,"comment_status":"closed","ping_status":"closed","template":"","meta":{"_acf_changed":false,"_et_pb_use_builder":"on","_et_pb_old_content":"","_et_gb_content_width":"","inline_featured_image":false,"footnotes":""},"class_list":["post-295","page","type-page","status-publish","hentry"],"acf":[],"yoast_head":"<!-- This site is optimized with the Yoast SEO plugin v27.4 - https:\/\/yoast.com\/product\/yoast-seo-wordpress\/ -->\n<title>TED2021 RUBCOOL - Materials Funcionals i Transicions de Fase<\/title>\n<meta name=\"robots\" content=\"index, follow, max-snippet:-1, max-image-preview:large, max-video-preview:-1\" \/>\n<link rel=\"canonical\" href=\"https:\/\/www.ub.edu\/functionalmaterials\/ted-rubcool\/\" \/>\n<meta property=\"og:locale\" content=\"ca_ES\" \/>\n<meta property=\"og:type\" content=\"article\" \/>\n<meta property=\"og:title\" content=\"TED2021 RUBCOOL - Materials Funcionals i Transicions de Fase\" \/>\n<meta property=\"og:description\" content=\"La refrigeraci\u00f3 \u00e9s clau per al nostre estil de vida modern. S\u2019utilitza tant en l&#039;\u00e0mbit dom\u00e8stic com industrial, des de la conservaci\u00f3 d&#039;aliments i medicaments o la refrigeraci\u00f3 de centres de dades fins a la refrigeraci\u00f3 del transport i dels edificis. Al voltant del 80% dels refrigeradors fa \u00fas del cicle de compressi\u00f3 de vapor [&hellip;]\" \/>\n<meta property=\"og:url\" content=\"https:\/\/www.ub.edu\/functionalmaterials\/ted-rubcool\/\" \/>\n<meta property=\"og:site_name\" content=\"Materials Funcionals i Transicions de Fase\" \/>\n<meta property=\"article:modified_time\" content=\"2023-09-15T10:46:18+00:00\" \/>\n<meta name=\"twitter:card\" content=\"summary_large_image\" \/>\n<meta name=\"twitter:label1\" content=\"Temps estimat de lectura\" \/>\n\t<meta name=\"twitter:data1\" content=\"16 minuts\" \/>\n<script type=\"application\/ld+json\" class=\"yoast-schema-graph\">{\"@context\":\"https:\\\/\\\/schema.org\",\"@graph\":[{\"@type\":\"WebPage\",\"@id\":\"https:\\\/\\\/www.ub.edu\\\/functionalmaterials\\\/ted-rubcool\\\/\",\"url\":\"https:\\\/\\\/www.ub.edu\\\/functionalmaterials\\\/ted-rubcool\\\/\",\"name\":\"TED2021 RUBCOOL - Materials Funcionals i Transicions de Fase\",\"isPartOf\":{\"@id\":\"https:\\\/\\\/www.ub.edu\\\/functionalmaterials\\\/#website\"},\"datePublished\":\"2023-04-30T15:55:05+00:00\",\"dateModified\":\"2023-09-15T10:46:18+00:00\",\"breadcrumb\":{\"@id\":\"https:\\\/\\\/www.ub.edu\\\/functionalmaterials\\\/ted-rubcool\\\/#breadcrumb\"},\"inLanguage\":\"ca\",\"potentialAction\":[{\"@type\":\"ReadAction\",\"target\":[\"https:\\\/\\\/www.ub.edu\\\/functionalmaterials\\\/ted-rubcool\\\/\"]}]},{\"@type\":\"BreadcrumbList\",\"@id\":\"https:\\\/\\\/www.ub.edu\\\/functionalmaterials\\\/ted-rubcool\\\/#breadcrumb\",\"itemListElement\":[{\"@type\":\"ListItem\",\"position\":1,\"name\":\"Inici\",\"item\":\"https:\\\/\\\/www.ub.edu\\\/functionalmaterials\\\/\"},{\"@type\":\"ListItem\",\"position\":2,\"name\":\"TED2021 RUBCOOL\"}]},{\"@type\":\"WebSite\",\"@id\":\"https:\\\/\\\/www.ub.edu\\\/functionalmaterials\\\/#website\",\"url\":\"https:\\\/\\\/www.ub.edu\\\/functionalmaterials\\\/\",\"name\":\"Materials funcionals i trancicions de fase\",\"description\":\"Grup d&#039;investigaci\u00f3 de la UB\",\"publisher\":{\"@id\":\"https:\\\/\\\/www.ub.edu\\\/functionalmaterials\\\/#organization\"},\"potentialAction\":[{\"@type\":\"SearchAction\",\"target\":{\"@type\":\"EntryPoint\",\"urlTemplate\":\"https:\\\/\\\/www.ub.edu\\\/functionalmaterials\\\/?s={search_term_string}\"},\"query-input\":{\"@type\":\"PropertyValueSpecification\",\"valueRequired\":true,\"valueName\":\"search_term_string\"}}],\"inLanguage\":\"ca\"},{\"@type\":\"Organization\",\"@id\":\"https:\\\/\\\/www.ub.edu\\\/functionalmaterials\\\/#organization\",\"name\":\"Materials funcionals i trancicions de fase\",\"url\":\"https:\\\/\\\/www.ub.edu\\\/functionalmaterials\\\/\",\"logo\":{\"@type\":\"ImageObject\",\"inLanguage\":\"ca\",\"@id\":\"https:\\\/\\\/www.ub.edu\\\/functionalmaterials\\\/#\\\/schema\\\/logo\\\/image\\\/\",\"url\":\"https:\\\/\\\/www.ub.edu\\\/functionalmaterials\\\/wp-content\\\/uploads\\\/2023\\\/05\\\/favicon.png\",\"contentUrl\":\"https:\\\/\\\/www.ub.edu\\\/functionalmaterials\\\/wp-content\\\/uploads\\\/2023\\\/05\\\/favicon.png\",\"width\":250,\"height\":291,\"caption\":\"Materials funcionals i trancicions de fase\"},\"image\":{\"@id\":\"https:\\\/\\\/www.ub.edu\\\/functionalmaterials\\\/#\\\/schema\\\/logo\\\/image\\\/\"}}]}<\/script>\n<!-- \/ Yoast SEO plugin. -->","yoast_head_json":{"title":"TED2021 RUBCOOL - Materials Funcionals i Transicions de Fase","robots":{"index":"index","follow":"follow","max-snippet":"max-snippet:-1","max-image-preview":"max-image-preview:large","max-video-preview":"max-video-preview:-1"},"canonical":"https:\/\/www.ub.edu\/functionalmaterials\/ted-rubcool\/","og_locale":"ca_ES","og_type":"article","og_title":"TED2021 RUBCOOL - Materials Funcionals i Transicions de Fase","og_description":"La refrigeraci\u00f3 \u00e9s clau per al nostre estil de vida modern. S\u2019utilitza tant en l'\u00e0mbit dom\u00e8stic com industrial, des de la conservaci\u00f3 d'aliments i medicaments o la refrigeraci\u00f3 de centres de dades fins a la refrigeraci\u00f3 del transport i dels edificis. Al voltant del 80% dels refrigeradors fa \u00fas del cicle de compressi\u00f3 de vapor [&hellip;]","og_url":"https:\/\/www.ub.edu\/functionalmaterials\/ted-rubcool\/","og_site_name":"Materials Funcionals i Transicions de Fase","article_modified_time":"2023-09-15T10:46:18+00:00","twitter_card":"summary_large_image","twitter_misc":{"Temps estimat de lectura":"16 minuts"},"schema":{"@context":"https:\/\/schema.org","@graph":[{"@type":"WebPage","@id":"https:\/\/www.ub.edu\/functionalmaterials\/ted-rubcool\/","url":"https:\/\/www.ub.edu\/functionalmaterials\/ted-rubcool\/","name":"TED2021 RUBCOOL - Materials Funcionals i Transicions de Fase","isPartOf":{"@id":"https:\/\/www.ub.edu\/functionalmaterials\/#website"},"datePublished":"2023-04-30T15:55:05+00:00","dateModified":"2023-09-15T10:46:18+00:00","breadcrumb":{"@id":"https:\/\/www.ub.edu\/functionalmaterials\/ted-rubcool\/#breadcrumb"},"inLanguage":"ca","potentialAction":[{"@type":"ReadAction","target":["https:\/\/www.ub.edu\/functionalmaterials\/ted-rubcool\/"]}]},{"@type":"BreadcrumbList","@id":"https:\/\/www.ub.edu\/functionalmaterials\/ted-rubcool\/#breadcrumb","itemListElement":[{"@type":"ListItem","position":1,"name":"Inici","item":"https:\/\/www.ub.edu\/functionalmaterials\/"},{"@type":"ListItem","position":2,"name":"TED2021 RUBCOOL"}]},{"@type":"WebSite","@id":"https:\/\/www.ub.edu\/functionalmaterials\/#website","url":"https:\/\/www.ub.edu\/functionalmaterials\/","name":"Materials funcionals i trancicions de fase","description":"Grup d&#039;investigaci\u00f3 de la UB","publisher":{"@id":"https:\/\/www.ub.edu\/functionalmaterials\/#organization"},"potentialAction":[{"@type":"SearchAction","target":{"@type":"EntryPoint","urlTemplate":"https:\/\/www.ub.edu\/functionalmaterials\/?s={search_term_string}"},"query-input":{"@type":"PropertyValueSpecification","valueRequired":true,"valueName":"search_term_string"}}],"inLanguage":"ca"},{"@type":"Organization","@id":"https:\/\/www.ub.edu\/functionalmaterials\/#organization","name":"Materials funcionals i trancicions de fase","url":"https:\/\/www.ub.edu\/functionalmaterials\/","logo":{"@type":"ImageObject","inLanguage":"ca","@id":"https:\/\/www.ub.edu\/functionalmaterials\/#\/schema\/logo\/image\/","url":"https:\/\/www.ub.edu\/functionalmaterials\/wp-content\/uploads\/2023\/05\/favicon.png","contentUrl":"https:\/\/www.ub.edu\/functionalmaterials\/wp-content\/uploads\/2023\/05\/favicon.png","width":250,"height":291,"caption":"Materials funcionals i trancicions de fase"},"image":{"@id":"https:\/\/www.ub.edu\/functionalmaterials\/#\/schema\/logo\/image\/"}}]}},"_links":{"self":[{"href":"https:\/\/www.ub.edu\/functionalmaterials\/wp-json\/wp\/v2\/pages\/295","targetHints":{"allow":["GET"]}}],"collection":[{"href":"https:\/\/www.ub.edu\/functionalmaterials\/wp-json\/wp\/v2\/pages"}],"about":[{"href":"https:\/\/www.ub.edu\/functionalmaterials\/wp-json\/wp\/v2\/types\/page"}],"author":[{"embeddable":true,"href":"https:\/\/www.ub.edu\/functionalmaterials\/wp-json\/wp\/v2\/users\/1"}],"replies":[{"embeddable":true,"href":"https:\/\/www.ub.edu\/functionalmaterials\/wp-json\/wp\/v2\/comments?post=295"}],"version-history":[{"count":4,"href":"https:\/\/www.ub.edu\/functionalmaterials\/wp-json\/wp\/v2\/pages\/295\/revisions"}],"predecessor-version":[{"id":1273,"href":"https:\/\/www.ub.edu\/functionalmaterials\/wp-json\/wp\/v2\/pages\/295\/revisions\/1273"}],"wp:attachment":[{"href":"https:\/\/www.ub.edu\/functionalmaterials\/wp-json\/wp\/v2\/media?parent=295"}],"curies":[{"name":"wp","href":"https:\/\/api.w.org\/{rel}","templated":true}]}}