{"id":263,"date":"2021-02-06T19:00:15","date_gmt":"2021-02-06T19:00:15","guid":{"rendered":"https:\/\/www.ub.edu\/gapp\/?page_id=263"},"modified":"2025-03-13T13:55:58","modified_gmt":"2025-03-13T13:55:58","slug":"publicacions","status":"publish","type":"page","link":"https:\/\/www.ub.edu\/gapp\/publicacions\/","title":{"rendered":"Publicacions"},"content":{"rendered":"<p>[et_pb_section fb_built=\u00bb1&#8243; _builder_version=\u00bb4.8.1&#8243; _module_preset=\u00bbdefault\u00bb background_image=\u00bbhttps:\/\/www.ub.edu\/gapp\/wp-content\/uploads\/2021\/01\/cabcera-imagen-milans.jpg\u00bb background_position=\u00bbbottom_left\u00bb][et_pb_row _builder_version=\u00bb4.8.1&#8243; _module_preset=\u00bbdefault\u00bb][et_pb_column type=\u00bb4_4&#8243; _builder_version=\u00bb4.8.1&#8243; _module_preset=\u00bbdefault\u00bb][et_pb_text _builder_version=\u00bb4.8.1&#8243; _module_preset=\u00bbdefault\u00bb]<\/p>\n<h1>PUBLICACIONS<\/h1>\n<p>[\/et_pb_text][\/et_pb_column][\/et_pb_row][\/et_pb_section][et_pb_section fb_built=\u00bb1&#8243; _builder_version=\u00bb4.8.1&#8243; _module_preset=\u00bbdefault\u00bb][et_pb_row _builder_version=\u00bb4.9.4&#8243; _module_preset=\u00bbdefault\u00bb][et_pb_column type=\u00bb4_4&#8243; _builder_version=\u00bb4.8.1&#8243; _module_preset=\u00bbdefault\u00bb][et_pb_text _builder_version=\u00bb4.9.4&#8243; _module_preset=\u00bbdefault\u00bb animation_style=\u00bbfade\u00bb animation_duration=\u00bb1500ms\u00bb animation_delay=\u00bb500ms\u00bb]<\/p>\n<h2><\/h2>\n<h2>2024<\/h2>\n<p>[\/et_pb_text][et_pb_divider color=\u00bb#C8AB37&#8243; divider_weight=\u00bb3px\u00bb _builder_version=\u00bb4.8.2&#8243; _module_preset=\u00bbdefault\u00bb width=\u00bb140px\u00bb][\/et_pb_divider][\/et_pb_column][\/et_pb_row][et_pb_row column_structure=\u00bb1_4,3_4&#8243; use_custom_gutter=\u00bbon\u00bb gutter_width=\u00bb2&#8243; make_equal=\u00bbon\u00bb _builder_version=\u00bb4.9.4&#8243; _module_preset=\u00bbdefault\u00bb module_alignment=\u00bbcenter\u00bb border_width_bottom=\u00bb2px\u00bb border_color_bottom=\u00bb#E0DAC3&#8243;][et_pb_column type=\u00bb1_4&#8243; _builder_version=\u00bb4.9.4&#8243; _module_preset=\u00bbdefault\u00bb custom_padding=\u00bb0px||11px||false|false\u00bb][et_pb_image src=\u00bbhttps:\/\/www.ub.edu\/gapp\/wp-content\/uploads\/2025\/03\/Diaz-AndreuM_2024-scaled.jpg\u00bb title_text=\u00bbDiaz-Andreu,M_2024&#8243; _builder_version=\u00bb4.9.4&#8243; _module_preset=\u00bbdefault\u00bb width=\u00bb90%\u00bb max_width=\u00bb90%\u00bb min_height=\u00bb90%\u00bb height=\u00bb90%\u00bb max_height=\u00bb90%\u00bb hover_enabled=\u00bb0&#8243; sticky_enabled=\u00bb0&#8243;][\/et_pb_image][\/et_pb_column][et_pb_column type=\u00bb3_4&#8243; _builder_version=\u00bb4.8.1&#8243; _module_preset=\u00bbdefault\u00bb][et_pb_text _builder_version=\u00bb4.9.4&#8243; _module_preset=\u00bb0e0bc4e0-cb0d-449e-b059-a12dcf3338ce\u00bb hover_enabled=\u00bb0&#8243; sticky_enabled=\u00bb0&#8243;]<\/p>\n<h3><span data-contrast=\"none\"><\/span><\/h3>\n<h3><\/h3>\n<p>D\u00edaz-Andreu, M. 2024. Archaeology as leisure: a history of archaeological tourism. In M. D\u00edaz-Andreu &amp; L. Coltofean (Eds.), <em>The Oxford Handbook of the History of Archaeology<\/em> (pp. 857-889). Oxford University Press.\u00a0<\/p>\n<p>[\/et_pb_text][et_pb_text _builder_version=\u00bb4.9.4&#8243; _module_preset=\u00bbdefault\u00bb hover_enabled=\u00bb0&#8243; sticky_enabled=\u00bb0&#8243;]<\/p>\n<p><a href=\"https:\/\/doi.org\/https:\/\/doi.org\/10.1093\/oxfordhb\/9780190092504.013.14\" target=\"_blank\" rel=\"noopener\">publicaci\u00f3<\/a><\/p>\n<p>[\/et_pb_text][\/et_pb_column][\/et_pb_row][et_pb_row column_structure=\u00bb1_4,3_4&#8243; use_custom_gutter=\u00bbon\u00bb gutter_width=\u00bb2&#8243; make_equal=\u00bbon\u00bb _builder_version=\u00bb4.9.4&#8243; _module_preset=\u00bbdefault\u00bb module_alignment=\u00bbcenter\u00bb border_width_bottom=\u00bb2px\u00bb border_color_bottom=\u00bb#E0DAC3&#8243;][et_pb_column type=\u00bb1_4&#8243; _builder_version=\u00bb4.9.4&#8243; _module_preset=\u00bbdefault\u00bb custom_padding=\u00bb0px||11px||false|false\u00bb][et_pb_image src=\u00bbhttps:\/\/www.ub.edu\/gapp\/wp-content\/uploads\/2024\/05\/X03059006.jpg\u00bb title_text=\u00bbX03059006&#8243; _builder_version=\u00bb4.9.4&#8243; _module_preset=\u00bbdefault\u00bb width=\u00bb90%\u00bb max_width=\u00bb90%\u00bb min_height=\u00bb90%\u00bb height=\u00bb90%\u00bb max_height=\u00bb90%\u00bb][\/et_pb_image][\/et_pb_column][et_pb_column type=\u00bb3_4&#8243; _builder_version=\u00bb4.8.1&#8243; _module_preset=\u00bbdefault\u00bb][et_pb_text _builder_version=\u00bb4.9.4&#8243; _module_preset=\u00bb0e0bc4e0-cb0d-449e-b059-a12dcf3338ce\u00bb]<\/p>\n<h3><span data-contrast=\"none\"><\/span><\/h3>\n<h3><\/h3>\n<h3>Jones, S., Bonacchi, C., Robson, E., Broccoli, E., Hiscock, A., Biondi, A., Nucciotti, M., Guttormsen, T., Kalliopi, F. and D\u00edaz-Andreu, M. (2024) <a href=\"https:\/\/doi.org\/10.1016\/j.progress.2024.100852\" target=\"_blank\" rel=\"noopener\">Assessing the dynamic social values of the &#8216;deep city&#8217;: an integrated methodology combining online and offline approaches<\/a>. <em>Progress<\/em> <em>in <\/em><em>Planning <\/em>Available online 10 May 2024, 100852.<\/h3>\n<p>[\/et_pb_text][et_pb_text _builder_version=\u00bb4.9.4&#8243; _module_preset=\u00bbdefault\u00bb]<\/p>\n<p><a href=\"https:\/\/doi.org\/10.1016\/j.progress.2024.100852\" target=\"_blank\" rel=\"noopener\">publicaci\u00f3<\/a><\/p>\n<p>[\/et_pb_text][\/et_pb_column][\/et_pb_row][et_pb_row column_structure=\u00bb1_4,3_4&#8243; use_custom_gutter=\u00bbon\u00bb gutter_width=\u00bb2&#8243; make_equal=\u00bbon\u00bb _builder_version=\u00bb4.9.4&#8243; _module_preset=\u00bbdefault\u00bb module_alignment=\u00bbcenter\u00bb border_width_bottom=\u00bb2px\u00bb border_color_bottom=\u00bb#E0DAC3&#8243;][et_pb_column type=\u00bb1_4&#8243; _builder_version=\u00bb4.9.4&#8243; _module_preset=\u00bbdefault\u00bb custom_padding=\u00bb0px||11px||false|false\u00bb][et_pb_image src=\u00bbhttps:\/\/www.ub.edu\/gapp\/wp-content\/uploads\/2024\/05\/Navas-PerroneMG__DIaz-AndreuM_2024_Cosme_Toda_LOGO.jpg\u00bb title_text=\u00bbNavas-Perrone,MG_&#038;_DIaz-Andreu,M_2024_Cosme_Toda_LOGO\u00bb _builder_version=\u00bb4.9.4&#8243; _module_preset=\u00bbdefault\u00bb width=\u00bb90%\u00bb max_width=\u00bb90%\u00bb min_height=\u00bb90%\u00bb height=\u00bb90%\u00bb max_height=\u00bb90%\u00bb][\/et_pb_image][\/et_pb_column][et_pb_column type=\u00bb3_4&#8243; _builder_version=\u00bb4.8.1&#8243; _module_preset=\u00bbdefault\u00bb][et_pb_text _builder_version=\u00bb4.9.4&#8243; _module_preset=\u00bb0e0bc4e0-cb0d-449e-b059-a12dcf3338ce\u00bb custom_margin=\u00bb19px||||false|false\u00bb]<\/p>\n<h3><span data-contrast=\"none\"><\/span><\/h3>\n<h3><\/h3>\n<h3><span>Navas-Perrone, Maria Gabriela and D\u00edaz-Andreu, Margarita 2024. <a href=\"https:\/\/amps-research.com\/wp-content\/uploads\/2024\/05\/Amps-Proceedings-Series-35.3_2024_A.pdf\">The role of heritage in the entrepreneurial city: the case of the Cosme Toda factory in L&#8217;Hospitalet<\/a>. In Cirklov\u00e1, Jitka (ed.) Prague \u2013 Heritages. Past and Present &#8211; Built and Social.\u00a0 AMPS Proceedings Series 35.3. Prage, Czech Technical University &amp; AMPS: 481-492.<\/span><\/h3>\n<p>[\/et_pb_text][et_pb_text _builder_version=\u00bb4.9.4&#8243; _module_preset=\u00bbdefault\u00bb]<\/p>\n<p><a href=\"https:\/\/amps-research.com\/wp-content\/uploads\/2024\/05\/Amps-Proceedings-Series-35.3_2024_A.pdf\" target=\"_blank\" rel=\"noopener\">publicaci\u00f3<\/a><\/p>\n<p>[\/et_pb_text][\/et_pb_column][\/et_pb_row][et_pb_row column_structure=\u00bb1_4,3_4&#8243; use_custom_gutter=\u00bbon\u00bb gutter_width=\u00bb2&#8243; make_equal=\u00bbon\u00bb _builder_version=\u00bb4.9.4&#8243; _module_preset=\u00bbdefault\u00bb module_alignment=\u00bbcenter\u00bb border_width_bottom=\u00bb2px\u00bb border_color_bottom=\u00bb#E0DAC3&#8243;][et_pb_column type=\u00bb1_4&#8243; _builder_version=\u00bb4.9.4&#8243; _module_preset=\u00bbdefault\u00bb custom_padding=\u00bb0px||11px||false|false\u00bb][et_pb_image src=\u00bbhttps:\/\/www.ub.edu\/gapp\/wp-content\/uploads\/2024\/03\/TL.jpg\u00bb title_text=\u00bbTL\u00bb _builder_version=\u00bb4.9.4&#8243; _module_preset=\u00bbdefault\u00bb][\/et_pb_image][\/et_pb_column][et_pb_column type=\u00bb3_4&#8243; _builder_version=\u00bb4.8.1&#8243; _module_preset=\u00bbdefault\u00bb][et_pb_text _builder_version=\u00bb4.9.4&#8243; _module_preset=\u00bb0e0bc4e0-cb0d-449e-b059-a12dcf3338ce\u00bb]<\/p>\n<h3><span data-contrast=\"none\"><\/span><\/h3>\n<h3><\/h3>\n<h3>D\u00edaz-Andreu, M. 2024. La restituci\u00f3n del patrimonio art\u00edstico y cultural: un proceso complejo. <em>Tinta Libre<\/em> 122: 26-28.<\/h3>\n<p>[\/et_pb_text][et_pb_text _builder_version=\u00bb4.9.4&#8243; _module_preset=\u00bbdefault\u00bb]<\/p>\n<p><a href=\"https:\/\/www.infolibre.es\/tintalibre\/restituir-expolio_1_1729073.html\" target=\"_blank\" rel=\"noopener\">publicaci\u00f3<\/a><\/p>\n<p>[\/et_pb_text][\/et_pb_column][\/et_pb_row][et_pb_row column_structure=\u00bb1_4,3_4&#8243; use_custom_gutter=\u00bbon\u00bb gutter_width=\u00bb2&#8243; make_equal=\u00bbon\u00bb _builder_version=\u00bb4.9.4&#8243; _module_preset=\u00bbdefault\u00bb module_alignment=\u00bbcenter\u00bb border_width_bottom=\u00bb2px\u00bb border_color_bottom=\u00bb#E0DAC3&#8243;][et_pb_column type=\u00bb1_4&#8243; _builder_version=\u00bb4.9.4&#8243; _module_preset=\u00bbdefault\u00bb custom_padding=\u00bb0px||11px||false|false\u00bb][et_pb_image src=\u00bbhttps:\/\/www.ub.edu\/gapp\/wp-content\/uploads\/2023\/09\/Encyclopedia-of-Archaeology-Elsevier.jpg\u00bb title_text=\u00bbEncyclopedia of Archaeology Elsevier\u00bb _builder_version=\u00bb4.9.4&#8243; _module_preset=\u00bbdefault\u00bb][\/et_pb_image][\/et_pb_column][et_pb_column type=\u00bb3_4&#8243; _builder_version=\u00bb4.8.1&#8243; _module_preset=\u00bbdefault\u00bb][et_pb_text _builder_version=\u00bb4.9.4&#8243; _module_preset=\u00bb0e0bc4e0-cb0d-449e-b059-a12dcf3338ce\u00bb]<\/p>\n<h3><span data-contrast=\"none\"><\/span><\/h3>\n<h3><\/h3>\n<h3>D\u00edaz-Andreu, M. &amp; Pastor P\u00e9rez, A. 2024. Archaeological Heritage Values and Significance. In Rehren, T. &amp; Nikita, E. (eds.) Encyclopedia of Archaeology, 2nd Edition: 477-485. London: Academic Press. https:\/\/doi.org\/10.1016\/B978-0-323-90799-6.00049-5.<\/h3>\n<p>[\/et_pb_text][et_pb_text _builder_version=\u00bb4.9.4&#8243; _module_preset=\u00bbdefault\u00bb]<\/p>\n<p><a href=\"https:\/\/shop.elsevier.com\/books\/encyclopedia-of-archaeology\/nikita\/978-0-323-90799-6\" target=\"_blank\" rel=\"noopener\">publicaci\u00f3<\/a><\/p>\n<p>[\/et_pb_text][\/et_pb_column][\/et_pb_row][et_pb_row _builder_version=\u00bb4.8.1&#8243; _module_preset=\u00bbdefault\u00bb][et_pb_column type=\u00bb4_4&#8243; _builder_version=\u00bb4.8.1&#8243; _module_preset=\u00bbdefault\u00bb][et_pb_text _builder_version=\u00bb4.9.4&#8243; _module_preset=\u00bbdefault\u00bb animation_style=\u00bbfade\u00bb animation_duration=\u00bb1500ms\u00bb animation_delay=\u00bb500ms\u00bb]<\/p>\n<h2><\/h2>\n<h2>2023<\/h2>\n<p>[\/et_pb_text][et_pb_divider color=\u00bb#C8AB37&#8243; divider_weight=\u00bb3px\u00bb _builder_version=\u00bb4.8.2&#8243; _module_preset=\u00bbdefault\u00bb width=\u00bb140px\u00bb][\/et_pb_divider][\/et_pb_column][\/et_pb_row][et_pb_row column_structure=\u00bb1_4,3_4&#8243; use_custom_gutter=\u00bbon\u00bb gutter_width=\u00bb2&#8243; make_equal=\u00bbon\u00bb _builder_version=\u00bb4.9.4&#8243; _module_preset=\u00bbdefault\u00bb module_alignment=\u00bbcenter\u00bb border_width_bottom=\u00bb2px\u00bb border_color_bottom=\u00bb#E0DAC3&#8243;][et_pb_column type=\u00bb1_4&#8243; _builder_version=\u00bb4.9.4&#8243; _module_preset=\u00bbdefault\u00bb custom_padding=\u00bb0px||11px||false|false\u00bb][et_pb_image src=\u00bbhttps:\/\/www.ub.edu\/gapp\/wp-content\/uploads\/2024\/03\/FranciscoJP_2023_Arq_en_Portugal.jpg\u00bb title_text=\u00bbFranciscoJP_2023_Arq_en_Portugal\u00bb _builder_version=\u00bb4.9.4&#8243; _module_preset=\u00bbdefault\u00bb][\/et_pb_image][\/et_pb_column][et_pb_column type=\u00bb3_4&#8243; _builder_version=\u00bb4.8.1&#8243; _module_preset=\u00bbdefault\u00bb][et_pb_text _builder_version=\u00bb4.9.4&#8243; _module_preset=\u00bb0e0bc4e0-cb0d-449e-b059-a12dcf3338ce\u00bb]<\/p>\n<h3>Francisco, J. P. (2023). Patrim\u00f3nio Mundial e Valor Social: Uma Investiga\u00e7\u00e3o Sobre os S\u00edtios Pr\u00e9-hist\u00f3ricos de Arte Rupestre do Vale do Rio C\u00f4a e de Siega Verde. In Arnaud, J. M., Neves, C. y Martins, A. (eds.) <em>Arqueologia em Portugal: 2023 \u2013 estado da quest\u00e3o<\/em>, pp 1923-1930. Lisboa: Associa\u00e7\u00e3o dos Arque\u00f3logos Portugueses, CEAACP, CEIS20 e IA-FLUC.<\/h3>\n<p>[\/et_pb_text][et_pb_text _builder_version=\u00bb4.9.4&#8243; _module_preset=\u00bbdefault\u00bb]<\/p>\n<p><a href=\"https:\/\/museuarqueologicodocarmo.pt\/publicacoes\/outras_publicacoes\/IV_congresso_actas\/Artigos\/G08\/Artigo8.1_IVCongAAP.pdf\" target=\"_blank\" rel=\"noopener\">online<\/a><\/p>\n<p>[\/et_pb_text][\/et_pb_column][\/et_pb_row][et_pb_row column_structure=\u00bb1_4,3_4&#8243; use_custom_gutter=\u00bbon\u00bb gutter_width=\u00bb2&#8243; make_equal=\u00bbon\u00bb _builder_version=\u00bb4.9.4&#8243; _module_preset=\u00bbdefault\u00bb module_alignment=\u00bbcenter\u00bb border_width_bottom=\u00bb2px\u00bb border_color_bottom=\u00bb#E0DAC3&#8243;][et_pb_column type=\u00bb1_4&#8243; _builder_version=\u00bb4.9.4&#8243; _module_preset=\u00bbdefault\u00bb custom_padding=\u00bb0px||11px||false|false\u00bb][et_pb_image src=\u00bbhttps:\/\/www.ub.edu\/gapp\/wp-content\/uploads\/2023\/09\/Rev_de_Antrop_Visual.jpg\u00bb title_text=\u00bbRev_de_Antrop_Visual\u00bb _builder_version=\u00bb4.9.4&#8243; _module_preset=\u00bbdefault\u00bb][\/et_pb_image][\/et_pb_column][et_pb_column type=\u00bb3_4&#8243; _builder_version=\u00bb4.8.1&#8243; _module_preset=\u00bbdefault\u00bb][et_pb_text _builder_version=\u00bb4.9.4&#8243; _module_preset=\u00bb0e0bc4e0-cb0d-449e-b059-a12dcf3338ce\u00bb]<\/p>\n<h3>Opazo Sep\u00falveda, C. (2023). Memoria visual de las pr\u00e1cticas patrimoniales y art\u00edsticas subalternas en torno a los legados coloniales. Transformaci\u00f3n, contravisualidad y descolonizaci\u00f3n de los museos en Chile. <em>Revista de Antropologia Visual (Museos en im\u00e1genes. Pr\u00e1cticas de representaci\u00f3n y cultura visual en Museos)<\/em> 31, 1-21.<\/h3>\n<p>[\/et_pb_text][et_pb_text _builder_version=\u00bb4.9.4&#8243; _module_preset=\u00bbdefault\u00bb]<\/p>\n<p><a href=\"http:\/\/www.antropologiavisual.cl\/edicion\/numero-31\/articulos\/memoria-visual-de-las-practicas-patrimoniales-y-artisticas-subalternas-en-torno-los-legados\" target=\"_blank\" rel=\"noopener\">online<\/a><\/p>\n<p>[\/et_pb_text][\/et_pb_column][\/et_pb_row][et_pb_row _builder_version=\u00bb4.8.1&#8243; _module_preset=\u00bbdefault\u00bb][et_pb_column type=\u00bb4_4&#8243; _builder_version=\u00bb4.8.1&#8243; _module_preset=\u00bbdefault\u00bb][et_pb_text _builder_version=\u00bb4.9.4&#8243; _module_preset=\u00bbdefault\u00bb animation_style=\u00bbfade\u00bb animation_duration=\u00bb1500ms\u00bb animation_delay=\u00bb500ms\u00bb]<\/p>\n<h2><\/h2>\n<h2>2022<\/h2>\n<p>[\/et_pb_text][et_pb_divider color=\u00bb#C8AB37&#8243; divider_weight=\u00bb3px\u00bb _builder_version=\u00bb4.8.2&#8243; _module_preset=\u00bbdefault\u00bb width=\u00bb140px\u00bb][\/et_pb_divider][\/et_pb_column][\/et_pb_row][et_pb_row column_structure=\u00bb1_4,3_4&#8243; use_custom_gutter=\u00bbon\u00bb gutter_width=\u00bb2&#8243; make_equal=\u00bbon\u00bb _builder_version=\u00bb4.9.4&#8243; _module_preset=\u00bbdefault\u00bb module_alignment=\u00bbcenter\u00bb border_width_bottom=\u00bb2px\u00bb border_color_bottom=\u00bb#E0DAC3&#8243;][et_pb_column type=\u00bb1_4&#8243; _builder_version=\u00bb4.9.4&#8243; _module_preset=\u00bbdefault\u00bb custom_padding=\u00bb0px||11px||false|false\u00bb][et_pb_image src=\u00bbhttps:\/\/www.ub.edu\/gapp\/wp-content\/uploads\/2022\/07\/2022-06-12_en_publicacions_IMAGEN.jpg\u00bb title_text=\u00bb2022-06-12_en_publicacions_IMAGEN\u00bb align=\u00bbcenter\u00bb _builder_version=\u00bb4.9.4&#8243; _module_preset=\u00bbdefault\u00bb transform_scale=\u00bb123%|123%\u00bb transform_translate=\u00bb-17px|32px\u00bb width=\u00bb94%\u00bb max_width=\u00bb73%\u00bb module_alignment=\u00bbcenter\u00bb custom_margin=\u00bb||39px||false|false\u00bb][\/et_pb_image][\/et_pb_column][et_pb_column type=\u00bb3_4&#8243; _builder_version=\u00bb4.8.1&#8243; _module_preset=\u00bbdefault\u00bb][et_pb_text _builder_version=\u00bb4.9.4&#8243; _module_preset=\u00bb0e0bc4e0-cb0d-449e-b059-a12dcf3338ce\u00bb]<\/p>\n<h3><\/h3>\n<h3>D\u00edaz-Andreu, M. y Navas Perrone, M. G. (2022). [BLOG ARTICLE] Integrating society through evaluation processes: the Deep Cities project Barcelona workshop. <em>Deep Cities-Curbatheri project website<\/em> 2 November<\/h3>\n<p>[\/et_pb_text][et_pb_text _builder_version=\u00bb4.9.4&#8243; _module_preset=\u00bbdefault\u00bb]<\/p>\n<p><a href=\"https:\/\/curbatheri.niku.no\/integrating-society-through-evaluation-processes-the-deep-cities-project-barcelona-workshop\/.\" target=\"_blank\" rel=\"noopener\">online<\/a><\/p>\n<p>[\/et_pb_text][\/et_pb_column][\/et_pb_row][et_pb_row column_structure=\u00bb1_4,3_4&#8243; use_custom_gutter=\u00bbon\u00bb gutter_width=\u00bb2&#8243; make_equal=\u00bbon\u00bb _builder_version=\u00bb4.9.4&#8243; _module_preset=\u00bbdefault\u00bb module_alignment=\u00bbcenter\u00bb border_width_bottom=\u00bb2px\u00bb border_color_bottom=\u00bb#E0DAC3&#8243;][et_pb_column type=\u00bb1_4&#8243; _builder_version=\u00bb4.9.4&#8243; _module_preset=\u00bbdefault\u00bb custom_padding=\u00bb0px||11px||false|false\u00bb][et_pb_image src=\u00bbhttps:\/\/www.ub.edu\/gapp\/wp-content\/uploads\/2022\/10\/600x281_americanistes-e1665042221370.png\u00bb title_text=\u00bb2022-06-12_en_publicacions_IMAGEN\u00bb align=\u00bbcenter\u00bb _builder_version=\u00bb4.9.4&#8243; _module_preset=\u00bbdefault\u00bb transform_scale=\u00bb123%|123%\u00bb transform_translate=\u00bb-17px|32px\u00bb width=\u00bb94%\u00bb max_width=\u00bb73%\u00bb module_alignment=\u00bbcenter\u00bb custom_margin=\u00bb||39px||false|false\u00bb][\/et_pb_image][\/et_pb_column][et_pb_column type=\u00bb3_4&#8243; _builder_version=\u00bb4.8.1&#8243; _module_preset=\u00bbdefault\u00bb][et_pb_text _builder_version=\u00bb4.9.4&#8243; _module_preset=\u00bb0e0bc4e0-cb0d-449e-b059-a12dcf3338ce\u00bb]<\/p>\n<h3><span data-contrast=\"none\"><\/span><\/h3>\n<h3><span data-contrast=\"none\">Picas, M. (2022). Revendiquer le patrimoine arch\u00e9ologique par le rituel : la c\u00e9r\u00e9monie pan-maya du fuego sagrado dans le Pet\u00e9n et le Quintana Roo. <em>Journal de la Soci\u00e9t\u00e9 de Americanistes<\/em> 118 (1), 49-81. https:\/\/doi.org\/10.4000\/jsa.20655.<\/span><\/h3>\n<p>[\/et_pb_text][et_pb_text _builder_version=\u00bb4.9.4&#8243; _module_preset=\u00bbdefault\u00bb]<\/p>\n<p><a href=\"https:\/\/journals.openedition.org\/jsa\/20655\" target=\"_blank\" rel=\"noopener\">online<\/a><\/p>\n<p>[\/et_pb_text][\/et_pb_column][\/et_pb_row][et_pb_row column_structure=\u00bb1_4,3_4&#8243; use_custom_gutter=\u00bbon\u00bb gutter_width=\u00bb2&#8243; make_equal=\u00bbon\u00bb _builder_version=\u00bb4.9.4&#8243; _module_preset=\u00bbdefault\u00bb module_alignment=\u00bbcenter\u00bb border_width_bottom=\u00bb2px\u00bb border_color_bottom=\u00bb#E0DAC3&#8243;][et_pb_column type=\u00bb1_4&#8243; _builder_version=\u00bb4.9.4&#8243; _module_preset=\u00bbdefault\u00bb custom_padding=\u00bb0px||11px||false|false\u00bb][et_pb_image src=\u00bbhttps:\/\/www.ub.edu\/gapp\/wp-content\/uploads\/2022\/07\/2022-06-12_en_publicacions_IMAGEN.jpg\u00bb title_text=\u00bb2022-06-12_en_publicacions_IMAGEN\u00bb align=\u00bbcenter\u00bb _builder_version=\u00bb4.9.4&#8243; _module_preset=\u00bbdefault\u00bb transform_scale=\u00bb123%|123%\u00bb transform_translate=\u00bb-17px|32px\u00bb width=\u00bb94%\u00bb max_width=\u00bb73%\u00bb module_alignment=\u00bbcenter\u00bb custom_margin=\u00bb||39px||false|false\u00bb][\/et_pb_image][\/et_pb_column][et_pb_column type=\u00bb3_4&#8243; _builder_version=\u00bb4.8.1&#8243; _module_preset=\u00bbdefault\u00bb][et_pb_text _builder_version=\u00bb4.9.4&#8243; _module_preset=\u00bb0e0bc4e0-cb0d-449e-b059-a12dcf3338ce\u00bb]<\/p>\n<h3><\/h3>\n<h3><\/h3>\n<h3>Navas Perrone, M. G. y D\u00edaz-Andreu, M. (2022). [BLOG ARTICLE] Urban heritage in transformation: from industry to property pressures in L\u2019Hospitalet. Deep Cities-Curbatheri project website 8 August<\/h3>\n<p>[\/et_pb_text][et_pb_text _builder_version=\u00bb4.9.4&#8243; _module_preset=\u00bbdefault\u00bb]<\/p>\n<p><a href=\"https:\/\/curbatheri.niku.no\/urban-heritage-in-transformation-from-industry-to-property-pressures-in-lhospitalet\/\" target=\"_blank\" rel=\"noopener\">online<\/a><\/p>\n<p>[\/et_pb_text][\/et_pb_column][\/et_pb_row][et_pb_row column_structure=\u00bb1_4,3_4&#8243; use_custom_gutter=\u00bbon\u00bb gutter_width=\u00bb2&#8243; _builder_version=\u00bb4.9.4&#8243; _module_preset=\u00bbdefault\u00bb border_width_bottom=\u00bb2px\u00bb border_color_bottom=\u00bb#E0DAC3&#8243;][et_pb_column type=\u00bb1_4&#8243; _builder_version=\u00bb4.9.4&#8243; _module_preset=\u00bbdefault\u00bb custom_padding=\u00bb0px||||false|false\u00bb][et_pb_image src=\u00bbhttps:\/\/www.ub.edu\/gapp\/wp-content\/uploads\/2022\/04\/Revista_estudios_sociales_logo.jpg\u00bb title_text=\u00bbRevista_estudios_sociales_logo\u00bb _builder_version=\u00bb4.9.4&#8243; _module_preset=\u00bbdefault\u00bb transform_scale=\u00bb123%|123%\u00bb transform_translate=\u00bb-17px|32px\u00bb width=\u00bb94%\u00bb max_width=\u00bb73%\u00bb module_alignment=\u00bbcenter\u00bb][\/et_pb_image][\/et_pb_column][et_pb_column type=\u00bb3_4&#8243; _builder_version=\u00bb4.8.1&#8243; _module_preset=\u00bbdefault\u00bb][et_pb_text _builder_version=\u00bb4.9.4&#8243; _module_preset=\u00bb0e0bc4e0-cb0d-449e-b059-a12dcf3338ce\u00bb]<\/p>\n<h3><\/h3>\n<h3>Pastor P\u00e9rez, A. &amp; D\u00edaz-Andreu, M. (2022) \u2018Evoluci\u00f3n de los valores del patrimonio cultural\u2019, <em>Revista de Estudios Sociales<\/em>, 80, pp. 3\u201320. doi: 10.7440\/res80.2022.01.<\/h3>\n<p>[\/et_pb_text][et_pb_text _builder_version=\u00bb4.9.4&#8243; _module_preset=\u00bbdefault\u00bb link_option_url=\u00bbhttps:\/\/revistas.uniandes.edu.co\/doi\/full\/10.7440\/res80.2022.01&#8243; link_option_url_new_window=\u00bbon\u00bb]<\/p>\n<p><a href=\"https:\/\/revistas.uniandes.edu.co\/doi\/full\/10.7440\/res80.2022.01\">online<\/a><\/p>\n<p>[\/et_pb_text][\/et_pb_column][\/et_pb_row][et_pb_row column_structure=\u00bb1_4,3_4&#8243; use_custom_gutter=\u00bbon\u00bb gutter_width=\u00bb2&#8243; make_equal=\u00bbon\u00bb _builder_version=\u00bb4.9.4&#8243; _module_preset=\u00bbdefault\u00bb module_alignment=\u00bbcenter\u00bb border_width_bottom=\u00bb2px\u00bb border_color_bottom=\u00bb#E0DAC3&#8243;][et_pb_column type=\u00bb1_4&#8243; _builder_version=\u00bb4.9.4&#8243; _module_preset=\u00bbdefault\u00bb custom_padding=\u00bb0px||11px||false|false\u00bb][et_pb_image src=\u00bbhttps:\/\/www.ub.edu\/gapp\/wp-content\/uploads\/2022\/07\/2022-06-12_en_publicacions_IMAGEN.jpg\u00bb title_text=\u00bb2022-06-12_en_publicacions_IMAGEN\u00bb align=\u00bbcenter\u00bb _builder_version=\u00bb4.9.4&#8243; _module_preset=\u00bbdefault\u00bb transform_scale=\u00bb123%|123%\u00bb transform_translate=\u00bb-17px|32px\u00bb width=\u00bb94%\u00bb max_width=\u00bb73%\u00bb module_alignment=\u00bbcenter\u00bb custom_margin=\u00bb||39px||false|false\u00bb][\/et_pb_image][\/et_pb_column][et_pb_column type=\u00bb3_4&#8243; _builder_version=\u00bb4.8.1&#8243; _module_preset=\u00bbdefault\u00bb][et_pb_text _builder_version=\u00bb4.9.4&#8243; _module_preset=\u00bb0e0bc4e0-cb0d-449e-b059-a12dcf3338ce\u00bb]<\/p>\n<h3><\/h3>\n<h3><\/h3>\n<h3>Pastor P\u00e9rez, A. and Robson, E. M. (2022) [BLOG ARTICLE] Linking Theory and Practice: Archaeology and \u2018deep cities\u2019 at the Nordic TAG 2022 (Oslo, Norway). Deep Cities project website 19 May,<\/h3>\n<p>[\/et_pb_text][et_pb_text _builder_version=\u00bb4.9.4&#8243; _module_preset=\u00bbdefault\u00bb]<a href=\"https:\/\/curbatheri.niku.no\/linking-theory-and-practice-archaeology-and-deep-cities-at-the-nordic-tag-2022-oslo-norway\/\">online<\/a>[\/et_pb_text][\/et_pb_column][\/et_pb_row][et_pb_row column_structure=\u00bb1_4,3_4&#8243; use_custom_gutter=\u00bbon\u00bb gutter_width=\u00bb2&#8243; _builder_version=\u00bb4.9.4&#8243; _module_preset=\u00bbdefault\u00bb border_width_bottom=\u00bb2px\u00bb border_color_bottom=\u00bb#E0DAC3&#8243;][et_pb_column type=\u00bb1_4&#8243; _builder_version=\u00bb4.9.4&#8243; _module_preset=\u00bbdefault\u00bb custom_padding=\u00bb0px||||false|false\u00bb][et_pb_image src=\u00bbhttps:\/\/www.ub.edu\/gapp\/wp-content\/uploads\/2022\/03\/Captura-de-pantalla-2022-03-12-132300.png\u00bb title_text=\u00bbCaptura de pantalla 2022-03-12 132300&#8243; _builder_version=\u00bb4.9.4&#8243; _module_preset=\u00bbdefault\u00bb transform_scale=\u00bb123%|123%\u00bb transform_translate=\u00bb-17px|32px\u00bb width=\u00bb94%\u00bb max_width=\u00bb73%\u00bb module_alignment=\u00bbcenter\u00bb][\/et_pb_image][\/et_pb_column][et_pb_column type=\u00bb3_4&#8243; _builder_version=\u00bb4.8.1&#8243; _module_preset=\u00bbdefault\u00bb][et_pb_text _builder_version=\u00bb4.9.4&#8243; _module_preset=\u00bb0e0bc4e0-cb0d-449e-b059-a12dcf3338ce\u00bb]<\/p>\n<h3><\/h3>\n<h3>Picas, M. (2022). Los valores sagrados del patrimonio arqueol\u00f3gico: discontinuidades y reapropiaciones en torno a los m\u00faulo\u2019ob en Quintana Roo. <em>Chungara<\/em> 54 (1), 149-163.<\/h3>\n<p>[\/et_pb_text][et_pb_text _builder_version=\u00bb4.9.4&#8243; _module_preset=\u00bbdefault\u00bb link_option_url=\u00bbhttps:\/\/www.scielo.cl\/scielo.php?script=sci_arttext&#038;pid=S0717-73562022000100149&#8243; link_option_url_new_window=\u00bbon\u00bb]<\/p>\n<p><a href=\"https:\/\/www.scielo.cl\/scielo.php?script=sci_arttext&amp;pid=S0717-73562022000100149\"><span>online<\/span><\/a><\/p>\n<p>[\/et_pb_text][\/et_pb_column][\/et_pb_row][et_pb_row column_structure=\u00bb1_4,3_4&#8243; use_custom_gutter=\u00bbon\u00bb gutter_width=\u00bb2&#8243; _builder_version=\u00bb4.8.1&#8243; _module_preset=\u00bbdefault\u00bb border_width_bottom=\u00bb2px\u00bb border_color_bottom=\u00bb#E0DAC3&#8243;][et_pb_column type=\u00bb1_4&#8243; _builder_version=\u00bb4.8.1&#8243; _module_preset=\u00bbdefault\u00bb][et_pb_image src=\u00bbhttps:\/\/www.ub.edu\/gapp\/wp-content\/uploads\/2022\/03\/sudversa-IMAGEN.jpg\u00bb title_text=\u00bbsudversa&#8211;IMAGEN\u00bb _builder_version=\u00bb4.9.4&#8243; _module_preset=\u00bbdefault\u00bb transform_scale=\u00bb123%|123%\u00bb transform_translate=\u00bb-17px|32px\u00bb width=\u00bb94%\u00bb max_width=\u00bb73%\u00bb module_alignment=\u00bbcenter\u00bb][\/et_pb_image][\/et_pb_column][et_pb_column type=\u00bb3_4&#8243; _builder_version=\u00bb4.8.1&#8243; _module_preset=\u00bbdefault\u00bb][et_pb_text _builder_version=\u00bb4.9.4&#8243; _module_preset=\u00bb0e0bc4e0-cb0d-449e-b059-a12dcf3338ce\u00bb]<\/p>\n<h3><\/h3>\n<h3>Opazo Sep\u00falveda, C. (2022). Construir memoria con el cuerpo y las palabras. <em>Sudversa<\/em> Febr, online.<\/h3>\n<p>[\/et_pb_text][et_pb_text _builder_version=\u00bb4.9.4&#8243; _module_preset=\u00bbdefault\u00bb]<\/p>\n<p><a href=\"http:\/\/sudversa.com\/desterrar-lo-silenciado\/\">online<\/a><\/p>\n<p>[\/et_pb_text][\/et_pb_column][\/et_pb_row][et_pb_row column_structure=\u00bb1_4,3_4&#8243; use_custom_gutter=\u00bbon\u00bb gutter_width=\u00bb2&#8243; make_equal=\u00bbon\u00bb _builder_version=\u00bb4.9.4&#8243; _module_preset=\u00bbdefault\u00bb module_alignment=\u00bbcenter\u00bb border_width_bottom=\u00bb2px\u00bb border_color_bottom=\u00bb#E0DAC3&#8243;][et_pb_column type=\u00bb1_4&#8243; _builder_version=\u00bb4.9.4&#8243; _module_preset=\u00bbdefault\u00bb custom_padding=\u00bb0px||11px||false|false\u00bb][et_pb_image src=\u00bbhttps:\/\/www.ub.edu\/gapp\/wp-content\/uploads\/2022\/07\/2022-06-12_en_publicacions_IMAGEN.jpg\u00bb title_text=\u00bb2022-06-12_en_publicacions_IMAGEN\u00bb align=\u00bbcenter\u00bb _builder_version=\u00bb4.9.4&#8243; _module_preset=\u00bbdefault\u00bb transform_scale=\u00bb123%|123%\u00bb transform_translate=\u00bb-17px|32px\u00bb width=\u00bb94%\u00bb max_width=\u00bb73%\u00bb module_alignment=\u00bbcenter\u00bb custom_margin=\u00bb||39px||false|false\u00bb][\/et_pb_image][\/et_pb_column][et_pb_column type=\u00bb3_4&#8243; _builder_version=\u00bb4.8.1&#8243; _module_preset=\u00bbdefault\u00bb][et_pb_text _builder_version=\u00bb4.9.4&#8243; _module_preset=\u00bb0e0bc4e0-cb0d-449e-b059-a12dcf3338ce\u00bb]<\/p>\n<h3><\/h3>\n<h3><\/h3>\n<h3>Mart\u00edn Alonso, J., Pastor P\u00e9rez, A. and D\u00edaz-Andreu, M. (2022) [BLOG ARTICLE] Towards a deep cities ethography of Sant Andreu de Palomar. Deep Cities project website 12 January,<\/h3>\n<p>[\/et_pb_text][et_pb_text _builder_version=\u00bb4.9.4&#8243; _module_preset=\u00bbdefault\u00bb]<a href=\"https:\/\/curbatheri.niku.no\/towards-a-deep-cities-ethography-of-sant-andreu-de-palomar\/\">online<\/a>[\/et_pb_text][\/et_pb_column][\/et_pb_row][et_pb_row column_structure=\u00bb1_4,3_4&#8243; use_custom_gutter=\u00bbon\u00bb gutter_width=\u00bb2&#8243; _builder_version=\u00bb4.8.1&#8243; _module_preset=\u00bbdefault\u00bb border_width_bottom=\u00bb2px\u00bb border_color_bottom=\u00bb#E0DAC3&#8243;][et_pb_column type=\u00bb1_4&#8243; _builder_version=\u00bb4.8.1&#8243; _module_preset=\u00bbdefault\u00bb][et_pb_image src=\u00bbhttps:\/\/www.ub.edu\/gapp\/wp-content\/uploads\/2022\/02\/Chungara_logo.jpg\u00bb title_text=\u00bbChungara_logo\u00bb _builder_version=\u00bb4.9.4&#8243; _module_preset=\u00bbdefault\u00bb transform_scale=\u00bb123%|123%\u00bb transform_translate=\u00bb-17px|32px\u00bb width=\u00bb94%\u00bb max_width=\u00bb73%\u00bb module_alignment=\u00bbcenter\u00bb][\/et_pb_image][\/et_pb_column][et_pb_column type=\u00bb3_4&#8243; _builder_version=\u00bb4.8.1&#8243; _module_preset=\u00bbdefault\u00bb][et_pb_text _builder_version=\u00bb4.9.4&#8243; _module_preset=\u00bb0e0bc4e0-cb0d-449e-b059-a12dcf3338ce\u00bb custom_padding=\u00bb1px|||||\u00bb]<\/p>\n<h3><\/h3>\n<h3>Pastor P\u00e9rez, A. y D\u00edaz-Andreu, M. (2022). Conservaci\u00f3n [cr\u00edtica] social en arqueolog\u00eda. Chungar\u00e1 54 (1), 165-179. http:\/\/dx.doi.org\/10.4067\/S0717-73562021005002602.<\/h3>\n<p>[\/et_pb_text][et_pb_text _builder_version=\u00bb4.9.4&#8243; _module_preset=\u00bbdefault\u00bb link_option_url=\u00bbhttps:\/\/www.scielo.cl\/pdf\/chungara\/v54n1\/0717-7356-chungara-02602.pdf\u00bb link_option_url_new_window=\u00bbon\u00bb]<\/p>\n<p><a href=\"https:\/\/www.scielo.cl\/pdf\/chungara\/v54n1\/0717-7356-chungara-02602.pdf\">online<\/a><\/p>\n<p>[\/et_pb_text][\/et_pb_column][\/et_pb_row][et_pb_row _builder_version=\u00bb4.8.1&#8243; _module_preset=\u00bbdefault\u00bb][et_pb_column type=\u00bb4_4&#8243; _builder_version=\u00bb4.8.1&#8243; _module_preset=\u00bbdefault\u00bb][et_pb_text _builder_version=\u00bb4.9.4&#8243; _module_preset=\u00bbdefault\u00bb custom_margin=\u00bb57px|||||\u00bb animation_style=\u00bbfade\u00bb animation_duration=\u00bb1500ms\u00bb animation_delay=\u00bb500ms\u00bb]<\/p>\n<h2><\/h2>\n<h2>2021<\/h2>\n<p>[\/et_pb_text][et_pb_divider color=\u00bb#C8AB37&#8243; divider_weight=\u00bb3px\u00bb _builder_version=\u00bb4.8.2&#8243; _module_preset=\u00bbdefault\u00bb width=\u00bb140px\u00bb][\/et_pb_divider][\/et_pb_column][\/et_pb_row][et_pb_row column_structure=\u00bb1_4,3_4&#8243; use_custom_gutter=\u00bbon\u00bb gutter_width=\u00bb2&#8243; _builder_version=\u00bb4.8.1&#8243; _module_preset=\u00bbdefault\u00bb border_width_bottom=\u00bb2px\u00bb border_color_bottom=\u00bb#E0DAC3&#8243;][et_pb_column type=\u00bb1_4&#8243; _builder_version=\u00bb4.8.1&#8243; _module_preset=\u00bbdefault\u00bb][et_pb_image src=\u00bbhttps:\/\/www.ub.edu\/gapp\/wp-content\/uploads\/2022\/02\/Arizona_Press_logo.png\u00bb title_text=\u00bbArizona_Press_logo\u00bb _builder_version=\u00bb4.9.4&#8243; _module_preset=\u00bbdefault\u00bb transform_scale=\u00bb123%|123%\u00bb transform_translate=\u00bb-17px|32px\u00bb width=\u00bb94%\u00bb max_width=\u00bb73%\u00bb module_alignment=\u00bbcenter\u00bb][\/et_pb_image][\/et_pb_column][et_pb_column type=\u00bb3_4&#8243; _builder_version=\u00bb4.8.1&#8243; _module_preset=\u00bbdefault\u00bb][et_pb_text _builder_version=\u00bb4.9.4&#8243; _module_preset=\u00bb0e0bc4e0-cb0d-449e-b059-a12dcf3338ce\u00bb]<\/p>\n<h3>The Plurivocality of Tulum : \u201cScientific\u201d vs. Local Narratives About Maya Sites in Quintana Roo. In G. Mackenthun &amp; C. Mucher (Eds.)<em>, Decolonizing \u00abPrehistory\u00bb: deep time and topological knowledge in North America<\/em>(pp. 211-230). <\/span><br \/>\n<\/em><\/h3>\n<p>[\/et_pb_text][et_pb_text _builder_version=\u00bb4.9.4&#8243; _module_preset=\u00bbdefault\u00bb]<\/p>\n<p><strong>Picas, M. (2021). <\/strong><\/p>\n<p>[\/et_pb_text][et_pb_text _builder_version=\u00bb4.9.4&#8243; _module_preset=\u00bbdefault\u00bb]<\/p>\n<p><span>Tucson: The University of Arizona Press.<\/span><\/p>\n<p>[\/et_pb_text][\/et_pb_column][\/et_pb_row][et_pb_row column_structure=\u00bb1_4,3_4&#8243; use_custom_gutter=\u00bbon\u00bb gutter_width=\u00bb2&#8243; _builder_version=\u00bb4.8.1&#8243; _module_preset=\u00bbdefault\u00bb border_width_bottom=\u00bb2px\u00bb border_color_bottom=\u00bb#E0DAC3&#8243;][et_pb_column type=\u00bb1_4&#8243; _builder_version=\u00bb4.8.1&#8243; _module_preset=\u00bbdefault\u00bb][et_pb_image src=\u00bbhttps:\/\/www.ub.edu\/gapp\/wp-content\/uploads\/2022\/02\/Sustainability.jpg\u00bb title_text=\u00bbSustainability\u00bb _builder_version=\u00bb4.9.4&#8243; _module_preset=\u00bbdefault\u00bb transform_scale=\u00bb123%|123%\u00bb transform_translate=\u00bb-17px|32px\u00bb width=\u00bb94%\u00bb max_width=\u00bb73%\u00bb module_alignment=\u00bbcenter\u00bb][\/et_pb_image][\/et_pb_column][et_pb_column type=\u00bb3_4&#8243; _builder_version=\u00bb4.8.1&#8243; _module_preset=\u00bbdefault\u00bb][et_pb_text _builder_version=\u00bb4.9.4&#8243; _module_preset=\u00bb0e0bc4e0-cb0d-449e-b059-a12dcf3338ce\u00bb]<\/p>\n<h3> Democratising Heritage Values: A Methodological Review.<\/h3>\n<p>[\/et_pb_text][et_pb_text _builder_version=\u00bb4.9.4&#8243; _module_preset=\u00bbdefault\u00bb]<\/p>\n<p><strong>Pastor P\u00e9rez, A., Barreiro Mart\u00ednez, D., Parga-Dans, E., &#038; Alonso Gonz\u00e1lez, P. (2021). <\/strong><\/p>\n<p>[\/et_pb_text][et_pb_text _builder_version=\u00bb4.9.4&#8243; _module_preset=\u00bbdefault\u00bb]<\/p>\n<p><em><a href=\"https:\/\/doi.org\/10.3390\/su132212492\" target=\"_blank\" rel=\"noopener\">Sustainability, <\/a>13(22), 12492.<\/p>\n<p>[\/et_pb_text][\/et_pb_column][\/et_pb_row][et_pb_row column_structure=\u00bb1_4,3_4&#8243; use_custom_gutter=\u00bbon\u00bb gutter_width=\u00bb2&#8243; _builder_version=\u00bb4.8.1&#8243; _module_preset=\u00bbdefault\u00bb border_width_bottom=\u00bb2px\u00bb border_color_bottom=\u00bb#E0DAC3&#8243;][et_pb_column type=\u00bb1_4&#8243; _builder_version=\u00bb4.8.1&#8243; _module_preset=\u00bbdefault\u00bb][et_pb_image src=\u00bbhttps:\/\/www.ub.edu\/gapp\/wp-content\/uploads\/2022\/02\/Complutum.jpg\u00bb title_text=\u00bbComplutum\u00bb _builder_version=\u00bb4.9.4&#8243; _module_preset=\u00bbdefault\u00bb transform_scale=\u00bb123%|123%\u00bb transform_translate=\u00bb-17px|32px\u00bb width=\u00bb94%\u00bb max_width=\u00bb70%\u00bb module_alignment=\u00bbcenter\u00bb][\/et_pb_image][\/et_pb_column][et_pb_column type=\u00bb3_4&#8243; _builder_version=\u00bb4.8.1&#8243; _module_preset=\u00bbdefault\u00bb][et_pb_text _builder_version=\u00bb4.9.4&#8243; _module_preset=\u00bb0e0bc4e0-cb0d-449e-b059-a12dcf3338ce\u00bb]<\/p>\n<h3> Analizando el valor patrimonial de las transformaciones urbanas en Barcelona.<\/h3>\n<p>[\/et_pb_text][et_pb_text _builder_version=\u00bb4.9.4&#8243; _module_preset=\u00bbdefault\u00bb]<\/p>\n<p><strong>Pastor P\u00e9rez, A., &#038; D\u00edaz-Andreu, M. (2021). <\/strong><\/p>\n<p>[\/et_pb_text][et_pb_text _builder_version=\u00bb4.9.4&#8243; _module_preset=\u00bbdefault\u00bb]<\/p>\n<p><em><a href=\"https:\/\/revistas.ucm.es\/index.php\/CMPL\/article\/view\/78579\" target=\"_blank\" rel=\"noopener\">Complutum<\/em><\/a>,  32(2), 709\u2013726.<\/p>\n<p>[\/et_pb_text][\/et_pb_column][\/et_pb_row][et_pb_row column_structure=\u00bb1_4,3_4&#8243; use_custom_gutter=\u00bbon\u00bb gutter_width=\u00bb2&#8243; _builder_version=\u00bb4.8.1&#8243; _module_preset=\u00bbdefault\u00bb border_width_bottom=\u00bb2px\u00bb border_color_bottom=\u00bb#E0DAC3&#8243;][et_pb_column type=\u00bb1_4&#8243; _builder_version=\u00bb4.8.1&#8243; _module_preset=\u00bbdefault\u00bb][et_pb_image src=\u00bbhttps:\/\/www.ub.edu\/gapp\/wp-content\/uploads\/2021\/10\/escudo-UB.png\u00bb title_text=\u00bbescudo UB\u00bb align=\u00bbcenter\u00bb _builder_version=\u00bb4.9.4&#8243; _module_preset=\u00bbdefault\u00bb transform_scale=\u00bb123%|123%\u00bb transform_translate=\u00bb-17px|32px\u00bb width=\u00bb29%\u00bb custom_margin=\u00bb||-9px||false|false\u00bb][\/et_pb_image][\/et_pb_column][et_pb_column type=\u00bb3_4&#8243; _builder_version=\u00bb4.8.1&#8243; _module_preset=\u00bbdefault\u00bb][et_pb_text _builder_version=\u00bb4.9.4&#8243; _module_preset=\u00bb0e0bc4e0-cb0d-449e-b059-a12dcf3338ce\u00bb]<\/p>\n<h3> La gesti\u00f3n del patrimonio ind\u00edgena en los museos de Chile. El caso del museo hist\u00f3rico nacional (1990-2020) [Trabaj Final de Master]<\/h3>\n<p>[\/et_pb_text][et_pb_text _builder_version=\u00bb4.9.4&#8243; _module_preset=\u00bbdefault\u00bb]<\/p>\n<p><strong>Opazo-Sep\u00falveda, C. 2020.<\/strong><\/p>\n<p>[\/et_pb_text][et_pb_text _builder_version=\u00bb4.9.4&#8243; _module_preset=\u00bbdefault\u00bb]<a href=\"http:\/\/diposit.ub.edu\/dspace\/handle\/2445\/176448\">Universidad de Barcelona <\/a>[\/et_pb_text][\/et_pb_column][\/et_pb_row][et_pb_row column_structure=\u00bb1_4,3_4&#8243; use_custom_gutter=\u00bbon\u00bb gutter_width=\u00bb2&#8243; _builder_version=\u00bb4.8.1&#8243; _module_preset=\u00bbdefault\u00bb border_width_bottom=\u00bb2px\u00bb border_color_bottom=\u00bb#E0DAC3&#8243;][et_pb_column type=\u00bb1_4&#8243; _builder_version=\u00bb4.8.1&#8243; _module_preset=\u00bbdefault\u00bb][et_pb_image src=\u00bbhttps:\/\/www.ub.edu\/gapp\/wp-content\/uploads\/2021\/09\/Revista_chilena_antropo-e1631732090554.png\u00bb title_text=\u00bbRevista_chilena_antropo\u00bb align=\u00bbcenter\u00bb _builder_version=\u00bb4.9.4&#8243; _module_preset=\u00bbdefault\u00bb transform_scale=\u00bb123%|123%\u00bb transform_translate=\u00bb-17px|32px\u00bb width=\u00bb100%\u00bb custom_margin=\u00bb||-9px||false|false\u00bb][\/et_pb_image][\/et_pb_column][et_pb_column type=\u00bb3_4&#8243; _builder_version=\u00bb4.8.1&#8243; _module_preset=\u00bbdefault\u00bb][et_pb_text _builder_version=\u00bb4.9.4&#8243; _module_preset=\u00bb0e0bc4e0-cb0d-449e-b059-a12dcf3338ce\u00bb]<\/p>\n<h3>Reentierro de cuerpos humanos en el cementerio salitrero Lagunas (Regi\u00f3n de Tarapac\u00e1, Norte de Chile). Una propuesta \u00e9tica en el contexto de impacto ambiental.<\/h3>\n<p>[\/et_pb_text][et_pb_text _builder_version=\u00bb4.9.4&#8243; _module_preset=\u00bbdefault\u00bb]<\/p>\n<p><strong>Pellegrino-Hurtado, C., Herrera-Soto, M., Opazo-Sep\u00falveda, C., &amp; Bugue\u00f1o-Telias, M. (2021)<\/strong><\/p>\n<p>[\/et_pb_text][et_pb_text _builder_version=\u00bb4.9.4&#8243; _module_preset=\u00bbdefault\u00bb]<\/p>\n<p><a href=\"https:\/\/periodicos.ufmg.br\/index.php\/vestigios\/article\/view\/26085\" target=\"_blank\" rel=\"noopener\"><em>Revista Chilena de Antropolog\u00eda<\/em><\/a>, (43), 19-58,<br \/>\ndoi:10.5354\/0719-1472.2021.64432<\/p>\n<p>[\/et_pb_text][\/et_pb_column][\/et_pb_row][et_pb_row column_structure=\u00bb1_4,3_4&#8243; use_custom_gutter=\u00bbon\u00bb gutter_width=\u00bb2&#8243; _builder_version=\u00bb4.8.1&#8243; _module_preset=\u00bbdefault\u00bb][et_pb_column type=\u00bb1_4&#8243; _builder_version=\u00bb4.8.1&#8243; _module_preset=\u00bbdefault\u00bb][et_pb_image src=\u00bbhttps:\/\/www.ub.edu\/gapp\/wp-content\/uploads\/2021\/02\/vestigios-revista.jpg\u00bb alt=\u00bbVest\u00edgios-Revista Latino-Americana de Arqueologia Hist\u00f3rica\u00bb title_text=\u00bbVest\u00edgios-Revista Latino-Americana de Arqueologia Hist\u00f3rica\u00bb _builder_version=\u00bb4.8.1&#8243; _module_preset=\u00bbdefault\u00bb][\/et_pb_image][\/et_pb_column][et_pb_column type=\u00bb3_4&#8243; _builder_version=\u00bb4.8.1&#8243; _module_preset=\u00bbdefault\u00bb][et_pb_text _builder_version=\u00bb4.8.1&#8243; _module_preset=\u00bb0e0bc4e0-cb0d-449e-b059-a12dcf3338ce\u00bb]<\/p>\n<h3>Metodolog\u00edas Para a conserva\u00e7\u00e3o Preventiva Participativa Em Arqueologia: Barri G\u00f2tic De Barcelona.<\/h3>\n<p>[\/et_pb_text][et_pb_text _builder_version=\u00bb4.8.1&#8243; _module_preset=\u00bbdefault\u00bb]<\/p>\n<p><strong>Pastor P\u00e9rez, A., y\u00a0Ruiz Mart\u00ednez, A. 2021<\/strong><\/p>\n<p>[\/et_pb_text][et_pb_text _builder_version=\u00bb4.9.4&#8243; _module_preset=\u00bbdefault\u00bb]<\/p>\n<p><a href=\"https:\/\/periodicos.ufmg.br\/index.php\/vestigios\/article\/view\/26085\" target=\"_blank\" rel=\"noopener\"><em>Vestigios \u2013 Revista Latino-Americana de Arqueologia Hist\u00f3rica<\/em><\/a>. 14, (2): 121-49, doi:10.31239\/vtg.v14i2.26085<\/p>\n<p>[\/et_pb_text][\/et_pb_column][\/et_pb_row][\/et_pb_section][et_pb_section fb_built=\u00bb1&#8243; _builder_version=\u00bb4.8.0&#8243; _module_preset=\u00bbdefault\u00bb][et_pb_row _builder_version=\u00bb4.8.0&#8243; _module_preset=\u00bbdefault\u00bb][et_pb_column type=\u00bb4_4&#8243; _builder_version=\u00bb4.8.0&#8243; _module_preset=\u00bbdefault\u00bb][et_pb_text _builder_version=\u00bb4.9.4&#8243; _module_preset=\u00bbdefault\u00bb animation_style=\u00bbfade\u00bb animation_duration=\u00bb1500ms\u00bb animation_delay=\u00bb500ms\u00bb]<\/p>\n<h2><em><\/em><\/h2>\n<h2>2020<\/h2>\n<p>[\/et_pb_text][et_pb_divider color=\u00bb#C8AB37&#8243; divider_weight=\u00bb3px\u00bb _builder_version=\u00bb4.8.1&#8243; _module_preset=\u00bbdefault\u00bb width=\u00bb140px\u00bb animation_style=\u00bbslide\u00bb animation_direction=\u00bbleft\u00bb][\/et_pb_divider][\/et_pb_column][\/et_pb_row][et_pb_row column_structure=\u00bb1_4,3_4&#8243; use_custom_gutter=\u00bbon\u00bb gutter_width=\u00bb2&#8243; _builder_version=\u00bb4.8.1&#8243; _module_preset=\u00bbdefault\u00bb][et_pb_column type=\u00bb1_4&#8243; _builder_version=\u00bb4.8.0&#8243; _module_preset=\u00bbdefault\u00bb][et_pb_image src=\u00bbhttps:\/\/www.ub.edu\/gapp\/wp-content\/uploads\/2021\/02\/conservar-patrimonio.jpg\u00bb alt=\u00bbConservar patrimonio\u00bb title_text=\u00bbConservar patrimonio\u00bb _builder_version=\u00bb4.8.1&#8243; _module_preset=\u00bbdefault\u00bb][\/et_pb_image][\/et_pb_column][et_pb_column type=\u00bb3_4&#8243; _builder_version=\u00bb4.8.0&#8243; _module_preset=\u00bbdefault\u00bb][et_pb_text _builder_version=\u00bb4.8.1&#8243; _module_preset=\u00bbdefault\u00bb header_3_font_size=\u00bb20px\u00bb]<\/p>\n<h3>Thoughts on the socialisation of preventive archaeological conservation in Spain.<\/h3>\n<p>[\/et_pb_text][et_pb_text _builder_version=\u00bb4.8.1&#8243; _module_preset=\u00bbdefault\u00bb]<\/p>\n<p><strong>Pastor P\u00e9rez<\/strong>, A. 2020<\/p>\n<p>[\/et_pb_text][et_pb_text _builder_version=\u00bb4.9.4&#8243; _module_preset=\u00bbdefault\u00bb]<\/p>\n<p><a href=\"https:\/\/conservarpatrimonio.pt\/article\/view\/21832\" target=\"_blank\" rel=\"noopener\">Conservar Patrimonio<\/a><\/p>\n<p>[\/et_pb_text][\/et_pb_column][\/et_pb_row][et_pb_row column_structure=\u00bb1_4,3_4&#8243; use_custom_gutter=\u00bbon\u00bb gutter_width=\u00bb2&#8243; _builder_version=\u00bb4.8.1&#8243; _module_preset=\u00bbdefault\u00bb][et_pb_column type=\u00bb1_4&#8243; _builder_version=\u00bb4.8.1&#8243; _module_preset=\u00bbdefault\u00bb][et_pb_image src=\u00bbhttps:\/\/www.ub.edu\/gapp\/wp-content\/uploads\/2021\/02\/portada_libro.jpg\u00bb alt=\u00bb21 Assajos al voltant del Patrimoni Cultural\u00bb title_text=\u00bb21 Assajos al voltant del Patrimoni Cultural\u00bb _builder_version=\u00bb4.8.1&#8243; _module_preset=\u00bbdefault\u00bb][\/et_pb_image][\/et_pb_column][et_pb_column type=\u00bb3_4&#8243; _builder_version=\u00bb4.8.1&#8243; _module_preset=\u00bbdefault\u00bb][et_pb_text _builder_version=\u00bb4.8.1&#8243; _module_preset=\u00bb0e0bc4e0-cb0d-449e-b059-a12dcf3338ce\u00bb]<\/p>\n<h3>21 Assajos al Voltant del Patrimoni Cultural \/ 21 ensayos sobre el Patrimonio Cultural.<\/h3>\n<p>[\/et_pb_text][et_pb_text _builder_version=\u00bb4.8.1&#8243; _module_preset=\u00bbdefault\u00bb]<\/p>\n<p><strong>Pastor P\u00e9rez, A<\/strong>.,\u00a0<strong>Picas, M.<\/strong>\u00a0y\u00a0<strong>Ruiz, A.<\/strong> (eds.) 2020\u00a0<\/p>\n<p>[\/et_pb_text][et_pb_text _builder_version=\u00bb4.8.2&#8243; _module_preset=\u00bbdefault\u00bb]<\/p>\n<p>With these Articles:<\/p>\n<ul>\n<li><strong>Alarc\u00f3n-Jim\u00e9nez<\/strong>, A.-M. y\u00a0<strong>Coltofean-Arizancu<\/strong>, L. 2020.\u00a0A prologue\u00a0transformed: interacting with heritage during the COVID-19 pandemic.\u00a0A\u00a0photographic\u00a0and\u00a0screenshot\u00a0essay\/ Un pr\u00f3logo transformado: interactuando con el patrimonio durante la pandemia de COVID-19. Un ensayo fotogr\u00e1fico y de pantalla: 120-131.<\/li>\n<li><strong>D\u00edaz-Andreu<\/strong>, M. 2020. Pr\u00f3logo.<\/li>\n<li><strong>G\u00f3mez Salas<\/strong>, M.\u00a02020. Inventario y\u00a0mapeamiento\u00a0comunitario de bienes culturales en Mozambique: 107-110.<\/li>\n<li><strong>Molina Neira<\/strong>, B.\u00a02020. La controversia en la gesti\u00f3n participativa de las ciudades hist\u00f3ricas: 60-64.<\/li>\n<li><strong>Opazo-Sep\u00falveda<\/strong>, C.\u00a02020. Construcci\u00f3n de narrativas\u00a0identitarias\u00a0en el desierto de Atacama. Experiencias y reflexiones de una arque\u00f3loga feminista\u00a0decolonial: 81-84.<\/li>\n<li><strong>Pastor P\u00e9rez<\/strong>, A.,\u00a0<strong>Picas<\/strong>, M.\u00a0y\u00a0<strong>Ruiz Mart\u00ednez<\/strong>, A.\u00a02020. Introducci\u00f3n: 8-15.<\/li>\n<li><strong>Zubieta<\/strong>, L. F. 2020. Periplos del trabajo colaborativo en tres continentes: 91-95.<\/li>\n<li><strong>Pastor P\u00e9rez<\/strong>, A.\u00a0y\u00a0<strong>Ruiz Mart\u00ednez<\/strong>, A.\u00a02020. \u00bfSomos el Discurso Acad\u00e9mico Autorizado Patrimonial? : 63\u201367.<\/li>\n<\/ul>\n<p>[\/et_pb_text][et_pb_text _builder_version=\u00bb4.8.2&#8243; _module_preset=\u00bbdefault\u00bb]<\/p>\n<p><a href=\"http:\/\/tienda.jasarqueologia.es\/es\/inicio\/77-21-assajos-al-voltant-del-patrimoni-cultural.html\" target=\"_blank\" rel=\"noopener\">Link<\/a><\/p>\n<p>[\/et_pb_text][\/et_pb_column][\/et_pb_row][et_pb_row column_structure=\u00bb1_4,3_4&#8243; use_custom_gutter=\u00bbon\u00bb gutter_width=\u00bb2&#8243; _builder_version=\u00bb4.8.1&#8243; _module_preset=\u00bbdefault\u00bb][et_pb_column type=\u00bb1_4&#8243; _builder_version=\u00bb4.8.1&#8243; _module_preset=\u00bbdefault\u00bb][et_pb_image src=\u00bbhttps:\/\/www.ub.edu\/gapp\/wp-content\/uploads\/2021\/01\/logo-springer.jpg\u00bb alt=\u00bbPublicaci\u00f3n Springer\u00bb title_text=\u00bbPublicaci\u00f3n Springer\u00bb _builder_version=\u00bb4.8.1&#8243; _module_preset=\u00bbdefault\u00bb][\/et_pb_image][\/et_pb_column][et_pb_column type=\u00bb3_4&#8243; _builder_version=\u00bb4.8.1&#8243; _module_preset=\u00bbdefault\u00bb][et_pb_text _builder_version=\u00bb4.8.1&#8243; _module_preset=\u00bb0e0bc4e0-cb0d-449e-b059-a12dcf3338ce\u00bb]<\/p>\n<h3>A History of Archaeological Tourism. Pursuing Leisure and Knowledge from the Eighteenth Century to World War II.\u00a0<\/h3>\n<p>[\/et_pb_text][et_pb_text _builder_version=\u00bb4.8.1&#8243; _module_preset=\u00bbdefault\u00bb]<\/p>\n<p><strong>D\u00edaz-Andreu<\/strong>, M. 2020<\/p>\n<p>[\/et_pb_text][et_pb_text _builder_version=\u00bb4.8.1&#8243; _module_preset=\u00bbdefault\u00bb]<\/p>\n<p><a href=\"https:\/\/www.springer.com\/gp\/book\/9783030320751#aboutBook\" target=\"_blank\" rel=\"noopener\">\u00a0New York, Springer<\/a><\/p>\n<p>[\/et_pb_text][\/et_pb_column][\/et_pb_row][et_pb_row column_structure=\u00bb1_4,3_4&#8243; use_custom_gutter=\u00bbon\u00bb gutter_width=\u00bb2&#8243; _builder_version=\u00bb4.8.1&#8243; _module_preset=\u00bbdefault\u00bb][et_pb_column type=\u00bb1_4&#8243; _builder_version=\u00bb4.8.1&#8243; _module_preset=\u00bbdefault\u00bb][et_pb_image src=\u00bbhttps:\/\/www.ub.edu\/gapp\/wp-content\/uploads\/2021\/02\/logo-almadantiff.jpg\u00bb alt=\u00bblogo-Al-Madan \u00bb title_text=\u00bblogo-Al-Madan \u00bb _builder_version=\u00bb4.8.1&#8243; _module_preset=\u00bbdefault\u00bb][\/et_pb_image][\/et_pb_column][et_pb_column type=\u00bb3_4&#8243; _builder_version=\u00bb4.8.1&#8243; _module_preset=\u00bbdefault\u00bb][et_pb_text _builder_version=\u00bb4.8.1&#8243; _module_preset=\u00bb0e0bc4e0-cb0d-449e-b059-a12dcf3338ce\u00bb]<\/p>\n<h3>Os Valores do patrimonio: uma investiga\u00e7\u00e3o sobre os sitios pr\u00e9-hist\u00f3ricos de arte rupestre do Vale do Rio C\u00f4a e de Siega Verde.<\/h3>\n<p>[\/et_pb_text][et_pb_text _builder_version=\u00bb4.8.1&#8243; _module_preset=\u00bbdefault\u00bb]<\/p>\n<p><strong>Francisco<\/strong>, J. P. 2020<\/p>\n<p>[\/et_pb_text][et_pb_text _builder_version=\u00bb4.8.1&#8243; _module_preset=\u00bbdefault\u00bb]<\/p>\n<p><a href=\"https:\/\/issuu.com\/almadan\/docs\/ao23-1\" target=\"_blank\" rel=\"noopener\">Al-Madan 23: 99-113<\/a><\/p>\n<p>[\/et_pb_text][\/et_pb_column][\/et_pb_row][et_pb_row column_structure=\u00bb1_4,3_4&#8243; use_custom_gutter=\u00bbon\u00bb gutter_width=\u00bb2&#8243; _builder_version=\u00bb4.8.1&#8243; _module_preset=\u00bbdefault\u00bb][et_pb_column type=\u00bb1_4&#8243; _builder_version=\u00bb4.8.1&#8243; _module_preset=\u00bbdefault\u00bb][et_pb_image src=\u00bbhttps:\/\/www.ub.edu\/gapp\/wp-content\/uploads\/2021\/02\/heritage-and-society.jpg\u00bb alt=\u00bbLogo Heritage and Society\u00bb title_text=\u00bbLogo Heritage and Society\u00bb _builder_version=\u00bb4.8.1&#8243; _module_preset=\u00bbdefault\u00bb][\/et_pb_image][\/et_pb_column][et_pb_column type=\u00bb3_4&#8243; _builder_version=\u00bb4.8.1&#8243; _module_preset=\u00bbdefault\u00bb][et_pb_text _builder_version=\u00bb4.8.1&#8243; _module_preset=\u00bb0e0bc4e0-cb0d-449e-b059-a12dcf3338ce\u00bb]<\/p>\n<h3>Review of Feasible management of archaeological heritage sites open to tourism, edited by by Douglas.<\/h3>\n<p>[\/et_pb_text][et_pb_text _builder_version=\u00bb4.8.1&#8243; _module_preset=\u00bbdefault\u00bb]<\/p>\n<p><strong>Vargas<\/strong>, A. 2020<\/p>\n<p>[\/et_pb_text][et_pb_text _builder_version=\u00bb4.8.1&#8243; _module_preset=\u00bbdefault\u00bb]<\/p>\n<p><a href=\"https:\/\/www.tandfonline.com\/doi\/full\/10.1080\/2159032X.2020.1731158\" target=\"_blank\" rel=\"noopener\">Douglas C. Comer and Annemarie Willems. <em>Heritage &amp; Society<\/em>, 0(0), 1-3<\/a><\/p>\n<p>[\/et_pb_text][\/et_pb_column][\/et_pb_row][et_pb_row column_structure=\u00bb1_4,3_4&#8243; use_custom_gutter=\u00bbon\u00bb gutter_width=\u00bb2&#8243; _builder_version=\u00bb4.8.1&#8243; _module_preset=\u00bbdefault\u00bb][et_pb_column type=\u00bb1_4&#8243; _builder_version=\u00bb4.8.1&#8243; _module_preset=\u00bbdefault\u00bb][et_pb_image src=\u00bbhttps:\/\/www.ub.edu\/gapp\/wp-content\/uploads\/2022\/10\/largepreview-1-e1665041207374.png\u00bb alt=\u00bbLogo Heritage and Society\u00bb title_text=\u00bblargepreview\u00bb _builder_version=\u00bb4.9.4&#8243; _module_preset=\u00bbdefault\u00bb][\/et_pb_image][\/et_pb_column][et_pb_column type=\u00bb3_4&#8243; _builder_version=\u00bb4.8.1&#8243; _module_preset=\u00bbdefault\u00bb][et_pb_text _builder_version=\u00bb4.9.4&#8243; _module_preset=\u00bb0e0bc4e0-cb0d-449e-b059-a12dcf3338ce\u00bb]<\/p>\n<h3><span data-contrast=\"auto\" xml:lang=\"ES-ES\" lang=\"ES-ES\" class=\"TextRun SCXW41586002 BCX4\"><span class=\"NormalTextRun SCXW41586002 BCX4\" data-ccp-parastyle=\"x_endnotebibliography\" data-ccp-parastyle-defn=\"{&quot;ObjectId&quot;:&quot;53556141-01c5-4432-8e19-f8d704b967bd|24&quot;,&quot;ClassId&quot;:1073872969,&quot;Properties&quot;:[469775450,&quot;x_endnotebibliography&quot;,201340122,&quot;2&quot;,134233614,&quot;true&quot;,469778129,&quot;xendnotebibliography&quot;,201342448,&quot;1&quot;,469777841,&quot;Arial&quot;,469777842,&quot;Arial&quot;,469777843,&quot;Calibri&quot;,469777844,&quot;Arial&quot;,469769226,&quot;Arial,Calibri&quot;,268442635,&quot;24&quot;,335551547,&quot;1033&quot;,335559740,&quot;240&quot;,201341983,&quot;0&quot;,335559739,&quot;0&quot;,469778324,&quot;Normal&quot;]}\">Os valores do <\/span><span class=\"SpellingError SCXW41586002 BCX4\" data-ccp-parastyle=\"x_endnotebibliography\">Patrim\u00f3nio<\/span><span class=\"NormalTextRun SCXW41586002 BCX4\" data-ccp-parastyle=\"x_endnotebibliography\">: <\/span><span class=\"SpellingError SCXW41586002 BCX4\" data-ccp-parastyle=\"x_endnotebibliography\">uma<\/span><span class=\"NormalTextRun SCXW41586002 BCX4\" data-ccp-parastyle=\"x_endnotebibliography\"> <\/span><span class=\"SpellingError SCXW41586002 BCX4\" data-ccp-parastyle=\"x_endnotebibliography\">investiga\u00e7\u00e3o<\/span><span class=\"NormalTextRun SCXW41586002 BCX4\" data-ccp-parastyle=\"x_endnotebibliography\"> sobre os <\/span><span class=\"SpellingError SCXW41586002 BCX4\" data-ccp-parastyle=\"x_endnotebibliography\">S\u00edtios<\/span><span class=\"NormalTextRun SCXW41586002 BCX4\" data-ccp-parastyle=\"x_endnotebibliography\"> <\/span><span class=\"SpellingError SCXW41586002 BCX4\" data-ccp-parastyle=\"x_endnotebibliography\">Pr\u00e9<\/span><span class=\"NormalTextRun SCXW41586002 BCX4\" data-ccp-parastyle=\"x_endnotebibliography\">-hist\u00f3ricos de Arte Rupestre do Vale do Rio <\/span><span class=\"SpellingError SCXW41586002 BCX4\" data-ccp-parastyle=\"x_endnotebibliography\">C\u00f4a<\/span><span class=\"NormalTextRun SCXW41586002 BCX4\" data-ccp-parastyle=\"x_endnotebibliography\"> e de Siega Verde<\/span><\/span><\/h3>\n<p>[\/et_pb_text][et_pb_text _builder_version=\u00bb4.8.1&#8243; _module_preset=\u00bbdefault\u00bb]<\/p>\n<p><strong>Francisco<\/strong>, J. P. 2020<\/p>\n<p>[\/et_pb_text][et_pb_text _builder_version=\u00bb4.9.4&#8243; _module_preset=\u00bbdefault\u00bb]<\/p>\n<p><span data-contrast=\"auto\" xml:lang=\"EN-US\" lang=\"EN-US\" class=\"TextRun SCXW220416092 BCX4\"><span class=\"NormalTextRun SCXW220416092 BCX4\" data-ccp-parastyle=\"x_endnotebibliography\">Arnaud, J. M., Neves, C. y Martins, A. (eds.) <\/span><\/span><span data-contrast=\"auto\" xml:lang=\"ES-ES\" lang=\"ES-ES\" class=\"TextRun SCXW220416092 BCX4\"><span class=\"SpellingError SCXW220416092 BCX4\" data-ccp-parastyle=\"x_endnotebibliography\">Arqueologia<\/span><span class=\"NormalTextRun SCXW220416092 BCX4\" data-ccp-parastyle=\"x_endnotebibliography\"> em Portugal<\/span><\/span><span data-contrast=\"auto\" xml:lang=\"ES-ES\" lang=\"ES-ES\" class=\"TextRun SCXW220416092 BCX4\"><span class=\"NormalTextRun SCXW220416092 BCX4\" data-ccp-parastyle=\"x_endnotebibliography\">, <\/span><span class=\"SpellingError SCXW220416092 BCX4\" data-ccp-parastyle=\"x_endnotebibliography\">pp<\/span><span class=\"NormalTextRun SCXW220416092 BCX4\" data-ccp-parastyle=\"x_endnotebibliography\"> 179-202. Lisboa: <\/span><span class=\"SpellingError SCXW220416092 BCX4\" data-ccp-parastyle=\"x_endnotebibliography\">Associa\u00e7\u00e3o<\/span><span class=\"NormalTextRun SCXW220416092 BCX4\" data-ccp-parastyle=\"x_endnotebibliography\"> dos Arque\u00f3logos Portugueses e CITCEM.<\/span><\/span><\/p>\n<p>[\/et_pb_text][\/et_pb_column][\/et_pb_row][\/et_pb_section][et_pb_section fb_built=\u00bb1&#8243; _builder_version=\u00bb4.8.0&#8243; _module_preset=\u00bbdefault\u00bb][et_pb_row _builder_version=\u00bb4.8.0&#8243; _module_preset=\u00bbdefault\u00bb][et_pb_column type=\u00bb4_4&#8243; _builder_version=\u00bb4.8.0&#8243; _module_preset=\u00bbdefault\u00bb][et_pb_text _builder_version=\u00bb4.9.4&#8243; _module_preset=\u00bbdefault\u00bb animation_style=\u00bbfade\u00bb animation_duration=\u00bb1500ms\u00bb animation_delay=\u00bb500ms\u00bb]<\/p>\n<h2>2019<\/h2>\n<p>[\/et_pb_text][et_pb_divider color=\u00bb#C8AB37&#8243; divider_weight=\u00bb3px\u00bb _builder_version=\u00bb4.8.1&#8243; _module_preset=\u00bbdefault\u00bb width=\u00bb140px\u00bb animation_style=\u00bbslide\u00bb animation_direction=\u00bbleft\u00bb][\/et_pb_divider][\/et_pb_column][\/et_pb_row][et_pb_row column_structure=\u00bb1_4,3_4&#8243; use_custom_gutter=\u00bbon\u00bb gutter_width=\u00bb2&#8243; _builder_version=\u00bb4.8.1&#8243; _module_preset=\u00bbdefault\u00bb][et_pb_column type=\u00bb1_4&#8243; _builder_version=\u00bb4.8.1&#8243; _module_preset=\u00bbdefault\u00bb][et_pb_image src=\u00bbhttps:\/\/www.ub.edu\/gapp\/wp-content\/uploads\/2021\/02\/revista-ciencias-sociales.jpg\u00bb alt=\u00bbLogo Methaodos revista de Ciencias Sociales\u00bb title_text=\u00bbLogo Methaodos revista de Ciencias Sociales\u00bb _builder_version=\u00bb4.8.1&#8243; _module_preset=\u00bbdefault\u00bb][\/et_pb_image][\/et_pb_column][et_pb_column type=\u00bb3_4&#8243; _builder_version=\u00bb4.8.1&#8243; _module_preset=\u00bbdefault\u00bb][et_pb_text _builder_version=\u00bb4.8.1&#8243; _module_preset=\u00bb0e0bc4e0-cb0d-449e-b059-a12dcf3338ce\u00bb]<\/p>\n<h3>Foros h\u00edbridos, participaci\u00f3n y gesti\u00f3n sostenible del Patrimonio Mundial. El caso de Santa Ana de Cuenca.<\/h3>\n<p>[\/et_pb_text][et_pb_text _builder_version=\u00bb4.8.1&#8243; _module_preset=\u00bbdefault\u00bb]<\/p>\n<p><strong>Molina<\/strong>, B. 2019<\/p>\n<p>[\/et_pb_text][et_pb_text _builder_version=\u00bb4.8.1&#8243; _module_preset=\u00bbdefault\u00bb]<\/p>\n<p><a href=\"https:\/\/www.methaodos.org\/revista-methaodos\/index.php\/methaodos\/article\/view\/262\" target=\"_blank\" rel=\"noopener\">Methaodos. Revista de Ciencias Sociales 7(2)<\/a><\/p>\n<p>[\/et_pb_text][\/et_pb_column][\/et_pb_row][et_pb_row column_structure=\u00bb1_4,3_4&#8243; use_custom_gutter=\u00bbon\u00bb gutter_width=\u00bb2&#8243; _builder_version=\u00bb4.8.1&#8243; _module_preset=\u00bbdefault\u00bb][et_pb_column type=\u00bb1_4&#8243; _builder_version=\u00bb4.8.1&#8243; _module_preset=\u00bbdefault\u00bb][et_pb_image src=\u00bbhttps:\/\/www.ub.edu\/gapp\/wp-content\/uploads\/2021\/02\/pensamiento-americano.jpg\u00bb alt=\u00bbPensamiento americano\u00bb title_text=\u00bbPensamiento americano\u00bb _builder_version=\u00bb4.8.1&#8243; _module_preset=\u00bbdefault\u00bb][\/et_pb_image][\/et_pb_column][et_pb_column type=\u00bb3_4&#8243; _builder_version=\u00bb4.8.1&#8243; _module_preset=\u00bbdefault\u00bb][et_pb_text _builder_version=\u00bb4.8.1&#8243; _module_preset=\u00bb0e0bc4e0-cb0d-449e-b059-a12dcf3338ce\u00bb]<\/p>\n<h3>La percepci\u00f3n ciudadana sobre la sostenibilidad del patrimonio mundial. El caso del centro\u00a0 hist\u00f3rico de Santa Ana de Cuenca.<\/h3>\n<p>[\/et_pb_text][et_pb_text _builder_version=\u00bb4.8.1&#8243; _module_preset=\u00bbdefault\u00bb]<\/p>\n<p><strong>Molina<\/strong>, B. 2019<\/p>\n<p>[\/et_pb_text][et_pb_text _builder_version=\u00bb4.8.1&#8243; _module_preset=\u00bbdefault\u00bb]<\/p>\n<p><a href=\"https:\/\/publicaciones.americana.edu.co\/index.php\/pensamientoamericano\/article\/view\/312\" target=\"_blank\" rel=\"noopener\">Pensamiento Americano, 12(24), 79-95<\/a><\/p>\n<p>[\/et_pb_text][\/et_pb_column][\/et_pb_row][et_pb_row column_structure=\u00bb1_4,3_4&#8243; use_custom_gutter=\u00bbon\u00bb gutter_width=\u00bb2&#8243; _builder_version=\u00bb4.8.1&#8243; _module_preset=\u00bbdefault\u00bb][et_pb_column type=\u00bb1_4&#8243; _builder_version=\u00bb4.8.1&#8243; _module_preset=\u00bbdefault\u00bb][et_pb_image src=\u00bbhttps:\/\/www.ub.edu\/gapp\/wp-content\/uploads\/2021\/02\/universitat-barcelona.jpg\u00bb alt=\u00bbUniversitat de Barcelona\u00bb title_text=\u00bbUniversitat de Barcelona\u00bb _builder_version=\u00bb4.8.1&#8243; _module_preset=\u00bbdefault\u00bb][\/et_pb_image][\/et_pb_column][et_pb_column type=\u00bb3_4&#8243; _builder_version=\u00bb4.8.1&#8243; _module_preset=\u00bbdefault\u00bb][et_pb_text _builder_version=\u00bb4.8.1&#8243; _module_preset=\u00bb0e0bc4e0-cb0d-449e-b059-a12dcf3338ce\u00bb]<\/p>\n<h3>Social participation in the conservation of the Archaeological Heritage of the Atacama Desert (Chile): A mass dissemination co-creation experience in the Santiago Metro.<\/h3>\n<p>[\/et_pb_text][et_pb_text _builder_version=\u00bb4.8.1&#8243; _module_preset=\u00bbdefault\u00bb]<\/p>\n<p><strong>Opazo<\/strong>, C. 2019<\/p>\n<p>[\/et_pb_text][et_pb_text _builder_version=\u00bb4.8.1&#8243; _module_preset=\u00bbdefault\u00bb]<\/p>\n<p><a href=\"https:\/\/www.researchgate.net\/publication\/331261582_Social_participation_in_the_conservation_of_the_Archaeological_Heritage_of_the_Atacama_Desert_Chile_A_mass_dissemination_co-creation_experience_in_the_Santiago_Metro\" target=\"_blank\" rel=\"noopener\">Poster presentado en ACCOMPLISSH CO-Creaction Summit Conference, Barcelona<\/a><\/p>\n<p>[\/et_pb_text][\/et_pb_column][\/et_pb_row][et_pb_row column_structure=\u00bb1_4,3_4&#8243; use_custom_gutter=\u00bbon\u00bb gutter_width=\u00bb2&#8243; _builder_version=\u00bb4.8.1&#8243; _module_preset=\u00bbdefault\u00bb][et_pb_column type=\u00bb1_4&#8243; _builder_version=\u00bb4.8.1&#8243; _module_preset=\u00bbdefault\u00bb][et_pb_image src=\u00bbhttps:\/\/www.ub.edu\/gapp\/wp-content\/uploads\/2021\/02\/universitat-barcelona.jpg\u00bb alt=\u00bbUniversitat de Barcelona\u00bb title_text=\u00bbUniversitat de Barcelona\u00bb _builder_version=\u00bb4.8.1&#8243; _module_preset=\u00bbdefault\u00bb][\/et_pb_image][\/et_pb_column][et_pb_column type=\u00bb3_4&#8243; _builder_version=\u00bb4.8.1&#8243; _module_preset=\u00bbdefault\u00bb][et_pb_text _builder_version=\u00bb4.8.1&#8243; _module_preset=\u00bb0e0bc4e0-cb0d-449e-b059-a12dcf3338ce\u00bb]<\/p>\n<h3>Conservaci\u00f3n Arqueol\u00f3gica Social. Etnograf\u00edas Patrimoniales en el Barri G\u00f2tic de Barcelona<\/h3>\n<p>[\/et_pb_text][et_pb_text _builder_version=\u00bb4.8.1&#8243; _module_preset=\u00bbdefault\u00bb]<\/p>\n<p><strong>Pastor P\u00e9rez<\/strong>, A. 2019<\/p>\n<p>[\/et_pb_text][et_pb_text _builder_version=\u00bb4.8.1&#8243; _module_preset=\u00bbdefault\u00bb]<\/p>\n<p><a href=\"https:\/\/www.tdx.cat\/handle\/10803\/668161\" target=\"_blank\" rel=\"noopener\">Universitat de Barcelona. Tesis doctoral<\/a><\/p>\n<p>[\/et_pb_text][\/et_pb_column][\/et_pb_row][et_pb_row column_structure=\u00bb1_4,3_4&#8243; use_custom_gutter=\u00bbon\u00bb gutter_width=\u00bb2&#8243; _builder_version=\u00bb4.8.1&#8243; _module_preset=\u00bbdefault\u00bb][et_pb_column type=\u00bb1_4&#8243; _builder_version=\u00bb4.8.1&#8243; _module_preset=\u00bbdefault\u00bb][et_pb_image src=\u00bbhttps:\/\/www.ub.edu\/gapp\/wp-content\/uploads\/2021\/02\/csic.jpg\u00bb alt=\u00bbCentro superior de investigaciones cient\u00edficas CSIC\u00bb title_text=\u00bbCentro superior de investigaciones cient\u00edficas CSIC\u00bb _builder_version=\u00bb4.8.1&#8243; _module_preset=\u00bbdefault\u00bb][\/et_pb_image][\/et_pb_column][et_pb_column type=\u00bb3_4&#8243; _builder_version=\u00bb4.8.1&#8243; _module_preset=\u00bbdefault\u00bb][et_pb_text _builder_version=\u00bb4.8.1&#8243; _module_preset=\u00bb0e0bc4e0-cb0d-449e-b059-a12dcf3338ce\u00bb custom_padding=\u00bb||0px|||\u00bb]<\/p>\n<h3>Participaci\u00f3n social en sitios Patrimonio Mundial: una perspectiva desde Palenque, M\u00e9xico.<\/h3>\n<p>[\/et_pb_text][et_pb_text _builder_version=\u00bb4.8.1&#8243; _module_preset=\u00bbdefault\u00bb custom_padding=\u00bb||0px|||\u00bb]<\/p>\n<p><strong>Vargas<\/strong>, A. 2019<\/p>\n<p>[\/et_pb_text][et_pb_text _builder_version=\u00bb4.8.1&#8243; _module_preset=\u00bbdefault\u00bb custom_padding=\u00bb||0px|||\u00bb]<\/p>\n<p>C. S\u00e1nchez Carretero, J. Mu\u00f1oz Albaladejo, y J. Roura-Exp\u00f3sito (Eds.), <em>El imperativo de la participaci\u00f3n en la gesti\u00f3n patrimonial<\/em>\u00a0(pp. 205-216). Consejo Superior de Investigaciones Cient\u00edficas, CSIC.<\/p>\n<p>[\/et_pb_text][\/et_pb_column][\/et_pb_row][\/et_pb_section][et_pb_section fb_built=\u00bb1&#8243; _builder_version=\u00bb4.8.1&#8243; _module_preset=\u00bbdefault\u00bb][et_pb_row _builder_version=\u00bb4.8.1&#8243; _module_preset=\u00bbdefault\u00bb][et_pb_column type=\u00bb4_4&#8243; _builder_version=\u00bb4.8.1&#8243; _module_preset=\u00bbdefault\u00bb][et_pb_text _builder_version=\u00bb4.9.4&#8243; _module_preset=\u00bbdefault\u00bb animation_style=\u00bbfade\u00bb animation_duration=\u00bb1500ms\u00bb animation_delay=\u00bb500ms\u00bb]<\/p>\n<h2><\/h2>\n<h2>2018<\/h2>\n<p>[\/et_pb_text][et_pb_divider color=\u00bb#C8AB37&#8243; divider_weight=\u00bb3px\u00bb _builder_version=\u00bb4.8.1&#8243; _module_preset=\u00bbdefault\u00bb width=\u00bb140px\u00bb animation_style=\u00bbslide\u00bb animation_direction=\u00bbleft\u00bb][\/et_pb_divider][\/et_pb_column][\/et_pb_row][et_pb_row column_structure=\u00bb1_4,3_4&#8243; use_custom_gutter=\u00bbon\u00bb gutter_width=\u00bb2&#8243; _builder_version=\u00bb4.8.1&#8243; _module_preset=\u00bbdefault\u00bb][et_pb_column type=\u00bb1_4&#8243; _builder_version=\u00bb4.8.1&#8243; _module_preset=\u00bbdefault\u00bb][et_pb_image src=\u00bbhttps:\/\/www.ub.edu\/gapp\/wp-content\/uploads\/2021\/02\/routledge.jpg\u00bb alt=\u00bbCultural Heritage, Ethics and Contemporary Migrations\u00bb title_text=\u00bbCultural Heritage, Ethics and Contemporary Migrations\u00bb _builder_version=\u00bb4.8.1&#8243; _module_preset=\u00bbdefault\u00bb][\/et_pb_image][\/et_pb_column][et_pb_column type=\u00bb3_4&#8243; _builder_version=\u00bb4.8.1&#8243; _module_preset=\u00bbdefault\u00bb][et_pb_text _builder_version=\u00bb4.8.1&#8243; _module_preset=\u00bb0e0bc4e0-cb0d-449e-b059-a12dcf3338ce\u00bb]<\/p>\n<h3>Archaeological heritage and migration \u2013 well-being, place, citizenship and the social.<\/h3>\n<p>[\/et_pb_text][et_pb_text _builder_version=\u00bb4.8.1&#8243; _module_preset=\u00bbdefault\u00bb]<\/p>\n<p><strong>D\u00edaz-Andreu<\/strong>, M. 2018<\/p>\n<p>[\/et_pb_text][et_pb_text _builder_version=\u00bb4.8.1&#8243; _module_preset=\u00bbdefault\u00bb]<\/p>\n<p>Holtorf, C., Pantazatos, A. and Scarre, G. (eds.), <em>Cultural Heritage, Ethics and Contemporary Migrations<\/em>.\u00a0London, Routledge: 178-194.<\/p>\n<p>[\/et_pb_text][\/et_pb_column][\/et_pb_row][et_pb_row column_structure=\u00bb1_4,3_4&#8243; use_custom_gutter=\u00bbon\u00bb gutter_width=\u00bb2&#8243; _builder_version=\u00bb4.8.1&#8243; _module_preset=\u00bbdefault\u00bb][et_pb_column type=\u00bb1_4&#8243; _builder_version=\u00bb4.8.1&#8243; _module_preset=\u00bbdefault\u00bb][et_pb_image src=\u00bbhttps:\/\/www.ub.edu\/gapp\/wp-content\/uploads\/2021\/02\/european-journal-of-archaeology.jpg\u00bb alt=\u00bbEuropean Journal of Archaeology\u00bb title_text=\u00bbEuropean Journal of Archaeology\u00bb _builder_version=\u00bb4.8.1&#8243; _module_preset=\u00bbdefault\u00bb][\/et_pb_image][\/et_pb_column][et_pb_column type=\u00bb3_4&#8243; _builder_version=\u00bb4.8.1&#8243; _module_preset=\u00bbdefault\u00bb][et_pb_text _builder_version=\u00bb4.8.1&#8243; _module_preset=\u00bb0e0bc4e0-cb0d-449e-b059-a12dcf3338ce\u00bb]<\/p>\n<h3>The Country Where My Heart Is: Historical Archaeologies of Nationalism and National Identity.<\/h3>\n<p>[\/et_pb_text][et_pb_text _builder_version=\u00bb4.8.1&#8243; _module_preset=\u00bbdefault\u00bb]<\/p>\n<p><strong>D\u00edaz-Andreu<\/strong>, M. 2018<\/p>\n<p>[\/et_pb_text][et_pb_text _builder_version=\u00bb4.8.1&#8243; _module_preset=\u00bbdefault\u00bb]<\/p>\n<p>REVIEW Alastair Brooks and Natascha Mehler, eds. Gainesville, FL: University Press of Florida, 2017, ix and 346pp., several b\/w illustr., hbk, ISBN 978-0-8130-5433-9. <em>European Journal of Archaeology<\/em>\u00a021(4): 636-640.<\/p>\n<p>[\/et_pb_text][\/et_pb_column][\/et_pb_row][et_pb_row column_structure=\u00bb1_4,3_4&#8243; use_custom_gutter=\u00bbon\u00bb gutter_width=\u00bb2&#8243; _builder_version=\u00bb4.8.1&#8243; _module_preset=\u00bbdefault\u00bb][et_pb_column type=\u00bb1_4&#8243; _builder_version=\u00bb4.8.1&#8243; _module_preset=\u00bbdefault\u00bb][et_pb_image src=\u00bbhttps:\/\/www.ub.edu\/gapp\/wp-content\/uploads\/2021\/02\/revista-espiga.jpg\u00bb alt=\u00bbRevista Espiga\u00bb title_text=\u00bbRevista Espiga\u00bb _builder_version=\u00bb4.8.1&#8243; _module_preset=\u00bbdefault\u00bb][\/et_pb_image][\/et_pb_column][et_pb_column type=\u00bb3_4&#8243; _builder_version=\u00bb4.8.1&#8243; _module_preset=\u00bbdefault\u00bb][et_pb_text _builder_version=\u00bb4.8.1&#8243; _module_preset=\u00bb0e0bc4e0-cb0d-449e-b059-a12dcf3338ce\u00bb]<\/p>\n<h3>La gesti\u00f3n participativa y sostenible del patrimonio mundial a trav\u00e9s de los foros h\u00edbridos. El caso del centro hist\u00f3rico de Santa Ana de Cuenca.\u00a0<\/h3>\n<p>[\/et_pb_text][et_pb_text _builder_version=\u00bb4.8.1&#8243; _module_preset=\u00bbdefault\u00bb]<\/p>\n<p><strong>Molina<\/strong>, B. 2018<\/p>\n<p>[\/et_pb_text][et_pb_text _builder_version=\u00bb4.8.1&#8243; _module_preset=\u00bbdefault\u00bb]<\/p>\n<p><a href=\"https:\/\/revistas.uned.ac.cr\/index.php\/espiga\/article\/view\/2118\" target=\"_blank\" rel=\"noopener\">Revista Espiga 17 (36): 176-199<\/a><\/p>\n<p>[\/et_pb_text][\/et_pb_column][\/et_pb_row][et_pb_row column_structure=\u00bb1_4,3_4&#8243; use_custom_gutter=\u00bbon\u00bb gutter_width=\u00bb2&#8243; _builder_version=\u00bb4.8.1&#8243; _module_preset=\u00bbdefault\u00bb][et_pb_column type=\u00bb1_4&#8243; _builder_version=\u00bb4.8.1&#8243; _module_preset=\u00bbdefault\u00bb][et_pb_image src=\u00bbhttps:\/\/www.ub.edu\/gapp\/wp-content\/uploads\/2021\/02\/ecuador-humanidades.jpg\u00bb alt=\u00bbRevista Humanidades: Revista de la Escuela de Estudios Generales\u00bb title_text=\u00bbRevista Humanidades: Revista de la Escuela de Estudios Generales\u00bb _builder_version=\u00bb4.8.1&#8243; _module_preset=\u00bbdefault\u00bb][\/et_pb_image][\/et_pb_column][et_pb_column type=\u00bb3_4&#8243; _builder_version=\u00bb4.8.1&#8243; _module_preset=\u00bbdefault\u00bb][et_pb_text _builder_version=\u00bb4.8.1&#8243; _module_preset=\u00bb0e0bc4e0-cb0d-449e-b059-a12dcf3338ce\u00bb]<\/p>\n<h3>La incorporaci\u00f3n de la cultura y el patrimonio en el desarrollo sostenible: desaf\u00edos y posibilidades.<\/h3>\n<p>[\/et_pb_text][et_pb_text _builder_version=\u00bb4.8.1&#8243; _module_preset=\u00bbdefault\u00bb]<\/p>\n<p><strong>Molina<\/strong>, Neira B. 2018<\/p>\n<p>[\/et_pb_text][et_pb_text _builder_version=\u00bb4.8.1&#8243; _module_preset=\u00bbdefault\u00bb]<\/p>\n<p><a href=\"https:\/\/revistas.ucr.ac.cr\/index.php\/humanidades\/article\/view\/31465\" target=\"_blank\" rel=\"noopener\">Revista Humanidades: Revista de la Escuela de Estudios Generales 8(1), 1-33<\/a><\/p>\n<p>[\/et_pb_text][\/et_pb_column][\/et_pb_row][et_pb_row column_structure=\u00bb1_4,3_4&#8243; use_custom_gutter=\u00bbon\u00bb gutter_width=\u00bb2&#8243; _builder_version=\u00bb4.8.1&#8243; _module_preset=\u00bbdefault\u00bb][et_pb_column type=\u00bb1_4&#8243; _builder_version=\u00bb4.8.1&#8243; _module_preset=\u00bbdefault\u00bb][et_pb_image src=\u00bbhttps:\/\/www.ub.edu\/gapp\/wp-content\/uploads\/2021\/02\/ensaios-direito.jpg\u00bb alt=\u00bbEnsaios sobre Direito e Patrim\u00f4nio Cultural na Am\u00e9rica Latina\u00bb title_text=\u00bbEnsaios sobre Direito e Patrim\u00f4nio Cultural na Am\u00e9rica Latina\u00bb _builder_version=\u00bb4.8.1&#8243; _module_preset=\u00bbdefault\u00bb][\/et_pb_image][\/et_pb_column][et_pb_column type=\u00bb3_4&#8243; _builder_version=\u00bb4.8.1&#8243; _module_preset=\u00bbdefault\u00bb][et_pb_text _builder_version=\u00bb4.8.1&#8243; _module_preset=\u00bb0e0bc4e0-cb0d-449e-b059-a12dcf3338ce\u00bb]<\/p>\n<h3>Monumentos Arqueol\u00f3gicos y Patrimonio ind\u00edgena: Encuentros y desencuentros en el Desierto de Atacama.\u00a0<\/h3>\n<p>[\/et_pb_text][et_pb_text _builder_version=\u00bb4.8.1&#8243; _module_preset=\u00bbdefault\u00bb]<\/p>\n<p><strong>Opazo<\/strong>, C. 2018<\/p>\n<p>[\/et_pb_text][et_pb_text _builder_version=\u00bb4.8.1&#8243; _module_preset=\u00bbdefault\u00bb]<\/p>\n<p>Ensaios sobre Direito e Patrim\u00f4nio Cultural na Am\u00e9rica Latina. Organizado por: Luana de Carvalho Silva Gussoy Felipe Bertazzo Tobar. EMais, Editoria y Livraria Jur\u00eddica.<\/p>\n<p>[\/et_pb_text][\/et_pb_column][\/et_pb_row][et_pb_row column_structure=\u00bb1_4,3_4&#8243; use_custom_gutter=\u00bbon\u00bb gutter_width=\u00bb2&#8243; _builder_version=\u00bb4.8.1&#8243; _module_preset=\u00bbdefault\u00bb][et_pb_column type=\u00bb1_4&#8243; _builder_version=\u00bb4.8.1&#8243; _module_preset=\u00bbdefault\u00bb][et_pb_image src=\u00bbhttps:\/\/www.ub.edu\/gapp\/wp-content\/uploads\/2021\/01\/logo-springer.jpg\u00bb alt=\u00bbPublicaci\u00f3n Springer\u00bb title_text=\u00bbPublicaci\u00f3n Springer\u00bb _builder_version=\u00bb4.8.1&#8243; _module_preset=\u00bbdefault\u00bb][\/et_pb_image][\/et_pb_column][et_pb_column type=\u00bb3_4&#8243; _builder_version=\u00bb4.8.1&#8243; _module_preset=\u00bbdefault\u00bb][et_pb_text _builder_version=\u00bb4.8.1&#8243; _module_preset=\u00bb0e0bc4e0-cb0d-449e-b059-a12dcf3338ce\u00bb]<\/p>\n<h3>Shaping Community Heritage Synergies Between Roman Barcelona Spaces and the Gothic Neighborhood.\u00a0<\/h3>\n<p>[\/et_pb_text][et_pb_text _builder_version=\u00bb4.8.1&#8243; _module_preset=\u00bbdefault\u00bb]<\/p>\n<p><strong>Pastor P\u00e9rez<\/strong>, A. 2018<\/p>\n<p>[\/et_pb_text][et_pb_text _builder_version=\u00bb4.8.1&#8243; _module_preset=\u00bbdefault\u00bb]<\/p>\n<p><a href=\"https:\/\/link.springer.com\/chapter\/10.1007%2F978-3-319-68652-3_5\" target=\"_blank\" rel=\"noopener\">V. Apaydin (Ed.), Shared Knowledge, Shared Power. Engaging Local and Indigenous Heritage (Springer Br, pp. 61\u201386)<\/a><\/p>\n<p>[\/et_pb_text][\/et_pb_column][\/et_pb_row][et_pb_row column_structure=\u00bb1_4,3_4&#8243; use_custom_gutter=\u00bbon\u00bb gutter_width=\u00bb2&#8243; _builder_version=\u00bb4.8.1&#8243; _module_preset=\u00bbdefault\u00bb][et_pb_column type=\u00bb1_4&#8243; _builder_version=\u00bb4.8.1&#8243; _module_preset=\u00bbdefault\u00bb][et_pb_image src=\u00bbhttps:\/\/www.ub.edu\/gapp\/wp-content\/uploads\/2021\/01\/cuadernos-prehistoria-universidad-granada.jpg\u00bb alt=\u00bbCuadernos de prehistoria. Universidad de Granada\u00bb title_text=\u00bbCuadernos de prehistoria. Universidad de Granada\u00bb _builder_version=\u00bb4.8.1&#8243; _module_preset=\u00bbdefault\u00bb][\/et_pb_image][\/et_pb_column][et_pb_column type=\u00bb3_4&#8243; _builder_version=\u00bb4.8.1&#8243; _module_preset=\u00bbdefault\u00bb][et_pb_text _builder_version=\u00bb4.8.1&#8243; _module_preset=\u00bb0e0bc4e0-cb0d-449e-b059-a12dcf3338ce\u00bb]<\/p>\n<h3>Analysing Heritage and Participation in the Gothic Quarter of Barcelona: some methodological insights.\u00a0<\/h3>\n<p>[\/et_pb_text][et_pb_text _builder_version=\u00bb4.8.1&#8243; _module_preset=\u00bbdefault\u00bb]<\/p>\n<p><strong>Pastor P\u00e9rez<\/strong>, A., y\u00a0<strong>Ruiz Mart\u00ednez<\/strong>, A. 2018<\/p>\n<p>[\/et_pb_text][et_pb_text _builder_version=\u00bb4.9.0&#8243; _module_preset=\u00bbdefault\u00bb]<\/p>\n<p><a href=\"https:\/\/www.researchgate.net\/publication\/333748513_Analysing_heritage_and_participation_in_the_Gothic_Quarter_of_Barcelona_some_methodological_insights\" target=\"_blank\" rel=\"noopener\">Cuadernos de Prehistoria y Arqueolog\u00eda de La Universidad de Granada, 28, 115\u2013147<\/a><\/p>\n<p>[\/et_pb_text][\/et_pb_column][\/et_pb_row][\/et_pb_section][et_pb_section fb_built=\u00bb1&#8243; _builder_version=\u00bb4.8.1&#8243; _module_preset=\u00bbdefault\u00bb][et_pb_row use_custom_gutter=\u00bbon\u00bb gutter_width=\u00bb2&#8243; _builder_version=\u00bb4.8.1&#8243; _module_preset=\u00bbdefault\u00bb][et_pb_column type=\u00bb4_4&#8243; _builder_version=\u00bb4.8.1&#8243; _module_preset=\u00bbdefault\u00bb][et_pb_text _builder_version=\u00bb4.9.4&#8243; _module_preset=\u00bbdefault\u00bb animation_style=\u00bbfade\u00bb animation_duration=\u00bb1500ms\u00bb animation_delay=\u00bb500ms\u00bb]<\/p>\n<h2><\/h2>\n<h2>2017<\/h2>\n<p>[\/et_pb_text][et_pb_divider color=\u00bb#C8AB37&#8243; divider_weight=\u00bb3px\u00bb _builder_version=\u00bb4.8.1&#8243; _module_preset=\u00bbdefault\u00bb width=\u00bb140px\u00bb animation_style=\u00bbslide\u00bb animation_direction=\u00bbleft\u00bb][\/et_pb_divider][\/et_pb_column][\/et_pb_row][et_pb_row column_structure=\u00bb1_4,3_4&#8243; use_custom_gutter=\u00bbon\u00bb gutter_width=\u00bb2&#8243; _builder_version=\u00bb4.8.1&#8243; _module_preset=\u00bbdefault\u00bb][et_pb_column type=\u00bb1_4&#8243; _builder_version=\u00bb4.8.1&#8243; _module_preset=\u00bbdefault\u00bb][et_pb_image src=\u00bbhttps:\/\/www.ub.edu\/gapp\/wp-content\/uploads\/2021\/02\/archivos-arquitectura-antillana.jpg\u00bb alt=\u00bbArchivos de Arquitectura Antillana\u00bb title_text=\u00bbArchivos de Arquitectura Antillana\u00bb _builder_version=\u00bb4.8.1&#8243; _module_preset=\u00bbdefault\u00bb][\/et_pb_image][\/et_pb_column][et_pb_column type=\u00bb3_4&#8243; _builder_version=\u00bb4.8.1&#8243; _module_preset=\u00bbdefault\u00bb][et_pb_text _builder_version=\u00bb4.8.1&#8243; _module_preset=\u00bb0e0bc4e0-cb0d-449e-b059-a12dcf3338ce\u00bb]<\/p>\n<h3>Movilidad y data: Una entrada alternativa a las calles de Santo Domingo.\u00a0<\/h3>\n<p>[\/et_pb_text][et_pb_text _builder_version=\u00bb4.8.1&#8243; _module_preset=\u00bbdefault\u00bb]<\/p>\n<p><strong>G\u00f3mez Salas\u00a0de Schetter<\/strong>, M. y Schetter, O. 2017<\/p>\n<p>[\/et_pb_text][et_pb_text _builder_version=\u00bb4.8.1&#8243; _module_preset=\u00bbdefault\u00bb]<\/p>\n<p>Archivos de <em>Arquitectura Antillana AAA062:\u00a0La\u00a0Movilidad urbana en la ciudad de Santo Domingo: crisis del presente, alternativas del futuro<\/em>.\u00a0Santo Domingo, Rep\u00fablica Dominicana.<\/p>\n<p>[\/et_pb_text][\/et_pb_column][\/et_pb_row][et_pb_row column_structure=\u00bb1_4,3_4&#8243; use_custom_gutter=\u00bbon\u00bb gutter_width=\u00bb2&#8243; _builder_version=\u00bb4.8.1&#8243; _module_preset=\u00bbdefault\u00bb][et_pb_column type=\u00bb1_4&#8243; _builder_version=\u00bb4.8.1&#8243; _module_preset=\u00bbdefault\u00bb][et_pb_image src=\u00bbhttps:\/\/www.ub.edu\/gapp\/wp-content\/uploads\/2021\/02\/international-journal-of-heritage.jpg\u00bb alt=\u00bbInternational Journal of Heritage Studies\u00bb title_text=\u00bbInternational Journal of Heritage Studies\u00bb _builder_version=\u00bb4.8.1&#8243; _module_preset=\u00bbdefault\u00bb][\/et_pb_image][\/et_pb_column][et_pb_column type=\u00bb3_4&#8243; _builder_version=\u00bb4.8.1&#8243; _module_preset=\u00bbdefault\u00bb][et_pb_text _builder_version=\u00bb4.8.1&#8243; _module_preset=\u00bb0e0bc4e0-cb0d-449e-b059-a12dcf3338ce\u00bb]<\/p>\n<h3>Themed issue \u2018Digital Heritage and the Public\u2019<\/h3>\n<p>[\/et_pb_text][et_pb_text _builder_version=\u00bb4.8.1&#8243; _module_preset=\u00bbdefault\u00bb]<\/p>\n<p><strong>D\u00edaz-Andreu<\/strong>, M. 2017<\/p>\n<p>[\/et_pb_text][et_pb_text _builder_version=\u00bb4.8.1&#8243; _module_preset=\u00bbdefault\u00bb]<\/p>\n<p>\u00a0International Journal of Heritage Studies 23: 404-444.<\/p>\n<p>[\/et_pb_text][\/et_pb_column][\/et_pb_row][et_pb_row column_structure=\u00bb1_4,3_4&#8243; use_custom_gutter=\u00bbon\u00bb gutter_width=\u00bb2&#8243; _builder_version=\u00bb4.8.1&#8243; _module_preset=\u00bbdefault\u00bb][et_pb_column type=\u00bb1_4&#8243; _builder_version=\u00bb4.8.1&#8243; _module_preset=\u00bbdefault\u00bb][et_pb_image src=\u00bbhttps:\/\/www.ub.edu\/gapp\/wp-content\/uploads\/2021\/02\/international-journal-of-heritage.jpg\u00bb alt=\u00bbInternational Journal of Heritage Studies\u00bb title_text=\u00bbInternational Journal of Heritage Studies\u00bb _builder_version=\u00bb4.8.1&#8243; _module_preset=\u00bbdefault\u00bb][\/et_pb_image][\/et_pb_column][et_pb_column type=\u00bb3_4&#8243; _builder_version=\u00bb4.8.1&#8243; _module_preset=\u00bbdefault\u00bb][et_pb_text _builder_version=\u00bb4.8.1&#8243; _module_preset=\u00bb0e0bc4e0-cb0d-449e-b059-a12dcf3338ce\u00bb]<\/p>\n<h3>Introduction to the themed issue \u2018Digital Heritage and the Public\u2019.\u00a0<\/h3>\n<p>[\/et_pb_text][et_pb_text _builder_version=\u00bb4.8.1&#8243; _module_preset=\u00bbdefault\u00bb]<\/p>\n<p><strong>D\u00edaz-Andreu<\/strong>, M. 2017<\/p>\n<p>[\/et_pb_text][et_pb_text _builder_version=\u00bb4.8.1&#8243; _module_preset=\u00bbdefault\u00bb]<\/p>\n<p>International Journal of Heritage Studies [Themed issue: D\u00edaz-Andreu, M. (ed.). Digital Heritage and the Public] 23(5): 404-407.<\/p>\n<p>[\/et_pb_text][\/et_pb_column][\/et_pb_row][et_pb_row column_structure=\u00bb1_4,3_4&#8243; use_custom_gutter=\u00bbon\u00bb gutter_width=\u00bb2&#8243; _builder_version=\u00bb4.8.1&#8243; _module_preset=\u00bbdefault\u00bb][et_pb_column type=\u00bb1_4&#8243; _builder_version=\u00bb4.8.1&#8243; _module_preset=\u00bbdefault\u00bb][et_pb_image src=\u00bbhttps:\/\/www.ub.edu\/gapp\/wp-content\/uploads\/2021\/02\/Journal-Community-Archaeology.jpg\u00bb alt=\u00bbJournal of Community Archaeology &#038; Heritage 4&#8243; title_text=\u00bbJournal of Community Archaeology &#038; Heritage 4&#8243; _builder_version=\u00bb4.8.1&#8243; _module_preset=\u00bbdefault\u00bb][\/et_pb_image][\/et_pb_column][et_pb_column type=\u00bb3_4&#8243; _builder_version=\u00bb4.8.1&#8243; _module_preset=\u00bbdefault\u00bb][et_pb_text _builder_version=\u00bb4.8.1&#8243; _module_preset=\u00bb0e0bc4e0-cb0d-449e-b059-a12dcf3338ce\u00bb]<\/p>\n<h3>Introduction: Heritage Values and the Public.\u00a0<\/h3>\n<p>[\/et_pb_text][et_pb_text _builder_version=\u00bb4.8.1&#8243; _module_preset=\u00bbdefault\u00bb]<\/p>\n<p><strong>D\u00edaz-Andreu<\/strong>, M. 2017<\/p>\n<p>[\/et_pb_text][et_pb_text _builder_version=\u00bb4.8.1&#8243; _module_preset=\u00bbdefault\u00bb]<\/p>\n<p>Journal of Community Archaeology &amp; Heritage\u00a04(1): 2-6.<\/p>\n<p>[\/et_pb_text][\/et_pb_column][\/et_pb_row][et_pb_row column_structure=\u00bb1_4,3_4&#8243; use_custom_gutter=\u00bbon\u00bb gutter_width=\u00bb2&#8243; _builder_version=\u00bb4.8.1&#8243; _module_preset=\u00bbdefault\u00bb][et_pb_column type=\u00bb1_4&#8243; _builder_version=\u00bb4.8.1&#8243; _module_preset=\u00bbdefault\u00bb][et_pb_image src=\u00bbhttps:\/\/www.ub.edu\/gapp\/wp-content\/uploads\/2021\/02\/Journal-Community-Archaeology.jpg\u00bb alt=\u00bbJournal of Community Archaeology &#038; Heritage 4&#8243; title_text=\u00bbJournal of Community Archaeology &#038; Heritage 4&#8243; _builder_version=\u00bb4.8.1&#8243; _module_preset=\u00bbdefault\u00bb][\/et_pb_image][\/et_pb_column][et_pb_column type=\u00bb3_4&#8243; _builder_version=\u00bb4.8.1&#8243; _module_preset=\u00bbdefault\u00bb][et_pb_text _builder_version=\u00bb4.8.1&#8243; _module_preset=\u00bb0e0bc4e0-cb0d-449e-b059-a12dcf3338ce\u00bb]<\/p>\n<h3>Interacting with heritage: social inclusion and archaeology in Barcelona.<\/h3>\n<p>[\/et_pb_text][et_pb_text _builder_version=\u00bb4.8.1&#8243; _module_preset=\u00bbdefault\u00bb]<\/p>\n<p><strong>D\u00edaz-Andreu<\/strong>,\u00a0M. and\u00a0<strong>Ruiz<\/strong>, A. 2017<\/p>\n<p>[\/et_pb_text][et_pb_text _builder_version=\u00bb4.8.1&#8243; _module_preset=\u00bbdefault\u00bb]<\/p>\n<p><em>J<\/em>ournal of Community Archaeology &amp; Heritage\u00a04(1): \u00a053-68.<\/p>\n<p>[\/et_pb_text][\/et_pb_column][\/et_pb_row][et_pb_row column_structure=\u00bb1_4,3_4&#8243; use_custom_gutter=\u00bbon\u00bb gutter_width=\u00bb2&#8243; _builder_version=\u00bb4.8.1&#8243; _module_preset=\u00bbdefault\u00bb][et_pb_column type=\u00bb1_4&#8243; _builder_version=\u00bb4.8.1&#8243; _module_preset=\u00bbdefault\u00bb][et_pb_image src=\u00bbhttps:\/\/www.ub.edu\/gapp\/wp-content\/uploads\/2021\/02\/rescate.jpg\u00bb alt=\u00bbDel registro estratigr\u00e1fico a la sociedad del conocimiento\u00bb title_text=\u00bbDel registro estratigr\u00e1fico a la sociedad del conocimiento\u00bb _builder_version=\u00bb4.8.1&#8243; _module_preset=\u00bbdefault\u00bb][\/et_pb_image][\/et_pb_column][et_pb_column type=\u00bb3_4&#8243; _builder_version=\u00bb4.8.1&#8243; _module_preset=\u00bbdefault\u00bb][et_pb_text _builder_version=\u00bb4.8.1&#8243; _module_preset=\u00bb0e0bc4e0-cb0d-449e-b059-a12dcf3338ce\u00bb]<\/p>\n<h3>Creando impacto social y econ\u00f3mico a trav\u00e9s de las redes sociales: la ciudad romana de Pollentia (Alcudia, Mallorca) como caso de estudio.<\/h3>\n<p>[\/et_pb_text][et_pb_text _builder_version=\u00bb4.8.1&#8243; _module_preset=\u00bbdefault\u00bb]<\/p>\n<p><strong>Palau Nadal<\/strong>,\u00a0L.,\u00a0<strong>Cau Ontiveros<\/strong>,\u00a0M.\u00c1.\u00a0\u00a0<strong>D\u00edaz-Andreu<\/strong>, M.\u00a0 2017<\/p>\n<p>[\/et_pb_text][et_pb_text _builder_version=\u00bb4.8.1&#8243; _module_preset=\u00bbdefault\u00bb]<\/p>\n<p>\u00a0Vaquerizo, D., Ruiz, A. B. and Delgado, M. (eds.), <em>RESCATE. Del registro estratigr\u00e1fico a la sociedad del conocimiento: el patrimonio arqueol\u00f3gico como agente de desarrollo sostenible<\/em>.Vol. II.\u00a0\u00a0 C\u00f3rdoba, Universidad de C\u00f3rdoba: 423-438.<\/p>\n<p>[\/et_pb_text][\/et_pb_column][\/et_pb_row][et_pb_row column_structure=\u00bb1_4,3_4&#8243; use_custom_gutter=\u00bbon\u00bb gutter_width=\u00bb2&#8243; _builder_version=\u00bb4.8.1&#8243; _module_preset=\u00bbdefault\u00bb][et_pb_column type=\u00bb1_4&#8243; _builder_version=\u00bb4.8.1&#8243; _module_preset=\u00bbdefault\u00bb][et_pb_image src=\u00bbhttps:\/\/www.ub.edu\/gapp\/wp-content\/uploads\/2022\/10\/largepreview-3-e1665041854101.png\u00bb alt=\u00bbDel registro estratigr\u00e1fico a la sociedad del conocimiento\u00bb title_text=\u00bbDel registro estratigr\u00e1fico a la sociedad del conocimiento\u00bb _builder_version=\u00bb4.9.4&#8243; _module_preset=\u00bbdefault\u00bb][\/et_pb_image][\/et_pb_column][et_pb_column type=\u00bb3_4&#8243; _builder_version=\u00bb4.8.1&#8243; _module_preset=\u00bbdefault\u00bb][et_pb_text _builder_version=\u00bb4.9.4&#8243; _module_preset=\u00bb0e0bc4e0-cb0d-449e-b059-a12dcf3338ce\u00bb]<\/p>\n<h3><span data-contrast=\"auto\" xml:lang=\"ES-ES\" lang=\"ES-ES\" class=\"TextRun SCXW144858140 BCX4\"><span class=\"SpellingError SCXW144858140 BCX4\" data-ccp-parastyle=\"x_endnotebibliography\">Depois<\/span><span class=\"NormalTextRun SCXW144858140 BCX4\" data-ccp-parastyle=\"x_endnotebibliography\"> de <\/span><span class=\"SpellingError SCXW144858140 BCX4\" data-ccp-parastyle=\"x_endnotebibliography\">duas<\/span><span class=\"NormalTextRun SCXW144858140 BCX4\" data-ccp-parastyle=\"x_endnotebibliography\"> d\u00e9cadas de <\/span><span class=\"SpellingError SCXW144858140 BCX4\" data-ccp-parastyle=\"x_endnotebibliography\">Arqueologia<\/span><span class=\"NormalTextRun SCXW144858140 BCX4\" data-ccp-parastyle=\"x_endnotebibliography\"> P\u00fablica no Vale do <\/span><span class=\"SpellingError SCXW144858140 BCX4\" data-ccp-parastyle=\"x_endnotebibliography\">C\u00f4a<\/span><span class=\"NormalTextRun SCXW144858140 BCX4\" data-ccp-parastyle=\"x_endnotebibliography\"> <\/span><span class=\"SpellingError SCXW144858140 BCX4\" data-ccp-parastyle=\"x_endnotebibliography\">ter\u00e1<\/span><span class=\"NormalTextRun SCXW144858140 BCX4\" data-ccp-parastyle=\"x_endnotebibliography\"> <\/span><span class=\"SpellingError SCXW144858140 BCX4\" data-ccp-parastyle=\"x_endnotebibliography\">chegado<\/span><span class=\"NormalTextRun SCXW144858140 BCX4\" data-ccp-parastyle=\"x_endnotebibliography\"> a hora de <\/span><span class=\"SpellingError SCXW144858140 BCX4\" data-ccp-parastyle=\"x_endnotebibliography\">uma<\/span><span class=\"NormalTextRun SCXW144858140 BCX4\" data-ccp-parastyle=\"x_endnotebibliography\"> <\/span><span class=\"SpellingError SCXW144858140 BCX4\" data-ccp-parastyle=\"x_endnotebibliography\">Arqueologia<\/span><span class=\"NormalTextRun SCXW144858140 BCX4\" data-ccp-parastyle=\"x_endnotebibliography\"> participativa!?<\/span><\/span><\/h3>\n<p>[\/et_pb_text][et_pb_text _builder_version=\u00bb4.9.4&#8243; _module_preset=\u00bbdefault\u00bb]<\/p>\n<p><span>Francisco, J. P.; Gil, T. <\/span> 2017<\/p>\n<p>[\/et_pb_text][et_pb_text _builder_version=\u00bb4.9.4&#8243; _module_preset=\u00bbdefault\u00bb]<\/p>\n<p><span data-contrast=\"auto\" xml:lang=\"ES-ES\" lang=\"ES-ES\" class=\"TextRun SCXW192815731 BCX4\"><span class=\"SpellingError SCXW192815731 BCX4\" data-ccp-parastyle=\"x_endnotebibliography\">C\u00f4aVis\u00e3o<\/span><\/span><span data-contrast=\"auto\" xml:lang=\"ES-ES\" lang=\"ES-ES\" class=\"TextRun SCXW192815731 BCX4\"><span class=\"NormalTextRun SCXW192815731 BCX4\" data-ccp-parastyle=\"x_endnotebibliography\"> 19, 43-56.<\/span><\/span><\/p>\n<p>[\/et_pb_text][\/et_pb_column][\/et_pb_row][\/et_pb_section][et_pb_section fb_built=\u00bb1&#8243; _builder_version=\u00bb4.8.1&#8243; _module_preset=\u00bbdefault\u00bb][et_pb_row _builder_version=\u00bb4.8.1&#8243; _module_preset=\u00bbdefault\u00bb][et_pb_column type=\u00bb4_4&#8243; _builder_version=\u00bb4.8.1&#8243; _module_preset=\u00bbdefault\u00bb][et_pb_text _builder_version=\u00bb4.9.4&#8243; _module_preset=\u00bbdefault\u00bb animation_style=\u00bbfade\u00bb animation_duration=\u00bb1500ms\u00bb animation_delay=\u00bb500ms\u00bb]<\/p>\n<h2><\/h2>\n<h2>2016<\/h2>\n<p>[\/et_pb_text][et_pb_divider color=\u00bb#C8AB37&#8243; divider_weight=\u00bb3px\u00bb _builder_version=\u00bb4.8.1&#8243; _module_preset=\u00bbdefault\u00bb width=\u00bb140px\u00bb animation_style=\u00bbslide\u00bb animation_direction=\u00bbleft\u00bb][\/et_pb_divider][\/et_pb_column][\/et_pb_row][et_pb_row column_structure=\u00bb1_4,3_4&#8243; use_custom_gutter=\u00bbon\u00bb gutter_width=\u00bb2&#8243; _builder_version=\u00bb4.8.1&#8243; _module_preset=\u00bbdefault\u00bb][et_pb_column type=\u00bb1_4&#8243; _builder_version=\u00bb4.8.1&#8243; _module_preset=\u00bbdefault\u00bb][et_pb_image src=\u00bbhttps:\/\/www.ub.edu\/gapp\/wp-content\/uploads\/2021\/02\/urban-africa.jpg\u00bb alt=\u00bbGoverning Urban Africa\u00bb title_text=\u00bbGoverning Urban Africa\u00bb _builder_version=\u00bb4.8.1&#8243; _module_preset=\u00bbdefault\u00bb][\/et_pb_image][\/et_pb_column][et_pb_column type=\u00bb3_4&#8243; _builder_version=\u00bb4.8.1&#8243; _module_preset=\u00bbdefault\u00bb][et_pb_text _builder_version=\u00bb4.8.1&#8243; _module_preset=\u00bb0e0bc4e0-cb0d-449e-b059-a12dcf3338ce\u00bb]<\/p>\n<h3>Limits of Acceptable Change and Heritage Management on the Island of Mozambique.\u00a0<\/h3>\n<p>[\/et_pb_text][et_pb_text _builder_version=\u00bb4.8.1&#8243; _module_preset=\u00bbdefault\u00bb]<\/p>\n<p><strong>G\u00f3mez Salas de Schetter<\/strong>, M. y Schetter, O. 2016<\/p>\n<p>[\/et_pb_text][et_pb_text _builder_version=\u00bb4.8.1&#8243; _module_preset=\u00bbdefault\u00bb]<\/p>\n<p><em>Governing Urban Africa<\/em>, Silva, Carlos Nunes (Ed.) Lisboa, Portugal.<\/p>\n<p>[\/et_pb_text][\/et_pb_column][\/et_pb_row][et_pb_row column_structure=\u00bb1_4,3_4&#8243; use_custom_gutter=\u00bbon\u00bb gutter_width=\u00bb2&#8243; _builder_version=\u00bb4.8.1&#8243; _module_preset=\u00bbdefault\u00bb][et_pb_column type=\u00bb1_4&#8243; _builder_version=\u00bb4.8.1&#8243; _module_preset=\u00bbdefault\u00bb][et_pb_image src=\u00bbhttps:\/\/www.ub.edu\/gapp\/wp-content\/uploads\/2021\/02\/jas-arqueologia.jpg\u00bb alt=\u00bbJAS Arqueolog\u00eda\u00bb title_text=\u00bbJAS Arqueolog\u00eda\u00bb _builder_version=\u00bb4.8.1&#8243; _module_preset=\u00bbdefault\u00bb][\/et_pb_image][\/et_pb_column][et_pb_column type=\u00bb3_4&#8243; _builder_version=\u00bb4.8.1&#8243; _module_preset=\u00bbdefault\u00bb][et_pb_text _builder_version=\u00bb4.8.1&#8243; _module_preset=\u00bb0e0bc4e0-cb0d-449e-b059-a12dcf3338ce\u00bb]<\/p>\n<h3>Arqueolog\u00eda, comunidad y valor social: un reto para el patrimonio arqueol\u00f3gico del siglo XXI.<\/h3>\n<p>[\/et_pb_text][et_pb_text _builder_version=\u00bb4.8.1&#8243; _module_preset=\u00bbdefault\u00bb]<\/p>\n<p><strong>D\u00edaz-Andreu<\/strong>, M. 2016<\/p>\n<p>[\/et_pb_text][et_pb_text _builder_version=\u00bb4.8.1&#8243; _module_preset=\u00bbdefault\u00bb]<\/p>\n<p><em>Arqueolog\u00eda y comunidad: el valor social del patrimonio arqueol\u00f3gico en el siglo XXI<\/em>.\u00a0\u00a0 Madrid, JAS Arqueolog\u00eda: 69-90.<\/p>\n<p>[\/et_pb_text][\/et_pb_column][\/et_pb_row][et_pb_row column_structure=\u00bb1_4,3_4&#8243; use_custom_gutter=\u00bbon\u00bb gutter_width=\u00bb2&#8243; _builder_version=\u00bb4.8.1&#8243; _module_preset=\u00bbdefault\u00bb][et_pb_column type=\u00bb1_4&#8243; _builder_version=\u00bb4.8.1&#8243; _module_preset=\u00bbdefault\u00bb][et_pb_image src=\u00bbhttps:\/\/www.ub.edu\/gapp\/wp-content\/uploads\/2021\/02\/journal-post-classical.jpg\u00bb alt=\u00bb European Journal of Post-Classical Archaeologies\u00bb title_text=\u00bb European Journal of Post-Classical Archaeologies\u00bb _builder_version=\u00bb4.8.1&#8243; _module_preset=\u00bbdefault\u00bb][\/et_pb_image][\/et_pb_column][et_pb_column type=\u00bb3_4&#8243; _builder_version=\u00bb4.8.1&#8243; _module_preset=\u00bbdefault\u00bb][et_pb_text _builder_version=\u00bb4.8.1&#8243; _module_preset=\u00bb0e0bc4e0-cb0d-449e-b059-a12dcf3338ce\u00bb]<\/p>\n<h3>Special Section: World Heritage and the Public.<\/h3>\n<p>[\/et_pb_text][et_pb_text _builder_version=\u00bb4.8.1&#8243; _module_preset=\u00bbdefault\u00bb]<\/p>\n<p><strong>D\u00edaz-Andreu<\/strong>, M. 2016<\/p>\n<p>[\/et_pb_text][et_pb_text _builder_version=\u00bb4.8.1&#8243; _module_preset=\u00bbdefault\u00bb]<\/p>\n<p><em>European Journal of Post-Classical Archaeologies<\/em>\u00a06:189\u2013332. [Contributions by Qian Gao, Georgios Alexopoulos, Kalliopi Fouseki, Torgrim S. Guttormsen, Joel Taylor, Grete Swensen, Matthias Maluck, Dennis Rodwell and Gian Petro Brogiolo].<\/p>\n<p>[\/et_pb_text][\/et_pb_column][\/et_pb_row][et_pb_row column_structure=\u00bb1_4,3_4&#8243; use_custom_gutter=\u00bbon\u00bb gutter_width=\u00bb2&#8243; _builder_version=\u00bb4.8.1&#8243; _module_preset=\u00bbdefault\u00bb][et_pb_column type=\u00bb1_4&#8243; _builder_version=\u00bb4.8.1&#8243; _module_preset=\u00bbdefault\u00bb][et_pb_image src=\u00bbhttps:\/\/www.ub.edu\/gapp\/wp-content\/uploads\/2021\/02\/journal-post-classical.jpg\u00bb alt=\u00bb European Journal of Post-Classical Archaeologies\u00bb title_text=\u00bb European Journal of Post-Classical Archaeologies\u00bb _builder_version=\u00bb4.8.1&#8243; _module_preset=\u00bbdefault\u00bb][\/et_pb_image][\/et_pb_column][et_pb_column type=\u00bb3_4&#8243; _builder_version=\u00bb4.8.1&#8243; _module_preset=\u00bbdefault\u00bb][et_pb_text _builder_version=\u00bb4.8.1&#8243; _module_preset=\u00bb0e0bc4e0-cb0d-449e-b059-a12dcf3338ce\u00bb]<\/p>\n<h3>Social values and local communities in World Heritage: a dream too far?<\/h3>\n<p>[\/et_pb_text][et_pb_text _builder_version=\u00bb4.8.1&#8243; _module_preset=\u00bbdefault\u00bb]<\/p>\n<p><strong>D\u00edaz-Andreu<\/strong>, M. 2016<\/p>\n<p>[\/et_pb_text][et_pb_text _builder_version=\u00bb4.8.1&#8243; _module_preset=\u00bbdefault\u00bb]<\/p>\n<p>European <em>Journal of\u00a0Post Classical Archaeologies<\/em>\u00a06: 193-212.<\/p>\n<p>[\/et_pb_text][\/et_pb_column][\/et_pb_row][et_pb_row column_structure=\u00bb1_4,3_4&#8243; use_custom_gutter=\u00bbon\u00bb gutter_width=\u00bb2&#8243; _builder_version=\u00bb4.8.1&#8243; _module_preset=\u00bbdefault\u00bb][et_pb_column type=\u00bb1_4&#8243; _builder_version=\u00bb4.8.1&#8243; _module_preset=\u00bbdefault\u00bb][et_pb_image src=\u00bbhttps:\/\/www.ub.edu\/gapp\/wp-content\/uploads\/2021\/02\/jas-arqueologia.jpg\u00bb alt=\u00bbJAS Arqueolog\u00eda\u00bb title_text=\u00bbJAS Arqueolog\u00eda\u00bb _builder_version=\u00bb4.8.1&#8243; _module_preset=\u00bbdefault\u00bb][\/et_pb_image][\/et_pb_column][et_pb_column type=\u00bb3_4&#8243; _builder_version=\u00bb4.8.1&#8243; _module_preset=\u00bbdefault\u00bb][et_pb_text _builder_version=\u00bb4.8.1&#8243; _module_preset=\u00bb0e0bc4e0-cb0d-449e-b059-a12dcf3338ce\u00bb]<\/p>\n<h3>Arqueolog\u00eda y comunidad: el valor social del patrimonio arqueol\u00f3gico en el siglo XXI.<\/h3>\n<p>[\/et_pb_text][et_pb_text _builder_version=\u00bb4.8.1&#8243; _module_preset=\u00bbdefault\u00bb]<\/p>\n<p><strong>D\u00edaz-Andreu<\/strong>, M. 2016<\/p>\n<p>[\/et_pb_text][et_pb_text _builder_version=\u00bb4.8.1&#8243; _module_preset=\u00bbdefault\u00bb]<\/p>\n<p><a href=\"https:\/\/www.academia.edu\/signup?a_id=4489849\" target=\"_blank\" rel=\"noopener\">Introducci\u00f3n. In D\u00edaz-Andreu, M. et al. (eds.), Madrid, JAS Arqueolog\u00eda: 1-11<\/a><\/p>\n<p>[\/et_pb_text][\/et_pb_column][\/et_pb_row][et_pb_row column_structure=\u00bb1_4,3_4&#8243; use_custom_gutter=\u00bbon\u00bb gutter_width=\u00bb2&#8243; _builder_version=\u00bb4.8.1&#8243; _module_preset=\u00bbdefault\u00bb][et_pb_column type=\u00bb1_4&#8243; _builder_version=\u00bb4.8.1&#8243; _module_preset=\u00bbdefault\u00bb][et_pb_image src=\u00bbhttps:\/\/www.ub.edu\/gapp\/wp-content\/uploads\/2021\/02\/jas-arqueologia.jpg\u00bb alt=\u00bbJAS Arqueolog\u00eda\u00bb title_text=\u00bbJAS Arqueolog\u00eda\u00bb _builder_version=\u00bb4.8.1&#8243; _module_preset=\u00bbdefault\u00bb][\/et_pb_image][\/et_pb_column][et_pb_column type=\u00bb3_4&#8243; _builder_version=\u00bb4.8.1&#8243; _module_preset=\u00bbdefault\u00bb][et_pb_text _builder_version=\u00bb4.8.1&#8243; _module_preset=\u00bb0e0bc4e0-cb0d-449e-b059-a12dcf3338ce\u00bb]<\/p>\n<h3>Arqueolog\u00eda y comunidad: el valor social del patrimonio arqueol\u00f3gico en el siglo XXI.<\/h3>\n<p>[\/et_pb_text][et_pb_text _builder_version=\u00bb4.8.1&#8243; _module_preset=\u00bbdefault\u00bb]<\/p>\n<p><strong>D\u00edaz-Andreu<\/strong>,\u00a0A.\u00a0<strong>Pasto<\/strong>r\u00a0and A.\u00a0<strong>Ruiz<\/strong> (eds.) 2016<\/p>\n<p>[\/et_pb_text][et_pb_text _builder_version=\u00bb4.8.1&#8243; _module_preset=\u00bbdefault\u00bb]<\/p>\n<p><a href=\"https:\/\/www.academia.edu\/26602060\/D%C3%ADaz_Andreu_M_2016_Arqueolog%C3%ADa_comunidad_y_valor_social_un_reto_para_el_patrimonio_arqueol%C3%B3gico_del_siglo_XXI_In_M_D%C3%ADaz_Andreu_A_Pastor_and_A_Ruiz_eds_Arqueolog%C3%ADa_y_comunidad_el_valor_social_del_patrimonio_arqueol%C3%B3gico_en_el_siglo_XXI_69_90_Madrid_JAS_Arqueolog%C3%ADa\" target=\"_blank\" rel=\"noopener\">Madrid, JAS<\/a><\/p>\n<p>[\/et_pb_text][\/et_pb_column][\/et_pb_row][et_pb_row column_structure=\u00bb1_4,3_4&#8243; use_custom_gutter=\u00bbon\u00bb gutter_width=\u00bb2&#8243; _builder_version=\u00bb4.8.1&#8243; _module_preset=\u00bbdefault\u00bb][et_pb_column type=\u00bb1_4&#8243; _builder_version=\u00bb4.8.1&#8243; _module_preset=\u00bbdefault\u00bb][et_pb_image src=\u00bbhttps:\/\/www.ub.edu\/gapp\/wp-content\/uploads\/2021\/01\/complutum.jpg\u00bb alt=\u00bbComplutum\u00bb title_text=\u00bbComplutum\u00bb _builder_version=\u00bb4.8.1&#8243; _module_preset=\u00bbdefault\u00bb][\/et_pb_image][\/et_pb_column][et_pb_column type=\u00bb3_4&#8243; _builder_version=\u00bb4.8.1&#8243; _module_preset=\u00bbdefault\u00bb][et_pb_text _builder_version=\u00bb4.8.1&#8243; _module_preset=\u00bb0e0bc4e0-cb0d-449e-b059-a12dcf3338ce\u00bb]<\/p>\n<h3>Hacia una conservaci\u00f3n arqueol\u00f3gica social en Barcelona.<\/h3>\n<p>[\/et_pb_text][et_pb_text _builder_version=\u00bb4.8.1&#8243; _module_preset=\u00bbdefault\u00bb]<\/p>\n<p><strong>Pastor P\u00e9rez<\/strong>, A. (2016)<\/p>\n<p>[\/et_pb_text][et_pb_text _builder_version=\u00bb4.8.1&#8243; _module_preset=\u00bbdefault\u00bb]<\/p>\n<p><a href=\"https:\/\/revistas.ucm.es\/index.php\/CMPL\/article\/view\/54745\" target=\"_blank\" rel=\"noopener\">Complutum, 27(2), 259\u2013280<\/a><\/p>\n<p>[\/et_pb_text][\/et_pb_column][\/et_pb_row][et_pb_row column_structure=\u00bb1_4,3_4&#8243; use_custom_gutter=\u00bbon\u00bb gutter_width=\u00bb2&#8243; _builder_version=\u00bb4.8.1&#8243; _module_preset=\u00bbdefault\u00bb][et_pb_column type=\u00bb1_4&#8243; _builder_version=\u00bb4.8.1&#8243; _module_preset=\u00bbdefault\u00bb][et_pb_image src=\u00bbhttps:\/\/www.ub.edu\/gapp\/wp-content\/uploads\/2021\/02\/revista-otarq.jpg\u00bb alt=\u00bbRevista Otarq\u00bb title_text=\u00bbRevista Otarq\u00bb _builder_version=\u00bb4.8.1&#8243; _module_preset=\u00bbdefault\u00bb][\/et_pb_image][\/et_pb_column][et_pb_column type=\u00bb3_4&#8243; _builder_version=\u00bb4.8.1&#8243; _module_preset=\u00bbdefault\u00bb][et_pb_text _builder_version=\u00bb4.8.1&#8243; _module_preset=\u00bb0e0bc4e0-cb0d-449e-b059-a12dcf3338ce\u00bb]<\/p>\n<h3>Hacia la auto-sostenibilidad en procesos de excavaci\u00f3n: conservaci\u00f3n preventiva y gesti\u00f3n de riesgos.<\/h3>\n<p>[\/et_pb_text][et_pb_text _builder_version=\u00bb4.8.1&#8243; _module_preset=\u00bbdefault\u00bb]<\/p>\n<p><strong>Pastor P\u00e9rez<\/strong>, A. y\u00a0<strong>Canseco Dom\u00ednguez<\/strong>, O. 2016<\/p>\n<p>[\/et_pb_text][et_pb_text _builder_version=\u00bb4.8.1&#8243; _module_preset=\u00bbdefault\u00bb]<\/p>\n<p>Otarq,1, 187\u2013216.<\/p>\n<p>[\/et_pb_text][\/et_pb_column][\/et_pb_row][et_pb_row column_structure=\u00bb1_4,3_4&#8243; use_custom_gutter=\u00bbon\u00bb gutter_width=\u00bb2&#8243; _builder_version=\u00bb4.8.1&#8243; _module_preset=\u00bbdefault\u00bb][et_pb_column type=\u00bb1_4&#8243; _builder_version=\u00bb4.8.1&#8243; _module_preset=\u00bbdefault\u00bb][et_pb_image src=\u00bbhttps:\/\/www.ub.edu\/gapp\/wp-content\/uploads\/2021\/02\/jornadas-de-arqueologia.jpg\u00bb alt=\u00bbTrezenes Jornades d\u2019Arqueologia\u00bb title_text=\u00bbTrezenes Jornades d\u2019Arqueologia\u00bb _builder_version=\u00bb4.8.1&#8243; _module_preset=\u00bbdefault\u00bb][\/et_pb_image][\/et_pb_column][et_pb_column type=\u00bb3_4&#8243; _builder_version=\u00bb4.8.1&#8243; _module_preset=\u00bbdefault\u00bb][et_pb_text _builder_version=\u00bb4.8.1&#8243; _module_preset=\u00bb0e0bc4e0-cb0d-449e-b059-a12dcf3338ce\u00bb]<\/p>\n<h3>Conservaci\u00f3 i Restauraci\u00f3 del Dolmen de la Taula dels Tres Pagesos (Forallac, Girona).<\/h3>\n<p>[\/et_pb_text][et_pb_text _builder_version=\u00bb4.8.1&#8243; _module_preset=\u00bbdefault\u00bb]<\/p>\n<p><strong>Pastor P\u00e9rez<\/strong>, A.,\u00a0<strong>Barcia<\/strong>, C.,\u00a0<strong>Ortiz<\/strong>,\u00a0A. and\u00a0<strong>Bofill<\/strong>, M. 2016<\/p>\n<p>[\/et_pb_text][et_pb_text _builder_version=\u00bb4.8.1&#8243; _module_preset=\u00bbdefault\u00bb]<\/p>\n<p>Frigola Torrent, J. (ed.) Trezenes Jornades d\u2019Arqueologia de les Comarques de Girona. Banyoles, 10-11 de juny de 2016.\u00a0 Publicacions d\u2019Arqueologia i Paleontologia 8. Barcelona, Generalitat de Catalunya: 77-84.<\/p>\n<p>[\/et_pb_text][\/et_pb_column][\/et_pb_row][et_pb_row column_structure=\u00bb1_4,3_4&#8243; use_custom_gutter=\u00bbon\u00bb gutter_width=\u00bb2&#8243; _builder_version=\u00bb4.8.1&#8243; _module_preset=\u00bbdefault\u00bb][et_pb_column type=\u00bb1_4&#8243; _builder_version=\u00bb4.8.1&#8243; _module_preset=\u00bbdefault\u00bb][et_pb_image src=\u00bbhttps:\/\/www.ub.edu\/gapp\/wp-content\/uploads\/2021\/02\/revista-ph.jpg\u00bb alt=\u00bbRevista ph\u00bb title_text=\u00bbRevista ph\u00bb _builder_version=\u00bb4.8.1&#8243; _module_preset=\u00bbdefault\u00bb][\/et_pb_image][\/et_pb_column][et_pb_column type=\u00bb3_4&#8243; _builder_version=\u00bb4.8.1&#8243; _module_preset=\u00bbdefault\u00bb][et_pb_text _builder_version=\u00bb4.8.1&#8243; _module_preset=\u00bb0e0bc4e0-cb0d-449e-b059-a12dcf3338ce\u00bb]<\/p>\n<h3>La participaci\u00f3n como tarea de lo cotidiano: el barrio G\u00f2tic de Barcelona.<\/h3>\n<p>[\/et_pb_text][et_pb_text _builder_version=\u00bb4.8.1&#8243; _module_preset=\u00bbdefault\u00bb]<\/p>\n<p><strong>Pastor P\u00e9rez<\/strong>,\u00a0A. y\u00a0<strong>Ruiz Mart\u00ednez<\/strong>, A. 2016<\/p>\n<p>[\/et_pb_text][et_pb_text _builder_version=\u00bb4.8.1&#8243; _module_preset=\u00bbdefault\u00bb]<\/p>\n<p>(Secci\u00f3n Perspectivas). <em>Revista PH,\u00a090<\/em>,\u00a0202\u2013204.<\/p>\n<p>[\/et_pb_text][\/et_pb_column][\/et_pb_row][et_pb_row column_structure=\u00bb1_4,3_4&#8243; use_custom_gutter=\u00bbon\u00bb gutter_width=\u00bb2&#8243; _builder_version=\u00bb4.8.1&#8243; _module_preset=\u00bbdefault\u00bb][et_pb_column type=\u00bb1_4&#8243; _builder_version=\u00bb4.8.1&#8243; _module_preset=\u00bbdefault\u00bb][et_pb_image src=\u00bbhttps:\/\/www.ub.edu\/gapp\/wp-content\/uploads\/2021\/02\/jas-arqueologia.jpg\u00bb alt=\u00bbJAS Arqueolog\u00eda\u00bb title_text=\u00bbJAS Arqueolog\u00eda\u00bb _builder_version=\u00bb4.8.1&#8243; _module_preset=\u00bbdefault\u00bb][\/et_pb_image][\/et_pb_column][et_pb_column type=\u00bb3_4&#8243; _builder_version=\u00bb4.8.1&#8243; _module_preset=\u00bbdefault\u00bb][et_pb_text _builder_version=\u00bb4.8.1&#8243; _module_preset=\u00bb0e0bc4e0-cb0d-449e-b059-a12dcf3338ce\u00bb]<\/p>\n<h3>Nuevas metodolog\u00edas para una comprensi\u00f3n de las interacciones entre el p\u00fablico y el patrimonio arqueol\u00f3gico urbano.<\/h3>\n<p>[\/et_pb_text][et_pb_text _builder_version=\u00bb4.8.1&#8243; _module_preset=\u00bbdefault\u00bb]<\/p>\n<p><strong>Pastor\u00a0P\u00e9rez<\/strong> , A. and\u00a0<strong>Ruiz Mart\u00ednez<\/strong>, A. 2016<\/p>\n<p>[\/et_pb_text][et_pb_text _builder_version=\u00bb4.8.1&#8243; _module_preset=\u00bbdefault\u00bb]<\/p>\n<p><a href=\"https:\/\/www.academia.edu\/26394529\/Nuevas_metodolog%C3%ADas_para_una_comprensi%C3%B3n_de_las_interacciones_entre_el_p%C3%BAblico_y_el_patrimonio_arqueol%C3%B3gico_urbano\" target=\"_blank\" rel=\"noopener\">M. <strong>D\u00edaz-Andreu<\/strong>,\u00a0A.\u00a0<strong>Pastor<\/strong>\u00a0and A.\u00a0<strong>Ruiz<\/strong>\u00a0(eds.),\u00a0<em>Arqueolog\u00eda y comunidad: el valor social del patrimonio arqueol\u00f3gico en el siglo XXI<\/em>. Madrid, JAS: 91-112.<\/a><\/p>\n<p>[\/et_pb_text][\/et_pb_column][\/et_pb_row][et_pb_row column_structure=\u00bb1_4,3_4&#8243; use_custom_gutter=\u00bbon\u00bb gutter_width=\u00bb2&#8243; _builder_version=\u00bb4.8.1&#8243; _module_preset=\u00bbdefault\u00bb][et_pb_column type=\u00bb1_4&#8243; _builder_version=\u00bb4.8.1&#8243; _module_preset=\u00bbdefault\u00bb][et_pb_image src=\u00bbhttps:\/\/www.ub.edu\/gapp\/wp-content\/uploads\/2021\/01\/logo-springer.jpg\u00bb alt=\u00bbPublicaci\u00f3n Springer\u00bb title_text=\u00bbPublicaci\u00f3n Springer\u00bb _builder_version=\u00bb4.8.1&#8243; _module_preset=\u00bbdefault\u00bb][\/et_pb_image][\/et_pb_column][et_pb_column type=\u00bb3_4&#8243; _builder_version=\u00bb4.8.1&#8243; _module_preset=\u00bbdefault\u00bb][et_pb_text _builder_version=\u00bb4.8.1&#8243; _module_preset=\u00bb0e0bc4e0-cb0d-449e-b059-a12dcf3338ce\u00bb]<\/p>\n<h3>Challenges in Archaeological Tourism in China.<\/h3>\n<p>[\/et_pb_text][et_pb_text _builder_version=\u00bb4.8.1&#8243; _module_preset=\u00bbdefault\u00bb]<\/p>\n<p><strong>Gao<\/strong>, Q. 2016<\/p>\n<p>[\/et_pb_text][et_pb_text _builder_version=\u00bb4.8.1&#8243; _module_preset=\u00bbdefault\u00bb]<\/p>\n<p><a href=\"https:\/\/link.springer.com\/article\/10.1007\/s10761-016-0333-x?wt_mc=internal.event.1.SEM.ArticleAuthorOnlineFirst\" target=\"_blank\" rel=\"noopener\">International Journal of Historical Archaeology 20: 422-436<\/a><\/p>\n<p>[\/et_pb_text][\/et_pb_column][\/et_pb_row][et_pb_row column_structure=\u00bb1_4,3_4&#8243; use_custom_gutter=\u00bbon\u00bb gutter_width=\u00bb2&#8243; _builder_version=\u00bb4.8.1&#8243; _module_preset=\u00bbdefault\u00bb][et_pb_column type=\u00bb1_4&#8243; _builder_version=\u00bb4.8.1&#8243; _module_preset=\u00bbdefault\u00bb][et_pb_image src=\u00bbhttps:\/\/www.ub.edu\/gapp\/wp-content\/uploads\/2021\/01\/logo-springer.jpg\u00bb alt=\u00bbPublicaci\u00f3n Springer\u00bb title_text=\u00bbPublicaci\u00f3n Springer\u00bb _builder_version=\u00bb4.8.1&#8243; _module_preset=\u00bbdefault\u00bb][\/et_pb_image][\/et_pb_column][et_pb_column type=\u00bb3_4&#8243; _builder_version=\u00bb4.8.1&#8243; _module_preset=\u00bbdefault\u00bb][et_pb_text _builder_version=\u00bb4.8.1&#8243; _module_preset=\u00bb0e0bc4e0-cb0d-449e-b059-a12dcf3338ce\u00bb]<\/p>\n<h3>Social values and archaeological heritage: an ethnographic study of the Daming Palace archaeological site (China).\u00a0<\/h3>\n<p>[\/et_pb_text][et_pb_text _builder_version=\u00bb4.8.1&#8243; _module_preset=\u00bbdefault\u00bb]<\/p>\n<p><strong>Gao<\/strong>, Q. 2016<\/p>\n<p>[\/et_pb_text][et_pb_text _builder_version=\u00bb4.8.1&#8243; _module_preset=\u00bbdefault\u00bb]<\/p>\n<p><a href=\"https:\/\/www.academia.edu\/signup?a_id=46378349\" target=\"_blank\" rel=\"noopener\">European Journal of Post-Classical Archaeologies 6: 213-234<\/a><\/p>\n<p>[\/et_pb_text][\/et_pb_column][\/et_pb_row][et_pb_row column_structure=\u00bb1_4,3_4&#8243; use_custom_gutter=\u00bbon\u00bb gutter_width=\u00bb2&#8243; _builder_version=\u00bb4.8.1&#8243; _module_preset=\u00bbdefault\u00bb][et_pb_column type=\u00bb1_4&#8243; _builder_version=\u00bb4.8.1&#8243; _module_preset=\u00bbdefault\u00bb][et_pb_image src=\u00bbhttps:\/\/www.ub.edu\/gapp\/wp-content\/uploads\/2021\/02\/routledge.jpg\u00bb alt=\u00bbCultural Heritage, Ethics and Contemporary Migrations\u00bb title_text=\u00bbCultural Heritage, Ethics and Contemporary Migrations\u00bb _builder_version=\u00bb4.8.1&#8243; _module_preset=\u00bbdefault\u00bb][\/et_pb_image][\/et_pb_column][et_pb_column type=\u00bb3_4&#8243; _builder_version=\u00bb4.8.1&#8243; _module_preset=\u00bbdefault\u00bb][et_pb_text _builder_version=\u00bb4.8.1&#8243; _module_preset=\u00bb0e0bc4e0-cb0d-449e-b059-a12dcf3338ce\u00bb]<\/p>\n<h3>Social values and rock art tourism: an ethnographic study of the Huashan rock art area (China).\u00a0<\/h3>\n<p>[\/et_pb_text][et_pb_text _builder_version=\u00bb4.8.1&#8243; _module_preset=\u00bbdefault\u00bb]<\/p>\n<p><strong>Gao<\/strong>, Q. 2016<\/p>\n<p>[\/et_pb_text][et_pb_text _builder_version=\u00bb4.8.1&#8243; _module_preset=\u00bbdefault\u00bb]<\/p>\n<p>Conservation and Management of Archaeological Sites.<\/p>\n<p>[\/et_pb_text][\/et_pb_column][\/et_pb_row][et_pb_row column_structure=\u00bb1_4,3_4&#8243; use_custom_gutter=\u00bbon\u00bb gutter_width=\u00bb2&#8243; _builder_version=\u00bb4.8.1&#8243; _module_preset=\u00bbdefault\u00bb][et_pb_column type=\u00bb1_4&#8243; _builder_version=\u00bb4.8.1&#8243; _module_preset=\u00bbdefault\u00bb][et_pb_image src=\u00bbhttps:\/\/www.ub.edu\/gapp\/wp-content\/uploads\/2021\/02\/cotarq.jpg\u00bb alt=\u00bbCongreso Internacional Sobre Otras Arqueolog\u00edas\u00bb title_text=\u00bbCongreso Internacional Sobre Otras Arqueolog\u00edas\u00bb _builder_version=\u00bb4.8.1&#8243; _module_preset=\u00bbdefault\u00bb][\/et_pb_image][\/et_pb_column][et_pb_column type=\u00bb3_4&#8243; _builder_version=\u00bb4.8.1&#8243; _module_preset=\u00bbdefault\u00bb][et_pb_text _builder_version=\u00bb4.8.1&#8243; _module_preset=\u00bb0e0bc4e0-cb0d-449e-b059-a12dcf3338ce\u00bb]<\/p>\n<h3>De la escuela al laboratorio arqueol\u00f3gico: Una experiencia did\u00e1ctica.<\/h3>\n<p>[\/et_pb_text][et_pb_text _builder_version=\u00bb4.8.1&#8243; _module_preset=\u00bbdefault\u00bb]<\/p>\n<p><strong>Muntalt<\/strong>,\u00a0I.<strong>\u00a0Mura<\/strong>,\u00a0B.,\u00a0<strong>Ruiz<\/strong> <strong>Martinez<\/strong>\u00a0A.,\u00a0<strong>Trellis\u00f3\u00a0Carre\u00f1o<\/strong>, L. 2016<\/p>\n<p>[\/et_pb_text][et_pb_text _builder_version=\u00bb4.8.1&#8243; _module_preset=\u00bbdefault\u00bb]<\/p>\n<p>Polo, A. (ed.) CotArq (<em>Congreso Internacional Sobre Otras Arqueolog\u00edas) 12-14 de noviembre de 2014, Vic\u00e1lvaro, Madrid.<\/em>\u00a0Madrid: Universidad Rey Juan Carlos.<\/p>\n<p>[\/et_pb_text][\/et_pb_column][\/et_pb_row][et_pb_row column_structure=\u00bb1_4,3_4&#8243; use_custom_gutter=\u00bbon\u00bb gutter_width=\u00bb2&#8243; _builder_version=\u00bb4.8.1&#8243; _module_preset=\u00bbdefault\u00bb][et_pb_column type=\u00bb1_4&#8243; _builder_version=\u00bb4.8.1&#8243; _module_preset=\u00bbdefault\u00bb][et_pb_image src=\u00bbhttps:\/\/www.ub.edu\/gapp\/wp-content\/uploads\/2021\/02\/journal-of-Paleontological-Techniques.jpg\u00bb alt=\u00bbJournal of Paleontological Techniques\u00bb title_text=\u00bbJournal of Paleontological Techniques\u00bb _builder_version=\u00bb4.8.1&#8243; _module_preset=\u00bbdefault\u00bb][\/et_pb_image][\/et_pb_column][et_pb_column type=\u00bb3_4&#8243; _builder_version=\u00bb4.8.1&#8243; _module_preset=\u00bbdefault\u00bb][et_pb_text _builder_version=\u00bb4.8.1&#8243; _module_preset=\u00bb0e0bc4e0-cb0d-449e-b059-a12dcf3338ce\u00bb]<\/p>\n<h3>In situ conservation and restoration strategies at the pleistocene sites of Pinilla del Valle (Madrid, Spain).\u00a0<\/h3>\n<p>[\/et_pb_text][et_pb_text _builder_version=\u00bb4.8.1&#8243; _module_preset=\u00bbdefault\u00bb]<\/p>\n<p><strong>Ortega<\/strong>,\u00a0M.C.,\u00a0<strong>Canseco<\/strong>,\u00a0O.,\u00a0<strong>Pastor<\/strong>, A. et al. 2016<\/p>\n<p>[\/et_pb_text][et_pb_text _builder_version=\u00bb4.8.1&#8243; _module_preset=\u00bbdefault\u00bb]<\/p>\n<p>Journal of Paleontological Techniques, 15, 84-11.<\/p>\n<p>[\/et_pb_text][\/et_pb_column][\/et_pb_row][\/et_pb_section][et_pb_section fb_built=\u00bb1&#8243; _builder_version=\u00bb4.8.1&#8243; _module_preset=\u00bbdefault\u00bb][et_pb_row _builder_version=\u00bb4.8.1&#8243; _module_preset=\u00bbdefault\u00bb][et_pb_column type=\u00bb4_4&#8243; _builder_version=\u00bb4.8.1&#8243; _module_preset=\u00bbdefault\u00bb][et_pb_text _builder_version=\u00bb4.9.4&#8243; _module_preset=\u00bbdefault\u00bb animation_style=\u00bbfade\u00bb animation_duration=\u00bb1500ms\u00bb animation_delay=\u00bb500ms\u00bb]<\/p>\n<h2><\/h2>\n<h2>2015<\/h2>\n<p>[\/et_pb_text][et_pb_divider color=\u00bb#C8AB37&#8243; divider_weight=\u00bb3px\u00bb _builder_version=\u00bb4.8.1&#8243; _module_preset=\u00bbdefault\u00bb width=\u00bb140px\u00bb animation_style=\u00bbslide\u00bb animation_direction=\u00bbleft\u00bb][\/et_pb_divider][\/et_pb_column][\/et_pb_row][et_pb_row column_structure=\u00bb1_4,3_4&#8243; use_custom_gutter=\u00bbon\u00bb gutter_width=\u00bb2&#8243; _builder_version=\u00bb4.8.1&#8243; _module_preset=\u00bbdefault\u00bb][et_pb_column type=\u00bb1_4&#8243; _builder_version=\u00bb4.8.1&#8243; _module_preset=\u00bbdefault\u00bb][et_pb_image src=\u00bbhttps:\/\/www.ub.edu\/gapp\/wp-content\/uploads\/2021\/01\/logo-springer.jpg\u00bb alt=\u00bbPublicaci\u00f3n Springer\u00bb title_text=\u00bbPublicaci\u00f3n Springer\u00bb _builder_version=\u00bb4.8.1&#8243; _module_preset=\u00bbdefault\u00bb][\/et_pb_image][\/et_pb_column][et_pb_column type=\u00bb3_4&#8243; _builder_version=\u00bb4.8.1&#8243; _module_preset=\u00bbdefault\u00bb][et_pb_text _builder_version=\u00bb4.8.1&#8243; _module_preset=\u00bb0e0bc4e0-cb0d-449e-b059-a12dcf3338ce\u00bb]<\/p>\n<h3>Heritage and migration in Barcelona. Building constructive citizenship.\u00a0<\/h3>\n<p>[\/et_pb_text][et_pb_text _builder_version=\u00bb4.8.1&#8243; _module_preset=\u00bbdefault\u00bb]<\/p>\n<p><strong>D\u00edaz-Andreu<\/strong>, M. 2015<\/p>\n<p>[\/et_pb_text][et_pb_text _builder_version=\u00bb4.8.1&#8243; _module_preset=\u00bbdefault\u00bb]<\/p>\n<p>Building constructive citizenship. In P.F. Biehl, D. Comer, C. Prescott and H.A. Soderland (eds.), <em>Identity and Heritage. Contemporary Challenges in a Globalized World<\/em>. New York, Springer: 135-144.<\/p>\n<p>[\/et_pb_text][\/et_pb_column][\/et_pb_row][et_pb_row column_structure=\u00bb1_4,3_4&#8243; use_custom_gutter=\u00bbon\u00bb gutter_width=\u00bb2&#8243; _builder_version=\u00bb4.8.1&#8243; _module_preset=\u00bbdefault\u00bb][et_pb_column type=\u00bb1_4&#8243; _builder_version=\u00bb4.8.1&#8243; _module_preset=\u00bbdefault\u00bb][et_pb_image src=\u00bbhttps:\/\/www.ub.edu\/gapp\/wp-content\/uploads\/2021\/02\/routledge.jpg\u00bb alt=\u00bbCultural Heritage, Ethics and Contemporary Migrations\u00bb title_text=\u00bbCultural Heritage, Ethics and Contemporary Migrations\u00bb _builder_version=\u00bb4.8.1&#8243; _module_preset=\u00bbdefault\u00bb][\/et_pb_image][\/et_pb_column][et_pb_column type=\u00bb3_4&#8243; _builder_version=\u00bb4.8.1&#8243; _module_preset=\u00bbdefault\u00bb][et_pb_text _builder_version=\u00bb4.8.1&#8243; _module_preset=\u00bb0e0bc4e0-cb0d-449e-b059-a12dcf3338ce\u00bb]<\/p>\n<h3>Archaeological heritage and migration \u2013 well-being, place, citizenship and the social.<\/h3>\n<p>[\/et_pb_text][et_pb_text _builder_version=\u00bb4.8.1&#8243; _module_preset=\u00bbdefault\u00bb]<\/p>\n<p><strong>D\u00edaz-Andreu<\/strong>, M. forthcoming 2015<\/p>\n<p>[\/et_pb_text][et_pb_text _builder_version=\u00bb4.8.1&#8243; _module_preset=\u00bbdefault\u00bb]<\/p>\n<p>\u00a0C. Holtorf, A. Pantazatos and G. Scarre (eds.), <em>Cultural Heritage, Ethics and Contemporary Migrations<\/em>. London, Routledge<\/p>\n<p>[\/et_pb_text][\/et_pb_column][\/et_pb_row][et_pb_row column_structure=\u00bb1_4,3_4&#8243; use_custom_gutter=\u00bbon\u00bb gutter_width=\u00bb2&#8243; _builder_version=\u00bb4.8.1&#8243; _module_preset=\u00bbdefault\u00bb][et_pb_column type=\u00bb1_4&#8243; _builder_version=\u00bb4.8.1&#8243; _module_preset=\u00bbdefault\u00bb][et_pb_image src=\u00bbhttps:\/\/www.ub.edu\/gapp\/wp-content\/uploads\/2021\/02\/congreso-buenas-practicas.jpg\u00bb alt=\u00bbSegundo Congreso Internacional de Buenas Pr\u00e1cticas en Patrimonio Mundial\u00bb title_text=\u00bbSegundo Congreso Internacional de Buenas Pr\u00e1cticas en Patrimonio Mundial\u00bb _builder_version=\u00bb4.8.1&#8243; _module_preset=\u00bbdefault\u00bb][\/et_pb_image][\/et_pb_column][et_pb_column type=\u00bb3_4&#8243; _builder_version=\u00bb4.8.1&#8243; _module_preset=\u00bbdefault\u00bb][et_pb_text _builder_version=\u00bb4.8.1&#8243; _module_preset=\u00bb0e0bc4e0-cb0d-449e-b059-a12dcf3338ce\u00bb]<\/p>\n<h3>From Doodles to World Heritage: assessing the impact of the inclusion of the Rock Art of the Mediterranean Basin on the Iberian Peninsula (ARAMPI) on the World Heritage List\u00a0<\/h3>\n<p>[\/et_pb_text][et_pb_text _builder_version=\u00bb4.8.1&#8243; _module_preset=\u00bbdefault\u00bb]<\/p>\n<p><strong>D\u00edaz-Andreu<\/strong>,\u00a0M.,\u00a0<strong>Varga<\/strong>s,\u00a0A. and\u00a0<strong>Bea<\/strong>, M. 2015<\/p>\n<p>[\/et_pb_text][et_pb_text _builder_version=\u00bb4.8.1&#8243; _module_preset=\u00bbdefault\u00bb]<\/p>\n<p>A. Castillo (ed.), <em>People and Communities. Second International Conference on best practices in World Heritage \/ Personas y comunidades.\u00a0Segundo Congreso Internacional de Buenas Pr\u00e1cticas en Patrimonio Mundial<\/em>. Madrid, Universidad Complutense de Madrid: 758-776.<\/p>\n<p>[\/et_pb_text][\/et_pb_column][\/et_pb_row][et_pb_row column_structure=\u00bb1_4,3_4&#8243; use_custom_gutter=\u00bbon\u00bb gutter_width=\u00bb2&#8243; _builder_version=\u00bb4.8.1&#8243; _module_preset=\u00bbdefault\u00bb][et_pb_column type=\u00bb1_4&#8243; _builder_version=\u00bb4.8.1&#8243; _module_preset=\u00bbdefault\u00bb][et_pb_image src=\u00bbhttps:\/\/www.ub.edu\/gapp\/wp-content\/uploads\/2021\/02\/iii-congreso-buenas-practicas.jpg\u00bb title_text=\u00bbiii-congreso-buenas-practicas\u00bb _builder_version=\u00bb4.8.1&#8243; _module_preset=\u00bbdefault\u00bb][\/et_pb_image][\/et_pb_column][et_pb_column type=\u00bb3_4&#8243; _builder_version=\u00bb4.8.1&#8243; _module_preset=\u00bbdefault\u00bb][et_pb_text _builder_version=\u00bb4.8.1&#8243; _module_preset=\u00bb0e0bc4e0-cb0d-449e-b059-a12dcf3338ce\u00bb]<\/p>\n<h3>Aproximaci\u00f3n a la percepci\u00f3n del Patrimonio Mundial en Cerde\u00f1a: la visi\u00f3n de las nuevas generaciones.<\/h3>\n<p>[\/et_pb_text][et_pb_text _builder_version=\u00bb4.8.1&#8243; _module_preset=\u00bbdefault\u00bb]<\/p>\n<p><strong>Mureddu<\/strong>,\u00a0L. and\u00a0<strong>Pastor P\u00e9rez<\/strong>, A. \u00a02015<\/p>\n<p>[\/et_pb_text][et_pb_text _builder_version=\u00bb4.8.1&#8243; _module_preset=\u00bbdefault\u00bb]<\/p>\n<p><a href=\"http:\/\/www.congresopatrimoniomundialmenorca.cime.es\/\" target=\"_blank\" rel=\"noopener\">In, <em>Proceedings of the 2nd International Conference on Best Practices in World Heritage: People and Communities.\u00a0Menorca, Spain, 29-30 April, 1-2 May 2015<\/em>.\u00a0<\/a><\/p>\n<p>[\/et_pb_text][\/et_pb_column][\/et_pb_row][et_pb_row column_structure=\u00bb1_4,3_4&#8243; use_custom_gutter=\u00bbon\u00bb gutter_width=\u00bb2&#8243; _builder_version=\u00bb4.8.1&#8243; _module_preset=\u00bbdefault\u00bb][et_pb_column type=\u00bb1_4&#8243; _builder_version=\u00bb4.8.1&#8243; _module_preset=\u00bbdefault\u00bb][et_pb_image src=\u00bbhttps:\/\/www.ub.edu\/gapp\/wp-content\/uploads\/2021\/02\/museo-historico-chile.jpg\u00bb alt=\u00bbMuseos Museo Hist\u00f3rico Carabineros de Chile\u00bb title_text=\u00bbMuseos Museo Hist\u00f3rico Carabineros de Chile\u00bb _builder_version=\u00bb4.8.1&#8243; _module_preset=\u00bbdefault\u00bb][\/et_pb_image][\/et_pb_column][et_pb_column type=\u00bb3_4&#8243; _builder_version=\u00bb4.8.1&#8243; _module_preset=\u00bbdefault\u00bb][et_pb_text _builder_version=\u00bb4.8.1&#8243; _module_preset=\u00bb0e0bc4e0-cb0d-449e-b059-a12dcf3338ce\u00bb]<\/p>\n<h3>Arqueolog\u00eda y patrimonio: Arqueoni\u00f1os, una propuesta de vinculaci\u00f3n entre la ciencia arqueol\u00f3gica y la comunidad escolar en el Museo Hist\u00f3rico Nacional. Actas del VI Congreso Educaci\u00f3n, Museos y Patrimonio: Calidad, equidad e inclusi\u00f3n: el aporte desde la educaci\u00f3n no formal.<\/h3>\n<p>[\/et_pb_text][et_pb_text _builder_version=\u00bb4.8.1&#8243; _module_preset=\u00bbdefault\u00bb]<\/p>\n<p><strong>Opazo<\/strong>, C. 2018<\/p>\n<p>[\/et_pb_text][et_pb_text _builder_version=\u00bb4.8.1&#8243; _module_preset=\u00bbdefault\u00bb]<\/p>\n<p><a href=\"https:\/\/www.academia.edu\/37691515\/Arqueolog%C3%ADa_y_patrimonio_Arqueoni%C3%B1os_una_propuesta_de_vinculaci%C3%B3n_entre_la_ciencia_arqueol%C3%B3gica_y_la_comunidad_escolar_en_el_Museo_Hist%C3%B3rico_Nacional\" target=\"_blank\" rel=\"noopener\">Comit\u00e9 de Educaci\u00f3n y Acci\u00f3n Cultural, ceca- icom Chile, Direcci\u00f3n de Bibliotecas, Archivos y Museos Museo Hist\u00f3rico Carabineros de Chile<\/a><\/p>\n<p>[\/et_pb_text][\/et_pb_column][\/et_pb_row][et_pb_row column_structure=\u00bb1_4,3_4&#8243; use_custom_gutter=\u00bbon\u00bb gutter_width=\u00bb2&#8243; _builder_version=\u00bb4.8.1&#8243; _module_preset=\u00bbdefault\u00bb][et_pb_column type=\u00bb1_4&#8243; _builder_version=\u00bb4.8.1&#8243; _module_preset=\u00bbdefault\u00bb][et_pb_image src=\u00bbhttps:\/\/www.ub.edu\/gapp\/wp-content\/uploads\/2021\/02\/universitat-barcelona.jpg\u00bb alt=\u00bbUniversitat de Barcelona\u00bb title_text=\u00bbUniversitat de Barcelona\u00bb _builder_version=\u00bb4.8.1&#8243; _module_preset=\u00bbdefault\u00bb][\/et_pb_image][\/et_pb_column][et_pb_column type=\u00bb3_4&#8243; _builder_version=\u00bb4.8.1&#8243; _module_preset=\u00bbdefault\u00bb][et_pb_text _builder_version=\u00bb4.8.1&#8243; _module_preset=\u00bb0e0bc4e0-cb0d-449e-b059-a12dcf3338ce\u00bb]<\/p>\n<h3>Seminario entorno a los valores del patrimonio en arqueolog\u00eda y taller \u201cHeritage Values and the Public\u201d en la Universidad de Barcelona.<\/h3>\n<p>[\/et_pb_text][et_pb_text _builder_version=\u00bb4.8.1&#8243; _module_preset=\u00bbdefault\u00bb]<\/p>\n<p><strong>Pastor P\u00e9rez<\/strong>, A. 2015<\/p>\n<p>[\/et_pb_text][et_pb_text _builder_version=\u00bb4.8.1&#8243; _module_preset=\u00bbdefault\u00bb]<\/p>\n<p><em>Boletin LATAM <\/em>Enero-Marzo: 3-5.<\/p>\n<p>[\/et_pb_text][\/et_pb_column][\/et_pb_row][et_pb_row column_structure=\u00bb1_4,3_4&#8243; use_custom_gutter=\u00bbon\u00bb gutter_width=\u00bb2&#8243; _builder_version=\u00bb4.8.1&#8243; _module_preset=\u00bbdefault\u00bb][et_pb_column type=\u00bb1_4&#8243; _builder_version=\u00bb4.8.1&#8243; _module_preset=\u00bbdefault\u00bb][et_pb_image src=\u00bbhttps:\/\/www.ub.edu\/gapp\/wp-content\/uploads\/2021\/02\/la-linde.jpg\u00bb alt=\u00bbLa Linde Arqueolog\u00eda\u00bb title_text=\u00bbLa Linde Arqueolog\u00eda\u00bb _builder_version=\u00bb4.8.1&#8243; _module_preset=\u00bbdefault\u00bb][\/et_pb_image][\/et_pb_column][et_pb_column type=\u00bb3_4&#8243; _builder_version=\u00bb4.8.1&#8243; _module_preset=\u00bbdefault\u00bb][et_pb_text _builder_version=\u00bb4.8.1&#8243; _module_preset=\u00bb0e0bc4e0-cb0d-449e-b059-a12dcf3338ce\u00bb]<\/p>\n<h3>Hacia una Arqueolog\u00eda social en el centro de Barcelona. Aproximaci\u00f3n metodol\u00f3gica para el uso del patrimonio urbano.<\/h3>\n<p>[\/et_pb_text][et_pb_text _builder_version=\u00bb4.8.1&#8243; _module_preset=\u00bbdefault\u00bb]<\/p>\n<p><strong>Ruiz Mart\u00ednez<\/strong>, A. and\u00a0<strong>Pastor\u00a0P\u00e9rez<\/strong>, A. 2015<\/p>\n<p>[\/et_pb_text][et_pb_text _builder_version=\u00bb4.8.1&#8243; _module_preset=\u00bbdefault\u00bb]<\/p>\n<p><a href=\"http:\/\/lalindearqueologia.com\/hacia-una-arqueologia-social-en-el-centro-de-barcelona\/\" target=\"_blank\" rel=\"noopener\">La Linde Arqueolog\u00eda 5: 140-192<\/a><\/p>\n<p>[\/et_pb_text][\/et_pb_column][\/et_pb_row][et_pb_row column_structure=\u00bb1_4,3_4&#8243; use_custom_gutter=\u00bbon\u00bb gutter_width=\u00bb2&#8243; _builder_version=\u00bb4.8.1&#8243; _module_preset=\u00bbdefault\u00bb][et_pb_column type=\u00bb1_4&#8243; _builder_version=\u00bb4.8.1&#8243; _module_preset=\u00bbdefault\u00bb][et_pb_image src=\u00bbhttps:\/\/www.ub.edu\/gapp\/wp-content\/uploads\/2021\/02\/society-american-archaelogy.jpg\u00bb alt=\u00bbSAA Archaeological Record \u00bb title_text=\u00bbSAA Archaeological Record \u00bb _builder_version=\u00bb4.8.1&#8243; _module_preset=\u00bbdefault\u00bb][\/et_pb_image][\/et_pb_column][et_pb_column type=\u00bb3_4&#8243; _builder_version=\u00bb4.8.1&#8243; _module_preset=\u00bbdefault\u00bb][et_pb_text _builder_version=\u00bb4.8.1&#8243; _module_preset=\u00bb0e0bc4e0-cb0d-449e-b059-a12dcf3338ce\u00bb]<\/p>\n<h3>News.<\/h3>\n<p>[\/et_pb_text][et_pb_text _builder_version=\u00bb4.8.1&#8243; _module_preset=\u00bbdefault\u00bb]<\/p>\n<p><strong>Ruiz Mart\u00ednez<\/strong>, A. 2015<\/p>\n<p>[\/et_pb_text][et_pb_text _builder_version=\u00bb4.8.1&#8243; _module_preset=\u00bbdefault\u00bb]<\/p>\n<p><em>Archaeological Record<\/em>\u00a0May: 55.<\/p>\n<p>[\/et_pb_text][\/et_pb_column][\/et_pb_row][et_pb_row column_structure=\u00bb1_4,3_4&#8243; use_custom_gutter=\u00bbon\u00bb gutter_width=\u00bb2&#8243; _builder_version=\u00bb4.8.1&#8243; _module_preset=\u00bbdefault\u00bb][et_pb_column type=\u00bb1_4&#8243; _builder_version=\u00bb4.8.1&#8243; _module_preset=\u00bbdefault\u00bb][et_pb_image src=\u00bbhttps:\/\/www.ub.edu\/gapp\/wp-content\/uploads\/2021\/02\/jas-arqueologia.jpg\u00bb alt=\u00bbJAS Arqueolog\u00eda\u00bb title_text=\u00bbJAS Arqueolog\u00eda\u00bb _builder_version=\u00bb4.8.1&#8243; _module_preset=\u00bbdefault\u00bb][\/et_pb_image][\/et_pb_column][et_pb_column type=\u00bb3_4&#8243; _builder_version=\u00bb4.8.1&#8243; _module_preset=\u00bbdefault\u00bb][et_pb_text _builder_version=\u00bb4.8.1&#8243; _module_preset=\u00bb0e0bc4e0-cb0d-449e-b059-a12dcf3338ce\u00bb]<\/p>\n<h3>Impacto de la inscripci\u00f3n de la ciudad maya de Palenque en la Lista del Patrimonio Mundial.<\/h3>\n<p>[\/et_pb_text][et_pb_text _builder_version=\u00bb4.8.1&#8243; _module_preset=\u00bbdefault\u00bb]<\/p>\n<p><strong>Vargas<\/strong>, Amilcar. 2015<\/p>\n<p>[\/et_pb_text][et_pb_text _builder_version=\u00bb4.8.1&#8243; _module_preset=\u00bbdefault\u00bb]<\/p>\n<p><em>Second International Conference on Best Practices in World Heritage: People and Communities<\/em>, edited by Alicia Castillo, 537\u201359. JAS Arqueolog\u00eda S.L.U.<\/p>\n<p>[\/et_pb_text][\/et_pb_column][\/et_pb_row][et_pb_row column_structure=\u00bb1_4,3_4&#8243; use_custom_gutter=\u00bbon\u00bb gutter_width=\u00bb2&#8243; _builder_version=\u00bb4.8.1&#8243; _module_preset=\u00bbdefault\u00bb][et_pb_column type=\u00bb1_4&#8243; _builder_version=\u00bb4.8.1&#8243; _module_preset=\u00bbdefault\u00bb][et_pb_image src=\u00bbhttps:\/\/www.ub.edu\/gapp\/wp-content\/uploads\/2021\/02\/universitat-barcelona.jpg\u00bb alt=\u00bbUniversitat de Barcelona\u00bb title_text=\u00bbUniversitat de Barcelona\u00bb _builder_version=\u00bb4.8.1&#8243; _module_preset=\u00bbdefault\u00bb][\/et_pb_image][\/et_pb_column][et_pb_column type=\u00bb3_4&#8243; _builder_version=\u00bb4.8.1&#8243; _module_preset=\u00bbdefault\u00bb][et_pb_text _builder_version=\u00bb4.8.1&#8243; _module_preset=\u00bb0e0bc4e0-cb0d-449e-b059-a12dcf3338ce\u00bb]<\/p>\n<h3>Impacto socio-econ\u00f3mico y tur\u00edstico de la inscripci\u00f3n de la ciudad maya de Palenque en la lista del Patrimonio Mundial de la UNESCO.<\/h3>\n<p>[\/et_pb_text][et_pb_text _builder_version=\u00bb4.8.1&#8243; _module_preset=\u00bbdefault\u00bb]<\/p>\n<p><strong>Vargas<\/strong>, Amilcar. 2015<\/p>\n<p>[\/et_pb_text][\/et_pb_column][\/et_pb_row][et_pb_row _builder_version=\u00bb4.8.1&#8243; _module_preset=\u00bbdefault\u00bb][et_pb_column type=\u00bb4_4&#8243; _builder_version=\u00bb4.8.1&#8243; _module_preset=\u00bbdefault\u00bb][et_pb_text _builder_version=\u00bb4.8.1&#8243; _module_preset=\u00bbdefault\u00bb]<\/p>\n<h3>BLOG 2015<\/h3>\n<p>[\/et_pb_text][\/et_pb_column][\/et_pb_row][et_pb_row use_custom_gutter=\u00bbon\u00bb gutter_width=\u00bb2&#8243; _builder_version=\u00bb4.8.1&#8243; _module_preset=\u00bbdefault\u00bb][et_pb_column type=\u00bb4_4&#8243; _builder_version=\u00bb4.8.1&#8243; _module_preset=\u00bbdefault\u00bb][et_pb_text _builder_version=\u00bb4.8.1&#8243; _module_preset=\u00bb0e0bc4e0-cb0d-449e-b059-a12dcf3338ce\u00bb]<\/p>\n<h3>Final workshop of the Heritage Values Network: Heritage Values and the Public.<\/h3>\n<p>[\/et_pb_text][et_pb_text _builder_version=\u00bb4.8.1&#8243; _module_preset=\u00bbdefault\u00bb]<\/p>\n<p><strong>Diaz-Andreu<\/strong>, M. 2015\u00a0<\/p>\n<p>[\/et_pb_text][et_pb_text _builder_version=\u00bb4.9.1&#8243; _module_preset=\u00bbdefault\u00bb]<\/p>\n<p><a href=\"https:\/\/www.ub.edu\/gapp\/wp-content\/uploads\/2021\/02\/HaV_blog_20_Heritage_Values__the_Public_bcn_workshop-_Diaz-AndreuM_2015.pdf\" target=\"_blank\" rel=\"noopener\">Heritage Values project<\/a><\/p>\n<p>[\/et_pb_text][\/et_pb_column][\/et_pb_row][et_pb_row use_custom_gutter=\u00bbon\u00bb gutter_width=\u00bb2&#8243; _builder_version=\u00bb4.8.1&#8243; _module_preset=\u00bbdefault\u00bb][et_pb_column type=\u00bb4_4&#8243; _builder_version=\u00bb4.8.1&#8243; _module_preset=\u00bbdefault\u00bb][et_pb_text _builder_version=\u00bb4.8.1&#8243; _module_preset=\u00bb0e0bc4e0-cb0d-449e-b059-a12dcf3338ce\u00bb]<\/p>\n<h3>The works of Antoni Gaud\u00ed in the World Heritage list. Management, tourism and new opportunities.\u00a0<\/h3>\n<p>[\/et_pb_text][et_pb_text _builder_version=\u00bb4.8.1&#8243; _module_preset=\u00bbdefault\u00bb]<\/p>\n<p><strong>Vargas<\/strong>, A 2015<\/p>\n<p>[\/et_pb_text][et_pb_text _builder_version=\u00bb4.9.1&#8243; _module_preset=\u00bbdefault\u00bb]<\/p>\n<p><a href=\"https:\/\/www.ub.edu\/gapp\/wp-content\/uploads\/2021\/02\/H@V_blog_19_Gaudi__WH_-_VargasA_2015.pdf\" target=\"_blank\" rel=\"noopener\">Disponible en l\u00ednea<\/a><\/p>\n<p>[\/et_pb_text][\/et_pb_column][\/et_pb_row][\/et_pb_section][et_pb_section fb_built=\u00bb1&#8243; _builder_version=\u00bb4.8.1&#8243; _module_preset=\u00bbdefault\u00bb][et_pb_row _builder_version=\u00bb4.8.1&#8243; _module_preset=\u00bbdefault\u00bb][et_pb_column type=\u00bb4_4&#8243; _builder_version=\u00bb4.8.1&#8243; _module_preset=\u00bbdefault\u00bb][et_pb_text _builder_version=\u00bb4.8.1&#8243; _module_preset=\u00bbdefault\u00bb animation_style=\u00bbfade\u00bb animation_duration=\u00bb1500ms\u00bb animation_delay=\u00bb500ms\u00bb]<\/p>\n<h2>2014<\/h2>\n<p>[\/et_pb_text][et_pb_divider color=\u00bb#C8AB37&#8243; divider_weight=\u00bb3px\u00bb _builder_version=\u00bb4.8.1&#8243; _module_preset=\u00bbdefault\u00bb width=\u00bb140px\u00bb animation_style=\u00bbslide\u00bb animation_direction=\u00bbleft\u00bb][\/et_pb_divider][\/et_pb_column][\/et_pb_row][et_pb_row column_structure=\u00bb1_4,3_4&#8243; use_custom_gutter=\u00bbon\u00bb gutter_width=\u00bb2&#8243; _builder_version=\u00bb4.8.1&#8243; _module_preset=\u00bbdefault\u00bb][et_pb_column type=\u00bb1_4&#8243; _builder_version=\u00bb4.8.1&#8243; _module_preset=\u00bbdefault\u00bb][et_pb_image src=\u00bbhttps:\/\/www.ub.edu\/gapp\/wp-content\/uploads\/2021\/02\/revistas-unam.jpg\u00bb alt=\u00bbAnales de Antropolog\u00eda\u00bb title_text=\u00bbAnales de Antropolog\u00eda\u00bb _builder_version=\u00bb4.8.1&#8243; _module_preset=\u00bbdefault\u00bb][\/et_pb_image][\/et_pb_column][et_pb_column type=\u00bb3_4&#8243; _builder_version=\u00bb4.8.1&#8243; _module_preset=\u00bbdefault\u00bb][et_pb_text _builder_version=\u00bb4.8.1&#8243; _module_preset=\u00bb0e0bc4e0-cb0d-449e-b059-a12dcf3338ce\u00bb]<\/p>\n<h3>Turismo y Arqueolog\u00eda \u2013 una mirada hist\u00f3rica a una relaci\u00f3n silenciada.\u00a0<\/h3>\n<p>[\/et_pb_text][et_pb_text _builder_version=\u00bb4.8.1&#8243; _module_preset=\u00bbdefault\u00bb]<\/p>\n<p><strong>D\u00edaz-Andreu<\/strong>, M. 2014<\/p>\n<p>[\/et_pb_text][et_pb_text _builder_version=\u00bb4.8.1&#8243; _module_preset=\u00bbdefault\u00bb]<\/p>\n<p><em>Anales de Antropolog\u00eda [special issue: Villalobos, C. (ed.) Turismo y arqueolog\u00eda]<\/em>\u00a048: 9-40.<\/p>\n<p>[\/et_pb_text][\/et_pb_column][\/et_pb_row][et_pb_row _builder_version=\u00bb4.8.1&#8243; _module_preset=\u00bbdefault\u00bb][et_pb_column type=\u00bb4_4&#8243; _builder_version=\u00bb4.8.1&#8243; _module_preset=\u00bbdefault\u00bb][et_pb_text _builder_version=\u00bb4.8.1&#8243; _module_preset=\u00bbdefault\u00bb]<\/p>\n<h3>BLOG 2014<\/h3>\n<p>[\/et_pb_text][\/et_pb_column][\/et_pb_row][et_pb_row use_custom_gutter=\u00bbon\u00bb gutter_width=\u00bb2&#8243; _builder_version=\u00bb4.8.1&#8243; _module_preset=\u00bbdefault\u00bb][et_pb_column type=\u00bb4_4&#8243; _builder_version=\u00bb4.8.1&#8243; _module_preset=\u00bbdefault\u00bb][et_pb_text _builder_version=\u00bb4.9.1&#8243; _module_preset=\u00bb0e0bc4e0-cb0d-449e-b059-a12dcf3338ce\u00bb]<\/p>\n<h3>Archaeological heritage in Catalonia \u2013 Mar 24, 2014.<\/h3>\n<p>[\/et_pb_text][et_pb_text _builder_version=\u00bb4.8.1&#8243; _module_preset=\u00bbdefault\u00bb]<\/p>\n<p>Diaz-Andreu, M. 2014<\/p>\n<p>[\/et_pb_text][\/et_pb_column][\/et_pb_row][et_pb_row use_custom_gutter=\u00bbon\u00bb gutter_width=\u00bb2&#8243; _builder_version=\u00bb4.8.1&#8243; _module_preset=\u00bbdefault\u00bb][et_pb_column type=\u00bb4_4&#8243; _builder_version=\u00bb4.8.1&#8243; _module_preset=\u00bbdefault\u00bb][et_pb_text _builder_version=\u00bb4.8.1&#8243; _module_preset=\u00bb0e0bc4e0-cb0d-449e-b059-a12dcf3338ce\u00bb]<\/p>\n<h3>Immigrant participation in heritage activities \u2013 Jun 03, 2014.\u00a0<\/h3>\n<p>[\/et_pb_text][et_pb_text _builder_version=\u00bb4.8.1&#8243; _module_preset=\u00bbdefault\u00bb]<\/p>\n<p><strong>Gao<\/strong>,Q 2014\u00a0<\/p>\n<p>[\/et_pb_text][et_pb_text _builder_version=\u00bb4.9.1&#8243; _module_preset=\u00bbdefault\u00bb]<\/p>\n<p><a href=\"https:\/\/www.ub.edu\/gapp\/wp-content\/uploads\/2021\/02\/HaV_blog_07_Immigrant_participation_in_heritage_activities-_GaoQ_2014.pdf\" target=\"_blank\" rel=\"noopener\">Disponible en l\u00ednea<\/a><\/p>\n<p>[\/et_pb_text][\/et_pb_column][\/et_pb_row][et_pb_row use_custom_gutter=\u00bbon\u00bb gutter_width=\u00bb2&#8243; _builder_version=\u00bb4.8.1&#8243; _module_preset=\u00bbdefault\u00bb][et_pb_column type=\u00bb4_4&#8243; _builder_version=\u00bb4.8.1&#8243; _module_preset=\u00bbdefault\u00bb][et_pb_text _builder_version=\u00bb4.8.1&#8243; _module_preset=\u00bb0e0bc4e0-cb0d-449e-b059-a12dcf3338ce\u00bb]<\/p>\n<h3>Symbolic Heritage in the Mountains: the Megaliths of LesGavarres Catalonia \u2013 Jul 14, 2014.\u00a0<\/h3>\n<p>[\/et_pb_text][et_pb_text _builder_version=\u00bb4.8.1&#8243; _module_preset=\u00bbdefault\u00bb]<\/p>\n<p><strong>Pastor<\/strong>, A. 2014\u00a0<\/p>\n<p>[\/et_pb_text][\/et_pb_column][\/et_pb_row][et_pb_row use_custom_gutter=\u00bbon\u00bb gutter_width=\u00bb2&#8243; _builder_version=\u00bb4.8.1&#8243; _module_preset=\u00bbdefault\u00bb][et_pb_column type=\u00bb4_4&#8243; _builder_version=\u00bb4.8.1&#8243; _module_preset=\u00bbdefault\u00bb][et_pb_text _builder_version=\u00bb4.8.1&#8243; _module_preset=\u00bb0e0bc4e0-cb0d-449e-b059-a12dcf3338ce\u00bb]<\/p>\n<h3>Rua Xic in Poble Sec, Barcelona \u2013 Nov 30, 2014.<\/h3>\n<p>[\/et_pb_text][et_pb_text _builder_version=\u00bb4.8.1&#8243; _module_preset=\u00bbdefault\u00bb]<\/p>\n<p><strong>Ruiz<\/strong>, A. 2014\u00a0<\/p>\n<p>[\/et_pb_text][et_pb_text _builder_version=\u00bb4.9.1&#8243; _module_preset=\u00bbdefault\u00bb]<\/p>\n<p><a href=\"https:\/\/www.ub.edu\/gapp\/wp-content\/uploads\/2021\/02\/HaV_blog_16_Rua_Xic_in_Poble_SecBarcelona_-_RuizA_2014.pdf\" target=\"_blank\" rel=\"noopener\">Disponible en l\u00ednea<\/a><\/p>\n<p>[\/et_pb_text][\/et_pb_column][\/et_pb_row][et_pb_row use_custom_gutter=\u00bbon\u00bb gutter_width=\u00bb2&#8243; _builder_version=\u00bb4.8.1&#8243; _module_preset=\u00bbdefault\u00bb][et_pb_column type=\u00bb4_4&#8243; _builder_version=\u00bb4.8.1&#8243; _module_preset=\u00bbdefault\u00bb][et_pb_text _builder_version=\u00bb4.9.1&#8243; _module_preset=\u00bb0e0bc4e0-cb0d-449e-b059-a12dcf3338ce\u00bb]<\/p>\n<h3>38th session of the World Heritage Committee \u2013 Jul 27, 2014.<\/h3>\n<p>[\/et_pb_text][et_pb_text _builder_version=\u00bb4.8.1&#8243; _module_preset=\u00bbdefault\u00bb]<\/p>\n<p><strong>Vargas<\/strong>, A. 2014\u00a0<\/p>\n<p>[\/et_pb_text][et_pb_text _builder_version=\u00bb4.9.1&#8243; _module_preset=\u00bbdefault\u00bb]<\/p>\n<p><a href=\"https:\/\/www.ub.edu\/gapp\/wp-content\/uploads\/2021\/02\/HaV_blog_12_38th_session__WH_Committee__-_Vargas_2014.pdf\" target=\"_blank\" rel=\"noopener\">Disponible en l\u00ednea<\/a><\/p>\n<p>[\/et_pb_text][\/et_pb_column][\/et_pb_row][\/et_pb_section][et_pb_section fb_built=\u00bb1&#8243; _builder_version=\u00bb4.8.1&#8243; _module_preset=\u00bbdefault\u00bb][et_pb_row _builder_version=\u00bb4.8.1&#8243; _module_preset=\u00bbdefault\u00bb][et_pb_column type=\u00bb4_4&#8243; _builder_version=\u00bb4.8.1&#8243; _module_preset=\u00bbdefault\u00bb][et_pb_text _builder_version=\u00bb4.8.1&#8243; _module_preset=\u00bbdefault\u00bb animation_style=\u00bbfade\u00bb animation_duration=\u00bb1500ms\u00bb animation_delay=\u00bb500ms\u00bb]<\/p>\n<h2>2013 and 2012<\/h2>\n<p>[\/et_pb_text][et_pb_divider color=\u00bb#C8AB37&#8243; divider_weight=\u00bb3px\u00bb _builder_version=\u00bb4.8.2&#8243; _module_preset=\u00bbdefault\u00bb width=\u00bb140px\u00bb animation_style=\u00bbslide\u00bb animation_direction=\u00bbleft\u00bb][\/et_pb_divider][\/et_pb_column][\/et_pb_row][et_pb_row column_structure=\u00bb1_4,3_4&#8243; use_custom_gutter=\u00bbon\u00bb gutter_width=\u00bb2&#8243; _builder_version=\u00bb4.8.1&#8243; _module_preset=\u00bbdefault\u00bb][et_pb_column type=\u00bb1_4&#8243; _builder_version=\u00bb4.8.1&#8243; _module_preset=\u00bbdefault\u00bb][et_pb_image src=\u00bbhttps:\/\/www.ub.edu\/gapp\/wp-content\/uploads\/2021\/02\/centro-estudios-africanos.jpg\u00bb alt=\u00bbCentro de Estudios Africanos, Universidad Eduardo Mondlane\u00bb title_text=\u00bbCentro de Estudios Africanos, Universidad Eduardo Mondlane\u00bb _builder_version=\u00bb4.8.1&#8243; _module_preset=\u00bbdefault\u00bb][\/et_pb_image][\/et_pb_column][et_pb_column type=\u00bb3_4&#8243; _builder_version=\u00bb4.8.1&#8243; _module_preset=\u00bbdefault\u00bb][et_pb_text _builder_version=\u00bb4.8.1&#8243; _module_preset=\u00bb0e0bc4e0-cb0d-449e-b059-a12dcf3338ce\u00bb]<\/p>\n<h3>Invent\u00e1rio e mapeamento de bens culturais em Mo\u00e7ambique.<\/h3>\n<p>[\/et_pb_text][et_pb_text _builder_version=\u00bb4.8.1&#8243; _module_preset=\u00bbdefault\u00bb]<\/p>\n<p><strong>G\u00f3mez Salas de Schetter<\/strong>, M. 2012<\/p>\n<p>[\/et_pb_text][et_pb_text _builder_version=\u00bb4.8.1&#8243; _module_preset=\u00bbdefault\u00bb]<\/p>\n<p><em>Actas da Confer\u00eancia Desenvolvimento e Diversidade Cultural em Mocambique<\/em>. Centro de Estudios Africanos, Universidad Eduardo Mondlane. Maputo, Mozambique<\/p>\n<p>[\/et_pb_text][\/et_pb_column][\/et_pb_row][et_pb_row column_structure=\u00bb1_4,3_4&#8243; use_custom_gutter=\u00bbon\u00bb gutter_width=\u00bb2&#8243; _builder_version=\u00bb4.8.1&#8243; _module_preset=\u00bbdefault\u00bb][et_pb_column type=\u00bb1_4&#8243; _builder_version=\u00bb4.8.1&#8243; _module_preset=\u00bbdefault\u00bb][et_pb_image src=\u00bbhttps:\/\/www.ub.edu\/gapp\/wp-content\/uploads\/2021\/01\/logo-springer.jpg\u00bb alt=\u00bbPublicaci\u00f3n Springer\u00bb title_text=\u00bbPublicaci\u00f3n Springer\u00bb _builder_version=\u00bb4.8.1&#8243; _module_preset=\u00bbdefault\u00bb][\/et_pb_image][\/et_pb_column][et_pb_column type=\u00bb3_4&#8243; _builder_version=\u00bb4.8.1&#8243; _module_preset=\u00bbdefault\u00bb][et_pb_text _builder_version=\u00bb4.8.1&#8243; _module_preset=\u00bb0e0bc4e0-cb0d-449e-b059-a12dcf3338ce\u00bb]<\/p>\n<h3>Ethics and archaeological tourism in Latin America.\u00a0<\/h3>\n<p>[\/et_pb_text][et_pb_text _builder_version=\u00bb4.8.1&#8243; _module_preset=\u00bbdefault\u00bb]<\/p>\n<p><strong>D\u00edaz-Andreu<\/strong>, M. 2013<\/p>\n<p>[\/et_pb_text][et_pb_text _builder_version=\u00bb4.8.1&#8243; _module_preset=\u00bbdefault\u00bb]<\/p>\n<p><em>International Journal of Historical Archaeology [special issue: D\u00edaz-Andreu, M. and Villalobos Acosta, C. (eds.). The ethics of archaeological tourism in Latin America] <\/em>17: 225-244.<\/p>\n<p>[\/et_pb_text][\/et_pb_column][\/et_pb_row][et_pb_row column_structure=\u00bb1_4,3_4&#8243; use_custom_gutter=\u00bbon\u00bb gutter_width=\u00bb2&#8243; _builder_version=\u00bb4.8.1&#8243; _module_preset=\u00bbdefault\u00bb][et_pb_column type=\u00bb1_4&#8243; _builder_version=\u00bb4.8.1&#8243; _module_preset=\u00bbdefault\u00bb][et_pb_image src=\u00bbhttps:\/\/www.ub.edu\/gapp\/wp-content\/uploads\/2021\/01\/logo-springer.jpg\u00bb alt=\u00bbPublicaci\u00f3n Springer\u00bb title_text=\u00bbPublicaci\u00f3n Springer\u00bb _builder_version=\u00bb4.8.1&#8243; _module_preset=\u00bbdefault\u00bb][\/et_pb_image][\/et_pb_column][et_pb_column type=\u00bb3_4&#8243; _builder_version=\u00bb4.8.1&#8243; _module_preset=\u00bbdefault\u00bb][et_pb_text _builder_version=\u00bb4.8.1&#8243; _module_preset=\u00bb0e0bc4e0-cb0d-449e-b059-a12dcf3338ce\u00bb]<\/p>\n<h3>The ethics of archaeological tourism in Latin America.<\/h3>\n<p>[\/et_pb_text][et_pb_text _builder_version=\u00bb4.8.1&#8243; _module_preset=\u00bbdefault\u00bb]<\/p>\n<p><strong>D\u00edaz-Andreu<\/strong>, M. and Villalobos Acosta, C. (eds.) 2013<\/p>\n<p>[\/et_pb_text][et_pb_text _builder_version=\u00bb4.8.1&#8243; _module_preset=\u00bbdefault\u00bb]<\/p>\n<p>International Journal of Historical Archaeology [special issue] 17 (2): 225-350.<\/p>\n<p>[\/et_pb_text][\/et_pb_column][\/et_pb_row][et_pb_row column_structure=\u00bb1_4,3_4&#8243; use_custom_gutter=\u00bbon\u00bb gutter_width=\u00bb2&#8243; _builder_version=\u00bb4.8.1&#8243; _module_preset=\u00bbdefault\u00bb][et_pb_column type=\u00bb1_4&#8243; _builder_version=\u00bb4.8.1&#8243; _module_preset=\u00bbdefault\u00bb][et_pb_image src=\u00bbhttps:\/\/www.ub.edu\/gapp\/wp-content\/uploads\/2021\/02\/museo-astra.jpg\u00bb alt=\u00bbASTRA Museum Publishing House\u00bb title_text=\u00bbASTRA Museum Publishing House\u00bb _builder_version=\u00bb4.8.1&#8243; _module_preset=\u00bbdefault\u00bb][\/et_pb_image][\/et_pb_column][et_pb_column type=\u00bb3_4&#8243; _builder_version=\u00bb4.8.1&#8243; _module_preset=\u00bbdefault\u00bb][et_pb_text _builder_version=\u00bb4.8.1&#8243; _module_preset=\u00bb0e0bc4e0-cb0d-449e-b059-a12dcf3338ce\u00bb]<\/p>\n<h3>The museum in online communication: web page vs. Facebook [original in Romanian].<\/h3>\n<p>[\/et_pb_text][et_pb_text _builder_version=\u00bb4.8.1&#8243; _module_preset=\u00bbdefault\u00bb]<\/p>\n<p><strong>Tudorie<\/strong>, A., &amp; Tudorie, A., &amp; Coltofean, L. 2013<\/p>\n<p>[\/et_pb_text][et_pb_text _builder_version=\u00bb4.8.1&#8243; _module_preset=\u00bbdefault\u00bb]<\/p>\n<p><em>Marketing and Education in Museums [original in Romanian] [Sibiu: ASTRA Museum Publishing House]<\/em>, 2013, 215-222. , L. (2013).<\/p>\n<p>[\/et_pb_text][\/et_pb_column][\/et_pb_row][et_pb_row column_structure=\u00bb1_4,3_4&#8243; use_custom_gutter=\u00bbon\u00bb gutter_width=\u00bb2&#8243; _builder_version=\u00bb4.8.1&#8243; _module_preset=\u00bbdefault\u00bb][et_pb_column type=\u00bb1_4&#8243; _builder_version=\u00bb4.8.1&#8243; _module_preset=\u00bbdefault\u00bb][et_pb_image src=\u00bbhttps:\/\/www.ub.edu\/gapp\/wp-content\/uploads\/2021\/02\/universitat-barcelona.jpg\u00bb alt=\u00bbUniversitat de Barcelona\u00bb title_text=\u00bbUniversitat de Barcelona\u00bb _builder_version=\u00bb4.8.1&#8243; _module_preset=\u00bbdefault\u00bb][\/et_pb_image][\/et_pb_column][et_pb_column type=\u00bb3_4&#8243; _builder_version=\u00bb4.8.1&#8243; _module_preset=\u00bbdefault\u00bb][et_pb_text _builder_version=\u00bb4.8.1&#8243; _module_preset=\u00bb0e0bc4e0-cb0d-449e-b059-a12dcf3338ce\u00bb]<\/p>\n<h3>Gesti\u00f3n de la marca Patrimonio Mundial en Catalu\u00f1a.\u00a0<\/h3>\n<p>[\/et_pb_text][et_pb_text _builder_version=\u00bb4.8.1&#8243; _module_preset=\u00bbdefault\u00bb]<\/p>\n<p><strong>Vargas Vel\u00e1squez<\/strong>, A.G. 2013<\/p>\n<p>[\/et_pb_text][et_pb_text _builder_version=\u00bb4.8.1&#8243; _module_preset=\u00bbdefault\u00bb]<\/p>\n<p><em>Trabajo final de M\u00e1ster en Administraci\u00f3n de Instituciones y Empresas Culturales<\/em>. Barcelona, Unpublished MA thesis, University of Barcelona.<\/p>\n<p>[\/et_pb_text][\/et_pb_column][\/et_pb_row][\/et_pb_section]<\/p>\n","protected":false},"excerpt":{"rendered":"<p>PUBLICACIONS 2024 D\u00edaz-Andreu, M. 2024. Archaeology as leisure: a history of archaeological tourism. In M. D\u00edaz-Andreu &amp; L. Coltofean (Eds.), The Oxford Handbook of the History of Archaeology (pp. 857-889). Oxford University Press.\u00a0publicaci\u00f3 Jones, S., Bonacchi, C., Robson, E., Broccoli, E., Hiscock, A., Biondi, A., Nucciotti, M., Guttormsen, T., Kalliopi, F. and D\u00edaz-Andreu, M. (2024) [&hellip;]<\/p>\n","protected":false},"author":3,"featured_media":0,"parent":0,"menu_order":0,"comment_status":"closed","ping_status":"closed","template":"","meta":{"_et_pb_use_builder":"on","_et_pb_old_content":"","_et_gb_content_width":"","footnotes":""},"class_list":["post-263","page","type-page","status-publish","hentry"],"yoast_head":"<!-- This site is optimized with the Yoast SEO plugin v16.1.1 - https:\/\/yoast.com\/wordpress\/plugins\/seo\/ -->\n<title>Publicacions - GAPP<\/title>\n<link rel=\"canonical\" href=\"https:\/\/www.ub.edu\/gapp\/publicacions\/\" \/>\n<meta property=\"og:locale\" content=\"es_ES\" \/>\n<meta property=\"og:type\" content=\"article\" \/>\n<meta property=\"og:title\" content=\"Publicacions - GAPP\" \/>\n<meta property=\"og:description\" content=\"PUBLICACIONS 2024 D\u00edaz-Andreu, M. 2024. Archaeology as leisure: a history of archaeological tourism. In M. D\u00edaz-Andreu &amp; L. Coltofean (Eds.), The Oxford Handbook of the History of Archaeology (pp. 857-889). Oxford University Press.\u00a0publicaci\u00f3 Jones, S., Bonacchi, C., Robson, E., Broccoli, E., Hiscock, A., Biondi, A., Nucciotti, M., Guttormsen, T., Kalliopi, F. and D\u00edaz-Andreu, M. (2024) [&hellip;]\" \/>\n<meta property=\"og:url\" content=\"https:\/\/www.ub.edu\/gapp\/publicacions\/\" \/>\n<meta property=\"og:site_name\" content=\"GAPP\" \/>\n<meta property=\"article:modified_time\" content=\"2025-03-13T13:55:58+00:00\" \/>\n<meta name=\"twitter:card\" content=\"summary_large_image\" \/>\n<meta name=\"twitter:label1\" content=\"Tiempo de lectura\">\n\t<meta name=\"twitter:data1\" content=\"19 minutos\">\n<script type=\"application\/ld+json\" class=\"yoast-schema-graph\">{\"@context\":\"https:\/\/schema.org\",\"@graph\":[{\"@type\":\"WebSite\",\"@id\":\"https:\/\/www.ub.edu\/gapp\/#website\",\"url\":\"https:\/\/www.ub.edu\/gapp\/\",\"name\":\"GAPP\",\"description\":\"Grup d\\u2019Arqueologia P\\u00fablica i Patrimoni\",\"potentialAction\":[{\"@type\":\"SearchAction\",\"target\":\"https:\/\/www.ub.edu\/gapp\/?s={search_term_string}\",\"query-input\":\"required name=search_term_string\"}],\"inLanguage\":\"es\"},{\"@type\":\"WebPage\",\"@id\":\"https:\/\/www.ub.edu\/gapp\/publicacions\/#webpage\",\"url\":\"https:\/\/www.ub.edu\/gapp\/publicacions\/\",\"name\":\"Publicacions - GAPP\",\"isPartOf\":{\"@id\":\"https:\/\/www.ub.edu\/gapp\/#website\"},\"datePublished\":\"2021-02-06T19:00:15+00:00\",\"dateModified\":\"2025-03-13T13:55:58+00:00\",\"breadcrumb\":{\"@id\":\"https:\/\/www.ub.edu\/gapp\/publicacions\/#breadcrumb\"},\"inLanguage\":\"es\",\"potentialAction\":[{\"@type\":\"ReadAction\",\"target\":[\"https:\/\/www.ub.edu\/gapp\/publicacions\/\"]}]},{\"@type\":\"BreadcrumbList\",\"@id\":\"https:\/\/www.ub.edu\/gapp\/publicacions\/#breadcrumb\",\"itemListElement\":[{\"@type\":\"ListItem\",\"position\":1,\"item\":{\"@type\":\"WebPage\",\"@id\":\"https:\/\/www.ub.edu\/gapp\/\",\"url\":\"https:\/\/www.ub.edu\/gapp\/\",\"name\":\"Portada\"}},{\"@type\":\"ListItem\",\"position\":2,\"item\":{\"@type\":\"WebPage\",\"@id\":\"https:\/\/www.ub.edu\/gapp\/publicacions\/\",\"url\":\"https:\/\/www.ub.edu\/gapp\/publicacions\/\",\"name\":\"Publicacions\"}}]}]}<\/script>\n<!-- \/ Yoast SEO plugin. -->","_links":{"self":[{"href":"https:\/\/www.ub.edu\/gapp\/wp-json\/wp\/v2\/pages\/263","targetHints":{"allow":["GET"]}}],"collection":[{"href":"https:\/\/www.ub.edu\/gapp\/wp-json\/wp\/v2\/pages"}],"about":[{"href":"https:\/\/www.ub.edu\/gapp\/wp-json\/wp\/v2\/types\/page"}],"author":[{"embeddable":true,"href":"https:\/\/www.ub.edu\/gapp\/wp-json\/wp\/v2\/users\/3"}],"replies":[{"embeddable":true,"href":"https:\/\/www.ub.edu\/gapp\/wp-json\/wp\/v2\/comments?post=263"}],"version-history":[{"count":68,"href":"https:\/\/www.ub.edu\/gapp\/wp-json\/wp\/v2\/pages\/263\/revisions"}],"predecessor-version":[{"id":3161,"href":"https:\/\/www.ub.edu\/gapp\/wp-json\/wp\/v2\/pages\/263\/revisions\/3161"}],"wp:attachment":[{"href":"https:\/\/www.ub.edu\/gapp\/wp-json\/wp\/v2\/media?parent=263"}],"curies":[{"name":"wp","href":"https:\/\/api.w.org\/{rel}","templated":true}]}}