{"id":377,"date":"2023-01-13T13:43:27","date_gmt":"2023-01-13T11:43:27","guid":{"rendered":"https:\/\/www.ub.edu\/gendims\/?page_id=377"},"modified":"2023-11-17T10:17:17","modified_gmt":"2023-11-17T08:17:17","slug":"transgelit_difusio","status":"publish","type":"page","link":"https:\/\/www.ub.edu\/gendims\/es\/transgelit_difusio\/","title":{"rendered":"Difusi\u00f3n"},"content":{"rendered":"\n<p>Esta secci\u00f3n incluye las presentaciones, la diseminaci\u00f3n en prensa y las  publicaciones acad\u00e9micas del proyecto <strong><a href=\"https:\/\/www.ub.edu\/gendims\/transgelit_home\/\">TRANSGELIT<\/a><\/strong> ordenadas por a\u00f1os. Tambi\u00e9n se incluyen les proyectos TFG y TFM realizados en el marco del proyecto y las publicaciones previas del equipo de investigaci\u00f3n en los diferentes \u00e1mbitos del proyecto.<\/p>\n\n\n\n<p><strong>2023<\/strong><\/p>\n\n\n\n<p><strong>Art\u00edculos y otras publicaciones<\/strong><\/p>\n\n\n\n<ul><li>Fedele, Maddalena, Masanet, Maria-Jose, &amp; Carnic\u00e9, Marga (2023). <strong>La distop\u00eda adolescente: \u00bfUn espacio para los discursos no normativos? La representaci\u00f3n de personajes femeninos en la serie <em>Los 100<\/em><\/strong>.  In Lorena G\u00f3mez-Puertas, Merc\u00e8 Oliva &amp; \u00d3liver P\u00e9rez-Latorre (Ed.), Espejos Rotos. Narrativas dist\u00f3picas y sociedad de estrecrisis (143-160). Gedisa Editorial. <\/li><\/ul>\n\n\n\n<ul><li>Masanet, Maria-Jose, &amp; Soto-Sanfiel, Mar\u00eda T. (2023). <strong><a href=\"https:\/\/www.benasque.org\/2023media\/proceedings.pdf\" data-type=\"URL\" data-id=\"https:\/\/www.benasque.org\/2023media\/proceedings.pdf\">Proceedings. International Congress on Media, Gender &amp; Sexualities: Representations, Literacies and Audiences<\/a><\/strong>. Benasque Pedro Pascual Science Centre (CCBPP). <\/li><\/ul>\n\n\n\n<ul><li>Masanet, Maria-Jose, &amp; Carnic\u00e9, Margarida (2023). <strong>La bacanal juvenil. El botell\u00f3n<\/strong>. In Alan Salvad\u00f3 &amp; Jordi Ball\u00f3 (Ed.), <em>El poder en escena. Motivos visuales en la esfera p\u00fablica <\/em>(p. 96-105). Galaxia Gutenberg.<\/li><\/ul>\n\n\n\n<ul><li>Villanueva Baselga, Sergio (2023). <strong><a href=\"https:\/\/tidsskrift.dk\/mediekultur\/article\/view\/132466\" data-type=\"URL\" data-id=\"https:\/\/tidsskrift.dk\/mediekultur\/article\/view\/132466\">The Philadelphia Syndrome, or an insurmountable cultural trauma: Outdated mainstream visual representations of HIV in times of undetectability<\/a><\/strong>. <em>MedieKultur Journal of media and communication research,<\/em> 74: 138-156. <a href=\"https:\/\/doi.org\/10.7146\/mk.v39i74.132466\">https:\/\/doi.org\/10.7146\/mk.v39i74.13246<\/a><\/li><\/ul>\n\n\n\n<hr>\n\n\n\n<p><strong>Prensa<\/strong><\/p>\n\n\n\n<ul><li><strong><a href=\"https:\/\/www.naciodigital.cat\/noticia\/263218\/dona-millor-messi-nou-fifa-desperta-masclisme-videojocs\" data-type=\"URL\" data-id=\"https:\/\/www.naciodigital.cat\/noticia\/263218\/dona-millor-messi-nou-fifa-desperta-masclisme-videojocs\">\u00abUna dona millor que Messi?\u00bb: el nou FIFA desperta el masclisme al m\u00f3n dels videojocs<\/a><\/strong>. <em>Naci\u00f3<\/em>, 2023. <\/li><\/ul>\n\n\n\n<ul><li><strong><a href=\"https:\/\/www.elperiodico.com\/es\/extra\/20230813\/mujeres-videojuegos-machismo-insultos-acoso-90786791\" data-type=\"URL\" data-id=\"https:\/\/www.elperiodico.com\/es\/extra\/20230813\/mujeres-videojuegos-machismo-insultos-acoso-90786791\">La pantalla final de las mujeres en los videojuegos es el machismo: insultos, acoso y trabas para su profesionalizaci\u00f3n<\/a><\/strong>. <em>El Peri\u00f3dico<\/em>, 2023. <\/li><\/ul>\n\n\n\n<ul><li><strong><a href=\"https:\/\/www.diariodelaltoaragon.es\/noticias\/comarcas\/ribagorza\/2023\/06\/09\/congreso-internacional-sobre-medios-generos-y-sexualidades-1657561-daa.html?utm_source=Whatsapp&amp;utm_medium=social&amp;utm_campaign=mobile_web\" data-type=\"URL\" data-id=\"https:\/\/www.diariodelaltoaragon.es\/noticias\/comarcas\/ribagorza\/2023\/06\/09\/congreso-internacional-sobre-medios-generos-y-sexualidades-1657561-daa.html?utm_source=Whatsapp&amp;utm_medium=social&amp;utm_campaign=mobile_web\">Congreso internacional sobre medios, g\u00e9neros y sexualidades<\/a><\/strong>. Diario de Alto Arag\u00f3n, 2023.<\/li><\/ul>\n\n\n\n<ul><li><strong><a href=\"https:\/\/cadenaser.com\/aragon\/2023\/06\/03\/un-congreso-analizara-en-benasque-las-nuevas-sexualidades-y-su-vision-en-los-medios-radio-huesca\/\" data-type=\"URL\" data-id=\"https:\/\/cadenaser.com\/aragon\/2023\/06\/03\/un-congreso-analizara-en-benasque-las-nuevas-sexualidades-y-su-vision-en-los-medios-radio-huesca\/\">La diversidad sexual y los medios a debate en Benasque<\/a><\/strong>. Cadena Ser, 2023.  <\/li><\/ul>\n\n\n\n<hr>\n\n\n\n<p><strong>Presentaciones<\/strong><\/p>\n\n\n\n<ul><li>Masanet, Maria-Jose. <strong>Violencia y series adolescentes: evoluci\u00f3n de la representaci\u00f3n y de los elementos argumentales<\/strong>. Evento: Seminario CO(M)X\u00c9NERO IX: Memes, Adolescencia e incertezas. Organizaci\u00f3n: Grupo de estudos audiovisuais. Universidad de Santiago de Compostela. Tipo de participaci\u00f3n: Ponencia invitada. Lugar: Santiago de Compostela. Fecha: 15\/11\/2023.<\/li><\/ul>\n\n\n\n<ul><li>Masanet, Maria-Jose. <strong>Romper estereotipos: Creaci\u00f3n de narratives adolescentes diversas<\/strong>. Evento: Seminario CO(M)X\u00c9NERO IX: Memes, Adolescencia e incertezas. Organizaci\u00f3n: Grupo de estudos audiovisuais. Universidad de Santiago de Compostela. Tipo de participaci\u00f3n: Taller. Lugar: Santiago de Compostela. Fecha: 15\/11\/2023.<\/li><\/ul>\n\n\n\n<p><\/p>\n\n\n\n<ul><li>I\u00f1igo, Anna &amp; Masanet, Maria-Jose. <strong>That\u2019s for those who are interested! Hate speech against women and the LGBTI+ community and the spreading of the gender ideology concept among young people in online environments. <\/strong>Evento: Philosophical challenges, new communication theories. Organizaci\u00f3n: ECREA. Tipo de presentaci\u00f3n: Comunicaci\u00f3n. Lugar: Barcelona. Fecha: 26-27\/10\/2023.<br><\/li><\/ul>\n\n\n\n<p><\/p>\n\n\n\n<ul><li>Fern\u00e1ndez Aguilera, Laura &amp; Ataci, Tug\u00e7e. <strong>Challenging the dominance of anthroparchial worldviews: A proposal incorporating feminist animal standpoints into communication studies.<\/strong> Evento: Philosophical challenges, new communication theories. Organizaci\u00f3n: ECREA. Tipo de presentaci\u00f3n: Comunicaci\u00f3n. Lugar: Barcelona. Fecha: 26-27\/10\/2023.<\/li><\/ul>\n\n\n\n<p><\/p>\n\n\n\n<ul><li>I\u00f1igo, Anna &amp; Fern\u00e1ndez, Laura. <strong>Antifeministas online: una aproximaci\u00f3n emp\u00edrica desde la juventud en Catalu\u00f1a. <\/strong>Evento: VII Congresso Internacional de Sexualidade e Educa\u00e7ao Sexual. G\u00e9nero, Diversidade Sexual e Direitos humanos. Organizaci\u00f3n: VII CISES. Tipo de presentaci\u00f3n: Comunicaci\u00f3n. Lugar: Coimbra, Portugal. Fecha: 14-16\/09\/2023<br><br><\/li><li>Fern\u00e1ndez, Laura; Masanet, Maria-Jose &amp; Villanueva, Sergio. <strong>Porn as informal digital sexual education? Challenges and opportunities from the youth in Catalonia. <\/strong> Evento: VII Congresso Internacional de Sexualidade e Educa\u00e7ao Sexual. G\u00e9nero, Diversidade Sexual e Direitos humanos. Organizaci\u00f3n: VII CISES. Tipo de presentaci\u00f3n: Comunicaci\u00f3n. Lugar: Coimbra, Portugal. Fecha: 14-16\/09\/2023<br><br><\/li><li>Masanet, Maria-Jose. <strong>Transmedia Gender &amp; LGBTI+ Literacy: Young people learning about sexualities trough media. <\/strong>Mesa de expertas en Sexualidad, G\u00e9nero y Medios. Evento: VII Congresso Internacional de Sexualidade e Educa\u00e7ao Sexual. G\u00e9nero, Diversidade Sexual e Direitos humanos. Organizaci\u00f3n: VII CISES. Tipo de presentaci\u00f3n: Experta invitada. Lugar: Coimbra, Portugal. Fecha: 14-16\/09\/2023<br><\/li><\/ul>\n\n\n\n<ul><li>Carnic\u00e9-Mur, Marga; Fedele, Maddalena &amp; Masanet, Maria-Jose. <strong>Defying old gender stereotypes in Disney&#8217;s female characters. The heroine journey as a new narrative structure in the villain&#8217;s story.<\/strong> Evento:  IAMCR 2023 Lyon Conference. Inhabiting the planet: challenges for media, communication and beyond. Organizaci\u00f3n: The International Association for Media and Communication Research &#8211; IAMCR. Tipo de presentaci\u00f3n: comunicaci\u00f3n. Lugar: Lyon, Francia. Fecha: 09-13\/07\/2023. <br><br><\/li><li>Fedele, Madalena; Masanet, Maria-Jose &amp; Carnic\u00e9-Mur, Marga. <strong>The leader, the warrior and the geek: non-normative gender portrayals in the teen dystopia &#8220;The 100&#8221;.<\/strong> Evento:  IAMCR 2023 Lyon Conference. Inhabiting the planet: challenges for media, communication and beyond. Organizaci\u00f3n: The International Association for Media and Communication Research &#8211; IAMCR. Tipo de presentaci\u00f3n: comunicaci\u00f3n. Lugar: Lyon, Francia. Fecha: 09-13\/07\/2023. <br><br><\/li><li>Masanet, Maria-Jose; Fern\u00e1ndez, Laura &amp; Villanueva, Sergio. <strong>Breaking expectations when facin reality! Young people learning about sexualities and gender through porn: an ethnographic research project in the Barcelona area. <\/strong>Evento:  IAMCR 2023 Lyon Conference. Inhabiting the planet: challenges for media, communication and beyond. Organizaci\u00f3n: The International Association for Media and Communication Research &#8211; IAMCR. Tipo de presentaci\u00f3n: comunicaci\u00f3n. Lugar: Lyon, Francia. Fecha: 09-13\/07\/2023. <br><br><\/li><li>Blanco-Fern\u00e1ndez, V\u00edtor. <strong>Gender and sexualities in social media.<\/strong> Evento: International Congress on Media, Gender and Sexualities. Organizaci\u00f3n: TRANSGELIT, LGBTI+ Pantallas, Universitat de Barcelona, Universitat Aut\u00f2noma de Barcelona, National University of Singapore, Ministerio de Ciencia e Innovaci\u00f3n, Ministerio de Igualdad-Instituto de las Mujeres. Tipo de presentaci\u00f3n: moderaci\u00f3n de mesa redonda. Lugar: Benasque. Fecha: 06-10\/06\/2023. <br><br><\/li><li>Carnic\u00e9-Mur, Marga, Fedele, Maddalena &amp; Masanet, Maria-Jose. <strong>(Re)constructing the villain beyond gender stereotypes. The heroine journey as a new narrative structure in Disney&#8217;s female characters. <\/strong>Evento: International Congress on Media, Gender and Sexualities. Organizaci\u00f3n: TRANSGELIT, LGBTI+ Pantallas, Universitat de Barcelona, Universitat Aut\u00f2noma de Barcelona, National University of Singapore, Ministerio de Ciencia e Innovaci\u00f3n, Ministerio de Igualdad-Instituto de las Mujeres. Tipo de presentaci\u00f3n: comunicaci\u00f3n. Lugar: Benasque. Fecha: 06-10\/06\/2023. <br><br><\/li><li>Carnic\u00e9, Marga. <strong>Film studies, gender and diversities II.<\/strong> Evento: International Congress on Media, Gender and Sexualities. Organizaci\u00f3n: TRANSGELIT, LGBTI+ Pantallas, Universitat de Barcelona, Universitat Aut\u00f2noma de Barcelona, National University of Singapore, Ministerio de Ciencia e Innovaci\u00f3n, Ministerio de Igualdad-Instituto de las Mujeres. Tipo de presentaci\u00f3n: moderaci\u00f3n de mesa redonda. Lugar: Benasque. Fecha: 06-10\/06\/2023. <br><br><\/li><li>Faure-Carvallo, Adrien; L\u00f3pez-Gonzalez, Hibai; Tomasena, Jose Miguel &amp; Fedele, Maddalena. <strong>Crating media content with a gender perspective: the case of undergraduate students of audiovisual communication. <\/strong>Evento: International Congress on Media, Gender and Sexualities. Organizaci\u00f3n: TRANSGELIT, LGBTI+ Pantallas, Universitat de Barcelona, Universitat Aut\u00f2noma de Barcelona, National University of Singapore, Ministerio de Ciencia e Innovaci\u00f3n, Ministerio de Igualdad-Instituto de las Mujeres. Tipo de presentaci\u00f3n: comunicaci\u00f3n. Lugar: Benasque. Fecha: 06-10\/06\/2023. <br><br><\/li><li>Fedele, Maddalena; Masanet, Maria-Jose &amp; Carnic\u00e9-Mur, Marga. <strong>Dystopia and teen characters: The 100 and non-normative representations.<\/strong> Evento: International Congress on Media, Gender and Sexualities. Organizaci\u00f3n: TRANSGELIT, LGBTI+ Pantallas, Universitat de Barcelona, Universitat Aut\u00f2noma de Barcelona, National University of Singapore, Ministerio de Ciencia e Innovaci\u00f3n, Ministerio de Igualdad-Instituto de las Mujeres. Tipo de presentaci\u00f3n: comunicaci\u00f3n. Lugar: Benasque. Fecha: 06-10\/06\/2023. <br><br><\/li><li>Fern\u00e1ndez, Laura; Ataci, Tug\u00e7e. <strong>Integrating the animal standpoint into critical gender &amp; LGBTI+ media studies. <\/strong>Evento: International Congress on Media, Gender and Sexualities. Organizaci\u00f3n: TRANSGELIT, LGBTI+ Pantallas, Universitat de Barcelona, Universitat Aut\u00f2noma de Barcelona, National University of Singapore, Ministerio de Ciencia e Innovaci\u00f3n, Ministerio de Igualdad-Instituto de las Mujeres. Tipo de presentaci\u00f3n: comunicaci\u00f3n. Lugar: Benasque. Fecha: 06-10\/06\/2023. <br><br><\/li><li>Fern\u00e1ndez, Laura. <strong>Literature, gender and sexualities.<\/strong> Evento: International Congress on Media, Gender and Sexualities. Organizaci\u00f3n: TRANSGELIT, LGBTI+ Pantallas, Universitat de Barcelona, Universitat Aut\u00f2noma de Barcelona, National University of Singapore, Ministerio de Ciencia e Innovaci\u00f3n, Ministerio de Igualdad-Instituto de las Mujeres. Tipo de presentaci\u00f3n: moderaci\u00f3n de mesa redonda. Lugar: Benasque. Fecha: 06-10\/06\/2023. <br><br><\/li><li>Gonz\u00e1lez, Maria. <strong>Reconstruyendo el imaginario sobre la sexualidad adolescente. <\/strong>Evento: International Congress on Media, Gender and Sexualities. Organizaci\u00f3n: TRANSGELIT, LGBTI+ Pantallas, Universitat de Barcelona, Universitat Aut\u00f2noma de Barcelona, National University of Singapore, Ministerio de Ciencia e Innovaci\u00f3n, Ministerio de Igualdad-Instituto de las Mujeres. Tipo de presentaci\u00f3n: impartici\u00f3n de taller participativo. Lugar: Benasque. Fecha: 06-10\/06\/2023. <br><br><\/li><li>Tomasena, Jos\u00e9 Miguel; Guerrero-Pico, Mar. <strong>Reassembling the literary canon from the margins: The case of the mexican feminist reading marathon #GuadalupeReinas.<\/strong> Evento: International Congress on Media, Gender and Sexualities. Organizaci\u00f3n: TRANSGELIT, LGBTI+ Pantallas, Universitat de Barcelona, Universitat Aut\u00f2noma de Barcelona, National University of Singapore, Ministerio de Ciencia e Innovaci\u00f3n, Ministerio de Igualdad-Instituto de las Mujeres. Tipo de presentaci\u00f3n: comunicaci\u00f3n. Lugar: Benasque. Fecha: 06-10\/06\/2023. <br><br><\/li><li>Tomasena, Jos\u00e9 Miguel. <strong>Informal learning, media, gender and LGBTI+.<\/strong> Evento: International Congress on Media, Gender and Sexualities. Organizaci\u00f3n: TRANSGELIT, LGBTI+ Pantallas, Universitat de Barcelona, Universitat Aut\u00f2noma de Barcelona, National University of Singapore, Ministerio de Ciencia e Innovaci\u00f3n, Ministerio de Igualdad-Instituto de las Mujeres. Tipo de presentaci\u00f3n: moderaci\u00f3n de mesa redonda. Lugar: Benasque. Fecha: 06-10\/06\/2023. <br><br><\/li><li>Tomasena, Jos\u00e9 Miguel. <strong>From research to the classroom: how to design learning situations with gender perspective.<\/strong> Evento: International Congress on Media, Gender and Sexualities. Organizaci\u00f3n: TRANSGELIT, LGBTI+ Pantallas, Universitat de Barcelona, Universitat Aut\u00f2noma de Barcelona, National University of Singapore, Ministerio de Ciencia e Innovaci\u00f3n, Ministerio de Igualdad-Instituto de las Mujeres. Tipo de presentaci\u00f3n: impartici\u00f3n de taller participativo. Lugar: Benasque. Fecha: 06-10\/06\/2023. <br><\/li><\/ul>\n\n\n\n<ul><li>I\u00f1igo, Anna. T\u00edtulo:<strong> Experi\u00e8ncies i projectes per treballar amb perspectiva i diversitats<\/strong>. Evento: Creant amb Perspectiva: Nous imaginaris i narratives i la universitat\u200b\u200b. Organizaci\u00f3n: UNESCO. Tipo de presentaci\u00f3n: moderaci\u00f3n de mesa de expertas. Lugar: Barcelona. Fecha: 19\/05\/2023.<br><br><\/li><li>I\u00f1igo, Anna. <strong>TV Series representations &amp; diversities.<\/strong> Evento: International Congress on Media, Gender and Sexualities. Organizaci\u00f3n: TRANSGELIT, LGBTI+ Pantallas, Universitat de Barcelona, Universitat Aut\u00f2noma de Barcelona, National University of Singapore, Ministerio de Ciencia e Innovaci\u00f3n, Ministerio de Igualdad-Instituto de las Mujeres. Tipo de presentaci\u00f3n: moderaci\u00f3n de mesa redonda. Lugar: Benasque. Fecha: 06-10\/06\/2023. <br><\/li><\/ul>\n\n\n\n<ul><li>Caparros-Saragossa, Toni. T\u00edtulo: <strong>La relaci\u00f3n entre la consumidora LGBTI+ i la comunicaci\u00f3 de les maques FMCG a Catalunya<\/strong>. Evento: I Jornada de Recerca i Divulgaci\u00f3 de doctorat de la UB. Organizaci\u00f3n: Universitat de Barcelona. Fecha: 19\/05\/2023.<br><\/li><\/ul>\n\n\n\n<ul><li>Liqin, Luo. T\u00edtulo: <strong>Exploring stereotypical and counter-stereotypical gendered self-presentation on douyin<\/strong>. Evento: I Jornada de Recerca i Divulgaci\u00f3 de doctorat de la UB. Organizaci\u00f3n: Universitat de Barcelona. Fecha: 19\/05\/2023.<br><br><\/li><li>Masanet, Maria-Jose; &nbsp;I\u00f1igo, Anna; Fern\u00e1ndez, Laura; Gonz\u00e1lez, Maria; Tomasena, Jos\u00e9 Miguel; Pires, Fernanda; Blanco-Fern\u00e1ndez, V\u00edtor; Villanueva, Sergio; Carnic\u00e9, Marga; Faure, Adrien; Bot\u00e9, Juan-Jos\u00e9. <strong>Transmedia Gender &amp; LGBTI+ Literacy<\/strong>. Evento: International Congress on Media, Gender and Sexualities. Organizaci\u00f3n: TRANSGELIT, LGBTI+ Pantallas, Universitat de Barcelona, Universitat Aut\u00f2noma de Barcelona, National University of Singapore, Ministerio de Ciencia e Innovaci\u00f3n, Ministerio de Igualdad-Instituto de las Mujeres. Tipo de presentaci\u00f3n: Participaci\u00f3n en mesa redonda. Lugar: Benasque. Fecha: 06-10\/06\/2023. <br><br><\/li><li>Masanet, Maria Jose; Fern\u00e1ndez, Laura &amp; Villanueva, Sergio. <strong>Breaking sexual taboos! Peer-to-peer informal learning about sexuality and gender in a transmedia environment. <\/strong>Evento: International Congress on Media, Gender and Sexualities. Organizaci\u00f3n: TRANSGELIT, LGBTI+ Pantallas, Universitat de Barcelona, Universitat Aut\u00f2noma de Barcelona, National University of Singapore, Ministerio de Ciencia e Innovaci\u00f3n, Ministerio de Igualdad-Instituto de las Mujeres. Tipo de presentaci\u00f3n: comunicaci\u00f3n. Lugar: Benasque. Fecha: 06-10\/06\/2023. <br><br><\/li><li>Villanueva, Sergio.<strong> Film studies, gender and diversities I.<\/strong> Evento: International Congress on Media, Gender and Sexualities. Organizaci\u00f3n: TRANSGELIT, LGBTI+ Pantallas, Universitat de Barcelona, Universitat Aut\u00f2noma de Barcelona, National University of Singapore, Ministerio de Ciencia e Innovaci\u00f3n, Ministerio de Igualdad-Instituto de las Mujeres. Tipo de presentaci\u00f3n: moderaci\u00f3n de mesa redonda. Lugar: Benasque. Fecha: 06-10\/06\/2023. <\/li><\/ul>\n\n\n\n<hr>\n\n\n\n<p><strong>TFGs y TFMs<\/strong><\/p>\n\n\n\n<ul><li>Colom\u00e9, Cristina. <strong>Alfabetitzaci\u00f3 transm\u00e8dia, educaci\u00f3 sexual i adolesc\u00e8ncia. Disseny d&#8217;una aplicaci\u00f3 m\u00f2bil com a recurs educatiu<\/strong>. Direcci\u00f3n: Maria-Jose Masanet. M\u00e1ster de Humanidades Digitales. Septiembre 2023. <\/li><\/ul>\n\n\n\n<ul><li>Borr\u00e1s, Andrea; Bogya, Noemi; I\u00f1esta, Ona; Sell\u00e9s, Joan. <strong>Eclipsi. Proyecto de Miniserie<\/strong>. Direcci\u00f3n: Maria-Jose Masanet y Maddalena Fedele. Grado en Comunicaci\u00f3n Audiovisual. Junio 2023. Reconocimientos: Proyecto seleccionado en el Pitch 2023 organizado por el Cl\u00faster Audiovisual de Catalu\u00f1a. <\/li><\/ul>\n\n\n\n<ul><li>L\u00f3pez, Valentina; Ruiz, Margarita. <strong>\u00bfD\u00f3nde est\u00e1n las gatas? Proyecto de podcast<\/strong>. Direcci\u00f3n: Maria-Jose Masanet y Adrien Faure. Grado en Comunicaci\u00f3n Audiovisual. Junio 2023. <\/li><\/ul>\n\n\n\n<ul><li>D\u00edaz Nart\u00ednez, Lara. <strong>Perspectiva de g\u00e9nero e interseccionalidad en productos audiovisuales y dise\u00f1o de un repositorio como medio de difusi\u00f3n de recursos educativos<\/strong>. Direcci\u00f3n: Maria-Jose Masanet y Juan-Jos\u00e9 Bot\u00e9. Grado en Comunicaci\u00f3n Audiovisual. Junio 2023. <\/li><\/ul>\n\n\n\n<p><\/p>\n\n\n\n<hr class=\"rosa\">\n\n\n\n<p><\/p>\n\n\n\n<p><strong>2022<\/strong><\/p>\n\n\n\n<p><strong>Art\u00edculos<\/strong><\/p>\n\n\n\n<ul><li>Masanet, Maria-Jose; Ventura, Rafael, &amp; Ballest\u00e9, Eeduard (2022).&nbsp;<strong><a href=\"http:\/\/diposit.ub.edu\/dspace\/bitstream\/2445\/185305\/1\/723236.pdf\">Beyond the \u201cTrans Fact\u201d? Trans Representation in the Teen Series Euphoria: Complexity, Recognition, and Comfort<\/a><\/strong>.&nbsp;<em>Social Inclusion<\/em>,&nbsp;<em>10<\/em>(2), 143-155. https:\/\/doi.org\/10.17645\/si.v10i2.4926. JIF: 1.333; Q3; SJR: 0.511; Q2.<\/li><\/ul>\n\n\n\n<ul><li>Veiga de Fran\u00e7a, Ana Claudia Camila &amp; Villanueva Baselga, Sergio (2022).&nbsp;<a href=\"http:\/\/diposit.ub.edu\/dspace\/handle\/2445\/191007\"><strong>Pepita Pardell (1928-2019), notas sobre la trayectoria de una artista silenciada<\/strong><\/a>,&nbsp;<em>Historia y comunicaci\u00f3n social,<\/em>&nbsp;27(2), pp. 425-433. SJR: 0.384; Q1.<\/li><\/ul>\n\n\n\n<hr>\n\n\n\n<p><strong>Prensa<\/strong><\/p>\n\n\n\n<ul><li> <strong><a href=\"https:\/\/www.elmundo.es\/papel\/cultura\/2022\/01\/10\/61dab44ee4d4d8a92f8b45a2.html\" data-type=\"URL\" data-id=\"https:\/\/www.elmundo.es\/papel\/cultura\/2022\/01\/10\/61dab44ee4d4d8a92f8b45a2.html\">\u00bfPueden nuestros hijos adolescentes ver <em>Euphoria<\/em>? M\u00e1s sexo, m\u00e1s drogas y m\u00e1s relatos LGTBIQ al l\u00edmite<\/a><\/strong>. <em>El Mundo<\/em>, 2022. <\/li><\/ul>\n\n\n\n<hr>\n\n\n\n<p><strong>Presentaciones<\/strong><\/p>\n\n\n\n<ul><li>Masanet, Maria-Jose. T\u00edtulo:<strong> Learning with Social Media. Beyond Formal and Informal Through the Search and Management of Information on Youtube, Instagram and Tiktok<\/strong>. Evento: Global Media and Information Literacy Week. Sesi\u00f3n: Media and Information Literacy, Media and Mindset: Assessment of selectivity theory and information-seeking behaviour\u200b\u200b. Organizaci\u00f3n: UNESCO. Tipo de presentaci\u00f3n: Ponencia Invitada. Lugar: Nigeria y Online. Fecha: 27\/10\/2022.<\/li><\/ul>\n\n\n\n<ul><li>Carnic\u00e9-Mur, Marga y Fedele, Maddalena. T\u00edtulo: <strong>De Villana a Hero\u00edna: Nuevas Construcciones Narrativas y Viejos Estereotipos de G\u00e9nero en los Spin off de Disney<\/strong>. Evento: VII Congreso Internacional de la Asociaci\u00f3n Espa\u00f1ola de Investigaci\u00f3n de la Comunicaci\u00f3n. Comunicaci\u00f3n y Ciudad Conectada. Organizaci\u00f3n: Asociaci\u00f3n Espa\u00f1ola de Investigaci\u00f3n de la Comunicaci\u00f3n (AE-IC). Tipo de presentaci\u00f3n: Comunicaci\u00f3n. Lugar: Barcelona. Fecha: 21\/06-01\/07\/2022.&nbsp;&nbsp;<\/li><\/ul>\n\n\n\n<ul><li>Masanet, Maria-Jose, Fedele, Maddalena y Carnic\u00e9, Marga. T\u00edtulo: <strong>The \u2018Dead-but-not-gone girl\u2019 archetype in Netflix Teen Series \u00c9lite and 13 Reasons Why: Dead and Voiceless Rebel Teen Girls<\/strong>. Evento: 72th Annual ICA Conference 2021. One Word, One Network?. Organizaci\u00f3n: International Communication Association (ICA). Tipo de presentaci\u00f3n: Comunicaci\u00f3n. Lugar: Paris y Online. Fecha: 26-30\/05\/2022.&nbsp;<\/li><\/ul>\n\n\n\n<ul><li>Masanet, Maria-Jose. T\u00edtulo: <strong>Dona, Vost\u00e8 no t\u00e9 res!<\/strong>. Evento: Dia de la Dona. Organizaci\u00f3n: Comissi\u00f3 Igualtat. Facultat Informaci\u00f3 i Mitjans Audiovisuals. Tipo de participaci\u00f3n: Moderadora mesa redonda. Lugar: Barcelona. Fecha: 09\/03\/2022.<\/li><\/ul>\n\n\n\n<hr>\n\n\n\n<p><strong>TFGs y TFMs<\/strong><\/p>\n\n\n\n<ul><li>Cases, Eva. <strong>Booktubers de Literatura Fant\u00e1stica. \u00bfHay Estereotipos en sus V\u00eddeos?<\/strong>. Direcci\u00f3n: Maria-Jose Masanet y Juan-Jos\u00e9 Bot\u00e9-Vericad. Doble Grado en Gesti\u00f3n de la Informaci\u00f3n y Documentaci\u00f3n Digital y Comunicaci\u00f3n Audiovisual. Junio 2022. Reconocimientos: Premio al mejor Trabajo de Investigaci\u00f3n de Grado de la Facultad de Informaci\u00f3n y Medios Audiovisuales con Perspectiva de G\u00e9nero. <\/li><\/ul>\n\n\n\n<hr class=\"rosa\">\n\n\n\n<p><strong>2021<\/strong><\/p>\n\n\n\n<p><strong>Art\u00edculos<\/strong><\/p>\n\n\n\n<ul><li>Fedele, Maddalena, &amp; Masanet, Maria-Jose (2021).&nbsp;<strong>The&nbsp;<a href=\"https:\/\/intellectdiscover.com\/content\/journals\/10.1386\/jptv_00061_1\">\u2018Troubled Rebel Girl\u2019 and the \u2018Boy-Next-Door\u2019: The Apparent Inversion of Gender and Love Archetypes in 13 Reasons Why, \u00c9lite and Sex Education<\/a><\/strong>.&nbsp;<em>Journal of Popular Television<\/em>, 9(3), 335-353. https:\/\/doi.org\/10.1386\/jptv_00061_1. SJR: 0.144; Q3.<\/li><\/ul>\n\n\n\n<hr>\n\n\n\n<p><strong>Prensa<\/strong><\/p>\n\n\n\n<ul><li>Intervenci\u00f3n de la Dra. Maria-Jose Masanet como experta en el programa &#8216;<a href=\"https:\/\/www.rtve.es\/play\/videos\/en-linia\/comentem-lestudi-demostra-1-cada-5-homes-creu-violencia-masclista-no-existeix-parlem-laugedel-moviment-residu-zero-lestrena-billyelliota-barcelona\/6129766\/\" data-type=\"URL\" data-id=\"https:\/\/www.rtve.es\/play\/videos\/en-linia\/comentem-lestudi-demostra-1-cada-5-homes-creu-violencia-masclista-no-existeix-parlem-laugedel-moviment-residu-zero-lestrena-billyelliota-barcelona\/6129766\/\"><strong>En L\u00ednia<\/strong><\/a>&#8216; de la 2 en la secci\u00f3n sobre violencia Machista, <em>En L\u00ednia<\/em>, 2021. <\/li><\/ul>\n\n\n\n<ul><li>Pal\u00e9s, Alejandra  <strong><a href=\"https:\/\/www.ara.cat\/media\/nomes-consentiment-sexual-entra-series_130_3844252.html\" data-type=\"URL\" data-id=\"https:\/\/www.ara.cat\/media\/nomes-consentiment-sexual-entra-series_130_3844252.html\">\u201cNom\u00e9s s\u00ed \u00e9s s\u00ed\u201d; el consentiment sexual entra a les s\u00e8ries<\/a><\/strong>.<strong> <\/strong><em>Ara<\/em>, 2021.<\/li><\/ul>\n\n\n\n<ul><li>Masanet, Maria-Jose. <strong><a href=\"https:\/\/theconversation.com\/de-elite-a-euphoria-sexualidades-relaciones-sentimientos-y-preocupaciones-adolescentes-150928\" data-type=\"URL\" data-id=\"https:\/\/theconversation.com\/de-elite-a-euphoria-sexualidades-relaciones-sentimientos-y-preocupaciones-adolescentes-150928\">De \u2018\u00c9lite\u2019 a \u2018Euphoria\u2019: sexualidades, relaciones, sentimientos y preocupaciones adolescentes<\/a><\/strong>. <em>The Conversation<\/em>, 2021. <\/li><\/ul>\n\n\n\n<ul><li>Masanet, Maria-Jose, &amp; Feran, N\u00faria. On i com son les dones a la Ficci\u00f3? M\u00e9s personatges femenins protagonistas per\u00f2 amb veu i mirada feminista?, <em>Inc\u00f2moda<\/em>, n. 3, 22-27, 2021. <\/li><\/ul>\n\n\n\n<hr>\n\n\n\n<p><strong>Presentaciones<\/strong><\/p>\n\n\n\n<ul><li>Masanet, Maria-Jose. T\u00edtulo: <strong>Evoluci\u00f3n Medi\u00e1tica y J\u00f3venes: Mutaciones Narrativas, Actores Emergentes y Nuevos Espacios<\/strong>. Evento: II Seminario Internacional sobre Nuevas Narrativas. Mutaciones Narrativas en los Relatos de la Contemporaneidad. Organizaci\u00f3n: Facultad de Ciencias de la Comunicaci\u00f3n, Universidad Aut\u00f3noma de Barcelona y Asociaci\u00f3n Espa\u00f1ola de Semi\u00f3tica. Tipo de presentaci\u00f3n: Ponencia Invitada. Lugar: Barcelona. Fecha: 09\/11\/2021.&nbsp;<\/li><\/ul>\n\n\n\n<ul><li>Masanet, Maria-Jose. T\u00edtulo:<strong> Series, Eduentretenimiento y Juventud: Aprendiendo sobre Violencia de G\u00e9nero y Sexualidades con Series Adolescentes<\/strong>. Evento: XIII Seminario Internacional en Educaci\u00f3n para el Uso Creativo de los Medios. Organizaci\u00f3n: ININCO (Universidad Central de Venezuela), CDCH-UCV, UNESCO y Red AlfaMed. Tipo de presentaci\u00f3n: Ponencia Invitada. Lugar: Online. Fecha: 27\/10\/2021.&nbsp;<\/li><\/ul>\n\n\n\n<ul><li>Masanet, Maria-Jose. T\u00edtulo:<strong> De la Transmedia Literacy a la Transmedia Gender &amp; LGBTI+ Literacy: Proyectos con J\u00f3venes, Culturas Colaborativas y Medios de Comunicaci\u00f3n<\/strong>. Evento: Seminario \u2018Mutaciones Did\u00e1cticas-Did\u00e1cticas Transmedia: Desv\u00edos y Tendencias en Tiempos Contempor\u00e1neos\u2019. Organizaci\u00f3n: Instituto Tecnol\u00f3gico de Buenos Aires (ITBA). Tipo de presentaci\u00f3n: Ponencia Invitada. Lugar: Online. Fecha: 22\/10\/2021.&nbsp;<\/li><\/ul>\n\n\n\n<ul><li>Masanet, Maria-Jose y Carnic\u00e9, Marga. T\u00edtulo: <strong>El Motivo Visual del Botell\u00f3n: De la Bacanal al Bodeg\u00f3n<\/strong>. Evento: I Congreso Internacional Motivos Visuales del Poder y la Esfera P\u00fablica. Organizaci\u00f3n: Universitat Pompeu Fabra. Tipo de Participaci\u00f3n: Comunicaci\u00f3n. Lugar: Online. Fecha: 20-21\/09\/2021.&nbsp;<\/li><\/ul>\n\n\n\n<ul><li>Masanet, Maria-Jose, Fedele, Maddalena y Carnic\u00e9, Marga. T\u00edtulo: <strong>Chicas protagonistas pero muertas y sin voz: La \u2018dead-but-not-gone girl\u2019 en las teen series de Netflix \u00c9lite y 13 Reasons Why<\/strong>. Evento: IAMCR 2021. Rethinking Borders and Boundaries. Organizaci\u00f3n: International Association for Media and Communication Research (IAMCR). Tipo de Participaci\u00f3n: Comunicaci\u00f3n. Lugar: Online. Fecha: 11-15\/07\/2021.&nbsp;<\/li><\/ul>\n\n\n\n<hr class=\"rosa\">\n\n\n\n<p><strong>Publicaciones Previas<\/strong><\/p>\n\n\n\n<ul><li>Masanet, Maria-Jose, Pires, Fernanda, &amp; G\u00f3mez-Puertas, Lorena (2021).&nbsp;<strong><a href=\"http:\/\/diposit.ub.edu\/dspace\/bitstream\/2445\/182633\/1\/717591.pdf\">Los Riesgos de la Brecha Digital de G\u00e9nero entre los y las Adolescentes<\/a><\/strong>.&nbsp;<em>Profesional de la Informaci\u00f3n<\/em>.<em>&nbsp;30<\/em>(1), e300112. https:\/\/doi.org\/10.3145\/epi.2021.ene.12. JIF: 2.253; Q3; SJR: 0.698; Q1.<\/li><\/ul>\n\n\n\n<ul><li>Masanet, Maria-Jose, &amp; Dhaenens, Frederik (2019).&nbsp;<strong><a href=\"https:\/\/www.tandfonline.com\/doi\/abs\/10.1080\/13676261.2019.1570096\">Representing gender-based violence in teen series: young people\u2019s discourses on the Spanish series&nbsp;<em>F\u00edsica o Qu\u00edmica<\/em><\/a><\/strong>.&nbsp;<em>Journal of Youth Studies<\/em>,&nbsp;<em>22<\/em>(9), 1202-1217. https:\/\/doi.org\/10.1080\/13676261.2019.1570096. JIF: 1.679; Q2; &nbsp;SJR: 0.928; Q1.<\/li><\/ul>\n\n\n\n<ul><li>Fedele, Maddalena, Masanet, Maria-Jose, &amp; Ventura, Rafael (2019).&nbsp;<strong><a href=\"https:\/\/hipatiapress.com\/hpjournals\/index.php\/mcs\/article\/view\/3742\">Negotiating Love and Gender Stereotypes among Young People: Prevalence of \u201cAmor Ludens\u201d and Television Preferences Rooted in Hegemonic Masculinity<\/a><\/strong>.&nbsp;<em>Masculinities and Social Change, 8<\/em>(1), 1-43. http:\/\/dx.doi.org\/10.17583\/mcs.2019.3742. SJR 2019: 0.288; Q2.<\/li><\/ul>\n\n\n\n<ul><li>Masanet, Maria-Jose, Guerrero-Pico, Mar, &amp; Establ\u00e9s, Mar\u00eda-Jos\u00e9 (2019).&nbsp;<strong><a href=\"https:\/\/www.tandfonline.com\/doi\/abs\/10.1080\/17439884.2019.1641513\">From Digital Native to Digital Apprentice. A Case Study of the Transmedia Skills and Informal Learning Strategies of Adolescents in Spain<\/a><\/strong>.&nbsp;<em>Learning, Media and Technology<\/em>,&nbsp;<em>44<\/em>(4), 400-413. http:\/\/dx.doi.org\/10.1080\/17439884.2019.1641513. IF: 2.547; Q1; &nbsp;SJR: 1.133; Q1.<\/li><\/ul>\n\n\n\n<ul><li>Masanet, Maria-Jose &amp; Fedele, Maddalena (2019).&nbsp;<strong><a href=\"https:\/\/palabraclave.unisabana.edu.co\/index.php\/palabraclave\/article\/view\/8759\">El \u2018chico malote\u2019 y la \u2018chica responsable\u2019. Modelos aspiracionales y representaciones juveniles en las teen series espa\u00f1olas<\/a><\/strong>.&nbsp;<em>Palabra Clave, 22<\/em>(2), 1-43<em>.&nbsp;<\/em>https:\/\/doi.org\/10.5294\/pacla.2019.22.2.5<em>.&nbsp;<\/em>SJR 2019=0.265; Q2.<\/li><\/ul>\n\n\n\n<ul><li>Masanet, Maria-Jose, Medina-Bravo, Pilar, &amp; Ferr\u00e9s, Joan. (2018).&nbsp;<strong><a href=\"https:\/\/journals.sagepub.com\/doi\/abs\/10.1177\/1103308817748432\">Myths of Romantic Love and Gender-Based Violence in the Fan Forum of the Spanish Teen Series Los Protegidos<\/a><\/strong>.&nbsp;<em>Young<\/em>,&nbsp;<em>4S<\/em>(26), 96S-112S. https:\/\/doi.org\/10.1177\/1103308817748432. IF: 1.160; Q3; &nbsp;SJR: 0.482; Q2.<\/li><\/ul>\n\n\n\n<ul><li>Masanet, Maria-Jose (2016).&nbsp;<strong><a href=\"https:\/\/www.scielo.cl\/scielo.php?script=sci_arttext&amp;pid=S0719-367X2016000200003\">Pervivencia de los Estereotipos de G\u00e9nero en los H\u00e1bitos de Consumo Medi\u00e1tico de los Adolescentes: Drama para las Chicas y Humor para los Chicos<\/a><\/strong>. Cuadernos.info, 39, 39-53. https:\/\/doi.org\/10.7764\/cdi.39.1027. SJR 2019=0.214; Q3.<\/li><\/ul>\n\n\n\n<ul><li>Masanet, Maria-Jose, &amp; Buckingham, David (2015).&nbsp;<strong><a href=\"https:\/\/www.tandfonline.com\/doi\/abs\/10.1080\/14681811.2014.934444\">Advice on life? Online fan forums as space for peer-to-peer sex and relationships education<\/a><\/strong>.&nbsp;<em>Sex Education<\/em>, 15(5), 486-499. https:\/\/doi.org\/10.1080\/14681811.2014.934444. IF: 0.505; Q4; &nbsp;SJR: 0.460; Q2.<\/li><\/ul>\n\n\n\n<ul><li>Masanet, Maria-Jose, Medina, Pilar, &amp; Ferr\u00e9s, Joan (2012).&nbsp;<strong><a href=\"https:\/\/revistascientificas.us.es\/index.php\/Comunicacion\/article\/view\/21777\">Representaci\u00f3n Medi\u00e1tica de la Sexualidad en la Ficci\u00f3n Seriada Dirigida a los J\u00f3venes. Estudio de Caso de Los Protegidos y F\u00edsica o Qu\u00edmica<\/a><\/strong>.&nbsp;<em>Revista Internacional de Comunicaci\u00f3n Audiovisual, Publicidad y Estudios Culturales<\/em>, 1(10), 1537-1548.<\/li><\/ul>\n","protected":false},"excerpt":{"rendered":"<p>Esta secci\u00f3n incluye las presentaciones, la diseminaci\u00f3n en prensa y las publicaciones acad\u00e9micas del proyecto TRANSGELIT ordenadas por a\u00f1os. Tambi\u00e9n se incluyen les proyectos TFG y TFM realizados en el marco del proyecto y las publicaciones previas del equipo de investigaci\u00f3n en los diferentes \u00e1mbitos del proyecto. 2023 Art\u00edculos y otras publicaciones Fedele, Maddalena, Masanet,&hellip; <a class=\"more-link\" href=\"https:\/\/www.ub.edu\/gendims\/es\/transgelit_difusio\/\">Continueu llegint <span class=\"screen-reader-text\">Difusi\u00f3n<\/span><\/a><\/p>\n","protected":false},"author":1,"featured_media":0,"parent":0,"menu_order":0,"comment_status":"closed","ping_status":"closed","template":"","meta":[],"_links":{"self":[{"href":"https:\/\/www.ub.edu\/gendims\/wp-json\/wp\/v2\/pages\/377"}],"collection":[{"href":"https:\/\/www.ub.edu\/gendims\/wp-json\/wp\/v2\/pages"}],"about":[{"href":"https:\/\/www.ub.edu\/gendims\/wp-json\/wp\/v2\/types\/page"}],"author":[{"embeddable":true,"href":"https:\/\/www.ub.edu\/gendims\/wp-json\/wp\/v2\/users\/1"}],"replies":[{"embeddable":true,"href":"https:\/\/www.ub.edu\/gendims\/wp-json\/wp\/v2\/comments?post=377"}],"version-history":[{"count":38,"href":"https:\/\/www.ub.edu\/gendims\/wp-json\/wp\/v2\/pages\/377\/revisions"}],"predecessor-version":[{"id":832,"href":"https:\/\/www.ub.edu\/gendims\/wp-json\/wp\/v2\/pages\/377\/revisions\/832"}],"wp:attachment":[{"href":"https:\/\/www.ub.edu\/gendims\/wp-json\/wp\/v2\/media?parent=377"}],"curies":[{"name":"wp","href":"https:\/\/api.w.org\/{rel}","templated":true}]}}