{"id":771,"date":"2022-02-16T22:00:27","date_gmt":"2022-02-16T21:00:27","guid":{"rendered":"https:\/\/www.ub.edu\/larcher\/?post_type=project&#038;p=771"},"modified":"2022-03-31T16:59:42","modified_gmt":"2022-03-31T14:59:42","slug":"coveta-foia","status":"publish","type":"project","link":"https:\/\/www.ub.edu\/larcher\/project\/coveta-foia\/","title":{"rendered":"Coveta de la Foia"},"content":{"rendered":"<p>[et_pb_section fb_built=\u00bb1&#8243; _builder_version=\u00bb4.9.1&#8243; _module_preset=\u00bbdefault\u00bb background_color=\u00bb#3f3838&#8243; background_image=\u00bbhttps:\/\/www.ub.edu\/larcher\/wp-content\/uploads\/textura-cemento.jpg\u00bb background_blend=\u00bbmultiply\u00bb custom_padding=\u00bb||24px|||\u00bb saved_tabs=\u00bball\u00bb global_colors_info=\u00bb{}\u00bb theme_builder_area=\u00bbpost_content\u00bb][et_pb_row _builder_version=\u00bb4.9.1&#8243; _module_preset=\u00bbdefault\u00bb custom_margin=\u00bb-30px||||false|false\u00bb custom_margin_tablet=\u00bb\u00bb custom_margin_phone=\u00bb0px||||false|false\u00bb custom_margin_last_edited=\u00bbon|phone\u00bb custom_padding=\u00bb1px|||||\u00bb global_colors_info=\u00bb{}\u00bb theme_builder_area=\u00bbpost_content\u00bb][et_pb_column type=\u00bb4_4&#8243; _builder_version=\u00bb4.9.1&#8243; _module_preset=\u00bbdefault\u00bb global_colors_info=\u00bb{}\u00bb theme_builder_area=\u00bbpost_content\u00bb][et_pb_image src=\u00bbhttps:\/\/www.ub.edu\/larcher\/wp-content\/uploads\/pagina-excavaciones.svg\u00bb alt=\u00bbProyecto LArcHer | Excavaciones\u00bb title_text=\u00bbProyecto LArcHer | Excavaciones\u00bb align=\u00bbcenter\u00bb disabled_on=\u00bbon|on|off\u00bb _builder_version=\u00bb4.9.2&#8243; _module_preset=\u00bbdefault\u00bb transform_translate_linked=\u00bboff\u00bb width=\u00bb18%\u00bb custom_margin=\u00bb||21px||false|false\u00bb global_colors_info=\u00bb{}\u00bb theme_builder_area=\u00bbpost_content\u00bb][\/et_pb_image][et_pb_text _builder_version=\u00bb4.9.1&#8243; _module_preset=\u00bbdefault\u00bb text_font=\u00bb|800|||||||\u00bb text_text_color=\u00bb#eaa04f\u00bb text_font_size=\u00bb30px\u00bb text_orientation=\u00bbcenter\u00bb global_colors_info=\u00bb{}\u00bb theme_builder_area=\u00bbpost_content\u00bb]Excavaciones[\/et_pb_text][et_pb_divider color=\u00bb#eaa04f\u00bb divider_weight=\u00bb2px\u00bb _builder_version=\u00bb4.9.4&#8243; _module_preset=\u00bbdefault\u00bb width=\u00bb7%\u00bb width_tablet=\u00bb100px\u00bb width_phone=\u00bb50px\u00bb width_last_edited=\u00bbon|tablet\u00bb module_alignment=\u00bbcenter\u00bb custom_margin=\u00bb-12px||0px||false|false\u00bb global_colors_info=\u00bb{}\u00bb theme_builder_area=\u00bbpost_content\u00bb][\/et_pb_divider][\/et_pb_column][\/et_pb_row][\/et_pb_section][et_pb_section fb_built=\u00bb1&#8243; _builder_version=\u00bb4.9.1&#8243; _module_preset=\u00bbdefault\u00bb background_color=\u00bb#ede2d4&#8243; custom_padding=\u00bb37px||42px|||\u00bb global_colors_info=\u00bb{}\u00bb theme_builder_area=\u00bbpost_content\u00bb][et_pb_row _builder_version=\u00bb4.9.1&#8243; _module_preset=\u00bbdefault\u00bb custom_padding=\u00bb22px|||||\u00bb global_colors_info=\u00bb{}\u00bb theme_builder_area=\u00bbpost_content\u00bb][et_pb_column type=\u00bb4_4&#8243; _builder_version=\u00bb4.9.1&#8243; _module_preset=\u00bbdefault\u00bb global_colors_info=\u00bb{}\u00bb theme_builder_area=\u00bbpost_content\u00bb][et_pb_text _builder_version=\u00bb4.9.1&#8243; _module_preset=\u00bbdefault\u00bb header_font=\u00bb|800|||||||\u00bb custom_margin=\u00bb||16px|||\u00bb custom_padding=\u00bb||0px|||\u00bb global_colors_info=\u00bb{}\u00bb theme_builder_area=\u00bbpost_content\u00bb]<\/p>\n<h1>Coveta de la Foia<\/h1>\n<p>[\/et_pb_text][et_pb_divider color=\u00bb#3f3838&#8243; divider_weight=\u00bb2px\u00bb _builder_version=\u00bb4.9.1&#8243; _module_preset=\u00bbdefault\u00bb width=\u00bb200px\u00bb module_alignment=\u00bbleft\u00bb custom_margin=\u00bb-12px|930px|0px||false|false\u00bb locked=\u00bboff\u00bb global_colors_info=\u00bb{}\u00bb theme_builder_area=\u00bbpost_content\u00bb][\/et_pb_divider][et_pb_text _builder_version=\u00bb4.9.1&#8243; _module_preset=\u00bbdefault\u00bb text_font=\u00bbNoto Serif||||||||\u00bb text_font_size=\u00bb19px\u00bb text_line_height=\u00bb1.1em\u00bb header_3_font=\u00bb|800|||||||\u00bb custom_margin=\u00bb42px||63px|||\u00bb global_colors_info=\u00bb{}\u00bb theme_builder_area=\u00bbpost_content\u00bb]<\/p>\n<h3>T\u00e9rmino municipal<\/h3>\n<p>Vilafranca (Els Ports, Castell\u00f3)<\/p>\n<h3>Direcci\u00f3n<\/h3>\n<p>D\u00eddac Roman (UJI\/PRE-EINA); In\u00e9s Domingo (ICREA-UB)<\/p>\n<h3>Campa\u00f1as<\/h3>\n<p>2015-actualidad<\/p>\n<h3>Informaci\u00f3n <\/h3>\n<p>Descubierto por nuestro equipo de investigaci\u00f3n, dirigido por In\u00e9s Domingo (ICREA-UB) y D\u00eddac Roman (UJI\/Pre-EINA) en el marco de unas prospecciones llevadas a cabo en 2013, y en proceso excavaci\u00f3n desde el a\u00f1o 2015.<br \/>\nEl yacimiento conserva varios niveles de ocupaci\u00f3n, desde la alta Edad Media hasta el final del Paleol\u00edtico.<br \/>\nLa abundancia de restos l\u00edticos recuperados en los niveles Paleol\u00edticos datados entre 14000 y 13000 a\u00f1os lo convierten en un yacimiento clave para la comprensi\u00f3n de la transici\u00f3n Magdaleniense\/Epimagdaleniense. Adem\u00e1s, constituye la ocupaci\u00f3n humana m\u00e1s antigua documentada hasta ahora en la comarca de Els Ports.[\/et_pb_text][et_pb_divider color=\u00bb#3f3838&#8243; divider_weight=\u00bb2px\u00bb _builder_version=\u00bb4.9.1&#8243; _module_preset=\u00bbdefault\u00bb width=\u00bb200px\u00bb module_alignment=\u00bbleft\u00bb custom_margin=\u00bb-12px|930px|0px||false|false\u00bb locked=\u00bboff\u00bb global_colors_info=\u00bb{}\u00bb theme_builder_area=\u00bbpost_content\u00bb][\/et_pb_divider][et_pb_text _builder_version=\u00bb4.9.1&#8243; _module_preset=\u00bbdefault\u00bb text_font=\u00bb|800|||||||\u00bb text_font_size=\u00bb22px\u00bb custom_margin=\u00bb-6px|||||\u00bb global_colors_info=\u00bb{}\u00bb theme_builder_area=\u00bbpost_content\u00bb]<\/p>\n<p>Bibliograf\u00eda<\/p>\n<p>[\/et_pb_text][et_pb_text _builder_version=\u00bb4.9.1&#8243; _module_preset=\u00bbdefault\u00bb text_font_size=\u00bb13px\u00bb text_line_height=\u00bb1.1em\u00bb global_colors_info=\u00bb{}\u00bb theme_builder_area=\u00bbpost_content\u00bb]ROMAN, D.; DOMINGO, I. 2019. Exploring the end of the upper Magdalenian in Northern Valencian region (Mediterranean Iberia). Quaternary International 564, 75-82.<\/p>\n<p>ROMAN, D.; DOMINGO, I. 2020. Las facies microlaminares del final del Paleol\u00edtico en el norte del Pa\u00eds Valenciano. En D. Roman, P. Garcia-Arg\u00fcelles; J. M. Fullola (coords), Las facies microlaminares del final del Paleol\u00edtico en el Mediterr\u00e1neo Ib\u00e9rico y Valle del Ebro. Monografies del SERP 17. Universitat de Barcelona.[\/et_pb_text][et_pb_divider color=\u00bb#3f3838&#8243; divider_weight=\u00bb2px\u00bb _builder_version=\u00bb4.9.1&#8243; _module_preset=\u00bbdefault\u00bb width=\u00bb200px\u00bb module_alignment=\u00bbleft\u00bb custom_margin=\u00bb70px|930px|0px||false|false\u00bb locked=\u00bboff\u00bb global_colors_info=\u00bb{}\u00bb theme_builder_area=\u00bbpost_content\u00bb][\/et_pb_divider][et_pb_text _builder_version=\u00bb4.9.1&#8243; _module_preset=\u00bbdefault\u00bb text_font=\u00bb|800|||||||\u00bb text_font_size=\u00bb22px\u00bb custom_margin=\u00bb-6px||||false|false\u00bb custom_padding=\u00bb||||false|false\u00bb locked=\u00bboff\u00bb global_colors_info=\u00bb{}\u00bb theme_builder_area=\u00bbpost_content\u00bb]<\/p>\n<p>Galer\u00eda de im\u00e1genes<\/p>\n<p>[\/et_pb_text][et_pb_gallery gallery_ids=\u00bb776,779,782&#8243; show_title_and_caption=\u00bboff\u00bb zoom_icon_color=\u00bb#FFFFFF\u00bb hover_overlay_color=\u00bbrgba(63,56,56,0.68)\u00bb hover_icon=\u00bb&#x54;||divi||400&#8243; _builder_version=\u00bb4.13.0&#8243; _module_preset=\u00bbdefault\u00bb box_shadow_style_image=\u00bbpreset3&#8243; global_colors_info=\u00bb{}\u00bb theme_builder_area=\u00bbpost_content\u00bb][\/et_pb_gallery][\/et_pb_column][\/et_pb_row][\/et_pb_section][et_pb_section fb_built=\u00bb1&#8243; fullwidth=\u00bbon\u00bb _builder_version=\u00bb4.9.1&#8243; _module_preset=\u00bbdefault\u00bb background_color=\u00bb#ede2d4&#8243; global_colors_info=\u00bb{}\u00bb theme_builder_area=\u00bbpost_content\u00bb][et_pb_fullwidth_portfolio title=\u00bbOtros proyectos similares\u00bb include_categories=\u00bb32&#8243; show_date=\u00bboff\u00bb zoom_icon_color=\u00bb#FFFFFF\u00bb hover_overlay_color=\u00bbrgba(63,56,56,0.74)\u00bb hover_icon=\u00bb&#x54;||divi||400&#8243; _builder_version=\u00bb4.13.0&#8243; _module_preset=\u00bbdefault\u00bb portfolio_header_font=\u00bb|800|||||||\u00bb portfolio_header_text_align=\u00bbcenter\u00bb portfolio_header_text_color=\u00bb#3f3838&#8243; background_layout=\u00bbdark\u00bb global_colors_info=\u00bb{}\u00bb theme_builder_area=\u00bbpost_content\u00bb][\/et_pb_fullwidth_portfolio][\/et_pb_section]<\/p>\n","protected":false},"excerpt":{"rendered":"<p>Descubierto por nuestro equipo de investigaci\u00f3n, dirigido por In\u00e9s Domingo (ICREA-UB) y D\u00eddac Roman (UJI\/Pre-EINA) en el marco de unas prospecciones llevadas a cabo en 2013, y en proceso excavaci\u00f3n desde el a\u00f1o 2015.<\/p>\n","protected":false},"author":2,"featured_media":767,"comment_status":"closed","ping_status":"closed","template":"","meta":{"_et_pb_use_builder":"on","_et_pb_old_content":"","_et_gb_content_width":""},"project_category":[44],"project_tag":[],"yoast_head":"<!-- This site is optimized with the Yoast SEO plugin v19.6.1 - https:\/\/yoast.com\/wordpress\/plugins\/seo\/ -->\n<title>Coveta de la Foia - LArcHer<\/title>\n<meta name=\"description\" content=\"Descubierto por nuestro equipo de investigaci\u00f3n, dirigido por In\u00e9s Domingo (ICREA-UB) y D\u00eddac Roman (UJI\/Pre-EINA) en el marco de unas prospecciones llevadas a cabo en 2013, y en proceso excavaci\u00f3n desde el a\u00f1o 2015.\" \/>\n<meta name=\"robots\" content=\"index, follow, max-snippet:-1, max-image-preview:large, max-video-preview:-1\" \/>\n<link rel=\"canonical\" href=\"https:\/\/www.ub.edu\/larcher\/project\/coveta-foia\/\" \/>\n<meta property=\"og:locale\" content=\"es_ES\" \/>\n<meta property=\"og:type\" content=\"article\" \/>\n<meta property=\"og:title\" content=\"Coveta de la Foia - LArcHer\" \/>\n<meta property=\"og:description\" content=\"Descubierto por nuestro equipo de investigaci\u00f3n, dirigido por In\u00e9s Domingo (ICREA-UB) y D\u00eddac Roman (UJI\/Pre-EINA) en el marco de unas prospecciones llevadas a cabo en 2013, y en proceso excavaci\u00f3n desde el a\u00f1o 2015.\" \/>\n<meta property=\"og:url\" content=\"https:\/\/www.ub.edu\/larcher\/project\/coveta-foia\/\" \/>\n<meta property=\"og:site_name\" content=\"LArcHer\" \/>\n<meta property=\"article:modified_time\" content=\"2022-03-31T14:59:42+00:00\" \/>\n<meta property=\"og:image\" content=\"https:\/\/www.ub.edu\/larcher\/wp-content\/uploads\/Puntasdeflechade14.000aosdeantigedadenlaCovalaFoiadeVilafranca1_Fotogaleria.jpg\" \/>\n\t<meta property=\"og:image:width\" content=\"1024\" \/>\n\t<meta property=\"og:image:height\" content=\"683\" \/>\n\t<meta property=\"og:image:type\" content=\"image\/jpeg\" \/>\n<meta name=\"twitter:card\" content=\"summary\" \/>\n<script type=\"application\/ld+json\" class=\"yoast-schema-graph\">{\"@context\":\"https:\/\/schema.org\",\"@graph\":[{\"@type\":\"WebPage\",\"@id\":\"https:\/\/www.ub.edu\/larcher\/project\/coveta-foia\/\",\"url\":\"https:\/\/www.ub.edu\/larcher\/project\/coveta-foia\/\",\"name\":\"Coveta de la Foia - LArcHer\",\"isPartOf\":{\"@id\":\"https:\/\/www.ub.edu\/larcher\/#website\"},\"datePublished\":\"2022-02-16T21:00:27+00:00\",\"dateModified\":\"2022-03-31T14:59:42+00:00\",\"description\":\"Descubierto por nuestro equipo de investigaci\u00f3n, dirigido por In\u00e9s Domingo (ICREA-UB) y D\u00eddac Roman (UJI\/Pre-EINA) en el marco de unas prospecciones llevadas a cabo en 2013, y en proceso excavaci\u00f3n desde el a\u00f1o 2015.\",\"breadcrumb\":{\"@id\":\"https:\/\/www.ub.edu\/larcher\/project\/coveta-foia\/#breadcrumb\"},\"inLanguage\":\"es\",\"potentialAction\":[{\"@type\":\"ReadAction\",\"target\":[\"https:\/\/www.ub.edu\/larcher\/project\/coveta-foia\/\"]}]},{\"@type\":\"BreadcrumbList\",\"@id\":\"https:\/\/www.ub.edu\/larcher\/project\/coveta-foia\/#breadcrumb\",\"itemListElement\":[{\"@type\":\"ListItem\",\"position\":1,\"name\":\"Portada\",\"item\":\"https:\/\/www.ub.edu\/larcher\/\"},{\"@type\":\"ListItem\",\"position\":2,\"name\":\"Proyectos\",\"item\":\"https:\/\/www.ub.edu\/larcher\/project\/\"},{\"@type\":\"ListItem\",\"position\":3,\"name\":\"Coveta de la Foia\"}]},{\"@type\":\"WebSite\",\"@id\":\"https:\/\/www.ub.edu\/larcher\/#website\",\"url\":\"https:\/\/www.ub.edu\/larcher\/\",\"name\":\"LArcHer\",\"description\":\"Levantine Rock art Archaeology Heritage\",\"potentialAction\":[{\"@type\":\"SearchAction\",\"target\":{\"@type\":\"EntryPoint\",\"urlTemplate\":\"https:\/\/www.ub.edu\/larcher\/?s={search_term_string}\"},\"query-input\":\"required name=search_term_string\"}],\"inLanguage\":\"es\"}]}<\/script>\n<!-- \/ Yoast SEO plugin. -->","yoast_head_json":{"title":"Coveta de la Foia - LArcHer","description":"Descubierto por nuestro equipo de investigaci\u00f3n, dirigido por In\u00e9s Domingo (ICREA-UB) y D\u00eddac Roman (UJI\/Pre-EINA) en el marco de unas prospecciones llevadas a cabo en 2013, y en proceso excavaci\u00f3n desde el a\u00f1o 2015.","robots":{"index":"index","follow":"follow","max-snippet":"max-snippet:-1","max-image-preview":"max-image-preview:large","max-video-preview":"max-video-preview:-1"},"canonical":"https:\/\/www.ub.edu\/larcher\/project\/coveta-foia\/","og_locale":"es_ES","og_type":"article","og_title":"Coveta de la Foia - LArcHer","og_description":"Descubierto por nuestro equipo de investigaci\u00f3n, dirigido por In\u00e9s Domingo (ICREA-UB) y D\u00eddac Roman (UJI\/Pre-EINA) en el marco de unas prospecciones llevadas a cabo en 2013, y en proceso excavaci\u00f3n desde el a\u00f1o 2015.","og_url":"https:\/\/www.ub.edu\/larcher\/project\/coveta-foia\/","og_site_name":"LArcHer","article_modified_time":"2022-03-31T14:59:42+00:00","og_image":[{"width":1024,"height":683,"url":"https:\/\/www.ub.edu\/larcher\/wp-content\/uploads\/Puntasdeflechade14.000aosdeantigedadenlaCovalaFoiadeVilafranca1_Fotogaleria.jpg","type":"image\/jpeg"}],"twitter_card":"summary","schema":{"@context":"https:\/\/schema.org","@graph":[{"@type":"WebPage","@id":"https:\/\/www.ub.edu\/larcher\/project\/coveta-foia\/","url":"https:\/\/www.ub.edu\/larcher\/project\/coveta-foia\/","name":"Coveta de la Foia - LArcHer","isPartOf":{"@id":"https:\/\/www.ub.edu\/larcher\/#website"},"datePublished":"2022-02-16T21:00:27+00:00","dateModified":"2022-03-31T14:59:42+00:00","description":"Descubierto por nuestro equipo de investigaci\u00f3n, dirigido por In\u00e9s Domingo (ICREA-UB) y D\u00eddac Roman (UJI\/Pre-EINA) en el marco de unas prospecciones llevadas a cabo en 2013, y en proceso excavaci\u00f3n desde el a\u00f1o 2015.","breadcrumb":{"@id":"https:\/\/www.ub.edu\/larcher\/project\/coveta-foia\/#breadcrumb"},"inLanguage":"es","potentialAction":[{"@type":"ReadAction","target":["https:\/\/www.ub.edu\/larcher\/project\/coveta-foia\/"]}]},{"@type":"BreadcrumbList","@id":"https:\/\/www.ub.edu\/larcher\/project\/coveta-foia\/#breadcrumb","itemListElement":[{"@type":"ListItem","position":1,"name":"Portada","item":"https:\/\/www.ub.edu\/larcher\/"},{"@type":"ListItem","position":2,"name":"Proyectos","item":"https:\/\/www.ub.edu\/larcher\/project\/"},{"@type":"ListItem","position":3,"name":"Coveta de la Foia"}]},{"@type":"WebSite","@id":"https:\/\/www.ub.edu\/larcher\/#website","url":"https:\/\/www.ub.edu\/larcher\/","name":"LArcHer","description":"Levantine Rock art Archaeology Heritage","potentialAction":[{"@type":"SearchAction","target":{"@type":"EntryPoint","urlTemplate":"https:\/\/www.ub.edu\/larcher\/?s={search_term_string}"},"query-input":"required name=search_term_string"}],"inLanguage":"es"}]}},"_links":{"self":[{"href":"https:\/\/www.ub.edu\/larcher\/wp-json\/wp\/v2\/project\/771"}],"collection":[{"href":"https:\/\/www.ub.edu\/larcher\/wp-json\/wp\/v2\/project"}],"about":[{"href":"https:\/\/www.ub.edu\/larcher\/wp-json\/wp\/v2\/types\/project"}],"author":[{"embeddable":true,"href":"https:\/\/www.ub.edu\/larcher\/wp-json\/wp\/v2\/users\/2"}],"replies":[{"embeddable":true,"href":"https:\/\/www.ub.edu\/larcher\/wp-json\/wp\/v2\/comments?post=771"}],"version-history":[{"count":2,"href":"https:\/\/www.ub.edu\/larcher\/wp-json\/wp\/v2\/project\/771\/revisions"}],"predecessor-version":[{"id":785,"href":"https:\/\/www.ub.edu\/larcher\/wp-json\/wp\/v2\/project\/771\/revisions\/785"}],"wp:featuredmedia":[{"embeddable":true,"href":"https:\/\/www.ub.edu\/larcher\/wp-json\/wp\/v2\/media\/767"}],"wp:attachment":[{"href":"https:\/\/www.ub.edu\/larcher\/wp-json\/wp\/v2\/media?parent=771"}],"wp:term":[{"taxonomy":"project_category","embeddable":true,"href":"https:\/\/www.ub.edu\/larcher\/wp-json\/wp\/v2\/project_category?post=771"},{"taxonomy":"project_tag","embeddable":true,"href":"https:\/\/www.ub.edu\/larcher\/wp-json\/wp\/v2\/project_tag?post=771"}],"curies":[{"name":"wp","href":"https:\/\/api.w.org\/{rel}","templated":true}]}}