{"id":786,"date":"2021-04-13T16:00:06","date_gmt":"2021-04-13T14:00:06","guid":{"rendered":"https:\/\/www.ub.edu\/larcher\/?post_type=project&#038;p=786"},"modified":"2022-02-14T19:27:36","modified_gmt":"2022-02-14T18:27:36","slug":"covatina","status":"publish","type":"project","link":"https:\/\/www.ub.edu\/larcher\/project\/covatina\/","title":{"rendered":"La Covatina"},"content":{"rendered":"<p>[et_pb_section fb_built=\u00bb1&#8243; _builder_version=\u00bb4.9.1&#8243; _module_preset=\u00bbdefault\u00bb background_color=\u00bb#3f3838&#8243; background_image=\u00bbhttps:\/\/www.ub.edu\/larcher\/wp-content\/uploads\/textura-cemento.jpg\u00bb background_blend=\u00bbmultiply\u00bb custom_padding=\u00bb||24px|||\u00bb global_colors_info=\u00bb{}\u00bb theme_builder_area=\u00bbpost_content\u00bb][et_pb_row _builder_version=\u00bb4.9.1&#8243; _module_preset=\u00bbdefault\u00bb custom_margin=\u00bb-100px||||false|false\u00bb custom_padding=\u00bb1px|||||\u00bb global_colors_info=\u00bb{}\u00bb theme_builder_area=\u00bbpost_content\u00bb][et_pb_column type=\u00bb4_4&#8243; _builder_version=\u00bb4.9.1&#8243; _module_preset=\u00bbdefault\u00bb global_colors_info=\u00bb{}\u00bb theme_builder_area=\u00bbpost_content\u00bb][et_pb_image src=\u00bbhttps:\/\/www.ub.edu\/larcher\/wp-content\/uploads\/pagina-rupestre.svg\u00bb title_text=\u00bbpagina-rupestre\u00bb align=\u00bbcenter\u00bb src_tablet=\u00bb\u00bb src_phone=\u00bb\u00bb src_last_edited=\u00bbon|phone\u00bb disabled_on=\u00bbon|on|off\u00bb _builder_version=\u00bb4.9.3&#8243; _module_preset=\u00bbdefault\u00bb transform_translate=\u00bb60px|0px\u00bb width=\u00bb25%\u00bb custom_margin=\u00bb||21px||false|false\u00bb global_colors_info=\u00bb{}\u00bb theme_builder_area=\u00bbpost_content\u00bb][\/et_pb_image][et_pb_text _builder_version=\u00bb4.9.1&#8243; _module_preset=\u00bbdefault\u00bb text_font=\u00bb|800|||||||\u00bb text_text_color=\u00bb#eaa04f\u00bb text_font_size=\u00bb30px\u00bb text_orientation=\u00bbcenter\u00bb global_colors_info=\u00bb{}\u00bb theme_builder_area=\u00bbpost_content\u00bb]Arte rupestre[\/et_pb_text][et_pb_divider color=\u00bb#eaa04f\u00bb divider_weight=\u00bb2px\u00bb _builder_version=\u00bb4.9.4&#8243; _module_preset=\u00bbdefault\u00bb width=\u00bb7%\u00bb width_tablet=\u00bb100px\u00bb width_phone=\u00bb\u00bb width_last_edited=\u00bbon|tablet\u00bb max_width=\u00bb33%\u00bb module_alignment=\u00bbcenter\u00bb custom_margin=\u00bb-12px||0px||false|false\u00bb global_colors_info=\u00bb{}\u00bb theme_builder_area=\u00bbpost_content\u00bb][\/et_pb_divider][\/et_pb_column][\/et_pb_row][\/et_pb_section][et_pb_section fb_built=\u00bb1&#8243; _builder_version=\u00bb4.9.1&#8243; _module_preset=\u00bbdefault\u00bb background_color=\u00bb#ede2d4&#8243; custom_padding=\u00bb37px||42px|||\u00bb global_colors_info=\u00bb{}\u00bb theme_builder_area=\u00bbpost_content\u00bb][et_pb_row _builder_version=\u00bb4.9.1&#8243; _module_preset=\u00bbdefault\u00bb custom_padding=\u00bb22px|||||\u00bb global_colors_info=\u00bb{}\u00bb theme_builder_area=\u00bbpost_content\u00bb][et_pb_column type=\u00bb4_4&#8243; _builder_version=\u00bb4.9.1&#8243; _module_preset=\u00bbdefault\u00bb global_colors_info=\u00bb{}\u00bb theme_builder_area=\u00bbpost_content\u00bb][et_pb_text _builder_version=\u00bb4.9.3&#8243; _module_preset=\u00bbdefault\u00bb header_font=\u00bb|800|||||||\u00bb custom_margin=\u00bb||16px|||\u00bb custom_padding=\u00bb||0px|||\u00bb global_colors_info=\u00bb{}\u00bb theme_builder_area=\u00bbpost_content\u00bb]<\/p>\n<h1><strong>La Covatina<\/strong><\/h1>\n<p>[\/et_pb_text][et_pb_divider color=\u00bb#3f3838&#8243; divider_weight=\u00bb2px\u00bb _builder_version=\u00bb4.9.1&#8243; _module_preset=\u00bbdefault\u00bb width=\u00bb200px\u00bb module_alignment=\u00bbleft\u00bb custom_margin=\u00bb-12px|930px|0px||false|false\u00bb locked=\u00bboff\u00bb global_colors_info=\u00bb{}\u00bb theme_builder_area=\u00bbpost_content\u00bb][\/et_pb_divider][et_pb_text _builder_version=\u00bb4.9.3&#8243; _module_preset=\u00bbdefault\u00bb text_font=\u00bbNoto Serif||||||||\u00bb text_font_size=\u00bb19px\u00bb text_line_height=\u00bb1.1em\u00bb header_3_font=\u00bb|800|||||||\u00bb custom_margin=\u00bb42px||63px|||\u00bb global_colors_info=\u00bb{}\u00bb theme_builder_area=\u00bbpost_content\u00bb]<\/p>\n<h3>T\u00e9rmino municipal<\/h3>\n<p>Vilafranca (Els Ports, Castell\u00f3)<\/p>\n<h3>Otras denominaciones<\/h3>\n<p>Covatina del Tossalet del Mas de Rambla; Abric del Barranc de Les Carabasses.<\/p>\n<h3>Campa\u00f1as<\/h3>\n<p>2011-2013, 2015<\/p>\n<h3>Informaci\u00f3n<\/h3>\n<p>El yacimiento de La Covatina fue descubierto en 1971 por el maestro de escuela Salvador G\u00f3mez Bellot, quien lo dio a conocer con el nombre de la \u201cCovatica del Gran P\u00e1jaro\u201d, un nombre que hac\u00eda referencia a una de las figuras, que le recordaba a un avestruz. Esta interpretaci\u00f3n se ha mantenido durante a\u00f1os, describiendo de forma recurrente esa figura como un ave rapaz, incluso integrada en una escena de caza. Hoy sabemos que se trata de una figura femenina parcialmente conservada.<\/p>\n<p>La Covatina se ubica en el margen Izquierdo del barranco de Les Carabasses. Est\u00e1 integrada por dos abrigos geminados, de unos 31 m de longitud, 4 de profundidad y 4,8 de altura. El abrigo izquierdo se divide a su vez en dos cavidades, y en ellas se concentran la totalidad de motivos Levantinos identificados hasta la fecha. En ninguna de estas dos cavidades se han encontrado evidencias de ocupaci\u00f3n humana (m\u00e1s all\u00e1 de las pinturas), como ocurre tambi\u00e9n en la mayor parte de los conjuntos levantinos.<\/p>\n<p>En La Covatina se conservan m\u00e1s de 30 figuras, entre las que se reconocen arqueros, figuras humanas (entre ellas dos mujeres) y tal vez restos de alg\u00fan animal. Entre estas figuras destacan la figura femenina interpretada tradicionalmente como un p\u00e1jaro, y la de un arquero a la carrera en la que se pueden observar detalles como la musculatura de las piernas, el arco y las flechas, un peculiar peinado (o tocado de cabeza) e incluso detalles de su vestimenta.<\/p>\n<p>&nbsp;<\/p>\n<p>[\/et_pb_text][et_pb_divider color=\u00bb#3f3838&#8243; divider_weight=\u00bb2px\u00bb _builder_version=\u00bb4.9.1&#8243; _module_preset=\u00bbdefault\u00bb width=\u00bb200px\u00bb module_alignment=\u00bbleft\u00bb custom_margin=\u00bb-12px|930px|0px||false|false\u00bb locked=\u00bboff\u00bb global_colors_info=\u00bb{}\u00bb theme_builder_area=\u00bbpost_content\u00bb][\/et_pb_divider][et_pb_text _builder_version=\u00bb4.9.1&#8243; _module_preset=\u00bbdefault\u00bb text_font=\u00bb|800|||||||\u00bb text_font_size=\u00bb22px\u00bb custom_margin=\u00bb-6px|||||\u00bb global_colors_info=\u00bb{}\u00bb theme_builder_area=\u00bbpost_content\u00bb]<\/p>\n<p>Bibliograf\u00eda<\/p>\n<p>[\/et_pb_text][et_pb_text _builder_version=\u00bb4.9.3&#8243; _module_preset=\u00bbdefault\u00bb text_font_size=\u00bb13px\u00bb text_line_height=\u00bb1.1em\u00bb global_colors_info=\u00bb{}\u00bb theme_builder_area=\u00bbpost_content\u00bb]<\/p>\n<p>G\u00f3mez, S. (1971) Nuevas pinturas rupestres en el T\u00e9rmino de Villafranca del Cid. Actas del I Congreso de Histoira del Pa\u00eds Valenciano, II. Valencia.<\/p>\n<p>Mesado, N. (1989) Las pinturas rupestres de la \u2018Covatina del Tossalet del Mas de la Rambla,Vilafranca, Castell\u00f3n. Lucentum, VII-VIII: 35-56.<\/p>\n<p>Domingo et al. (in press 2021). Multidisciplinary and integral approaches to rock art as strategy for rock art conservation: La Covatina site as case study. In A. Batarda, M. Marshall &amp; I. Domingo (eds.) <em>Open-air rock art conservation and management: a further state of affairs<\/em>. Roudlege.<\/p>\n<p>[\/et_pb_text][et_pb_divider color=\u00bb#3f3838&#8243; divider_weight=\u00bb2px\u00bb _builder_version=\u00bb4.9.1&#8243; _module_preset=\u00bbdefault\u00bb width=\u00bb200px\u00bb module_alignment=\u00bbleft\u00bb custom_margin=\u00bb70px|930px|0px||false|false\u00bb locked=\u00bboff\u00bb global_colors_info=\u00bb{}\u00bb theme_builder_area=\u00bbpost_content\u00bb][\/et_pb_divider][et_pb_text _builder_version=\u00bb4.9.1&#8243; _module_preset=\u00bbdefault\u00bb text_font=\u00bb|800|||||||\u00bb text_font_size=\u00bb22px\u00bb custom_margin=\u00bb-6px||||false|false\u00bb custom_padding=\u00bb||||false|false\u00bb locked=\u00bboff\u00bb global_colors_info=\u00bb{}\u00bb theme_builder_area=\u00bbpost_content\u00bb]<\/p>\n<p>Galer\u00eda de im\u00e1genes<\/p>\n<p>[\/et_pb_text][et_pb_gallery gallery_ids=\u00bb794,797,800,787&#8243; show_title_and_caption=\u00bboff\u00bb zoom_icon_color=\u00bb#FFFFFF\u00bb hover_overlay_color=\u00bbrgba(63,56,56,0.68)\u00bb hover_icon=\u00bb&#x54;||divi||400&#8243; _builder_version=\u00bb4.13.0&#8243; _module_preset=\u00bbdefault\u00bb box_shadow_style_image=\u00bbpreset3&#8243; global_colors_info=\u00bb{}\u00bb theme_builder_area=\u00bbpost_content\u00bb][\/et_pb_gallery][\/et_pb_column][\/et_pb_row][\/et_pb_section][et_pb_section fb_built=\u00bb1&#8243; fullwidth=\u00bbon\u00bb _builder_version=\u00bb4.9.1&#8243; _module_preset=\u00bbdefault\u00bb background_color=\u00bb#ede2d4&#8243; global_colors_info=\u00bb{}\u00bb theme_builder_area=\u00bbpost_content\u00bb][et_pb_fullwidth_portfolio title=\u00bbOtros proyectos similares\u00bb include_categories=\u00bb33&#8243; show_date=\u00bboff\u00bb zoom_icon_color=\u00bb#FFFFFF\u00bb hover_overlay_color=\u00bbrgba(63,56,56,0.74)\u00bb hover_icon=\u00bb&#x54;||divi||400&#8243; _builder_version=\u00bb4.13.0&#8243; _module_preset=\u00bbdefault\u00bb portfolio_header_font=\u00bb|800|||||||\u00bb portfolio_header_text_align=\u00bbcenter\u00bb portfolio_header_text_color=\u00bb#3f3838&#8243; background_layout=\u00bbdark\u00bb global_colors_info=\u00bb{}\u00bb theme_builder_area=\u00bbpost_content\u00bb][\/et_pb_fullwidth_portfolio][\/et_pb_section]<\/p>\n","protected":false},"excerpt":{"rendered":"<p>El yacimiento de La Covatina fue descubierto en 1971 por el maestro de escuela Salvador G\u00f3mez Bellot, quien lo dio a conocer con el nombre de la \u201cCovatica del Gran P\u00e1jaro\u201d, un nombre que hac\u00eda referencia a una de las figuras, que le recordaba a un avestruz. <\/p>\n","protected":false},"author":2,"featured_media":787,"comment_status":"closed","ping_status":"closed","template":"","meta":{"_et_pb_use_builder":"on","_et_pb_old_content":"","_et_gb_content_width":""},"project_category":[43],"project_tag":[],"yoast_head":"<!-- This site is optimized with the Yoast SEO plugin v19.6.1 - https:\/\/yoast.com\/wordpress\/plugins\/seo\/ -->\n<title>La Covatina - LArcHer<\/title>\n<meta name=\"description\" content=\"El yacimiento de La Covatina fue descubierto en 1971 por el maestro de escuela Salvador G\u00f3mez Bellot, quien lo dio a conocer con el nombre de la \u201cCovatica del Gran P\u00e1jaro\u201d, un nombre que hac\u00eda referencia a una de las figuras, que le recordaba a un avestruz.\" \/>\n<meta name=\"robots\" content=\"index, follow, max-snippet:-1, max-image-preview:large, max-video-preview:-1\" \/>\n<link rel=\"canonical\" href=\"https:\/\/www.ub.edu\/larcher\/project\/covatina\/\" \/>\n<meta property=\"og:locale\" content=\"es_ES\" \/>\n<meta property=\"og:type\" content=\"article\" \/>\n<meta property=\"og:title\" content=\"La Covatina - LArcHer\" \/>\n<meta property=\"og:description\" content=\"El yacimiento de La Covatina fue descubierto en 1971 por el maestro de escuela Salvador G\u00f3mez Bellot, quien lo dio a conocer con el nombre de la \u201cCovatica del Gran P\u00e1jaro\u201d, un nombre que hac\u00eda referencia a una de las figuras, que le recordaba a un avestruz.\" \/>\n<meta property=\"og:url\" content=\"https:\/\/www.ub.edu\/larcher\/project\/covatina\/\" \/>\n<meta property=\"og:site_name\" content=\"LArcHer\" \/>\n<meta property=\"article:modified_time\" content=\"2022-02-14T18:27:36+00:00\" \/>\n<meta property=\"og:image\" content=\"https:\/\/www.ub.edu\/larcher\/wp-content\/uploads\/Covatina-04.jpg\" \/>\n\t<meta property=\"og:image:width\" content=\"1200\" \/>\n\t<meta property=\"og:image:height\" content=\"800\" \/>\n\t<meta property=\"og:image:type\" content=\"image\/jpeg\" \/>\n<meta name=\"twitter:card\" content=\"summary\" \/>\n<script type=\"application\/ld+json\" class=\"yoast-schema-graph\">{\"@context\":\"https:\/\/schema.org\",\"@graph\":[{\"@type\":\"WebPage\",\"@id\":\"https:\/\/www.ub.edu\/larcher\/project\/covatina\/\",\"url\":\"https:\/\/www.ub.edu\/larcher\/project\/covatina\/\",\"name\":\"La Covatina - LArcHer\",\"isPartOf\":{\"@id\":\"https:\/\/www.ub.edu\/larcher\/#website\"},\"datePublished\":\"2021-04-13T14:00:06+00:00\",\"dateModified\":\"2022-02-14T18:27:36+00:00\",\"description\":\"El yacimiento de La Covatina fue descubierto en 1971 por el maestro de escuela Salvador G\u00f3mez Bellot, quien lo dio a conocer con el nombre de la \u201cCovatica del Gran P\u00e1jaro\u201d, un nombre que hac\u00eda referencia a una de las figuras, que le recordaba a un avestruz.\",\"breadcrumb\":{\"@id\":\"https:\/\/www.ub.edu\/larcher\/project\/covatina\/#breadcrumb\"},\"inLanguage\":\"es\",\"potentialAction\":[{\"@type\":\"ReadAction\",\"target\":[\"https:\/\/www.ub.edu\/larcher\/project\/covatina\/\"]}]},{\"@type\":\"BreadcrumbList\",\"@id\":\"https:\/\/www.ub.edu\/larcher\/project\/covatina\/#breadcrumb\",\"itemListElement\":[{\"@type\":\"ListItem\",\"position\":1,\"name\":\"Portada\",\"item\":\"https:\/\/www.ub.edu\/larcher\/\"},{\"@type\":\"ListItem\",\"position\":2,\"name\":\"Proyectos\",\"item\":\"https:\/\/www.ub.edu\/larcher\/project\/\"},{\"@type\":\"ListItem\",\"position\":3,\"name\":\"La Covatina\"}]},{\"@type\":\"WebSite\",\"@id\":\"https:\/\/www.ub.edu\/larcher\/#website\",\"url\":\"https:\/\/www.ub.edu\/larcher\/\",\"name\":\"LArcHer\",\"description\":\"Levantine Rock art Archaeology Heritage\",\"potentialAction\":[{\"@type\":\"SearchAction\",\"target\":{\"@type\":\"EntryPoint\",\"urlTemplate\":\"https:\/\/www.ub.edu\/larcher\/?s={search_term_string}\"},\"query-input\":\"required name=search_term_string\"}],\"inLanguage\":\"es\"}]}<\/script>\n<!-- \/ Yoast SEO plugin. -->","yoast_head_json":{"title":"La Covatina - LArcHer","description":"El yacimiento de La Covatina fue descubierto en 1971 por el maestro de escuela Salvador G\u00f3mez Bellot, quien lo dio a conocer con el nombre de la \u201cCovatica del Gran P\u00e1jaro\u201d, un nombre que hac\u00eda referencia a una de las figuras, que le recordaba a un avestruz.","robots":{"index":"index","follow":"follow","max-snippet":"max-snippet:-1","max-image-preview":"max-image-preview:large","max-video-preview":"max-video-preview:-1"},"canonical":"https:\/\/www.ub.edu\/larcher\/project\/covatina\/","og_locale":"es_ES","og_type":"article","og_title":"La Covatina - LArcHer","og_description":"El yacimiento de La Covatina fue descubierto en 1971 por el maestro de escuela Salvador G\u00f3mez Bellot, quien lo dio a conocer con el nombre de la \u201cCovatica del Gran P\u00e1jaro\u201d, un nombre que hac\u00eda referencia a una de las figuras, que le recordaba a un avestruz.","og_url":"https:\/\/www.ub.edu\/larcher\/project\/covatina\/","og_site_name":"LArcHer","article_modified_time":"2022-02-14T18:27:36+00:00","og_image":[{"width":1200,"height":800,"url":"https:\/\/www.ub.edu\/larcher\/wp-content\/uploads\/Covatina-04.jpg","type":"image\/jpeg"}],"twitter_card":"summary","schema":{"@context":"https:\/\/schema.org","@graph":[{"@type":"WebPage","@id":"https:\/\/www.ub.edu\/larcher\/project\/covatina\/","url":"https:\/\/www.ub.edu\/larcher\/project\/covatina\/","name":"La Covatina - LArcHer","isPartOf":{"@id":"https:\/\/www.ub.edu\/larcher\/#website"},"datePublished":"2021-04-13T14:00:06+00:00","dateModified":"2022-02-14T18:27:36+00:00","description":"El yacimiento de La Covatina fue descubierto en 1971 por el maestro de escuela Salvador G\u00f3mez Bellot, quien lo dio a conocer con el nombre de la \u201cCovatica del Gran P\u00e1jaro\u201d, un nombre que hac\u00eda referencia a una de las figuras, que le recordaba a un avestruz.","breadcrumb":{"@id":"https:\/\/www.ub.edu\/larcher\/project\/covatina\/#breadcrumb"},"inLanguage":"es","potentialAction":[{"@type":"ReadAction","target":["https:\/\/www.ub.edu\/larcher\/project\/covatina\/"]}]},{"@type":"BreadcrumbList","@id":"https:\/\/www.ub.edu\/larcher\/project\/covatina\/#breadcrumb","itemListElement":[{"@type":"ListItem","position":1,"name":"Portada","item":"https:\/\/www.ub.edu\/larcher\/"},{"@type":"ListItem","position":2,"name":"Proyectos","item":"https:\/\/www.ub.edu\/larcher\/project\/"},{"@type":"ListItem","position":3,"name":"La Covatina"}]},{"@type":"WebSite","@id":"https:\/\/www.ub.edu\/larcher\/#website","url":"https:\/\/www.ub.edu\/larcher\/","name":"LArcHer","description":"Levantine Rock art Archaeology Heritage","potentialAction":[{"@type":"SearchAction","target":{"@type":"EntryPoint","urlTemplate":"https:\/\/www.ub.edu\/larcher\/?s={search_term_string}"},"query-input":"required name=search_term_string"}],"inLanguage":"es"}]}},"_links":{"self":[{"href":"https:\/\/www.ub.edu\/larcher\/wp-json\/wp\/v2\/project\/786"}],"collection":[{"href":"https:\/\/www.ub.edu\/larcher\/wp-json\/wp\/v2\/project"}],"about":[{"href":"https:\/\/www.ub.edu\/larcher\/wp-json\/wp\/v2\/types\/project"}],"author":[{"embeddable":true,"href":"https:\/\/www.ub.edu\/larcher\/wp-json\/wp\/v2\/users\/2"}],"replies":[{"embeddable":true,"href":"https:\/\/www.ub.edu\/larcher\/wp-json\/wp\/v2\/comments?post=786"}],"version-history":[{"count":2,"href":"https:\/\/www.ub.edu\/larcher\/wp-json\/wp\/v2\/project\/786\/revisions"}],"predecessor-version":[{"id":803,"href":"https:\/\/www.ub.edu\/larcher\/wp-json\/wp\/v2\/project\/786\/revisions\/803"}],"wp:featuredmedia":[{"embeddable":true,"href":"https:\/\/www.ub.edu\/larcher\/wp-json\/wp\/v2\/media\/787"}],"wp:attachment":[{"href":"https:\/\/www.ub.edu\/larcher\/wp-json\/wp\/v2\/media?parent=786"}],"wp:term":[{"taxonomy":"project_category","embeddable":true,"href":"https:\/\/www.ub.edu\/larcher\/wp-json\/wp\/v2\/project_category?post=786"},{"taxonomy":"project_tag","embeddable":true,"href":"https:\/\/www.ub.edu\/larcher\/wp-json\/wp\/v2\/project_tag?post=786"}],"curies":[{"name":"wp","href":"https:\/\/api.w.org\/{rel}","templated":true}]}}