{"id":239,"date":"2020-11-05T18:51:00","date_gmt":"2020-11-05T16:51:00","guid":{"rendered":"https:\/\/www.ub.edu\/masterartsonor_temp\/?page_id=239"},"modified":"2026-04-24T18:07:41","modified_gmt":"2026-04-24T16:07:41","slug":"estructura-2","status":"publish","type":"page","link":"https:\/\/www.ub.edu\/masterartsonor\/es\/estructura-2\/","title":{"rendered":"Estructura"},"content":{"rendered":"\n<div class=\"wp-block-columns alignwide is-layout-flex wp-container-core-columns-is-layout-28f84493 wp-block-columns-is-layout-flex\">\n<div class=\"wp-block-column is-layout-flow wp-block-column-is-layout-flow\" style=\"flex-basis:20%\">\n<h2 class=\"wp-block-heading has-large-font-size\" style=\"text-transform:uppercase\">Intro<\/h2>\n<\/div>\n\n\n\n<div class=\"wp-block-column is-layout-flow wp-block-column-is-layout-flow\" style=\"flex-basis:80%\">\n<p><strong>La programaci\u00f3n acad\u00e9mica<\/strong> de este M\u00e1ster y de los postgrados propios se aprueba al inicio de cada curso, con una duraci\u00f3n de dos a\u00f1os acad\u00e9micos espec\u00edficos. La finalizaci\u00f3n de los dos cursos de postgrado y el TFM debe comenzar y finalizar dentro de los dos a\u00f1os acad\u00e9micos establecidos. No terminar el M\u00e1ster (90 cr\u00e9ditos) en el periodo programado significa que no es posible garantizar que el alumno pueda terminar los estudios de M\u00e1ster en futuras ediciones, ya que una nueva programaci\u00f3n de este M\u00e1ster estar\u00e1 sujeta a las autoridades acad\u00e9micas competentes que lo autoricen.<\/p>\n<\/div>\n<\/div>\n\n\n\n<hr class=\"wp-block-separator has-css-opacity is-style-wide is-style-wide--1\"\/>\n\n\n\n<div class=\"wp-block-columns alignwide is-layout-flex wp-container-core-columns-is-layout-28f84493 wp-block-columns-is-layout-flex\">\n<div class=\"wp-block-column is-layout-flow wp-block-column-is-layout-flow\" style=\"flex-basis:20%\">\n<h2 class=\"wp-block-heading has-large-font-size\" style=\"text-transform:uppercase\">Diploma de Postgrado en Dise\u00f1o sonoro : Proyecci\u00f3n y espacio (30 ECTS*)<\/h2>\n<\/div>\n\n\n\n<div class=\"wp-block-column is-layout-flow wp-block-column-is-layout-flow\" style=\"flex-basis:80%\">\n<p>Est\u00e1 orientado hacia el conocimiento de las ideas, t\u00e9cnicas y tecnolog\u00edas necesarias para implementar, en un espacio espec\u00edfico, una obra de arte sonoro, as\u00ed como el estudio de textos de referencia sobre la percepci\u00f3n del sonido y su papel en el entorno f\u00edsico y la realidad social.&nbsp;Revisa las asignaturas.<\/p>\n<\/div>\n<\/div>\n\n\n\n<hr class=\"wp-block-separator has-css-opacity is-style-wide is-style-wide--2\"\/>\n\n\n\n<div class=\"wp-block-columns alignwide is-layout-flex wp-container-core-columns-is-layout-28f84493 wp-block-columns-is-layout-flex\">\n<div class=\"wp-block-column is-layout-flow wp-block-column-is-layout-flow\" style=\"flex-basis:20%\">\n<h2 class=\"wp-block-heading has-large-font-size\" style=\"text-transform:uppercase\">Postgrado de Creaci\u00f3n Sonora: Materiales y Herramientas&#8221; (30 ECTS*)<\/h2>\n<\/div>\n\n\n\n<div class=\"wp-block-column is-layout-flow wp-block-column-is-layout-flow\" style=\"flex-basis:80%\">\n<p>Est\u00e1 orientado al conocimiento de las ideas, t\u00e9cnicas y tecnolog\u00edas necesarias para articular una propuesta de producci\u00f3n art\u00edstica en el \u00e1mbito del arte sonoro, as\u00ed como al estudio de textos de referencia sobre las nuevas miradas (o escuchas) del sonido a partir de las cuales se promover\u00e1 la articulaci\u00f3n de nuevas ideas, bien contextualizadas en el marco del arte contempor\u00e1neo internacional. Revisa las asignaturas. &nbsp;<\/p>\n<\/div>\n<\/div>\n\n\n\n<hr class=\"wp-block-separator has-css-opacity is-style-wide is-style-wide--3\"\/>\n\n\n\n<div class=\"wp-block-columns alignwide is-layout-flex wp-container-core-columns-is-layout-28f84493 wp-block-columns-is-layout-flex\">\n<div class=\"wp-block-column is-layout-flow wp-block-column-is-layout-flow\" style=\"flex-basis:20%\">\n<h2 class=\"wp-block-heading has-large-font-size\" style=\"text-transform:uppercase\">Proyecto final de m\u00e1ster (30 ECTS*)<\/h2>\n<\/div>\n\n\n\n<div class=\"wp-block-column is-layout-flow wp-block-column-is-layout-flow\" style=\"flex-basis:80%\">\n<p>Concepci\u00f3n y desarrollo de un proyecto de producci\u00f3n art\u00edstica o investigaci\u00f3n te\u00f3rica (con posibilidad de combinar ambos) en el \u00e1mbito del arte sonoro, bajo la tutor\u00eda de uno de los profesores del m\u00e1ster, en di\u00e1logo con los profesores invitados y con la asistencia t\u00e9cnica de los miembros del Laboratorio de Arte Sonoro de la Universidad de Barcelona.&nbsp;Si es necesario, para desarrollar su proyecto, los alumnos tendr\u00e1n acceso al taller de escultura de la Facultad de Bellas Artes y a los recursos t\u00e9cnicos de las aulas (estudios de edici\u00f3n de imagen y sonido).&nbsp;Ser\u00e1 necesario que el trabajo alcance la calidad, originalidad y rigor necesarios para, en caso de que se d\u00e9 la posibilidadser realizado y expuesto p\u00fablicamente en un centro relevante en el contexto art\u00edstico y cultural de la ciudad, como Artes Santa M\u00f2nica, o Hangar. En cualquier caso, este trabajo debe respetar los requisitos acad\u00e9micos y universitarios habituales.<\/p>\n<\/div>\n<\/div>\n\n\n\n<hr class=\"wp-block-separator has-css-opacity is-style-wide is-style-wide--4\"\/>\n\n\n\n<div class=\"wp-block-columns alignwide is-layout-flex wp-container-core-columns-is-layout-28f84493 wp-block-columns-is-layout-flex\">\n<div class=\"wp-block-column is-layout-flow wp-block-column-is-layout-flow\" style=\"flex-basis:20%\">\n<h2 class=\"wp-block-heading has-large-font-size\" style=\"text-transform:uppercase\">T\u00edtulo<\/h2>\n<\/div>\n\n\n\n<div class=\"wp-block-column is-layout-flow wp-block-column-is-layout-flow\" style=\"flex-basis:80%\">\n<p>Para obtener el t\u00edtulo de &#8220;Master arte Sonoro&#8221; es necesario haber completado los dos cursos de postgrado y el proyecto final de m\u00e1ster.<\/p>\n\n\n\n<p>Tanto el curso de postgrado de &#8220;Creaci\u00f3n sonora: Materiales y Herramientas&#8221;, como el postgrado de &#8220;Dise\u00f1o de sonido : Proyecci\u00f3n y Espacio&#8221;, se pueden tomar de forma independiente, y dan derecho a los t\u00edtulos de postgrado correspondientes.&nbsp;Para completar el proyecto final del m\u00e1ster es necesario haber superado el curso de postgrado en Materiales y Herramientas y el de Proyecci\u00f3n y Espacio.<\/p>\n\n\n\n<p>El postgrado de \u201cCreaci\u00f3n Sonora: Materiales y Herramientas&#8221; se imparte durante el primer semestre (de febrero a junio) del curso, el Postgrado de \u201cDise\u00f1o Sonoro: Proyecci\u00f3n y Espacio&#8221; se imparte durante el segundo semestre (de octubre a febrero), y el &#8220;Proyecto Final de M\u00e1ster&#8221; se lleva a cabo durante el primer semestre del curso siguiente al que se han completado los dos cursos de postgrado.<\/p>\n\n\n\n<p><em>* 1 ECTS =1 <\/em><em>European Credit Transfer and Accumulation System<\/em><em>, sistema unificado de la Uni\u00f3n Europea= aproximadamente 25 horas de trabajo del alumno, que, en el caso de este m\u00e1ster, se distribuyen aproximadamente de la siguiente manera: clase magistral (32%), trabajo dirigido y tutoriales (20%), y trabajo aut\u00f3nomo del estudiante (48%).<\/em><\/p>\n<\/div>\n<\/div>\n","protected":false},"excerpt":{"rendered":"<p>Intro La programaci\u00f3n acad\u00e9mica de este M\u00e1ster y de los postgrados propios se aprueba al inicio de cada curso, con una duraci\u00f3n de dos a\u00f1os acad\u00e9micos espec\u00edficos. La finalizaci\u00f3n de los dos cursos de postgrado y el TFM debe comenzar y finalizar dentro de los dos a\u00f1os acad\u00e9micos establecidos. No terminar el M\u00e1ster (90 cr\u00e9ditos) [&hellip;]<\/p>\n","protected":false},"author":1,"featured_media":109,"parent":0,"menu_order":0,"comment_status":"closed","ping_status":"closed","template":"","meta":{"_acf_changed":false,"footnotes":""},"class_list":["post-239","page","type-page","status-publish","has-post-thumbnail","hentry"],"acf":[],"mb":[],"lang":"es","translations":{"es":239,"ca":47,"en":456},"pll_sync_post":[],"mfb_rest_fields":["title","lang","translations","pll_sync_post"],"_links":{"self":[{"href":"https:\/\/www.ub.edu\/masterartsonor\/wp-json\/wp\/v2\/pages\/239","targetHints":{"allow":["GET"]}}],"collection":[{"href":"https:\/\/www.ub.edu\/masterartsonor\/wp-json\/wp\/v2\/pages"}],"about":[{"href":"https:\/\/www.ub.edu\/masterartsonor\/wp-json\/wp\/v2\/types\/page"}],"author":[{"embeddable":true,"href":"https:\/\/www.ub.edu\/masterartsonor\/wp-json\/wp\/v2\/users\/1"}],"replies":[{"embeddable":true,"href":"https:\/\/www.ub.edu\/masterartsonor\/wp-json\/wp\/v2\/comments?post=239"}],"version-history":[{"count":12,"href":"https:\/\/www.ub.edu\/masterartsonor\/wp-json\/wp\/v2\/pages\/239\/revisions"}],"predecessor-version":[{"id":2025,"href":"https:\/\/www.ub.edu\/masterartsonor\/wp-json\/wp\/v2\/pages\/239\/revisions\/2025"}],"wp:featuredmedia":[{"embeddable":true,"href":"https:\/\/www.ub.edu\/masterartsonor\/wp-json\/wp\/v2\/media\/109"}],"wp:attachment":[{"href":"https:\/\/www.ub.edu\/masterartsonor\/wp-json\/wp\/v2\/media?parent=239"}],"curies":[{"name":"wp","href":"https:\/\/api.w.org\/{rel}","templated":true}]}}