{"id":177,"date":"2024-02-08T12:25:51","date_gmt":"2024-02-08T11:25:51","guid":{"rendered":"https:\/\/www.ub.edu\/masterhal\/?page_id=177"},"modified":"2024-04-20T19:38:54","modified_gmt":"2024-04-20T17:38:54","slug":"faq","status":"publish","type":"page","link":"https:\/\/www.ub.edu\/masterhal\/faq\/","title":{"rendered":"FAQ"},"content":{"rendered":"<p>[et_pb_section fb_built=&#8221;1&#8243; _builder_version=&#8221;4.24.0&#8243; _module_preset=&#8221;default&#8221; global_colors_info=&#8221;{}&#8221;][et_pb_row _builder_version=&#8221;4.24.0&#8243; _module_preset=&#8221;default&#8221; global_colors_info=&#8221;{}&#8221;][et_pb_column type=&#8221;4_4&#8243; _builder_version=&#8221;4.24.0&#8243; _module_preset=&#8221;default&#8221; global_colors_info=&#8221;{}&#8221;][et_pb_heading title=&#8221;PREGUNTES FREQ\u00dcENTS (FAQ)&#8221; _builder_version=&#8221;4.24.0&#8243; _module_preset=&#8221;default&#8221; global_colors_info=&#8221;{}&#8221;][\/et_pb_heading][et_pb_text _builder_version=&#8221;4.24.2&#8243; _module_preset=&#8221;default&#8221; text_font_size=&#8221;25px&#8221; hover_enabled=&#8221;0&#8243; global_colors_info=&#8221;{}&#8221; sticky_enabled=&#8221;0&#8243;]<\/p>\n<p>38 preguntes que es poden plantejar els potencials alumnes del M\u00e0sterHAL<\/p>\n<p>[\/et_pb_text][\/et_pb_column][\/et_pb_row][et_pb_row _builder_version=&#8221;4.24.0&#8243; _module_preset=&#8221;default&#8221; custom_margin=&#8221;50px||||false|false&#8221; global_colors_info=&#8221;{}&#8221;][et_pb_column type=&#8221;4_4&#8243; _builder_version=&#8221;4.24.0&#8243; _module_preset=&#8221;default&#8221; global_colors_info=&#8221;{}&#8221;][et_pb_heading title=&#8221;M\u00e0sters i postgraus&#8221; admin_label=&#8221;M\u00e0sters i postgraus&#8221; _builder_version=&#8221;4.24.0&#8243; _module_preset=&#8221;default&#8221; title_level=&#8221;h2&#8243; global_colors_info=&#8221;{}&#8221;][\/et_pb_heading][\/et_pb_column][\/et_pb_row][et_pb_row column_structure=&#8221;1_2,1_2&#8243; _builder_version=&#8221;4.24.0&#8243; _module_preset=&#8221;default&#8221; global_colors_info=&#8221;{}&#8221;][et_pb_column type=&#8221;1_2&#8243; _builder_version=&#8221;4.24.0&#8243; _module_preset=&#8221;default&#8221; global_colors_info=&#8221;{}&#8221;][et_pb_accordion _builder_version=&#8221;4.24.0&#8243; _module_preset=&#8221;default&#8221; global_colors_info=&#8221;{}&#8221;][et_pb_accordion_item title=&#8221;Acabo de graduar-me i tinc dubtes sobre si posar-me ja a fer un m\u00e0ster. Quan s\u2019ha de fer un m\u00e0ster?&#8221; open=&#8221;on&#8221; _builder_version=&#8221;4.24.0&#8243; _module_preset=&#8221;default&#8221; global_colors_info=&#8221;{}&#8221; toggle_line_height=&#8221;1.3em&#8221;]Al m\u00e9s aviat, per guanyar en especialitzaci\u00f3 i no perdre l\u2019h\u00e0bit d\u2019estudi.. Per\u00f2 cal estar conven\u00e7ut i motivat pel curs que es vol fer. Si s\u2019est\u00e0 molt desorientat sobre l\u2019\u00e0rea on invertir -diners i temps- en formaci\u00f3, millor provar diferents camps professionals per poder anar acotant les \u00e0rees d\u2019inter\u00e8s abans de matricular-se a un m\u00e0ster.[\/et_pb_accordion_item][et_pb_accordion_item title=&#8221;\u00c9s millor un postgrau o un m\u00e0ster? &#8221; _builder_version=&#8221;4.24.0&#8243; _module_preset=&#8221;default&#8221; global_colors_info=&#8221;{}&#8221; toggle_line_height=&#8221;1.3em&#8221; open=&#8221;off&#8221;]Les dues opcions s\u00f3n bones.. Un postgrau t\u00e9 un m\u00ednim de 26 cr\u00e8dits ECTS per\u00f2 pot ser un curs b\u00e0sic complet. Un m\u00e0ster pot estar estructurat en diferents postgraus, com \u00e9s el cas del M\u00e0sterHAL, la qual cosa permet la seva realitzaci\u00f3 gradual.[\/et_pb_accordion_item][\/et_pb_accordion][\/et_pb_column][et_pb_column type=&#8221;1_2&#8243; _builder_version=&#8221;4.24.0&#8243; _module_preset=&#8221;default&#8221; global_colors_info=&#8221;{}&#8221;][et_pb_accordion _builder_version=&#8221;4.24.2&#8243; _module_preset=&#8221;default&#8221; hover_enabled=&#8221;0&#8243; global_colors_info=&#8221;{}&#8221; sticky_enabled=&#8221;0&#8243;][et_pb_accordion_item title=&#8221;Qu\u00e8 \u00e9s un m\u00e0ster anomenat \u201cpropi\u201d? &#8221; open=&#8221;on&#8221; _builder_version=&#8221;4.24.2&#8243; _module_preset=&#8221;default&#8221; hover_enabled=&#8221;0&#8243; global_colors_info=&#8221;{}&#8221; toggle_line_height=&#8221;1.3em&#8221; sticky_enabled=&#8221;0&#8243;]<\/p>\n<p>El M\u00e0sterHAL \u00e9s un m\u00e0ster \u201cpropi\u201d amb titulaci\u00f3 de la Universitat de Barcelona. Els m\u00e0sters \u201cpropis\u201d acostumen a ser professionalitzadors, amb molt professorat expert i amb un preu igual al cost real perqu\u00e8 el curs s\u2019autofinan\u00e7a. Tenen una gran flexibilitat d\u2019adaptaci\u00f3 als canvis professionals i un sistema de selecci\u00f3 d\u2019alumnat, professorat i funcionament m\u00e9s aut\u00f2noms.<\/p>\n<p>[\/et_pb_accordion_item][et_pb_accordion_item title=&#8221;Com puc saber si un m\u00e0ster \u00e9s de qualitat i no una p\u00e8rdua de temps i diners?&#8221; _builder_version=&#8221;4.24.0&#8243; _module_preset=&#8221;default&#8221; global_colors_info=&#8221;{}&#8221; toggle_line_height=&#8221;1.3em&#8221; open=&#8221;off&#8221;]A qui he de sol\u00b7licitar informaci\u00f3 detallada del m\u00e0ster?. Pots sol\u00b7licitar informaci\u00f3 detallada contactant per tel\u00e8fon o via e-mail, preguntant per la Secret\u00e0ria o Directora del M\u00e0ster. [\/et_pb_accordion_item][\/et_pb_accordion][\/et_pb_column][\/et_pb_row][et_pb_row _builder_version=&#8221;4.24.0&#8243; _module_preset=&#8221;default&#8221; custom_margin=&#8221;50px||||false|false&#8221; global_colors_info=&#8221;{}&#8221;][et_pb_column type=&#8221;4_4&#8243; _builder_version=&#8221;4.24.0&#8243; _module_preset=&#8221;default&#8221; global_colors_info=&#8221;{}&#8221;][et_pb_heading title=&#8221;Perfil dels alumnes&#8221; admin_label=&#8221;Perfil dels alumnes&#8221; _builder_version=&#8221;4.24.0&#8243; _module_preset=&#8221;default&#8221; title_level=&#8221;h2&#8243; global_colors_info=&#8221;{}&#8221;][\/et_pb_heading][\/et_pb_column][\/et_pb_row][et_pb_row column_structure=&#8221;1_2,1_2&#8243; _builder_version=&#8221;4.24.0&#8243; _module_preset=&#8221;default&#8221; global_colors_info=&#8221;{}&#8221;][et_pb_column type=&#8221;1_2&#8243; _builder_version=&#8221;4.24.0&#8243; _module_preset=&#8221;default&#8221; global_colors_info=&#8221;{}&#8221;][et_pb_accordion _builder_version=&#8221;4.24.0&#8243; _module_preset=&#8221;default&#8221; global_colors_info=&#8221;{}&#8221;][et_pb_accordion_item title=&#8221;A qui va adre\u00e7at el M\u00e0ster en Hisenda auton\u00f2mica i local: economia i gesti\u00f3 avan\u00e7ada (en endavant M\u00e0sterHAL), integrat pel Postgrau 1 en Hisenda auton\u00f2mica i local: finan\u00e7ament, pressupost i comptabilitat (en endavant Postgrau 1) i el Postgrau 2 en Hisenda local: gesti\u00f3 econ\u00f2mica avan\u00e7ada (en endavant Postgrau 2)?&#8221; open=&#8221;on&#8221; _builder_version=&#8221;4.24.0&#8243; _module_preset=&#8221;default&#8221; global_colors_info=&#8221;{}&#8221; toggle_line_height=&#8221;1.3em&#8221;]Realment a tothom que vol una formaci\u00f3 econ\u00f2mica en gesti\u00f3 pressupost\u00e0ria i comptable, en ingressos o finan\u00e7ament, i en control econ\u00f2mic de les administracions auton\u00f2miques i locals. El curs, tant s\u2019adre\u00e7a a titulats recents que no treballen o ho fan al sector privat, com a persones que treballen a l\u2019\u00e0rea econ\u00f2mica d\u2019una entitat p\u00fablica com a administratiu, t\u00e8cnic, interventor del cos, directiu o regidor municipal.[\/et_pb_accordion_item][et_pb_accordion_item title=&#8221;Qu\u00e8 ofereix el M\u00e0sterHAL a graduats (o llicenciats o diplomats) que, sense una formaci\u00f3 espec\u00edfica pr\u00e8via, porten ja uns anys treballant en alguna \u00e0rea econ\u00f2mica espec\u00edfica d\u2019un ajuntament?&#8221; _builder_version=&#8221;4.24.0&#8243; _module_preset=&#8221;default&#8221; global_colors_info=&#8221;{}&#8221; toggle_line_height=&#8221;1.3em&#8221; open=&#8221;off&#8221;]El M\u00e0sterhal dona coneixements de base i explica el perqu\u00e8 de moltes coses; i ajuda a relacionar principis i objectius rellevants amb les tasques del dia a dia. El M\u00e0sterHAL refor\u00e7a les habilitats d\u2019an\u00e0lisi econ\u00f2mica, la capacitat de fer propostes, el treball en equip, la presentaci\u00f3 en p\u00fablic, l\u2019elaboraci\u00f3 d\u2019un treball escrit, coherent en el contingut i la presentaci\u00f3, etc. El M\u00e0sterHAL d\u00f3na criteris fiscals i financers s\u00f2lids per a prendre decisions i per a explicar-les als directius o pol\u00edtics. El M\u00e0sterHAL proporciona contactes professionals, \u00fatils per al treball diari i la mobilitat laboral, amb els alumnes de la pr\u00f2pia promoci\u00f3 i les m\u00e9s de 30 restants, i amb els m\u00e9s de 50 professors dels dos postgraus.[\/et_pb_accordion_item][et_pb_accordion_item title=&#8221;Quin \u201cplus\u201d ofereix el M\u00e0sterHAL a t\u00e8cnics mitjans o superiors amb m\u00e9s de 10 anys de treball a l\u2019\u00e0rea econ\u00f2mica d\u2019una entitat p\u00fablica i tamb\u00e9 a interventors del cos? &#8221; _builder_version=&#8221;4.24.0&#8243; _module_preset=&#8221;default&#8221; global_colors_info=&#8221;{}&#8221; toggle_line_height=&#8221;1.3em&#8221; open=&#8221;off&#8221;]El M\u00e0sterHAL no s\u2019enfoca des del coneixement legal, sin\u00f3 des d\u2019una perspectiva econ\u00f2mica i de gesti\u00f3 d\u2019ingressos i de despesa, des d\u2019una perspectiva de interrelaci\u00f3 del t\u00e8cnic i el pol\u00edtic, tenint present el ciutad\u00e0 com a contribuent i com a usuari de serveis. Com a complement dels coneixements legals i del treball diari, el M\u00e0ster ajuda a aprofundir en l\u2019an\u00e0lisi econ\u00f2mica (equitat, efici\u00e8ncia, economies en la gesti\u00f3), a enriquir els criteris d\u2019an\u00e0lisi, a refor\u00e7ar la presa de decisions, i a comunicar-se amb experts i no experts.[\/et_pb_accordion_item][et_pb_accordion_item title=&#8221;Per a quines administracions p\u00fabliques s\u2019orienta la formaci\u00f3 que d\u00f3na el M\u00e0sterHAL?&#8221; _builder_version=&#8221;4.24.0&#8243; _module_preset=&#8221;default&#8221; global_colors_info=&#8221;{}&#8221; toggle_line_height=&#8221;1.3em&#8221; open=&#8221;off&#8221;]El Postgrau 1 del M\u00e0sterHAL \u00e9s \u00fatil per a la formaci\u00f3 en gesti\u00f3 econ\u00f2mica, tant en l\u2019\u00e0mbit de la Generalitat com dels ajuntaments i altres ens locals, com tamb\u00e9 en l\u2019\u00e0mbit d\u2019empreses consultores de l\u2019Administraci\u00f3 p\u00fablica. El Postgrau 2 \u00e9s un aprofundiment en la gesti\u00f3 econ\u00f2mica local.[\/et_pb_accordion_item][\/et_pb_accordion][\/et_pb_column][et_pb_column type=&#8221;1_2&#8243; _builder_version=&#8221;4.24.0&#8243; _module_preset=&#8221;default&#8221; global_colors_info=&#8221;{}&#8221;][et_pb_accordion _builder_version=&#8221;4.24.0&#8243; _module_preset=&#8221;default&#8221; global_colors_info=&#8221;{}&#8221;][et_pb_accordion_item title=&#8221;Fer el M\u00e0sterHAL serveix per preparar unes oposicions de t\u00e8cnic a la Generalitat o a l\u2019Administraci\u00f3 local (ajuntaments, consells comarcals i diputacions)? &#8221; open=&#8221;on&#8221; _builder_version=&#8221;4.24.0&#8243; _module_preset=&#8221;default&#8221; global_colors_info=&#8221;{}&#8221; toggle_line_height=&#8221;1.3em&#8221;]El M\u00e0sterHAL no est\u00e0 orientat a la preparaci\u00f3 d\u2019oposicions sin\u00f3 a formar gestors econ\u00f2mics en el sector p\u00fablic. Tanmateix, els coneixements adquirits amb els Postgraus 1 i 2 s\u00f3n un punt de partida molt avan\u00e7at per a qui prepara les oposicions de t\u00e8cnic mig o superior i les del cos d\u2019interventors.[\/et_pb_accordion_item][et_pb_accordion_item title=&#8221;Acabo de graduar-me en Economia a la UB, m\u2019ha agradat fer l\u2019assignatura de HAL i altres relacionades amb el sector p\u00fablic per\u00f2 no vull fer oposicions. T\u00e9 sentit que faci el M\u00e0sterHAL?&#8221; _builder_version=&#8221;4.24.0&#8243; _module_preset=&#8221;default&#8221; global_colors_info=&#8221;{}&#8221; toggle_line_height=&#8221;1.3em&#8221; open=&#8221;off&#8221;]Pot tenir molt sentit fer el M\u00e0sterhal si es vol treballar com a economista en el sector p\u00fablic. \u00c9s una de les millors maneres d\u2019aconseguir-ho. Sovint, l\u2019entrada inicial a una pla\u00e7a de l\u2019Administraci\u00f3 es fa mitjan\u00e7ant una selecci\u00f3 o concurs senzill on poden ser decisius els coneixements que proporciona el Postgrau 1 del M\u00e0sterHAL. [\/et_pb_accordion_item][et_pb_accordion_item title=&#8221;Si no s\u00f3c graduat o llicenciat en Economia o ADE, sin\u00f3 en Dret, Pol\u00edtiques o GAP, o diplomat en Empresarials o GAP, podr\u00e9 seguir els Postgraus 1 i 2 i superar el M\u00e0sterHAL sense grans dificultats? &#8221; _builder_version=&#8221;4.24.0&#8243; _module_preset=&#8221;default&#8221; global_colors_info=&#8221;{}&#8221; toggle_line_height=&#8221;1.3em&#8221; open=&#8221;off&#8221;]El m\u00e0ster t\u00e9 un enfocament econ\u00f2mic. L\u2019experi\u00e8ncia de 30 edicions permet afirmar que la gran majoria dels alumnes que tenen un grau o llicenciatura que no \u00e9s la d\u2019Economia o ADE tamb\u00e9 superen satisfact\u00f2riament el curs tot i que. requereix dedicaci\u00f3 i esfor\u00e7.[\/et_pb_accordion_item][\/et_pb_accordion][\/et_pb_column][\/et_pb_row][et_pb_row _builder_version=&#8221;4.24.0&#8243; _module_preset=&#8221;default&#8221; custom_margin=&#8221;50px||||false|false&#8221; global_colors_info=&#8221;{}&#8221;][et_pb_column type=&#8221;4_4&#8243; _builder_version=&#8221;4.24.0&#8243; _module_preset=&#8221;default&#8221; global_colors_info=&#8221;{}&#8221;][et_pb_heading title=&#8221;Inscripci\u00f3, matr\u00edcula i beques&#8221; admin_label=&#8221;Inscripci\u00f3, matr\u00edcula i beques&#8221; _builder_version=&#8221;4.24.0&#8243; _module_preset=&#8221;default&#8221; title_level=&#8221;h2&#8243; global_colors_info=&#8221;{}&#8221;][\/et_pb_heading][\/et_pb_column][\/et_pb_row][et_pb_row column_structure=&#8221;1_2,1_2&#8243; _builder_version=&#8221;4.24.0&#8243; _module_preset=&#8221;default&#8221; global_colors_info=&#8221;{}&#8221;][et_pb_column type=&#8221;1_2&#8243; _builder_version=&#8221;4.24.0&#8243; _module_preset=&#8221;default&#8221; global_colors_info=&#8221;{}&#8221;][et_pb_accordion _builder_version=&#8221;4.24.2&#8243; _module_preset=&#8221;default&#8221; hover_enabled=&#8221;0&#8243; global_colors_info=&#8221;{}&#8221; sticky_enabled=&#8221;0&#8243;][et_pb_accordion_item title=&#8221;Val la pena assistir a les sessions informatives si jo nom\u00e9s tinc preguntes molt personals a fer? &#8221; open=&#8221;on&#8221; _builder_version=&#8221;4.24.0&#8243; _module_preset=&#8221;default&#8221; global_colors_info=&#8221;{}&#8221; toggle_line_height=&#8221;1.3em&#8221;]\u00c9s molt recomanable anar a una sessi\u00f3 informativa impartida per la directora per veure el perfil d\u2019altres potencials alumnes \u2013titulats recents o t\u00e8cnics de l\u2019Administraci\u00f3- i per plantejar preguntes, o escoltar respostes que potser no s\u2019havia plantejat i que li poden ser \u00fatils. Sovint les preguntes que un creu que s\u00f3n personals s\u00f3n molt comunes i acostumen a ser \u00fatils per a tothom.[\/et_pb_accordion_item][et_pb_accordion_item title=&#8221;Quan cal fer la preinscripci\u00f3?&#8221; _builder_version=&#8221;4.24.0&#8243; _module_preset=&#8221;default&#8221; global_colors_info=&#8221;{}&#8221; toggle_line_height=&#8221;1.3em&#8221; open=&#8221;off&#8221;]<\/p>\n<p>La preinscripci\u00f3 es pot fer des del primer de juny, per\u00f2 la majoria d\u2019alumnes s\u2019inscriuen entre juliol i el 15 de setembre. Si alg\u00fa t\u00e9 presa la decisi\u00f3 d\u2019inscriure\u2019s, \u00e9s recomanable fer-ho, encara que s\u2019estigui pendent d\u2019alguna qualificaci\u00f3 per obtenir el t\u00edtol i la inscripci\u00f3 es faci de forma provisional.<\/p>\n<p>[\/et_pb_accordion_item][et_pb_accordion_item title=&#8221;Quin \u00e9s l\u2019horari de la Secretaria del M\u00e0sterHAL?&#8221; _builder_version=&#8221;4.24.2&#8243; _module_preset=&#8221;default&#8221; hover_enabled=&#8221;0&#8243; global_colors_info=&#8221;{}&#8221; toggle_line_height=&#8221;1.3em&#8221; open=&#8221;off&#8221; sticky_enabled=&#8221;0&#8243;]<\/p>\n<p>L\u2019horari de Secretaria \u00e9s els dilluns i dimecres a la tarda que, en ser dies de sessions lectives del Postgrau 1, la Secretaria est\u00e0 oberta 15 a 20h, i els dimarts, dijous i divendres al mat\u00ed de 08 a 14h.<\/p>\n<p>[\/et_pb_accordion_item][et_pb_accordion_item title=&#8221;Si m\u2019inscric, tinc garantida l\u2019admissi\u00f3?&#8221; _builder_version=&#8221;4.24.0&#8243; _module_preset=&#8221;default&#8221; global_colors_info=&#8221;{}&#8221; toggle_line_height=&#8221;1.3em&#8221; open=&#8221;off&#8221;]Actualment, l\u2019admissi\u00f3 \u00e9s altament probable si es reuneix el perfil, i la majoria de candidats el reuneixen. De moment, no \u00e9s determinant ni la nota mitjana ponderada (NMP) de l\u2019expedient acad\u00e8mic ni el nivell d\u2019angl\u00e8s. El curr\u00edculum, el resultat d\u2019una entrevista i l\u2019ordre d\u2019inscripci\u00f3 serien determinants en cas d\u2019haver-hi major demanda que places ofertes.[\/et_pb_accordion_item][et_pb_accordion_item title=&#8221;Si no tinc encara completats tots els cr\u00e8dits i no tinc el t\u00edtol universitari de graduat o llicenciat, puc matricular-me al M\u00e0sterHAL? &#8221; _builder_version=&#8221;4.24.0&#8243; _module_preset=&#8221;default&#8221; global_colors_info=&#8221;{}&#8221; toggle_line_height=&#8221;1.3em&#8221; open=&#8221;off&#8221;]D\u2019acord amb la normativa vigent a totes les universitats un alumne nom\u00e9s es pot matricular a un postgrau universitari si t\u00e9 un t\u00edtol universitari. En qualsevol altre cas caldria parlar amb la direcci\u00f3 del m\u00e0ster per trobar solucions.[\/et_pb_accordion_item][et_pb_accordion_item title=&#8221;Tancada la inscripci\u00f3, quan es notifica a l\u2019alumne l\u2019admissi\u00f3 al M\u00e0sterHAL? &#8221; _builder_version=&#8221;4.24.0&#8243; _module_preset=&#8221;default&#8221; global_colors_info=&#8221;{}&#8221; toggle_line_height=&#8221;1.3em&#8221; open=&#8221;off&#8221;]L\u2019admissi\u00f3 es comunica dins dels dos dies laborables posteriors al tancament del termini de preinscripcions. La confirmaci\u00f3 de l\u2019admissi\u00f3 es pot avan\u00e7ar si hom s\u2019ha inscrit abans del 15 de setembre i segons quin sigui el volum i el nivell de sol\u00b7licitants. [\/et_pb_accordion_item][\/et_pb_accordion][\/et_pb_column][et_pb_column type=&#8221;1_2&#8243; _builder_version=&#8221;4.24.0&#8243; _module_preset=&#8221;default&#8221; global_colors_info=&#8221;{}&#8221;][et_pb_accordion _builder_version=&#8221;4.24.0&#8243; _module_preset=&#8221;default&#8221; global_colors_info=&#8221;{}&#8221;][et_pb_accordion_item title=&#8221;Quan s\u2019ha de fer la matriculaci\u00f3 i el pagament de la matr\u00edcula?&#8221; open=&#8221;on&#8221; _builder_version=&#8221;4.24.0&#8243; _module_preset=&#8221;default&#8221; global_colors_info=&#8221;{}&#8221; toggle_line_height=&#8221;1.3em&#8221;]La matriculaci\u00f3 o complementaci\u00f3 del formulari oficial de matr\u00edcula s\u2019ha de fer en els dies seg\u00fcents a la confirmaci\u00f3 de l\u2019admissi\u00f3. El pagament de cada postgrau s\u2019ha de fer pels procediments electr\u00f2nics o manuals habituals a un compte de la UB, just abans d\u2019iniciar-se les sessions lectives del respectiu postgrau. Cada postgrau anual es pot pagar en 2 terminis si es gaudeix de beca, i en 3 terminis si no es t\u00e9 beca.[\/et_pb_accordion_item][et_pb_accordion_item title=&#8221;A quines beques puc optar si m\u2019inscric com a alumne&#8221; _builder_version=&#8221;4.24.0&#8243; _module_preset=&#8221;default&#8221; global_colors_info=&#8221;{}&#8221; toggle_line_height=&#8221;1.3em&#8221; open=&#8221;off&#8221;]M\u00e0sterHAL i els corresponents postgraus no contemplen beques de tipus social com les que l\u2019Estat o la Generalitat concedeix a alumnes amb fam\u00edlies amb pocs recursos quan es matriculen a un grau. Gr\u00e0cies al patrocini de CGI, una empresa privada dedicada a la gesti\u00f3 dels ingressos de les administracions p\u00fabliques, existeix una l\u00ednia de beques a alumnes menors de 30 anys per incentivar la seva incorporaci\u00f3 a la gesti\u00f3 econ\u00f2mica p\u00fablica i una l\u00ednia subsidi\u00e0ria d\u2019ajuts de transport a qui viu durant l\u2019any lluny de Barcelona. En segon lloc, gr\u00e0cies al patrocini de la Diputaci\u00f3 de Barcelona, s\u2019ofereixen beques a treballadors i electes de les entitats locals de la demarcaci\u00f3 de Barcelona.[\/et_pb_accordion_item][et_pb_accordion_item title=&#8221;Es pot fer el Postgrau 1 i despr\u00e9s posposar per una altra any o edici\u00f3 la realitzaci\u00f3 del Postgrau 2 ?&#8221; _builder_version=&#8221;4.24.0&#8243; _module_preset=&#8221;default&#8221; global_colors_info=&#8221;{}&#8221; toggle_line_height=&#8221;1.3em&#8221; open=&#8221;off&#8221;]S\u00ed, es pot fer, donat que cada curs t\u00e9 una matr\u00edcula i un t\u00edtol independent. [\/et_pb_accordion_item][et_pb_accordion_item title=&#8221;Fa diversos anys que estic a l\u2019\u00e0rea econ\u00f2mica o d\u2019intervenci\u00f3 d\u2019un ajuntament i alguns dels temes del Postgrau 2 em s\u00f3n ja familiars. Em puc inscriure al Postgrau 2 sense haver fet el Postgrau 1? &#8221; _builder_version=&#8221;4.24.0&#8243; _module_preset=&#8221;default&#8221; global_colors_info=&#8221;{}&#8221; toggle_line_height=&#8221;1.3em&#8221; open=&#8221;off&#8221;]La resposta en principi \u00e9s que no. Els m\u00f2duls 1, 2 i 3 del Postgrau 1 donen una formaci\u00f3 universit\u00e0ria \u00fanica sobre els ingressos del sector p\u00fablic en general i sobre els ingressos auton\u00f2mics i locals en particular, que en relacionar-los amb els pressupostos i amb la despesa que financen (m\u00f2duls 4 i 5) s\u2019adquireix un coneixement global dels fonaments econ\u00f2mics i del funcionament del sector p\u00fablic, pressupostari i comptable del sector p\u00fablic.[\/et_pb_accordion_item][\/et_pb_accordion][\/et_pb_column][\/et_pb_row][et_pb_row _builder_version=&#8221;4.24.0&#8243; _module_preset=&#8221;default&#8221; custom_margin=&#8221;50px||||false|false&#8221; global_colors_info=&#8221;{}&#8221;][et_pb_column type=&#8221;4_4&#8243; _builder_version=&#8221;4.24.0&#8243; _module_preset=&#8221;default&#8221; global_colors_info=&#8221;{}&#8221;][et_pb_heading title=&#8221;Postgrau 2 &#8211; Diploma d&#8217;Especialitaci\u00f3&#8221; admin_label=&#8221;Postgrau 2, o antic Postgrau Avan\u00e7at&#8221; _builder_version=&#8221;4.24.0&#8243; _module_preset=&#8221;default&#8221; title_level=&#8221;h2&#8243; global_colors_info=&#8221;{}&#8221;][\/et_pb_heading][\/et_pb_column][\/et_pb_row][et_pb_row column_structure=&#8221;1_2,1_2&#8243; _builder_version=&#8221;4.24.0&#8243; _module_preset=&#8221;default&#8221; global_colors_info=&#8221;{}&#8221;][et_pb_column type=&#8221;1_2&#8243; _builder_version=&#8221;4.24.0&#8243; _module_preset=&#8221;default&#8221; global_colors_info=&#8221;{}&#8221;][et_pb_accordion _builder_version=&#8221;4.24.2&#8243; _module_preset=&#8221;default&#8221; hover_enabled=&#8221;0&#8243; global_colors_info=&#8221;{}&#8221; sticky_enabled=&#8221;0&#8243;][et_pb_accordion_item title=&#8221;A qui va adre\u00e7at el Postgrau 2 en Hisenda Local?&#8221; open=&#8221;on&#8221; _builder_version=&#8221;4.24.2&#8243; _module_preset=&#8221;default&#8221; hover_enabled=&#8221;0&#8243; global_colors_info=&#8221;{}&#8221; toggle_line_height=&#8221;1.3em&#8221; sticky_enabled=&#8221;0&#8243;]<\/p>\n<p>Va adre\u00e7at als alumnes que han superat el Postgrau 1. Per fer el Postgrau 2 \u00e9s recomanable haver treballat ja uns anys a l\u2019Administraci\u00f3 local o haver fet un m\u00ednim de 6 mesos de pr\u00e0ctiques a un ajuntament.<\/p>\n<p>[\/et_pb_accordion_item][\/et_pb_accordion][\/et_pb_column][et_pb_column type=&#8221;1_2&#8243; _builder_version=&#8221;4.24.0&#8243; _module_preset=&#8221;default&#8221; global_colors_info=&#8221;{}&#8221;][et_pb_accordion _builder_version=&#8221;4.24.0&#8243; _module_preset=&#8221;default&#8221; global_colors_info=&#8221;{}&#8221;][et_pb_accordion_item title=&#8221;Si no he fet el Postgrau 1, puc matricular-me directament al Postgrau 2 en Hisenda Local? &#8221; open=&#8221;on&#8221; _builder_version=&#8221;4.24.0&#8243; _module_preset=&#8221;default&#8221; global_colors_info=&#8221;{}&#8221; toggle_line_height=&#8221;1.3em&#8221;]La resposta \u00e9s en principi negativa.. Aquest Postgrau 1 no est\u00e0 plantejat exclusivament per als graduats sense experi\u00e8ncia a l\u2019Administraci\u00f3. Ara b\u00e9, la direcci\u00f3 del M\u00e0sterHAL est\u00e0 oberta a estudiar cada cas i tenir en compte l\u2019experi\u00e8ncia professional del candidat, les oposicions realitzades i superades, i els m\u00e0sters o postgraus afins i amb continguts econ\u00f2mics afins realitzats (M\u00e0ster en Gesti\u00f3 P\u00fablica de UAB-UPF-UB-EAPC, M\u00e0ster en Gesti\u00f3 i Dret Local de UAB-EAPC, M\u00e0ster en Gesti\u00f3 P\u00fablica Avan\u00e7ada de UB, i Postgrau en Hisenda Local de UdL).[\/et_pb_accordion_item][\/et_pb_accordion][\/et_pb_column][\/et_pb_row][et_pb_row _builder_version=&#8221;4.24.0&#8243; _module_preset=&#8221;default&#8221; custom_margin=&#8221;50px||||false|false&#8221; global_colors_info=&#8221;{}&#8221;][et_pb_column type=&#8221;4_4&#8243; _builder_version=&#8221;4.24.0&#8243; _module_preset=&#8221;default&#8221; global_colors_info=&#8221;{}&#8221;][et_pb_heading title=&#8221;Sessions lectives&#8221; admin_label=&#8221;Sessions lectives&#8221; _builder_version=&#8221;4.24.0&#8243; _module_preset=&#8221;default&#8221; title_level=&#8221;h2&#8243; global_colors_info=&#8221;{}&#8221;][\/et_pb_heading][\/et_pb_column][\/et_pb_row][et_pb_row column_structure=&#8221;1_2,1_2&#8243; _builder_version=&#8221;4.24.0&#8243; _module_preset=&#8221;default&#8221; global_colors_info=&#8221;{}&#8221;][et_pb_column type=&#8221;1_2&#8243; _builder_version=&#8221;4.24.0&#8243; _module_preset=&#8221;default&#8221; global_colors_info=&#8221;{}&#8221;][et_pb_accordion _builder_version=&#8221;4.24.0&#8243; _module_preset=&#8221;default&#8221; global_colors_info=&#8221;{}&#8221;][et_pb_accordion_item title=&#8221;\u00c9s obligatori assistir a les sessions lectives?&#8221; _builder_version=&#8221;4.24.0&#8243; _module_preset=&#8221;default&#8221; global_colors_info=&#8221;{}&#8221; open=&#8221;on&#8221;]No \u00e9s obligatori, per\u00f2 \u00e9s necessari per comprendre b\u00e9 els temes, participar en les discussions i debats, i superar les proves sense haver de fer un esfor\u00e7 extraordinari. L\u2019assist\u00e8ncia dels alumnes \u00e9s total o casi total a totes les sessions.[\/et_pb_accordion_item][et_pb_accordion_item title=&#8221;En quin idioma s\u2019imparteixen les sessions?&#8221; _builder_version=&#8221;4.24.0&#8243; _module_preset=&#8221;default&#8221; global_colors_info=&#8221;{}&#8221; open=&#8221;off&#8221;]En catal\u00e0 per part del 90% dels professors, i en m\u00e9s del 90% de les hores lectives. La documentaci\u00f3 \u00e9s en catal\u00e0 i castell\u00e0, i m\u00ednimament en angl\u00e8s. [\/et_pb_accordion_item][\/et_pb_accordion][\/et_pb_column][et_pb_column type=&#8221;1_2&#8243; _builder_version=&#8221;4.24.0&#8243; _module_preset=&#8221;default&#8221; global_colors_info=&#8221;{}&#8221;][et_pb_accordion _builder_version=&#8221;4.24.0&#8243; _module_preset=&#8221;default&#8221; global_colors_info=&#8221;{}&#8221;][et_pb_accordion_item title=&#8221;Durant el curs s\u2019ha d\u2019estudiar molt o dedicar-hi moltes hores fora de l\u2019aula?&#8221; _builder_version=&#8221;4.24.0&#8243; _module_preset=&#8221;default&#8221; global_colors_info=&#8221;{}&#8221; open=&#8221;on&#8221;]Durant el curs s\u2019han de treballar fora de l\u2019aula les lectures facilitades i s\u2019han de preparar els exercicis, les proves, i els seminaris, i en el seu moment el de M\u00e0ster. Algunes vegades, poques, es demana fer lectures pr\u00e8vies a les sessions. \u00d2bviament, que s\u2019hagi de treballar molt o poc fora de l\u2019aula dep\u00e8n de l\u2019assist\u00e8ncia a les sessions, la formaci\u00f3 pr\u00e8via, i l\u2019experi\u00e8ncia professional en els temes tractats.[\/et_pb_accordion_item][et_pb_accordion_item title=&#8221;Si un dia per alguna causa imprevista s\u2019ha de suspendre una sessi\u00f3 amb poques hores d\u2019antelaci\u00f3 com s\u2019avisa els alumnes? &#8221; _builder_version=&#8221;4.24.0&#8243; _module_preset=&#8221;default&#8221; global_colors_info=&#8221;{}&#8221; open=&#8221;off&#8221;]Est\u00e0 previst un sistema d\u2019av\u00eds electr\u00f2nic o per tel\u00e8fon. En cas de notificar-se per tel\u00e8fon s\u2019avisa primer els alumnes que es desplacen des de poblacions m\u00e9s llunyanes per assistir a la sessi\u00f3. Aquesta situaci\u00f3 no s\u2019acostuma a donar m\u00e9s d\u2019un o dos cops cada curs. [\/et_pb_accordion_item][\/et_pb_accordion][\/et_pb_column][\/et_pb_row][et_pb_row _builder_version=&#8221;4.24.0&#8243; _module_preset=&#8221;default&#8221; custom_margin=&#8221;50px||||false|false&#8221; global_colors_info=&#8221;{}&#8221;][et_pb_column type=&#8221;4_4&#8243; _builder_version=&#8221;4.24.0&#8243; _module_preset=&#8221;default&#8221; global_colors_info=&#8221;{}&#8221;][et_pb_heading title=&#8221;Formes d\u2019aprenentatge, avaluaci\u00f3 i tutories&#8221; admin_label=&#8221;Formes d\u2019aprenentatge, avaluaci\u00f3 i tutories&#8221; _builder_version=&#8221;4.24.0&#8243; _module_preset=&#8221;default&#8221; title_level=&#8221;h2&#8243; global_colors_info=&#8221;{}&#8221;][\/et_pb_heading][\/et_pb_column][\/et_pb_row][et_pb_row column_structure=&#8221;1_2,1_2&#8243; _builder_version=&#8221;4.24.0&#8243; _module_preset=&#8221;default&#8221; global_colors_info=&#8221;{}&#8221;][et_pb_column type=&#8221;1_2&#8243; _builder_version=&#8221;4.24.0&#8243; _module_preset=&#8221;default&#8221; global_colors_info=&#8221;{}&#8221;][et_pb_accordion _builder_version=&#8221;4.24.0&#8243; _module_preset=&#8221;default&#8221; global_colors_info=&#8221;{}&#8221;][et_pb_accordion_item title=&#8221;Com puc con\u00e8ixer els objectius de formaci\u00f3 en coneixements i habilitats de cada Postgrau dins el M\u00e0sterHAL? &#8221; open=&#8221;on&#8221; _builder_version=&#8221;4.24.0&#8243; _module_preset=&#8221;default&#8221; global_colors_info=&#8221;{}&#8221; toggle_line_height=&#8221;1.3em&#8221;]Existeix un Pla Docent del M\u00e0sterHAL que est\u00e0 a disposici\u00f3 dels alumnes. En el Pla docent -exigit i aprovat per la Universitat de Barcelona- s\u2019especifica els m\u00f2duls i temes impartits, els objectius d\u2019aprenentatge en coneixements i habilitats, el funcionament de les sessions lectives, el sistema d\u2019avaluaci\u00f3, el sistema de tutoria, i els requisits del treball de final de m\u00e0ster. D\u2019altra banda, per a cada postgrau existeix una \u201cGuia del curs\u201d, que cont\u00e9 els temes, els professors que els imparteixen i les hores i dates que s\u2019hi destinen i el sistema d\u2019avaluaci\u00f3 de cada m\u00f2dul. Aquesta \u201cGuia\u201d es reparteix a tots els alumnes un cop s\u2019han matriculat, per\u00f2 es pot consultar a la Secretaria del curs abans de la inscripci\u00f3.[\/et_pb_accordion_item][et_pb_accordion_item title=&#8221;Es fan proves d\u2019avaluaci\u00f3 o ex\u00e0mens? Hi ha possibilitats de suspendre? &#8221; _builder_version=&#8221;4.24.0&#8243; _module_preset=&#8221;default&#8221; global_colors_info=&#8221;{}&#8221; open=&#8221;off&#8221;]Es fa una o m\u00e9s proves individuals a l\u2019aula, dins de cada m\u00f2dul al Postgrau 1 i sovint fora de l\u2019aula en el Postgrau 2. Es pot suspendre i, en aquest cas, s\u2019ha de pactar amb la direcci\u00f3 la forma de superar-ho.[\/et_pb_accordion_item][et_pb_accordion_item title=&#8221;Es fan gaire treballs en grup?&#8221; _builder_version=&#8221;4.24.0&#8243; _module_preset=&#8221;default&#8221; global_colors_info=&#8221;{}&#8221; open=&#8221;off&#8221;]Cal preparar en grup un parell de seminaris dins del Postgrau 1. En el Postgrau 2 el professor d\u2019un tema o d\u2019un m\u00f2dul pot decidir fer una prova en grup fora de l\u2019aula.[\/et_pb_accordion_item][\/et_pb_accordion][\/et_pb_column][et_pb_column type=&#8221;1_2&#8243; _builder_version=&#8221;4.24.0&#8243; _module_preset=&#8221;default&#8221; global_colors_info=&#8221;{}&#8221;][et_pb_accordion _builder_version=&#8221;4.24.0&#8243; _module_preset=&#8221;default&#8221; global_colors_info=&#8221;{}&#8221;][et_pb_accordion_item title=&#8221;\u00c9s obligatori fer el Treball Final de M\u00e0ster (TFM)?&#8221; open=&#8221;on&#8221; _builder_version=&#8221;4.24.0&#8243; _module_preset=&#8221;default&#8221; global_colors_info=&#8221;{}&#8221; toggle_line_height=&#8221;1.3em&#8221;]\u00c9s obligatori realitzar i superar el TFM per obtenir el t\u00edtol del M\u00e0sterHAL. La matr\u00edcula i realitzaci\u00f3 del TFM es fa un cop superats els Postgraus 1 i 2. A cada edici\u00f3 acad\u00e8mica cal presentar el TFM dins d\u2019uns terminis. \u00c9s molt recomanable fer el TFM per les habilitats addicionals que s\u2019adquireixen amb l\u2019ajut d\u2019un tutor espec\u00edfic. [\/et_pb_accordion_item][et_pb_accordion_item title=&#8221;Es fan tutories? De fet, en qu\u00e8 consisteixen les tutories?&#8221; _builder_version=&#8221;4.24.0&#8243; _module_preset=&#8221;default&#8221; global_colors_info=&#8221;{}&#8221; open=&#8221;off&#8221;]La tutoria es pot definir com el suport o la guia acad\u00e8mica de l\u2019alumne per part d\u2019un professor. Es fan com a m\u00ednim tres tipus de tutoria: primer, una tutoria general i permanent per part del director que est\u00e0 a disposici\u00f3 dels alumnes; segon, la tutoria d\u2019un professor especialista per ajudar als alumnes a preparar els seminaris; i tercer, la tutoria que ofereix el tutor assignat pel Treball Final de M\u00e0ster que s\u2019assigna a cada alumnes en funci\u00f3 del tema escollit.[\/et_pb_accordion_item][\/et_pb_accordion][\/et_pb_column][\/et_pb_row][et_pb_row _builder_version=&#8221;4.24.0&#8243; _module_preset=&#8221;default&#8221; custom_margin=&#8221;50px||||false|false&#8221; global_colors_info=&#8221;{}&#8221;][et_pb_column type=&#8221;4_4&#8243; _builder_version=&#8221;4.24.0&#8243; _module_preset=&#8221;default&#8221; global_colors_info=&#8221;{}&#8221;][et_pb_heading title=&#8221;Pr\u00e0ctiques&#8221; admin_label=&#8221;Pr\u00e0ctiques&#8221; _builder_version=&#8221;4.24.0&#8243; _module_preset=&#8221;default&#8221; title_level=&#8221;h2&#8243; global_colors_info=&#8221;{}&#8221;][\/et_pb_heading][\/et_pb_column][\/et_pb_row][et_pb_row column_structure=&#8221;1_2,1_2&#8243; _builder_version=&#8221;4.24.0&#8243; _module_preset=&#8221;default&#8221; global_colors_info=&#8221;{}&#8221;][et_pb_column type=&#8221;1_2&#8243; _builder_version=&#8221;4.24.0&#8243; _module_preset=&#8221;default&#8221; global_colors_info=&#8221;{}&#8221;][et_pb_accordion _builder_version=&#8221;4.24.0&#8243; _module_preset=&#8221;default&#8221; global_colors_info=&#8221;{}&#8221;][et_pb_accordion_item title=&#8221;Quins s\u00f3n les caracter\u00edstiques i objectius de les pr\u00e0ctiques? &#8221; open=&#8221;on&#8221; _builder_version=&#8221;4.24.0&#8243; _module_preset=&#8221;default&#8221; global_colors_info=&#8221;{}&#8221; toggle_line_height=&#8221;1.3em&#8221;]Les pr\u00e0ctiques s\u2019ofereixen en un format de 5 a 6 mesos (30 hores setmanals) a l\u2019\u00e0rea de gesti\u00f3 econ\u00f2mica d\u2019un ajuntament. Les pr\u00e0ctiques tenen un objectiu m\u00faltiple: primer, \u00e9s un primer contacte amb el m\u00f3n laboral de les administracions p\u00fabliques per a qui no l\u2019ha tingut; segon, complementen la formaci\u00f3 en temes pressupostaris, comptables i d\u2019intervenci\u00f3; i, tercer, s\u2019entra en contacte amb un ajuntament concret que en un moment determinat pot necessitar un nou t\u00e8cnic a la plantilla o resoldre una substituci\u00f3 per maternitat.[\/et_pb_accordion_item][et_pb_accordion_item title=&#8221;\u00c9s obligatori fer pr\u00e0ctiques, i aquestes compten com a cr\u00e8dits? &#8221; _builder_version=&#8221;4.24.0&#8243; _module_preset=&#8221;default&#8221; global_colors_info=&#8221;{}&#8221; open=&#8221;off&#8221;]Les pr\u00e0ctiques s\u00f3n totalment opcionals, no s\u00f3n obligat\u00f2ries, i no compten com a cr\u00e8dits. S\u00f3n practiques extracurriculars, i es poden fer durant el Postgrau 1 en finalitzar el Postgrau 1, i tamb\u00e9 es poden renovar en una o m\u00e9s entitats locals. Les pr\u00e0ctiques s\u00f3n una formaci\u00f3 complement\u00e0ria molt \u00fatil per a la persona no introdu\u00efda en les \u00e0rees econ\u00f2miques de l\u2019Administraci\u00f3 p\u00fablica.[\/et_pb_accordion_item][\/et_pb_accordion][\/et_pb_column][et_pb_column type=&#8221;1_2&#8243; _builder_version=&#8221;4.24.0&#8243; _module_preset=&#8221;default&#8221; global_colors_info=&#8221;{}&#8221;][et_pb_accordion _builder_version=&#8221;4.24.0&#8243; _module_preset=&#8221;default&#8221; global_colors_info=&#8221;{}&#8221;][et_pb_accordion_item title=&#8221;Estic ara treballant en una feina que no m\u2019agrada per\u00f2 necessito els diners. Quan s\u2019inicien les pr\u00e0ctiques i quan hauria de confirmar que vull fer-les?&#8221; open=&#8221;on&#8221; _builder_version=&#8221;4.24.0&#8243; _module_preset=&#8221;default&#8221; global_colors_info=&#8221;{}&#8221; toggle_line_height=&#8221;1.3em&#8221;]Les pr\u00e0ctiques s\u2019ofereixen cada any al desembre per iniciar-les el febrer o el mar\u00e7 de cada any i fins el 31 de juliol.  Aix\u00ed s\u2019evita les vacances d\u2019estiu i de Nadal. No \u00e9s compatible un treball amb horari convencional i uns mesos de pr\u00e0ctiques ja que sempre es fan al mat\u00ed.[\/et_pb_accordion_item][\/et_pb_accordion][\/et_pb_column][\/et_pb_row][et_pb_row _builder_version=&#8221;4.24.0&#8243; _module_preset=&#8221;default&#8221; custom_margin=&#8221;50px||||false|false&#8221; global_colors_info=&#8221;{}&#8221;][et_pb_column type=&#8221;4_4&#8243; _builder_version=&#8221;4.24.0&#8243; _module_preset=&#8221;default&#8221; global_colors_info=&#8221;{}&#8221;][et_pb_heading title=&#8221;Trobar feina, mercat de treball i borsa de treball&#8221; admin_label=&#8221;Trobar feina, mercat de treball i borsa de treball&#8221; _builder_version=&#8221;4.24.0&#8243; _module_preset=&#8221;default&#8221; title_level=&#8221;h2&#8243; global_colors_info=&#8221;{}&#8221;][\/et_pb_heading][\/et_pb_column][\/et_pb_row][et_pb_row column_structure=&#8221;1_2,1_2&#8243; _builder_version=&#8221;4.24.0&#8243; _module_preset=&#8221;default&#8221; global_colors_info=&#8221;{}&#8221;][et_pb_column type=&#8221;1_2&#8243; _builder_version=&#8221;4.24.0&#8243; _module_preset=&#8221;default&#8221; global_colors_info=&#8221;{}&#8221;][et_pb_accordion _builder_version=&#8221;4.24.0&#8243; _module_preset=&#8221;default&#8221; global_colors_info=&#8221;{}&#8221;][et_pb_accordion_item title=&#8221;Quan hom acaba el M\u00e0sterHAL troba feina f\u00e0cilment?&#8221; open=&#8221;on&#8221; _builder_version=&#8221;4.24.0&#8243; _module_preset=&#8221;default&#8221; global_colors_info=&#8221;{}&#8221; toggle_line_height=&#8221;1.3em&#8221;]Succeeix de forma silenciosa, perqu\u00e8 hi ha un degoteig constant de places a les \u00e0rees de gesti\u00f3 econ\u00f2mica dels ajuntaments\u201d. Entre 2009 i 2014 ha estat m\u00e9s dif\u00edcil, per\u00f2 els \u00faltims anys es nota una major oferta per part dels ajuntaments que no sempre es cobreix per manca de graduats m\u00ednimament preparats que superin les proves, especialment en municipis allunyats de Barcelona. Aquesta oferta \u00e9s una oferta silenciosa, que a vegades es canalitza mitjan\u00e7ant la borsa de treball del M\u00e0sterHAL.[\/et_pb_accordion_item][et_pb_accordion_item title=&#8221;Quin valor t\u00e9 el M\u00e0sterHAL en el mercat de treball?&#8221; _builder_version=&#8221;4.24.0&#8243; _module_preset=&#8221;default&#8221; global_colors_info=&#8221;{}&#8221; open=&#8221;off&#8221;]T\u00e9 el valor de ser un m\u00e0ster que, primer, s\u2019ha guanyat el prestigi per la seva seriositat en l\u2019organitzaci\u00f3, l\u2019atenci\u00f3  i els continguts; segon, reuneix un bon equip de professors, competent pel fet de ser molt expert i amant de la doc\u00e8ncia; tercer, \u00e9s actualment l\u2019\u00fanic de la seva especialitat a Catalunya; i quart, disposa d\u2019una borsa informal de treball fornida per les ofertes que faciliten els antics alumnes i els m\u00e9s de 50 professors vinculats a l\u2019administraci\u00f3  p\u00fablica catalana.[\/et_pb_accordion_item][\/et_pb_accordion][\/et_pb_column][et_pb_column type=&#8221;1_2&#8243; _builder_version=&#8221;4.24.0&#8243; _module_preset=&#8221;default&#8221; global_colors_info=&#8221;{}&#8221;][et_pb_accordion _builder_version=&#8221;4.24.0&#8243; _module_preset=&#8221;default&#8221; global_colors_info=&#8221;{}&#8221;][et_pb_accordion_item title=&#8221;Com funciona la borsa de treball?&#8221; _builder_version=&#8221;4.24.0&#8243; _module_preset=&#8221;default&#8221; global_colors_info=&#8221;{}&#8221; open=&#8221;on&#8221;]La borsa de treball \u00e9s exclusiva per als exalumnes del M\u00e0sterHAL. \u00c9s una borsa informal sense una base de dades amb vacants a empreses o a institucions i amb curr\u00edculums d\u2019alumnes. \u00c9s gratu\u00efta tant per a l\u2019alumne com per a la instituci\u00f3 oferent de places. \u00c9s, de fet, un servei que es posa en marxa cada cop que hi ha una oferta de treball comunicada o sol\u00b7licitada expressament a la direcci\u00f3 del M\u00e0sterHAL, tant si surt m\u00e9s tard la convocat\u00f2ria al butllet\u00ed oficial (interins i funcionaris) com no (contractats per urg\u00e8ncia i substitucions per maternitat). L\u2019oferta de treball s\u2019envia per correu electr\u00f2nic als exalumnes de les \u00faltimes promocions o als que han mostrat inter\u00e8s a canviar de lloc de treball. Els exalumnes interessats envien per a cada oferta un curr\u00edculum actualitzat que es reenvia a la instituci\u00f3 convocant o que t\u00e9 la intenci\u00f3 de cobrir la pla\u00e7a.[\/et_pb_accordion_item][\/et_pb_accordion][\/et_pb_column][\/et_pb_row][\/et_pb_section]<\/p>\n","protected":false},"excerpt":{"rendered":"<p>38 preguntes que es poden plantejar els potencials alumnes del M\u00e0sterHALAl m\u00e9s aviat, per guanyar en especialitzaci\u00f3 i no perdre l\u2019h\u00e0bit d\u2019estudi.. Per\u00f2 cal estar conven\u00e7ut i motivat pel curs que es vol fer. Si s\u2019est\u00e0 molt desorientat sobre l\u2019\u00e0rea on invertir -diners i temps- en formaci\u00f3, millor provar diferents camps professionals per poder anar [&hellip;]<\/p>\n","protected":false},"author":1,"featured_media":0,"parent":0,"menu_order":0,"comment_status":"closed","ping_status":"closed","template":"","meta":{"_et_pb_use_builder":"on","_et_pb_old_content":"","_et_gb_content_width":"","footnotes":""},"class_list":["post-177","page","type-page","status-publish","hentry"],"_links":{"self":[{"href":"https:\/\/www.ub.edu\/masterhal\/wp-json\/wp\/v2\/pages\/177","targetHints":{"allow":["GET"]}}],"collection":[{"href":"https:\/\/www.ub.edu\/masterhal\/wp-json\/wp\/v2\/pages"}],"about":[{"href":"https:\/\/www.ub.edu\/masterhal\/wp-json\/wp\/v2\/types\/page"}],"author":[{"embeddable":true,"href":"https:\/\/www.ub.edu\/masterhal\/wp-json\/wp\/v2\/users\/1"}],"replies":[{"embeddable":true,"href":"https:\/\/www.ub.edu\/masterhal\/wp-json\/wp\/v2\/comments?post=177"}],"version-history":[{"count":1,"href":"https:\/\/www.ub.edu\/masterhal\/wp-json\/wp\/v2\/pages\/177\/revisions"}],"predecessor-version":[{"id":1116,"href":"https:\/\/www.ub.edu\/masterhal\/wp-json\/wp\/v2\/pages\/177\/revisions\/1116"}],"wp:attachment":[{"href":"https:\/\/www.ub.edu\/masterhal\/wp-json\/wp\/v2\/media?parent=177"}],"curies":[{"name":"wp","href":"https:\/\/api.w.org\/{rel}","templated":true}]}}