{"id":447,"date":"2024-02-15T11:43:06","date_gmt":"2024-02-15T10:43:06","guid":{"rendered":"https:\/\/www.ub.edu\/masterhal\/?page_id=447"},"modified":"2026-02-27T16:50:20","modified_gmt":"2026-02-27T15:50:20","slug":"caracteristiques","status":"publish","type":"page","link":"https:\/\/www.ub.edu\/masterhal\/girona\/caracteristiques\/","title":{"rendered":"Caracter\u00edstiques"},"content":{"rendered":"<p>[et_pb_section fb_built=&#8221;1&#8243; _builder_version=&#8221;4.24.0&#8243; _module_preset=&#8221;default&#8221; custom_margin=&#8221;0px|0px|0px|0px|true|true&#8221; custom_padding=&#8221;0px|0px|0px|0px|true|true&#8221; global_colors_info=&#8221;{}&#8221; theme_builder_area=&#8221;post_content&#8221;][et_pb_row column_structure=&#8221;3_5,2_5&#8243; _builder_version=&#8221;4.24.0&#8243; _module_preset=&#8221;default&#8221; width=&#8221;100%&#8221; custom_margin=&#8221;||||true|false&#8221; custom_padding=&#8221;0px||||false|false&#8221; global_colors_info=&#8221;{}&#8221; theme_builder_area=&#8221;post_content&#8221;][et_pb_column type=&#8221;3_5&#8243; _builder_version=&#8221;4.24.0&#8243; _module_preset=&#8221;default&#8221; global_colors_info=&#8221;{}&#8221; theme_builder_area=&#8221;post_content&#8221;][et_pb_text admin_label=&#8221;Info&#8221; _builder_version=&#8221;4.24.2&#8243; _module_preset=&#8221;default&#8221; header_2_text_color=&#8221;#D7773C&#8221; header_3_font=&#8221;|300|||||||&#8221; header_3_text_color=&#8221;#D7773C&#8221; header_5_font=&#8221;|300|||||||&#8221; header_5_text_color=&#8221;#D7773C&#8221; header_5_font_size=&#8221;21px&#8221; custom_margin=&#8221;||50px||false|false&#8221; custom_css_free_form=&#8221;selector li{||  margin-top: 15px;||}||&#8221; global_colors_info=&#8221;{}&#8221; theme_builder_area=&#8221;post_content&#8221;]<\/p>\n<h2>M\u00c0STER EN HISENDA AUTON\u00d2MICA I LOCAL: ECONOMIA I GESTI\u00d3 AVAN\u00c7ADA<\/h2>\n<p><strong>Postgrau 1 a Girona 3\u00aa edici\u00f3:<\/strong> setembre 2024 &#8211; juliol 2025<br \/><strong>Postgrau 2 a Girona 3\u00aa edici\u00f3:<\/strong> octubre 2025 &#8211; juliol 2026<\/p>\n<p><strong>Amb la col\u00b7laboraci\u00f3 de la Diputaci\u00f3 de Girona<\/strong><\/p>\n<h5>Direcci\u00f3:<br \/><strong><\/strong><\/h5>\n<p><strong>Maite Vilalta Ferrer<\/strong><br \/><em>Professora Titular d\u2019Hisenda P\u00fablica<\/em><\/p>\n<p>Secci\u00f3 d\u2019Economia P\u00fablica, Departament d\u2019Economia<br \/>Facultat d\u2019Economia i Empresa<br \/>Diagonal 690, torre 6, planta 2, despatx 6228, 08034-Barcelona.<br \/>Tel. 93 403 58 92<br \/><strong>Horaris de secretaria<\/strong>: Dl i Dme de 15h a 20h; Resta de dies a concretar per email<\/p>\n<p>[\/et_pb_text][\/et_pb_column][et_pb_column type=&#8221;2_5&#8243; _builder_version=&#8221;4.24.0&#8243; _module_preset=&#8221;default&#8221; global_colors_info=&#8221;{}&#8221; theme_builder_area=&#8221;post_content&#8221;][et_pb_blurb image=&#8221;https:\/\/www.ub.edu\/masterhal\/wp-content\/uploads\/2024\/02\/FulletA4Girona2024RGB.webp&#8221; _builder_version=&#8221;4.24.0&#8243; _module_preset=&#8221;default&#8221; header_text_color=&#8221;#EEEEEE&#8221; body_text_align=&#8221;center&#8221; body_text_color=&#8221;#EEEEEE&#8221; body_font_size=&#8221;25px&#8221; background_color=&#8221;#0071CD&#8221; background_enable_mask_style=&#8221;on&#8221; background_mask_style=&#8221;arch&#8221; background_mask_transform=&#8221;rotate_90_degree|invert&#8221; background_mask_aspect_ratio=&#8221;portrait&#8221; background_mask_size=&#8221;custom&#8221; background_mask_width=&#8221;103%&#8221; background_mask_height=&#8221;52%&#8221; background_mask_position=&#8221;top_center&#8221; background_mask_vertical_offset=&#8221;-14%&#8221; custom_padding=&#8221;50px|30px|50px|30px|false|true&#8221; border_radii=&#8221;off|||10px|10px&#8221; border_width_all=&#8221;2px&#8221; border_color_all=&#8221;#EEEEEE&#8221; global_module=&#8221;740&#8243; saved_tabs=&#8221;all&#8221; global_colors_info=&#8221;{}&#8221; theme_builder_area=&#8221;post_content&#8221;]<\/p>\n<p><span>Si est\u00e0s interessat, des d\u2019aqu\u00ed pots descarregar el fullet del M\u00e0ster amb un resum de la informaci\u00f3 m\u00e9s important.<\/span><\/p>\n<p><span class=\"botonanuncio\"><a href=\"https:\/\/www.ub.edu\/masterhal\/fulleta4girona2024rgb-2\/\" target=\"_blank\" rel=\"noopener\">Descarregar PDF <span class=\"iconpdf\"><\/span><\/a><\/span><\/p>\n<p>[\/et_pb_blurb][\/et_pb_column][\/et_pb_row][et_pb_row _builder_version=&#8221;4.24.0&#8243; _module_preset=&#8221;default&#8221; width=&#8221;100%&#8221; custom_margin=&#8221;||||true|false&#8221; custom_padding=&#8221;0px||||false|false&#8221; global_colors_info=&#8221;{}&#8221; theme_builder_area=&#8221;post_content&#8221;][et_pb_column type=&#8221;4_4&#8243; _builder_version=&#8221;4.24.0&#8243; _module_preset=&#8221;default&#8221; global_colors_info=&#8221;{}&#8221; theme_builder_area=&#8221;post_content&#8221;][et_pb_text admin_label=&#8221;Presentaci\u00f3&#8221; _builder_version=&#8221;4.24.2&#8243; _module_preset=&#8221;default&#8221; header_3_font=&#8221;|300|||||||&#8221; header_3_text_color=&#8221;#D7773C&#8221; custom_margin=&#8221;||50px||false|false&#8221; custom_css_free_form=&#8221;selector li{||  margin-top: 15px;||}||&#8221; global_colors_info=&#8221;{}&#8221; theme_builder_area=&#8221;post_content&#8221;]<\/p>\n<h3>PRESENTACI\u00d3<\/h3>\n<p>El M\u00e0ster en Hisenda Auton\u00f2mica i Local de la Universitat de Barcelona t\u00e9 com a objectiu donar una formaci\u00f3 b\u00e0sica completa de nivell universitari en gesti\u00f3 financera, pressupost\u00e0ria i comptable dels ens locals.<\/p>\n<p>El curs s\u2019adre\u00e7a tant per a persones graduades que encara no treballen en l&#8217;Administraci\u00f3 com per a persones que ja estan treballant en una entitat p\u00fablica dins de l&#8217;\u00e0mbit del finan\u00e7ament, gesti\u00f3 pressupost\u00e0ria, comptabilitat i control econ\u00f2mic.<\/p>\n<p>El M\u00e0ster no solament pret\u00e9n donar coneixements, sin\u00f3 tamb\u00e9 criteri per ajudar a prendre decisions als pol\u00edtics locals en els temes tributaris, financers i pressupostaris. A m\u00e9s el curs treballa les diferents habilitats que ha de tenir un servidor p\u00fablic dins de l\u2019\u00e0rea econ\u00f2mica.<\/p>\n<p>L\u2019equip directiu i de professors compta amb l\u2019aval de 38 edicions realitzades en els darrers trenta anys a la Universitat de Barcelona, i amb casi 700 exalumnes. \u00c9s l\u2019\u00fanic postgrau de la seva especialitat a Catalunya, i gaudeix de la confian\u00e7a de les institucions p\u00fabliques de Catalunya i de moltes entitats locals que, any rere any, compten en fornir-se de t\u00e8cnics que han realitzat el M\u00e0sterHAL.<\/p>\n<p>[\/et_pb_text][et_pb_text admin_label=&#8221;CARACTER\u00cdSTIQUES&#8221; _builder_version=&#8221;4.24.2&#8243; _module_preset=&#8221;default&#8221; header_3_font=&#8221;|300|||||||&#8221; header_3_text_color=&#8221;#D7773C&#8221; custom_margin=&#8221;||50px||false|false&#8221; custom_css_free_form=&#8221;selector li{||  margin-top: 15px;||}||&#8221; global_colors_info=&#8221;{}&#8221; theme_builder_area=&#8221;post_content&#8221;]<\/p>\n<h3>CARACTER\u00cdSTIQUES DEL POSTGRAU 1 &#8211; Diploma d&#8217;Especialitzaci\u00f3<\/h3>\n<p><strong>Durada:<\/strong> 237 hores lectives (30 cr\u00e8dits ECTS).<\/p>\n<p><strong>Dates lectives:<\/strong> setembre 2024 &#8211; juliol 2025<\/p>\n<p><strong>Horaris:<\/strong> dimarts i dijous de 16,30 a 19,30h<\/p>\n<p><strong>Lloc:<\/strong> Casa de Cultura de la Diputaci\u00f3 de Girona, pla\u00e7a de l\u2019Hospital 6, Girona<\/p>\n<p><strong>Requisit previ:<\/strong>Per inscriure\u2019s a aquest Postgrau cal ser resident a la Demarcaci\u00f3 de Girona, o treballar en una entitat local de la Demarcaci\u00f3 de Girona.<\/p>\n<p><strong>T\u00edtol requerit:<\/strong> Grau o llicenciatura d\u2019Economia o ADE, i graus o llicenciatures de Dret, Pol\u00edtiques i Gesti\u00f3 P\u00fablica o diplomatura de Ci\u00e8ncies Empresarials, i altres graus o llicenciatures sempre que es puguin demostrar coneixements o experi\u00e8ncia en gesti\u00f3 econ\u00f2mica a l\u2019Administraci\u00f3 p\u00fablica.<\/p>\n<p><strong>T\u00edtol que es concedeix:<\/strong> Diploma d\u2019Especialitzaci\u00f3. Postgrau en Hisenda Auton\u00f2mica Local: finan\u00e7ament, pressupost i comptabilitat, expedit per la Universitat de Barcelona. Aquest t\u00edtol de postgrau \u00e9s equivalent al Postgrau 1 en Hisenda Auton\u00f2mica Local: finan\u00e7ament, pressupost i comptabilitat del M\u00e0ster en Hisenda Auton\u00f2mica i Local de la Universitat de Barcelona.<\/p>\n<p><strong>Sistema d\u2019avaluaci\u00f3:<\/strong> Per m\u00f2duls mitjan\u00e7ant ex\u00e0mens, seminaris i treballs individuals o en grup a l\u2019aula i fora de l\u2019aula. L\u2019assist\u00e8ncia a les sessions lectives \u00e9s un prerequisit per presentar-se a les proves de cada m\u00f2dul.<\/p>\n<p><strong>Funcionament de les sessions:\u00a0 <\/strong>La majoria de sessions les imparteix el professorat del curs, a partir de guions i bibliografia repartits pr\u00e8viament. Els seminaris els preparen els alumnes amb la supervisi\u00f3 d\u2019un professor.<\/p>\n<p><strong>Pr\u00e0ctiques:<\/strong> S\u2019ofereixen pr\u00e0ctiques opcionals extracurriculars en ajuntaments, d\u2019una durada de 5-6 mesos.<\/p>\n<p><strong>Borsa de treball:<\/strong> S\u2019ofereix als antics alumnes una borsa de treball informal de places a l\u2019Administraci\u00f3 p\u00fablica o a empreses consultores o auditores relacionades amb el sector p\u00fablic local.<\/p>\n<p>[\/et_pb_text][et_pb_text admin_label=&#8221;CARACTER\u00cdSTIQUES&#8221; _builder_version=&#8221;4.24.2&#8243; _module_preset=&#8221;default&#8221; header_3_font=&#8221;|300|||||||&#8221; header_3_text_color=&#8221;#D7773C&#8221; custom_margin=&#8221;||50px||false|false&#8221; custom_css_free_form=&#8221;selector li{||  margin-top: 15px;||}||&#8221; global_colors_info=&#8221;{}&#8221; theme_builder_area=&#8221;post_content&#8221;]<\/p>\n<h3>CARACTER\u00cdSTIQUES DEL POSTGRAU 2 &#8211; Diploma d&#8217;Expert<\/h3>\n<p><strong>Durada:<\/strong> 216 hores lectives (26 cr\u00e8dits ECTS).<\/p>\n<p><strong>Dates lectives:<\/strong> octubre 2025 &#8211; maig 2026<\/p>\n<p><strong>Horaris:<\/strong> dimarts i dijous de 16,30 a 19,30h<\/p>\n<p><strong>Lloc:<\/strong> Casa de Cultura de la Diputaci\u00f3 de Girona, pla\u00e7a de l\u2019Hospital 6, Girona<\/p>\n<p><strong>Requisit previ: <\/strong>Per inscriure\u2019s a aquest Postgrau cal ser resident a la Demarcaci\u00f3 de Girona, o treballar en una entitat local de la Demarcaci\u00f3 de Girona.<\/p>\n<p><strong>T\u00edtol que es concedeix:<\/strong> Diploma d\u2019Expert. Postgrau en Hisenda Local: gesti\u00f3 econ\u00f2mica avan\u00e7ada, expedit per la Universitat de Barcelona. Aquest t\u00edtol de postgrau \u00e9s equivalent al Postgrau 2 del M\u00e0ster en Hisenda Auton\u00f2mica i Local de la Universitat de Barcelona.<\/p>\n<p><strong>Sistema d\u2019avaluaci\u00f3:<\/strong> Per part de cada m\u00f2dul mitjan\u00e7ant treballs individuals o en grup a l\u2019aula i fora de l\u2019aula. L\u2019assist\u00e8ncia a les sessions lectives \u00e9s un prerequisit per desenvolupar cadascun dels treballs a realitzar.<\/p>\n<p><strong>Funcionament de les sessions: <\/strong>La majoria de sessions les imparteix el professorat del curs, a partir de guions i bibliografia repartits pr\u00e8viament.<\/p>\n<p><strong>Pr\u00e0ctiques:<\/strong> S\u2019ofereixen pr\u00e0ctiques opcionals extracurriculars en ajuntaments, d\u2019una durada de 3-4 mesos.<\/p>\n<p><strong>Borsa de treball:<\/strong> S\u2019ofereix als antics alumnes una borsa de treball informal de places a l\u2019Administraci\u00f3 p\u00fablica o a empreses consultores o auditores relacionades amb el sector p\u00fablic local.<\/p>\n<p><em><strong>La propera edici\u00f3 de Girona est\u00e0 pendent de concretar dates.<\/strong><\/em><\/p>\n<p>[\/et_pb_text][et_pb_text admin_label=&#8221;CARACTER\u00cdSTIQUES&#8221; _builder_version=&#8221;4.24.2&#8243; _module_preset=&#8221;default&#8221; header_3_font=&#8221;|300|||||||&#8221; header_3_text_color=&#8221;#D7773C&#8221; custom_margin=&#8221;||50px||false|false&#8221; hover_enabled=&#8221;0&#8243; custom_css_free_form=&#8221;selector li{||  margin-top: 15px;||}||&#8221; global_colors_info=&#8221;{}&#8221; theme_builder_area=&#8221;post_content&#8221; sticky_enabled=&#8221;0&#8243;]<\/p>\n<h3>Treball de final de M\u00e0ster (4 cr\u00e8dits)<\/h3>\n<p><strong>Per\u00edode de matr\u00edcula<\/strong> entre abril i maig de 2027.<br \/><strong>Matr\u00edcula<\/strong>: 800\u20ac<br \/><strong>Col\u00b7laboradors<\/strong>: Generalitat de Catalunya, Diputaci\u00f3 de Barcelona i Ajuntament de Barcelona.<\/p>\n<p>[\/et_pb_text][et_pb_text admin_label=&#8221;Profesorat&#8221; _builder_version=&#8221;4.24.2&#8243; _module_preset=&#8221;default&#8221; header_3_font=&#8221;|300|||||||&#8221; header_3_text_color=&#8221;#D7773C&#8221; custom_margin=&#8221;||0px||false|false&#8221; custom_css_free_form=&#8221;selector li{||  margin-top: 15px;||}||&#8221; global_colors_info=&#8221;{}&#8221; theme_builder_area=&#8221;post_content&#8221;]<\/p>\n<h3>PROFESSORAT<\/h3>\n<p>[\/et_pb_text][\/et_pb_column][\/et_pb_row][et_pb_row column_structure=&#8221;1_2,1_2&#8243; _builder_version=&#8221;4.24.0&#8243; _module_preset=&#8221;default&#8221; width=&#8221;100%&#8221; custom_margin=&#8221;||||true|false&#8221; custom_padding=&#8221;0px||||false|false&#8221; global_colors_info=&#8221;{}&#8221; theme_builder_area=&#8221;post_content&#8221;][et_pb_column type=&#8221;1_2&#8243; _builder_version=&#8221;4.24.0&#8243; _module_preset=&#8221;default&#8221; global_colors_info=&#8221;{}&#8221; theme_builder_area=&#8221;post_content&#8221;][et_pb_text admin_label=&#8221;Profesorat&#8221; _builder_version=&#8221;4.24.2&#8243; _module_preset=&#8221;default&#8221; header_3_font=&#8221;|300|||||||&#8221; header_3_text_color=&#8221;#D7773C&#8221; custom_margin=&#8221;5px||5px||true|false&#8221; custom_css_free_form=&#8221;selector li{||  margin-top: 15px;||}||&#8221; global_colors_info=&#8221;{}&#8221; theme_builder_area=&#8221;post_content&#8221;]<\/p>\n<p><strong>AGUST\u00cd ABELAIRA DAPENA<\/strong><br \/>Gerent d\u2019\u00c0rea de Recursos i Transformaci\u00f3 Digital de l\u2019Ajuntament de Barcelona<\/p>\n<p><strong>A\u00cfDA PALACIOS MORALES<\/strong><br \/>Investigadora postdoctoral Margarita Salas dels grups de recerca d\u2019Aporia en Filosofia Contempor\u00e0nia, \u00c8tica i Pol\u00edtica de la UB, i membre del Comit\u00e8 de seguiment del Codi \u00e8tic de la Taula del Tercer Sector.<\/p>\n<p><strong>ALBA CURRI\u00c0 REYNAL<\/strong><br \/>Sub-directora General de Deute P\u00fablic i Operacions Financeres de la Generalitat de Catalunya.<\/p>\n<p><strong>ALFRED LACASA TRIB\u00d3<\/strong><br \/>Secretari general de l\u2019Ajuntament de Blanes.<\/p>\n<p><strong>ANNA PUIG PUIGCORB\u00c9<\/strong><br \/>Interventora de l\u2019Ajuntament de Banyoles<\/p>\n<p><strong>ANTONI CALPE JORD\u00c0<\/strong><br \/>Interventor-tresorer d\u2019administraci\u00f3 local<\/p>\n<p><strong>ANTONI MORA PUIGV\u00cd<\/strong><br \/>Professor associat d\u2019Hisenda P\u00fablica de la UB i Responsable de Pla prevenci\u00f3 i reducci\u00f3 Frau fiscal de l\u2018Ag\u00e8ncia Tribut\u00e0ria Catalunya.<\/p>\n<p><strong>ANTONIETA TORRES ALTISENT<\/strong><br \/>Directora \u00c0rea Econ\u00f2mica i d\u2019Inversions Servei Catal\u00e0 de la Salut<\/p>\n<p><strong>CARME SIBINA VIDAL<\/strong><br \/>Responsable de suport jur\u00eddic a la Secretaria de la Diputaci\u00f3 de Barcelona. Professora associada de Dret Administratiu de la UB.<\/p>\n<p><strong>CARMEN ALONSO HIGUERA<\/strong><br \/>Secret\u00e0ria General de l\u2019Ajuntament de Cornell\u00e0 de Llobregat<\/p>\n<p><strong>CAROLINA GALA DUR\u00c1N<\/strong><br \/>Catedr\u00e0tica de Dret del Treball i de la Seguretat Social de la UAB<\/p>\n<p><strong>CRISTINA CASABLANCA JUEZ<\/strong><br \/>Gerent de l\u2019Organisme de Gesti\u00f3 Tribut\u00e0ria (ORGT) de la Diputaci\u00f3 de Barcelona<\/p>\n<p><strong>CRISTINA DE GISPERT BROSA<\/strong><br \/>Professora titular d\u2019Hisenda P\u00fablica de la UB<\/p>\n<p><strong>CRISTINA PRIETO BERN\u00c1RDEZ<\/strong><br \/>Directora de Serveis de Gesti\u00f3 Tribut\u00e0ria de l\u2019Organisme de Gesti\u00f3 Tribut\u00e0ria de la Diputaci\u00f3 de Barcelona<\/p>\n<p><strong>DANIEL MONTOLIO ESTVILL<\/strong><br \/>Catedr\u00e0tic d\u2019Economia de la UB<\/p>\n<p><strong>EDUARD LEGAZPI PI\u00d1EIRO<\/strong><br \/>Soci Director d\u2019Arza &amp; Legazpi, consultoria de desenvolupament de persones. Professor col\u00b7laborador de La Salle BES i de la UB<\/p>\n<p><strong>ERNEST RUIZ GARCIA<\/strong><br \/>Viceinterventor general de la Diputaci\u00f3 de Girona<\/p>\n<p><strong>FERRAN BAYO SOBRECASAS<\/strong><br \/>Cap del Servei Comptable de la Diputaci\u00f3 de Barcelona.<\/p>\n<p><strong>GRACIA BALLESTEROS FERN\u00c1NDEZ<\/strong><br \/>Enginyera de Camins, Canals i Ports, alertadora del cas de corrupci\u00f3 d\u2019Acuamed, i col\u00b7laboradora de Transpar\u00e8ncia Internacional i d\u2019Accors.<\/p>\n<p><strong>IMMACULADA TURU SANTIGOSA<\/strong><br \/>Tresorera de l\u2019Ajuntament de Barcelona<\/p>\n<p><strong>IVAN PLANAS MIRET<\/strong><br \/>Gerent de de la Universitat Polit\u00e8cnica de Catalunya<\/p>\n<p><strong>J. DIEGO L\u00d3PEZ ORTEGA<\/strong><br \/>Cap de la Secci\u00f3 de Control financer a la Intervenci\u00f3 general de la Diputaci\u00f3 de Barcelona<\/p>\n<p><strong>JOAN P\u00c0MIES PAH\u00cd<\/strong><br \/>Soci de Global &amp; Local Audit, SL.<\/p>\n<p><strong>JOAQUIM SOL\u00c9 VILANOVA<\/strong><br \/>Catedr\u00e0tic em\u00e8rit d\u2019Hisenda P\u00fablica de la UB<\/p>\n<p><strong>JORDI BA\u00d1OS ROVIRA<\/strong><br \/>Cap de l\u2019\u00c0rea d\u2019avaluaci\u00f3 econ\u00f2mica de pol\u00edtiques p\u00fabliques de la Direcci\u00f3 General de Pressupostos de la Generalitat de Catalunya, i consultor del Fons Monetari Internacional i del Banc Mundial.<\/p>\n<p>[\/et_pb_text][\/et_pb_column][et_pb_column type=&#8221;1_2&#8243; _builder_version=&#8221;4.24.0&#8243; _module_preset=&#8221;default&#8221; global_colors_info=&#8221;{}&#8221; theme_builder_area=&#8221;post_content&#8221;][et_pb_text admin_label=&#8221;Profesorat&#8221; _builder_version=&#8221;4.24.2&#8243; _module_preset=&#8221;default&#8221; header_3_font=&#8221;|300|||||||&#8221; header_3_text_color=&#8221;#D7773C&#8221; custom_margin=&#8221;5px||5px||true|false&#8221; custom_css_free_form=&#8221;selector li{||  margin-top: 15px;||}||&#8221; global_colors_info=&#8221;{}&#8221; theme_builder_area=&#8221;post_content&#8221;]<\/p>\n<p><strong>JORDI SALVADOR CUL\u00cd<\/strong><br \/>Interventor de l\u2019Ajuntament d\u2019Olot<\/p>\n<p><strong>JORDI TRES VILADOMAT<\/strong><br \/>Cap de l\u2019\u00c0rea de Formaci\u00f3 de l\u2019Oficina Antifrau de Catalunya<\/p>\n<p><strong>JOS\u00c9 LU\u00cdS MART\u00cdNEZ-ALONSO<\/strong><br \/>Professor associat de Dret Constitucional i Ci\u00e8ncia Pol\u00edtica de la UB i Director del Gabinet Jur\u00eddic de la Generalitat de Catalunya<\/p>\n<p><strong>JOSEP TEIXIDOR MASSANAS<\/strong><br \/>Tresorer de l\u2019Ajuntament de Girona<\/p>\n<p><strong>LOURDES JUEZ BERG\u00c9<\/strong><br \/>Vice-interventora de l\u2019Ajuntament de Badalona<\/p>\n<p><strong>LUIS MIGUEL CANTERO GARC\u00cdA<\/strong><br \/>Cap del Departament de Planificaci\u00f3 i Control de la Inspecci\u00f3 d\u2019Hisenda de l\u2019Ajuntament de Barcelona<\/p>\n<p><strong>MAITE CAROL SANJURJO<\/strong><br \/>Cap d\u2019Administraci\u00f3 i Finances a la Fundaci\u00f3 Picasso i consultora d\u2019administracions locals.<\/p>\n<p><strong>MAITE VILALTA FERRER<\/strong><br \/>Professora titular d\u2019Hisenda P\u00fablica de la UB.<\/p>\n<p><strong>MARIA DEL MAR DOM\u00c8NECH SISTAN\u00c9<\/strong><br \/>Cap del servei de Comptabilitat i Pressupostos. \u00c0rea d\u2019Hisenda, Administraci\u00f3, Prom. Econ\u00f2mica i Coop. Local. Diputaci\u00f3 de Girona<\/p>\n<p><strong>MARC ESTEVE TARRAGO<\/strong><br \/>Cap de Servei de Costos, Comptabilitat i Estabilitat Pressupost\u00e0ria de l\u2019Ajuntament de Tarragona<\/p>\n<p><strong>MARIONA RIERA ESTORCH<\/strong><br \/>Subdirectora general d\u2019An\u00e0lisi i Seguiment de les Despeses de la Generalitat de Catalunya.<\/p>\n<p><strong>MARTA ESPASA QUERALT<\/strong><br \/>Professora titular d\u2019Hisenda P\u00fablica de la UB<\/p>\n<p><strong>N\u00daRIA BOSCH ROCA<\/strong><br \/>Catedr\u00e0tica d\u2019Hisenda P\u00fablica de la UB<\/p>\n<p><strong>N\u00daRIA JOSA ARBON\u00c8S<\/strong><br \/>Interventora general de la Diputaci\u00f3 de Girona<\/p>\n<p><strong>PERE RUIZ ESPIN\u00d3S<\/strong><br \/>Soci de Faura-Casas Auditors-Consultors, SL.<\/p>\n<p><strong>PETRA SAIZ ANT\u00d3N<\/strong><br \/>Interventora general de l\u2019Ajuntament de l\u2019Hospitalet de Llobregat<\/p>\n<p><strong>PILAR SORRIBAS-NAVARRO<\/strong><br \/>Professora agregada al departament d\u2019Economia de la UB<\/p>\n<p><strong>RAFAEL OLA\u00d1ETA ERN\u00c1NDEZ-GRANDE<\/strong><br \/>President del Tribunal Econ\u00f2mic Administratiu de l\u2019Hospitalet de Llobregat. Professor associat de Dret Tributari de la UB<\/p>\n<p><strong>RAMON GALINDO CALD\u00c9S<\/strong><br \/>Professor agregat de Dret Administratiu a la UOC i professor associat a la UB<\/p>\n<p><strong>SANDRA ANDREU FEBAS<\/strong><br \/>Cap dels Serveis Econ\u00f2mics de la Diputaci\u00f3 de Tarragona<\/p>\n<p><strong>SUSANA DE LA FUENTE PRADA<\/strong><br \/>T\u00e8cnica Assessora en Dret de la Direcci\u00f3 de Serveis de Recursos Humans de la Diputaci\u00f3 de Barcelona i professora associada de la Facultat de Dret de la UB<\/p>\n<p><strong>TERESA VILLAR RODA<\/strong><br \/>Tresorera de la Diputaci\u00f3 de Girona.<\/p>\n<p><strong>VIRGINIA VALERO AMOR\u00d3S<\/strong><br \/>Coordinadora d\u2019Organitzaci\u00f3 i Recursos Humans de l\u2019Ajuntament de Sabadell<\/p>\n<p><strong>XAVIER MESTRE ROSANES<\/strong><br \/>Analista pressupostari a la Direcci\u00f3 General de Pressupostos de la Generalitat de Catalunya<\/p>\n<p>[\/et_pb_text][\/et_pb_column][\/et_pb_row][\/et_pb_section]<\/p>\n","protected":false},"excerpt":{"rendered":"<p>M\u00c0STER EN HISENDA AUTON\u00d2MICA I LOCAL: ECONOMIA I GESTI\u00d3 AVAN\u00c7ADA Postgrau 1 a Girona 3\u00aa edici\u00f3: setembre 2024 &#8211; juliol 2025Postgrau 2 a Girona 3\u00aa edici\u00f3: octubre 2025 &#8211; juliol 2026 Amb la col\u00b7laboraci\u00f3 de la Diputaci\u00f3 de Girona Direcci\u00f3: Maite Vilalta FerrerProfessora Titular d\u2019Hisenda P\u00fablica Secci\u00f3 d\u2019Economia P\u00fablica, Departament d\u2019EconomiaFacultat d\u2019Economia i EmpresaDiagonal 690, [&hellip;]<\/p>\n","protected":false},"author":1,"featured_media":0,"parent":445,"menu_order":1,"comment_status":"closed","ping_status":"closed","template":"","meta":{"_et_pb_use_builder":"on","_et_pb_old_content":"<!-- wp:divi\/placeholder \/-->","_et_gb_content_width":"","footnotes":""},"class_list":["post-447","page","type-page","status-publish","hentry"],"_links":{"self":[{"href":"https:\/\/www.ub.edu\/masterhal\/wp-json\/wp\/v2\/pages\/447","targetHints":{"allow":["GET"]}}],"collection":[{"href":"https:\/\/www.ub.edu\/masterhal\/wp-json\/wp\/v2\/pages"}],"about":[{"href":"https:\/\/www.ub.edu\/masterhal\/wp-json\/wp\/v2\/types\/page"}],"author":[{"embeddable":true,"href":"https:\/\/www.ub.edu\/masterhal\/wp-json\/wp\/v2\/users\/1"}],"replies":[{"embeddable":true,"href":"https:\/\/www.ub.edu\/masterhal\/wp-json\/wp\/v2\/comments?post=447"}],"version-history":[{"count":13,"href":"https:\/\/www.ub.edu\/masterhal\/wp-json\/wp\/v2\/pages\/447\/revisions"}],"predecessor-version":[{"id":1309,"href":"https:\/\/www.ub.edu\/masterhal\/wp-json\/wp\/v2\/pages\/447\/revisions\/1309"}],"up":[{"embeddable":true,"href":"https:\/\/www.ub.edu\/masterhal\/wp-json\/wp\/v2\/pages\/445"}],"wp:attachment":[{"href":"https:\/\/www.ub.edu\/masterhal\/wp-json\/wp\/v2\/media?parent=447"}],"curies":[{"name":"wp","href":"https:\/\/api.w.org\/{rel}","templated":true}]}}