{"id":5330,"date":"2019-04-08T17:28:10","date_gmt":"2019-04-08T17:28:10","guid":{"rendered":"https:\/\/www.ub.edu\/ossma\/?page_id=5330"},"modified":"2026-09-02T09:24:35","modified_gmt":"2026-09-02T09:24:35","slug":"inici","status":"publish","type":"page","link":"https:\/\/www.ub.edu\/ossma","title":{"rendered":"Inici"},"content":{"rendered":"\n<div class=\"wp-block-columns is-layout-flex wp-container-core-columns-is-layout-8f761849 wp-block-columns-is-layout-flex\">\n<div class=\"wp-block-column columna-gris is-layout-flow wp-block-column-is-layout-flow\" style=\"flex-basis:33.33%\">\n<h2 id=\"accedeix-a-a2f172cf-3df5-4861-b1f9-e2bc3f6da508\" class=\"wp-block-heading\">Accedeix a:<\/h2>\n\n\n\n<ul class=\"wp-block-list guion\">\n<li><a href=\"https:\/\/www.ub.edu\/ossma\/seguretat-salut\/cuidat\/cas-accident\" data-type=\"page\" data-id=\"432\">En cas d\u2019accident<\/a><\/li>\n\n\n\n<li><a href=\"https:\/\/www.ub.edu\/ossma\/seguretat-salut\/normes-actuacio-cas-emergencia\" data-type=\"page\" data-id=\"4706\">Normes d\u2019emerg\u00e8ncia<\/a><\/li>\n\n\n\n<li><a href=\"https:\/\/www.ub.edu\/ossma\/procediments-tramits\/pla-acollida\" data-type=\"page\" data-id=\"4270\">Personal de nova incorporaci\u00f3<\/a><\/li>\n\n\n\n<li><a href=\"https:\/\/www.ub.edu\/ossma\/seguretat-salut\/espai-preventiu-pas-pdi-pi\/informat\" data-type=\"page\" data-id=\"9461\">Informaci\u00f3 preventiva dels llocs de treball<\/a><\/li>\n\n\n\n<li><a href=\"https:\/\/www.ub.edu\/ossma\/medi-ambient\/residus-especials\" data-type=\"link\" data-id=\"https:\/\/www.ub.edu\/ossma\/medi-ambient\/residus-especials\">Residus al laboratori<\/a><\/li>\n\n\n\n<li><a href=\"https:\/\/www.ub.edu\/ossma\/seguretat-salut\/legislacio-normatives\/pla-prevencio\" data-type=\"page\" data-id=\"3481\">Pla de prevenci\u00f3<\/a><\/li>\n\n\n\n<li><a href=\"https:\/\/www.ub.edu\/ossma\/ossma-a-la-ub\/objectius-desenvolupament-sostenible\" data-type=\"page\" data-id=\"5743\">L\u2019OSSMA i els ODS<\/a><\/li>\n<\/ul>\n<\/div>\n\n\n\n<div class=\"wp-block-column is-layout-flow wp-block-column-is-layout-flow\" style=\"flex-basis:66.66%\">\n<div class=\"wp-block-cover is-light\"><img loading=\"lazy\" decoding=\"async\" width=\"800\" height=\"400\" class=\"wp-block-cover__image-background wp-image-100403 size-large\" alt=\"Imatge d'elements representatius de les diferents \u00e0rees de l'OSSMA: una armilla de seguretat, un casc de bici, un walkie-talkie, un teclat adaptat, amb un jard\u00ed de fons\" src=\"https:\/\/www.ub.edu\/ossma\/wp-content\/uploads\/2026\/07\/portada-ossma-inici-800x400.jpg\" data-object-fit=\"cover\" srcset=\"https:\/\/www.ub.edu\/ossma\/wp-content\/uploads\/2026\/07\/portada-ossma-inici-800x400.jpg 800w, https:\/\/www.ub.edu\/ossma\/wp-content\/uploads\/2026\/07\/portada-ossma-inici-750x375.jpg 750w, https:\/\/www.ub.edu\/ossma\/wp-content\/uploads\/2026\/07\/portada-ossma-inici.jpg 1000w\" sizes=\"auto, (max-width: 800px) 100vw, 800px\" \/><span aria-hidden=\"true\" class=\"wp-block-cover__background has-background-dim-0 has-background-dim\" style=\"background-color:#a6826a\"><\/span><div class=\"wp-block-cover__inner-container is-layout-flow wp-block-cover-is-layout-flow\">\n<p class=\"has-text-align-center has-large-font-size wp-block-paragraph\"><\/p>\n<\/div><\/div>\n<\/div>\n<\/div>\n\n\n\n<div style=\"height:40px\" aria-hidden=\"true\" class=\"wp-block-spacer\"><\/div>\n\n\n\n<div class=\"wp-block-columns are-vertically-aligned-bottom is-layout-flex wp-container-core-columns-is-layout-8f761849 wp-block-columns-is-layout-flex\">\n<div class=\"wp-block-column is-vertically-aligned-bottom is-layout-flow wp-block-column-is-layout-flow\" style=\"flex-basis:50%\">\n<h2 id=\"actualitat-cc0bba6c-cd9e-4282-be10-41066da80cee\" class=\"wp-block-heading\">Actualitat<\/h2>\n<\/div>\n\n\n\n<div class=\"wp-block-column is-vertically-aligned-bottom is-layout-flow wp-block-column-is-layout-flow\" style=\"flex-basis:50%\">\n<p class=\"has-text-align-right wp-block-paragraph\"><strong><a href=\"https:\/\/www.ub.edu\/ossma\/actualitat\" data-type=\"page\" data-id=\"18730\">Tota l&#8217;Actualitat<\/a><\/strong> &gt;<\/p>\n<\/div>\n<\/div>\n\n\n\n<div class=\"wp-block-query alignwide is-layout-flow wp-block-query-is-layout-flow\"><ul class=\"columns-4 wp-block-post-template is-layout-grid wp-container-core-post-template-is-layout-85a54dc3 wp-block-post-template-is-layout-grid\"><li class=\"wp-block-post post-101804 post type-post status-publish format-standard has-post-thumbnail hentry category-actualitat-medi-ambient tag-aps tag-menys-residus tag-ods12 tag-ods13 tag-ods4 tag-residus\">\n\n<div class=\"wp-block-group advgb-dyn-a6f30662 advgb-dyn-e1c06d85\" style=\"padding-top:30px;padding-right:30px;padding-bottom:30px;padding-left:30px\"><div class=\"wp-block-group__inner-container is-layout-flow wp-block-group-is-layout-flow\"><figure class=\"wp-block-post-featured-image\"><img loading=\"lazy\" decoding=\"async\" width=\"750\" height=\"500\" src=\"https:\/\/www.ub.edu\/ossma\/wp-content\/uploads\/2026\/08\/dest-menys-residus-mes-salut.jpg\" class=\"attachment-post-thumbnail size-post-thumbnail wp-post-image\" alt=\"El text &quot;-Residus, + salut&quot; al cant\u00f3 d&#039;un got reutilitzable i un platet de caf\u00e8\" style=\"object-fit:cover;\" srcset=\"https:\/\/www.ub.edu\/ossma\/wp-content\/uploads\/2026\/08\/dest-menys-residus-mes-salut.jpg 750w, https:\/\/www.ub.edu\/ossma\/wp-content\/uploads\/2026\/08\/dest-menys-residus-mes-salut-600x400.jpg 600w\" sizes=\"auto, (max-width: 750px) 100vw, 750px\" \/><\/figure>\n\n\n<div class=\"wp-block-columns meta-news is-layout-flex wp-container-core-columns-is-layout-8f761849 wp-block-columns-is-layout-flex\">\n<div class=\"wp-block-column is-layout-flow wp-block-column-is-layout-flow\" style=\"flex-basis:58%\"><div class=\"taxonomy-category wp-block-post-terms advgb-dyn-d41d8cd9\"><a href=\"https:\/\/www.ub.edu\/ossma\/actualitat-medi-ambient\" rel=\"tag\">Medi Ambient<\/a><\/div><\/div>\n\n\n\n<div class=\"wp-block-column is-layout-flow wp-block-column-is-layout-flow\" style=\"flex-basis:42%\"><div class=\"wp-block-post-date\"><time datetime=\"2026-02-13T09:55:45.369Z\">13\/02\/2026<\/time><\/div><\/div>\n<\/div>\n\n\n<h3 class=\"wp-block-post-title\"><a href=\"https:\/\/www.ub.edu\/ossma\/actualitat-medi-ambient\/aps2026-menys-residus-cafeteries-ub\" target=\"_self\" >Estudi sobre indicadors i estrat\u00e8gies de sensibilitzaci\u00f3 per reduir els envasos d\u2019un sol \u00fas a les cafeteries de la UB<\/a><\/h3>\n\n<div class=\"wp-block-post-excerpt\"><p class=\"wp-block-post-excerpt__excerpt\">Estudiants de l\u2019assignatura de Desenvolupament sostenible del grau en Ci\u00e8ncies Ambientals, han\u00a0col\u00b7laborat amb l\u2019OSSMA\u00a0mitjan\u00e7ant la metodologia d\u2019Aprenentatge i servei (ApS),\u00a0en\u00a0el\u00a0projecte\u00a0-Residus +Salut per reduir\u00a0els residus a les cafeteries de la UB.\u00a0\u00a0<\/p><p class=\"wp-block-post-excerpt__more-text\"><a class=\"wp-block-post-excerpt__more-link\" href=\"https:\/\/www.ub.edu\/ossma\/actualitat-medi-ambient\/aps2026-menys-residus-cafeteries-ub\"> <\/a><\/p><\/div><\/div><\/div>\n\n<\/li><li class=\"wp-block-post post-100716 post type-post status-publish format-standard has-post-thumbnail hentry category-actualitat-general tag-comunicacio tag-memoria tag-ods10 tag-ods11 tag-ods12 tag-ods13 tag-ods15 tag-ods17 tag-ods2 tag-ods3 tag-ods4 tag-ods6 tag-ods7 tag-ods8 tag-ods9\">\n\n<div class=\"wp-block-group advgb-dyn-a6f30662 advgb-dyn-e1c06d85\" style=\"padding-top:30px;padding-right:30px;padding-bottom:30px;padding-left:30px\"><div class=\"wp-block-group__inner-container is-layout-flow wp-block-group-is-layout-flow\"><figure class=\"wp-block-post-featured-image\"><img loading=\"lazy\" decoding=\"async\" width=\"1270\" height=\"302\" src=\"https:\/\/www.ub.edu\/ossma\/wp-content\/uploads\/2026\/07\/portada-memoria-2025-web.jpg\" class=\"attachment-post-thumbnail size-post-thumbnail wp-post-image\" alt=\"Mem\u00f2ria d&#039;activitat OSSMA 2025\" style=\"object-fit:cover;\" srcset=\"https:\/\/www.ub.edu\/ossma\/wp-content\/uploads\/2026\/07\/portada-memoria-2025-web.jpg 1270w, https:\/\/www.ub.edu\/ossma\/wp-content\/uploads\/2026\/07\/portada-memoria-2025-web-750x178.jpg 750w, https:\/\/www.ub.edu\/ossma\/wp-content\/uploads\/2026\/07\/portada-memoria-2025-web-900x214.jpg 900w\" sizes=\"auto, (max-width: 1270px) 100vw, 1270px\" \/><\/figure>\n\n\n<div class=\"wp-block-columns meta-news is-layout-flex wp-container-core-columns-is-layout-8f761849 wp-block-columns-is-layout-flex\">\n<div class=\"wp-block-column is-layout-flow wp-block-column-is-layout-flow\" style=\"flex-basis:58%\"><div class=\"taxonomy-category wp-block-post-terms advgb-dyn-d41d8cd9\"><a href=\"https:\/\/www.ub.edu\/ossma\/actualitat-general\" rel=\"tag\">OSSMA<\/a><\/div><\/div>\n\n\n\n<div class=\"wp-block-column is-layout-flow wp-block-column-is-layout-flow\" style=\"flex-basis:42%\"><div class=\"wp-block-post-date\"><time datetime=\"2026-02-13T09:55:45.369Z\">13\/02\/2026<\/time><\/div><\/div>\n<\/div>\n\n\n<h3 class=\"wp-block-post-title\"><a href=\"https:\/\/www.ub.edu\/ossma\/actualitat-general\/memoria-activitat-ossma-2025\" target=\"_self\" >Mem\u00f2ria d\u2019activitat OSSMA 2025<\/a><\/h3>\n\n<div class=\"wp-block-post-excerpt\"><p class=\"wp-block-post-excerpt__excerpt\">Aquesta \u00e9s la setena mem\u00f2ria d\u2019activitat de l\u2019OSSMA, que recullen les principals actuacions i projectes duts a terme l\u2019any 2025.<\/p><p class=\"wp-block-post-excerpt__more-text\"><a class=\"wp-block-post-excerpt__more-link\" href=\"https:\/\/www.ub.edu\/ossma\/actualitat-general\/memoria-activitat-ossma-2025\"> <\/a><\/p><\/div><\/div><\/div>\n\n<\/li><li class=\"wp-block-post post-100608 post type-post status-publish format-standard has-post-thumbnail hentry category-actualitat-atencio-social category-actualitat-medicina-del-treball category-actualitat-general tag-calendari-ub tag-calendari-ub-2026 tag-ods3 tag-salut\">\n\n<div class=\"wp-block-group advgb-dyn-a6f30662 advgb-dyn-e1c06d85\" style=\"padding-top:30px;padding-right:30px;padding-bottom:30px;padding-left:30px\"><div class=\"wp-block-group__inner-container is-layout-flow wp-block-group-is-layout-flow\"><figure class=\"wp-block-post-featured-image\"><img loading=\"lazy\" decoding=\"async\" width=\"1271\" height=\"305\" src=\"https:\/\/www.ub.edu\/ossma\/wp-content\/uploads\/2025\/12\/2026-calendari-banner.png\" class=\"attachment-post-thumbnail size-post-thumbnail wp-post-image\" alt=\"Cap\u00e7alera calendari UB 2026\" style=\"object-fit:cover;\" srcset=\"https:\/\/www.ub.edu\/ossma\/wp-content\/uploads\/2025\/12\/2026-calendari-banner.png 1271w, https:\/\/www.ub.edu\/ossma\/wp-content\/uploads\/2025\/12\/2026-calendari-banner-750x180.png 750w, https:\/\/www.ub.edu\/ossma\/wp-content\/uploads\/2025\/12\/2026-calendari-banner-900x216.png 900w\" sizes=\"auto, (max-width: 1271px) 100vw, 1271px\" \/><\/figure>\n\n\n<div class=\"wp-block-columns meta-news is-layout-flex wp-container-core-columns-is-layout-8f761849 wp-block-columns-is-layout-flex\">\n<div class=\"wp-block-column is-layout-flow wp-block-column-is-layout-flow\" style=\"flex-basis:58%\"><div class=\"taxonomy-category wp-block-post-terms advgb-dyn-d41d8cd9\"><a href=\"https:\/\/www.ub.edu\/ossma\/actualitat-atencio-social\" rel=\"tag\">Atenci\u00f3 social<\/a><span class=\"wp-block-post-terms__separator\">, <\/span><a href=\"https:\/\/www.ub.edu\/ossma\/actualitat-medicina-del-treball\" rel=\"tag\">Medicina del treball<\/a><span class=\"wp-block-post-terms__separator\">, <\/span><a href=\"https:\/\/www.ub.edu\/ossma\/actualitat-general\" rel=\"tag\">OSSMA<\/a><\/div><\/div>\n\n\n\n<div class=\"wp-block-column is-layout-flow wp-block-column-is-layout-flow\" style=\"flex-basis:42%\"><div class=\"wp-block-post-date\"><time datetime=\"2026-02-13T09:55:45.369Z\">13\/02\/2026<\/time><\/div><\/div>\n<\/div>\n\n\n<h3 class=\"wp-block-post-title\"><a href=\"https:\/\/www.ub.edu\/ossma\/actualitat-atencio-social\/cuidat-per-viure-millor-8\" target=\"_self\" >Cuida\u2019t per viure millor<\/a><\/h3>\n\n<div class=\"wp-block-post-excerpt\"><p class=\"wp-block-post-excerpt__excerpt\">Consell del mes d&#8217;agost. Relaxa&#8217;t Passa temps a l&#8217;aire lliure i practica t\u00e8cniques per relaxar-te que t&#8217;ajudin a reduir l&#8217;estr\u00e8s i a augmentar la capacitat d&#8217;afrontar situacions dif\u00edcils, com la respiraci\u00f3 profunda, el ioga o la meditaci\u00f3.<\/p><p class=\"wp-block-post-excerpt__more-text\"><a class=\"wp-block-post-excerpt__more-link\" href=\"https:\/\/www.ub.edu\/ossma\/actualitat-atencio-social\/cuidat-per-viure-millor-8\"> <\/a><\/p><\/div><\/div><\/div>\n\n<\/li><li class=\"wp-block-post post-100590 post type-post status-publish format-standard has-post-thumbnail hentry category-actualitat-medi-ambient tag-aigua tag-comuniconsums tag-consum-responsable tag-energia tag-ods12 tag-ods6 tag-ods7\">\n\n<div class=\"wp-block-group advgb-dyn-a6f30662 advgb-dyn-e1c06d85\" style=\"padding-top:30px;padding-right:30px;padding-bottom:30px;padding-left:30px\"><div class=\"wp-block-group__inner-container is-layout-flow wp-block-group-is-layout-flow\"><figure class=\"wp-block-post-featured-image\"><img loading=\"lazy\" decoding=\"async\" width=\"1270\" height=\"300\" src=\"https:\/\/www.ub.edu\/ossma\/wp-content\/uploads\/2022\/02\/comuniconsums.png\" class=\"attachment-post-thumbnail size-post-thumbnail wp-post-image\" alt=\"Cap\u00e7alera comunicaci\u00f3 sobre consums UB\" style=\"object-fit:cover;\" srcset=\"https:\/\/www.ub.edu\/ossma\/wp-content\/uploads\/2022\/02\/comuniconsums.png 1270w, https:\/\/www.ub.edu\/ossma\/wp-content\/uploads\/2022\/02\/comuniconsums-300x71.png 300w, https:\/\/www.ub.edu\/ossma\/wp-content\/uploads\/2022\/02\/comuniconsums-1024x242.png 1024w\" sizes=\"auto, (max-width: 1270px) 100vw, 1270px\" \/><\/figure>\n\n\n<div class=\"wp-block-columns meta-news is-layout-flex wp-container-core-columns-is-layout-8f761849 wp-block-columns-is-layout-flex\">\n<div class=\"wp-block-column is-layout-flow wp-block-column-is-layout-flow\" style=\"flex-basis:58%\"><div class=\"taxonomy-category wp-block-post-terms advgb-dyn-d41d8cd9\"><a href=\"https:\/\/www.ub.edu\/ossma\/actualitat-medi-ambient\" rel=\"tag\">Medi Ambient<\/a><\/div><\/div>\n\n\n\n<div class=\"wp-block-column is-layout-flow wp-block-column-is-layout-flow\" style=\"flex-basis:42%\"><div class=\"wp-block-post-date\"><time datetime=\"2026-02-13T09:55:45.369Z\">13\/02\/2026<\/time><\/div><\/div>\n<\/div>\n\n\n<h3 class=\"wp-block-post-title\"><a href=\"https:\/\/www.ub.edu\/ossma\/actualitat-medi-ambient\/consums-2026-jun\" target=\"_self\" >Evoluci\u00f3 dels consums d\u2019energia i aigua durant el primer semestre de 2026<\/a><\/h3>\n\n<div class=\"wp-block-post-excerpt\"><p class=\"wp-block-post-excerpt__excerpt\">El consum d\u2019energia i aigua a la Universitat de Barcelona es mant\u00e9 a la baixa durant el primer semestre de 2026: l\u2019electricitat s\u2019ha redu\u00eft un 0,3\u00a0%, el gas un 6,9\u00a0%, i l&#8217;aigua un 1,6\u00a0%.<\/p><p class=\"wp-block-post-excerpt__more-text\"><a class=\"wp-block-post-excerpt__more-link\" href=\"https:\/\/www.ub.edu\/ossma\/actualitat-medi-ambient\/consums-2026-jun\"> <\/a><\/p><\/div><\/div><\/div>\n\n<\/li><\/ul><\/div>\n\n\n\n<hr class=\"wp-block-separator alignfull has-alpha-channel-opacity\"\/>\n\n\n\n<h2 id=\"et-pot-interessar-90c57845-39c1-4cec-b121-e0b585aa7d51\" class=\"wp-block-heading\">Espai preventiu<\/h2>\n\n\n\n<div class=\"wp-block-columns columna-icon is-layout-flex wp-container-core-columns-is-layout-8f761849 wp-block-columns-is-layout-flex\">\n<div class=\"wp-block-column is-layout-flow wp-block-column-is-layout-flow\">\n<figure class=\"wp-block-image size-full\"><img loading=\"lazy\" decoding=\"async\" width=\"500\" height=\"325\" src=\"https:\/\/www.ub.edu\/ossma\/wp-content\/uploads\/2026\/08\/icona-identificacio.png\" alt=\"Icona d'una targeta d'identificaci\u00f3\" class=\"wp-image-100865\"\/><\/figure>\n\n\n\n<h3 class=\"wp-block-heading has-text-align-center\" id=\"coordinacio-dactivitats-empresarials-per-a-empreses-externes-8afbc3b2-bae8-416c-afa8-a050ef5a3ab6\"><a href=\"https:\/\/www.ub.edu\/ossma\/seguretat-salut\/espai-preventiu-pas-pdi-pi\" data-type=\"link\" data-id=\"https:\/\/www.ub.edu\/ossma\/seguretat-salut\/espai-preventiu-pas-pdi-pi\">PTGAS, PDI i Personal investigador<\/a><\/h3>\n<\/div>\n\n\n\n<div class=\"wp-block-column is-layout-flow wp-block-column-is-layout-flow\">\n<figure class=\"wp-block-image size-full\"><img loading=\"lazy\" decoding=\"async\" width=\"500\" height=\"325\" src=\"https:\/\/www.ub.edu\/ossma\/wp-content\/uploads\/2026\/08\/icona-estudiant.png\" alt=\"Icona d'una persona amb un barret de graduaci\u00f3\" class=\"wp-image-100873\"\/><\/figure>\n\n\n\n<h3 class=\"wp-block-heading has-text-align-center\" id=\"normes-per-a-visitants-6e178fe5-c64d-4d4c-b0f7-88c278f7b36f\"><a href=\"https:\/\/www.ub.edu\/ossma\/seguretat-salut\/espai-preventiu-estudiants-becaris\" data-type=\"link\" data-id=\"https:\/\/www.ub.edu\/ossma\/seguretat-salut\/espai-preventiu-estudiants-becaris\">Estudiants i personal becari de col\u00b7laboraci\u00f3<\/a><\/h3>\n<\/div>\n\n\n\n<div class=\"wp-block-column is-layout-flow wp-block-column-is-layout-flow\">\n<figure class=\"wp-block-image size-full\"><img loading=\"lazy\" decoding=\"async\" width=\"500\" height=\"325\" src=\"https:\/\/www.ub.edu\/ossma\/wp-content\/uploads\/2026\/08\/icona-cae-ub.png\" alt=\"Icona d'una persona amb un engranatge\" class=\"wp-image-100858\"\/><\/figure>\n\n\n\n<h3 class=\"wp-block-heading has-text-align-center\" id=\"coordinacio-dactivitats-empresarials-per-a-personal-ub-e9dee2d7-4203-4c5e-8caa-a80f26388334\"><a href=\"https:\/\/www.ub.edu\/ossma\/seguretat-salut\/espai-preventiu-pas-pdi-pi\/cae-ub\" data-type=\"link\" data-id=\"https:\/\/www.ub.edu\/ossma\/seguretat-salut\/espai-preventiu-pas-pdi-pi\/cae-ub\">CAE personal UB<\/a><\/h3>\n<\/div>\n\n\n\n<div class=\"wp-block-column is-layout-flow wp-block-column-is-layout-flow\">\n<figure class=\"wp-block-image size-full\"><img loading=\"lazy\" decoding=\"async\" width=\"500\" height=\"325\" src=\"https:\/\/www.ub.edu\/ossma\/wp-content\/uploads\/2026\/08\/icona-cae.png\" alt=\"Icona de dues persones amb uns engranatges\" class=\"wp-image-100856\"\/><\/figure>\n\n\n\n<h3 class=\"wp-block-heading has-text-align-center\" id=\"comunicacio-sortides-de-camp-3732b0cf-5147-44bb-81f5-231af73d754e\"><a href=\"https:\/\/www.ub.edu\/ossma\/seguretat-salut\/coordinacio-activitats-empresarials-cae\" data-type=\"link\" data-id=\"https:\/\/www.ub.edu\/ossma\/seguretat-salut\/espai-preventiu-pas-pdi-pi\/comunicacio-sortides-camp\">CAE empreses externes i visitants<\/a><\/h3>\n<\/div>\n<\/div>\n\n\n\n<div style=\"height:50px\" aria-hidden=\"true\" class=\"wp-block-spacer\"><\/div>\n\n\n\n<div class=\"wp-block-cover alignfull is-light\" style=\"min-height:300px;aspect-ratio:unset;\"><img decoding=\"async\" class=\"wp-block-cover__image-background wp-image-751\" alt=\"\" src=\"http:\/\/www.ub.edu\/comitedebioseguretat\/wp-content\/uploads\/2020\/07\/tecnica-mostres-cabina.jpg\" data-object-fit=\"cover\"\/><span aria-hidden=\"true\" class=\"wp-block-cover__background has-background-dim\"><\/span><div class=\"wp-block-cover__inner-container is-layout-flow wp-block-cover-is-layout-flow\">\n<div class=\"wp-block-columns is-layout-flex wp-container-core-columns-is-layout-8f761849 wp-block-columns-is-layout-flex\">\n<div class=\"wp-block-column is-layout-flow wp-block-column-is-layout-flow\">\n<div style=\"height:30px\" aria-hidden=\"true\" class=\"wp-block-spacer\"><\/div>\n\n\n\n<h2 class=\"wp-block-heading has-text-align-left has-base-3-color has-text-color has-large-font-size\" id=\"format-1bb77f72-508e-4b0d-b3e8-97a22c0ea2b5\">Forma&#8217;t<\/h2>\n\n\n<p class=\"advgb-dyn-724525bb\">\n<div class=\"wpcf7 no-js\" id=\"wpcf7-f96224-o1\" lang=\"ca\" dir=\"ltr\" data-wpcf7-id=\"96224\">\n<div class=\"screen-reader-response\"><p role=\"status\" aria-live=\"polite\" aria-atomic=\"true\"><\/p> <ul><\/ul><\/div>\n<form action=\"\/ossma\/wp-json\/wp\/v2\/pages\/5330#wpcf7-f96224-o1\" method=\"post\" class=\"wpcf7-form init\" aria-label=\"Formulari de contacte\" novalidate=\"novalidate\" data-status=\"init\">\n<fieldset class=\"hidden-fields-container\"><input type=\"hidden\" name=\"_wpcf7\" value=\"96224\" \/><input type=\"hidden\" name=\"_wpcf7_version\" value=\"6.1.7\" \/><input type=\"hidden\" name=\"_wpcf7_locale\" value=\"ca\" \/><input type=\"hidden\" name=\"_wpcf7_unit_tag\" value=\"wpcf7-f96224-o1\" \/><input type=\"hidden\" name=\"_wpcf7_container_post\" value=\"0\" \/><input type=\"hidden\" name=\"_wpcf7_posted_data_hash\" value=\"\" \/><input type=\"hidden\" name=\"_wpcf7cf_hidden_group_fields\" value=\"[]\" \/><input type=\"hidden\" name=\"_wpcf7cf_hidden_groups\" value=\"[]\" \/><input type=\"hidden\" name=\"_wpcf7cf_visible_groups\" value=\"[]\" \/><input type=\"hidden\" name=\"_wpcf7cf_repeaters\" value=\"[]\" \/><input type=\"hidden\" name=\"_wpcf7cf_steps\" value=\"{}\" \/><input type=\"hidden\" name=\"_wpcf7cf_options\" value=\"{&quot;form_id&quot;:96224,&quot;conditions&quot;:[{&quot;then_field&quot;:&quot;autoproteccio&quot;,&quot;and_rules&quot;:[{&quot;if_field&quot;:&quot;curs&quot;,&quot;operator&quot;:&quot;equals&quot;,&quot;if_value&quot;:&quot;Pla d&#039;Autoprotecci\\u00f3&quot;}]}],&quot;settings&quot;:{&quot;animation&quot;:&quot;yes&quot;,&quot;animation_intime&quot;:200,&quot;animation_outtime&quot;:200,&quot;conditions_ui&quot;:&quot;normal&quot;,&quot;notice_dismissed&quot;:false,&quot;repeater_remove_button&quot;:&quot;bottom&quot;}}\" \/>\n<\/fieldset>\n<p><b>Accedeix als cursos de formaci\u00f3 en seguretat, salut i medi ambient<\/b>\n<\/p>\n<div class=\"wp-block-columns is-layout-flex wp-container-core-columns-is-layout-9d6595d7 wp-block-columns-is-layout-flex\">\n\t<div class=\"wp-block-column is-layout-flow wp-block-column-is-layout-flow\" style=\"flex-basis:33%\">\n\t\t<p><span class=\"wpcf7-form-control-wrap\" data-name=\"correu\"><input size=\"40\" maxlength=\"400\" class=\"wpcf7-form-control wpcf7-email wpcf7-validates-as-required wpcf7-text wpcf7-validates-as-email\" id=\"correu\" aria-required=\"true\" aria-invalid=\"false\" placeholder=\"El teu correu electr\u00f2nic\" value=\"\" type=\"email\" name=\"correu\" \/><\/span>\n\t\t<\/p>\n\t<\/div>\n\t<div class=\"wp-block-column is-layout-flow wp-block-column-is-layout-flow\" style=\"flex-basis:33%\">\n\t\t<p><span class=\"wpcf7-form-control-wrap\" data-name=\"curs\"><select class=\"wpcf7-form-control wpcf7-select wpcf7-validates-as-required\" id=\"curs\" aria-required=\"true\" aria-invalid=\"false\" name=\"curs\"><option value=\"Curs b\u00e0sic PRL\">Curs b\u00e0sic PRL<\/option><option value=\"Seguretat i Salut: Treball en oficina\">Seguretat i Salut: Treball en oficina<\/option><option value=\"Seguretat i Salut: Laboratoris d&#039;investigaci\u00f3\">Seguretat i Salut: Laboratoris d&#039;investigaci\u00f3<\/option><option value=\"Occupational risk prevention in research laboratories\">Occupational risk prevention in research laboratories<\/option><option value=\"Gesti\u00f3 de residus especials de laboratori\">Gesti\u00f3 de residus especials de laboratori<\/option><option value=\"Formaci\u00f3 PRL: Trabajadores desplazados\">Formaci\u00f3 PRL: Trabajadores desplazados<\/option><option value=\"\u00das professional de la veu\">\u00das professional de la veu<\/option><option value=\"Uso profesional de la voz\">Uso profesional de la voz<\/option><option value=\"Consum responsable\">Consum responsable<\/option><option value=\"Seguretat i salut: General sortides de camp\">Seguretat i salut: General sortides de camp<\/option><option value=\"Seguridad y salud: General salidas de campo\">Seguridad y salud: General salidas de campo<\/option><option value=\"Seguridad y Salud: Campa\u00f1as oceanogr\u00e1ficas\">Seguridad y Salud: Campa\u00f1as oceanogr\u00e1ficas<\/option><option value=\"Seguridad y Salud: Zonas \u00e1rticas y ant\u00e1rticas\">Seguridad y Salud: Zonas \u00e1rticas y ant\u00e1rticas<\/option><option value=\"Seguridad y salud: Campa\u00f1as entornos marinos\">Seguridad y salud: Campa\u00f1as entornos marinos<\/option><option value=\"Introducci\u00f3 a la bioseguretat\">Introducci\u00f3 a la bioseguretat<\/option><option value=\"Utilitzaci\u00f3 de cabines de seguretat biol\u00f2gica\">Utilitzaci\u00f3 de cabines de seguretat biol\u00f2gica<\/option><option value=\"Pla d&#039;Autoprotecci\u00f3\">Pla d&#039;Autoprotecci\u00f3<\/option><option value=\"Seguretat vi\u00e0ria i conducci\u00f3 segura i eficient\">Seguretat vi\u00e0ria i conducci\u00f3 segura i eficient<\/option><option value=\"Road safety and safe and efficient driving\">Road safety and safe and efficient driving<\/option><\/select><\/span>\n\t\t<\/p>\n\t<\/div>\n\t<div class=\"wp-block-column is-layout-flow wp-block-column-is-layout-flow\" style=\"flex-basis:33%\">\n\t\t<div data-id=\"autoproteccio\" data-orig_data_id=\"autoproteccio\" data-clear_on_hide class=\"\" data-class=\"wpcf7cf_group\">\n\t\t\t<p><span class=\"wpcf7-form-control-wrap\" data-name=\"curs-pau\"><select class=\"wpcf7-form-control wpcf7-select\" id=\"curs-pau\" aria-invalid=\"false\" name=\"curs-pau\"><option value=\"Baldiri Reixac 2 (CRAI-Biblioteques)\">Baldiri Reixac 2 (CRAI-Biblioteques)<\/option><option value=\"Belles Arts\">Belles Arts<\/option><option value=\"Medicina i Ci\u00e8ncies de la Salut - Bellvitge\">Medicina i Ci\u00e8ncies de la Salut - Bellvitge<\/option><option value=\"Biologia\">Biologia<\/option><option value=\"El Carme (Badalona)\">El Carme (Badalona)<\/option><option value=\"Sol\u00e9 i Sabar\u00eds (CCiTUB)\">Sol\u00e9 i Sabar\u00eds (CCiTUB)<\/option><option value=\"Ci\u00e8ncies de la Terra\">Ci\u00e8ncies de la Terra<\/option><option value=\"Dret\">Dret<\/option><option value=\"Economia i Empresa (690)\">Economia i Empresa (690)<\/option><option value=\"Economia i Empresa (696)\">Economia i Empresa (696)<\/option><option value=\"Farm\u00e0cia i Ci\u00e8ncies de l&#039;Alimentaci\u00f3 - Diagonal Sud\">Farm\u00e0cia i Ci\u00e8ncies de l&#039;Alimentaci\u00f3 - Diagonal Sud<\/option><option value=\"Filosofia, i Geografia i Hist\u00f2ria\">Filosofia, i Geografia i Hist\u00f2ria<\/option><option value=\"F\u00edsica i Qu\u00edmica\">F\u00edsica i Qu\u00edmica<\/option><option value=\"Campus de l&#039;Alimentaci\u00f3 de Torribera\">Campus de l&#039;Alimentaci\u00f3 de Torribera<\/option><option value=\"Medicina i Ci\u00e8ncies de la Salut \u2013 Cl\u00ednic\">Medicina i Ci\u00e8ncies de la Salut \u2013 Cl\u00ednic<\/option><option value=\"Pedagogia \u2013 Mundet \u2013 Migdia II\">Pedagogia \u2013 Mundet \u2013 Migdia II<\/option><option value=\"Pavell\u00f3 Rosa\">Pavell\u00f3 Rosa<\/option><option value=\"Psicologia - Mundet - Ponent\">Psicologia - Mundet - Ponent<\/option><option value=\"Informaci\u00f3 i Mitjans Audiovisuals - Sants\">Informaci\u00f3 i Mitjans Audiovisuals - Sants<\/option><option value=\"Edifici Hist\u00f2ric\">Edifici Hist\u00f2ric<\/option><option value=\"Altres edificis\">Altres edificis<\/option><\/select><\/span>\n\t\t\t<\/p>\n\t\t<\/div>\n\t<\/div>\n<\/div>\n<p>Rebr\u00e0s al teu correu electr\u00f2nic un enlla\u00e7 i el codi d\u2019automatr\u00edcula del curs sol\u00b7licitat per a poder iniciar el curs.\n<\/p>\n<p><input class=\"wpcf7-form-control wpcf7-submit has-spinner\" type=\"submit\" value=\"Enviar\" \/>\n<\/p><p style=\"display: none !important;\" class=\"akismet-fields-container\" data-prefix=\"_wpcf7_ak_\"><label>&#916;<textarea name=\"_wpcf7_ak_hp_textarea\" cols=\"45\" rows=\"8\" maxlength=\"100\"><\/textarea><\/label><input type=\"hidden\" id=\"ak_js_1\" name=\"_wpcf7_ak_js\" value=\"51\"\/><script>\ndocument.getElementById( \"ak_js_1\" ).setAttribute( \"value\", ( new Date() ).getTime() );\n<\/script>\n<\/p><div class=\"wpcf7-response-output\" aria-hidden=\"true\"><\/div>\n<\/form>\n<\/div>\n<\/p>\n<\/div>\n<\/div>\n<\/div><\/div>\n\n\n\n<h2 id=\"et-pot-interessar-90c57845-39c1-4cec-b121-e0b585aa7d51\" class=\"wp-block-heading\">Et pot interessar<\/h2>\n\n\n\n<div class=\"wp-block-columns are-vertically-aligned-top col-interessar is-layout-flex wp-container-core-columns-is-layout-8f761849 wp-block-columns-is-layout-flex\">\n<div class=\"wp-block-column is-vertically-aligned-top is-layout-flow wp-block-column-is-layout-flow\">\n<figure class=\"wp-block-image size-full img-interessar\"><img loading=\"lazy\" decoding=\"async\" width=\"750\" height=\"500\" src=\"https:\/\/www.ub.edu\/ossma\/wp-content\/uploads\/2026\/09\/des-perill-caigudes.jpg\" alt=\"Persona pujant unes escales mullades\" class=\"wp-image-101941\" title=\"\" srcset=\"https:\/\/www.ub.edu\/ossma\/wp-content\/uploads\/2026\/09\/des-perill-caigudes.jpg 750w, https:\/\/www.ub.edu\/ossma\/wp-content\/uploads\/2026\/09\/des-perill-caigudes-600x400.jpg 600w\" sizes=\"auto, (max-width: 750px) 100vw, 750px\" \/><\/figure>\n\n\n\n<div class=\"wp-block-columns are-vertically-aligned-center is-layout-flex wp-container-core-columns-is-layout-8f761849 wp-block-columns-is-layout-flex\">\n<div class=\"wp-block-column is-vertically-aligned-center titol-interessar is-layout-flow wp-block-column-is-layout-flow\">\n<h3 class=\"wp-block-heading has-text-align-center\" id=\"notificacio-daccidents-f7d1210b-2f48-4789-a811-afcd05652b89\"><a href=\"https:\/\/www.ub.edu\/ossma\/procediments-tramits\/notificacio-accidents-incidents\" data-type=\"page\" data-id=\"3262\">Notificaci\u00f3 d&#8217;accidents<\/a><\/h3>\n<\/div>\n<\/div>\n<\/div>\n\n\n\n<div class=\"wp-block-column is-vertically-aligned-top is-layout-flow wp-block-column-is-layout-flow\">\n<figure class=\"wp-block-image size-full img-interessar\"><img loading=\"lazy\" decoding=\"async\" width=\"750\" height=\"500\" src=\"https:\/\/www.ub.edu\/ossma\/wp-content\/uploads\/2026\/09\/des-risc-productes-quimics-alts.jpg\" alt=\"Una persona intenta agafar unes probetes a una prestatgeria alta\" class=\"wp-image-101943\" title=\"\" srcset=\"https:\/\/www.ub.edu\/ossma\/wp-content\/uploads\/2026\/09\/des-risc-productes-quimics-alts.jpg 750w, https:\/\/www.ub.edu\/ossma\/wp-content\/uploads\/2026\/09\/des-risc-productes-quimics-alts-600x400.jpg 600w\" sizes=\"auto, (max-width: 750px) 100vw, 750px\" \/><\/figure>\n\n\n\n<div class=\"wp-block-columns are-vertically-aligned-center is-layout-flex wp-container-core-columns-is-layout-8f761849 wp-block-columns-is-layout-flex\">\n<div class=\"wp-block-column is-vertically-aligned-center titol-interessar is-layout-flow wp-block-column-is-layout-flow\">\n<h3 class=\"wp-block-heading has-text-align-center titol-interessar advgb-dyn-12eb0861\" id=\"comunicat-de-risc-26040e0a-82d3-458d-8a7e-1914cae50128\"><a href=\"https:\/\/www.ub.edu\/ossma\/procediments-tramits\/comunicat-risc\" data-type=\"page\" data-id=\"3258\">Comunicat de risc<\/a><\/h3>\n<\/div>\n<\/div>\n<\/div>\n\n\n\n<div class=\"wp-block-column is-vertically-aligned-top is-layout-flow wp-block-column-is-layout-flow\">\n<figure class=\"wp-block-image size-full img-interessar\"><img loading=\"lazy\" decoding=\"async\" width=\"750\" height=\"500\" src=\"https:\/\/www.ub.edu\/ossma\/wp-content\/uploads\/2026\/09\/des-epis-sortides-camp.jpg\" alt=\"Es veuen les mans enguantades d'una persona sostenint unes ulleres de seguretat\" class=\"wp-image-101944\" title=\"\" srcset=\"https:\/\/www.ub.edu\/ossma\/wp-content\/uploads\/2026\/09\/des-epis-sortides-camp.jpg 750w, https:\/\/www.ub.edu\/ossma\/wp-content\/uploads\/2026\/09\/des-epis-sortides-camp-600x400.jpg 600w\" sizes=\"auto, (max-width: 750px) 100vw, 750px\" \/><\/figure>\n\n\n\n<div class=\"wp-block-columns are-vertically-aligned-center is-layout-flex wp-container-core-columns-is-layout-8f761849 wp-block-columns-is-layout-flex\">\n<div class=\"wp-block-column is-vertically-aligned-center titol-interessar is-layout-flow wp-block-column-is-layout-flow\">\n<h3 class=\"wp-block-heading has-text-align-center titol-interessar advgb-dyn-b28648a9\" id=\"sollicitud-dequips-de-proteccio-individual-epi-22c8f858-6c81-4b6c-8f3e-46aa6c109b7c\"><a href=\"https:\/\/www.ub.edu\/ossma\/procediments-tramits\/sollicitud-epis\" data-type=\"page\" data-id=\"4656\">Sol\u00b7licitud d\u2019equips de protecci\u00f3 individual (EPI)<\/a><\/h3>\n<\/div>\n<\/div>\n<\/div>\n<\/div>\n\n\n\n<div class=\"wp-block-columns are-vertically-aligned-top col-interessar is-layout-flex wp-container-core-columns-is-layout-8f761849 wp-block-columns-is-layout-flex\">\n<div class=\"wp-block-column is-vertically-aligned-top is-layout-flow wp-block-column-is-layout-flow\">\n<div class=\"wp-block-columns are-vertically-aligned-center is-layout-flex wp-container-core-columns-is-layout-8f761849 wp-block-columns-is-layout-flex\">\n<div class=\"wp-block-column is-vertically-aligned-center titol-interessar is-layout-flow wp-block-column-is-layout-flow\">\n<h3 class=\"wp-block-heading has-text-align-center titol-interessar advgb-dyn-b56b664b\" id=\"sollicitud-dexamen-de-salut-a02bef81-c0a9-45ce-a000-fce30da705c6\"><a href=\"https:\/\/www.ub.edu\/ossma\/seguretat-salut\/cuidat\/sollicitud-examen-salut\" data-type=\"page\" data-id=\"134\">Sol\u00b7licitud d\u2019examen de salut<\/a><\/h3>\n<\/div>\n<\/div>\n<\/div>\n\n\n\n<div class=\"wp-block-column is-vertically-aligned-top is-layout-flow wp-block-column-is-layout-flow\">\n<div class=\"wp-block-columns are-vertically-aligned-center is-layout-flex wp-container-core-columns-is-layout-8f761849 wp-block-columns-is-layout-flex\">\n<div class=\"wp-block-column is-vertically-aligned-center titol-interessar is-layout-flow wp-block-column-is-layout-flow\">\n<h3 class=\"wp-block-heading has-text-align-center titol-interessar advgb-dyn-27b91cb5\" id=\"sollicituds-de-farmaciola-c0836af4-f94c-4e51-9808-82d42693d2fb\"><a href=\"https:\/\/www.ub.edu\/ossma\/seguretat-salut\/cuidat\/sollicituds-farmaciola\" data-type=\"page\" data-id=\"137\">Sol\u00b7licituds de farmaciola<\/a><\/h3>\n<\/div>\n<\/div>\n<\/div>\n\n\n\n<div class=\"wp-block-column is-vertically-aligned-top is-layout-flow wp-block-column-is-layout-flow\">\n<div class=\"wp-block-columns are-vertically-aligned-center is-layout-flex wp-container-core-columns-is-layout-8f761849 wp-block-columns-is-layout-flex\">\n<div class=\"wp-block-column is-vertically-aligned-center titol-interessar is-layout-flow wp-block-column-is-layout-flow\">\n<h3 class=\"wp-block-heading has-text-align-center titol-interessar advgb-dyn-84fa895d\" id=\"reubtilitzem-2f0c4adc-ca6c-423e-af33-a171dc229110\"><a href=\"https:\/\/www.ub.edu\/ossma\/medi-ambient\/consum-responsable\/reubtilitzem\" data-type=\"page\" data-id=\"41049\">ReUBtilitzem<\/a><\/h3>\n<\/div>\n<\/div>\n<\/div>\n<\/div>\n","protected":false},"excerpt":{"rendered":"<p>Accedeix a: Actualitat Tota l&#8217;Actualitat &gt; Espai preventiu PTGAS, PDI i Personal investigador Estudiants i personal becari de col\u00b7laboraci\u00f3 CAE personal UB CAE empreses externes i visitants Et pot interessar Notificaci\u00f3 d&#8217;accidents Comunicat de risc Sol\u00b7licitud d\u2019equips de protecci\u00f3 individual (EPI) Sol\u00b7licitud d\u2019examen de salut Sol\u00b7licituds de farmaciola ReUBtilitzem<\/p>\n","protected":false},"author":1,"featured_media":0,"parent":0,"menu_order":0,"comment_status":"closed","ping_status":"closed","template":"","meta":{"advgb_blocks_editor_width":"","advgb_blocks_columns_visual_guide":"","footnotes":""},"class_list":["post-5330","page","type-page","status-publish"],"coauthors":[],"author_meta":{"author_link":"https:\/\/www.ub.edu\/ossma\/author\/ossmau1","display_name":"OSSMA"},"relative_dates":{"created":"Posted 7 anys ago","modified":"Updated 18 hores ago"},"absolute_dates":{"created":"Posted on 08\/04\/2019","modified":"Updated on 02\/09\/2026"},"absolute_dates_time":{"created":"Posted on 08\/04\/2019 17:28","modified":"Updated on 02\/09\/2026 9:24"},"featured_img_caption":"","featured_img":false,"series_order":"","_links":{"self":[{"href":"https:\/\/www.ub.edu\/ossma\/wp-json\/wp\/v2\/pages\/5330","targetHints":{"allow":["GET"]}}],"collection":[{"href":"https:\/\/www.ub.edu\/ossma\/wp-json\/wp\/v2\/pages"}],"about":[{"href":"https:\/\/www.ub.edu\/ossma\/wp-json\/wp\/v2\/types\/page"}],"author":[{"embeddable":true,"href":"https:\/\/www.ub.edu\/ossma\/wp-json\/wp\/v2\/users\/1"}],"replies":[{"embeddable":true,"href":"https:\/\/www.ub.edu\/ossma\/wp-json\/wp\/v2\/comments?post=5330"}],"version-history":[{"count":280,"href":"https:\/\/www.ub.edu\/ossma\/wp-json\/wp\/v2\/pages\/5330\/revisions"}],"predecessor-version":[{"id":101945,"href":"https:\/\/www.ub.edu\/ossma\/wp-json\/wp\/v2\/pages\/5330\/revisions\/101945"}],"wp:attachment":[{"href":"https:\/\/www.ub.edu\/ossma\/wp-json\/wp\/v2\/media?parent=5330"}],"curies":[{"name":"wp","href":"https:\/\/api.w.org\/{rel}","templated":true}]}}