{"id":6977,"date":"2019-05-13T10:48:36","date_gmt":"2019-05-13T10:48:36","guid":{"rendered":"https:\/\/www.ub.edu\/ossma\/?page_id=6977"},"modified":"2023-02-01T08:48:40","modified_gmt":"2023-02-01T08:48:40","slug":"ods-15-vida-ecosistemes-terrestres","status":"publish","type":"page","link":"https:\/\/www.ub.edu\/ossma\/ossma-a-la-ub\/objectius-desenvolupament-sostenible\/ods-15-vida-ecosistemes-terrestres","title":{"rendered":"ODS 15: Vida d&#8217;ecosistemes terrestres"},"content":{"rendered":"\t\t<div data-elementor-type=\"wp-page\" data-elementor-id=\"6977\" class=\"elementor elementor-6977\">\n\t\t\t\t\t\t<section class=\"elementor-section elementor-top-section elementor-element elementor-element-75293ed8 elementor-section-boxed elementor-section-height-default elementor-section-height-default\" data-id=\"75293ed8\" data-element_type=\"section\" data-e-type=\"section\">\n\t\t\t\t\t\t<div class=\"elementor-container elementor-column-gap-default\">\n\t\t\t\t\t<div class=\"elementor-column elementor-col-100 elementor-top-column elementor-element elementor-element-4c438912\" data-id=\"4c438912\" data-element_type=\"column\" data-e-type=\"column\">\n\t\t\t<div class=\"elementor-widget-wrap elementor-element-populated\">\n\t\t\t\t\t\t<div class=\"elementor-element elementor-element-750b7576 elementor-widget elementor-widget-text-editor\" data-id=\"750b7576\" data-element_type=\"widget\" data-e-type=\"widget\" data-widget_type=\"text-editor.default\">\n\t\t\t\t<div class=\"elementor-widget-container\">\n\t\t\t\t\t\t\t\t\t\n<blockquote class=\"wp-block-quote\">\n<p>Promoure l\u2019\u00fas sostenible dels ecosistemes terrestres, lluitar contra la desertificaci\u00f3, aturar i invertir la degradaci\u00f3 de les terres i frenar la p\u00e8rdua de la diversitat biol\u00f2gica.<\/p>\n<\/blockquote>\n\n<p><a href=\"https:\/\/www.un.org\/sustainabledevelopment\/es\/biodiversity\/\" target=\"_blank\" rel=\"noreferrer noopener\">Consulta aquest ODS a la p\u00e0gina de l&#8217;ONU<\/a><\/p>\n\n<h2>Activitats de l&#8217;OSSMA que contribueixen a aquest ODS:<\/h2>\n\t\t\t\t\t\t\t\t<\/div>\n\t\t\t\t<\/div>\n\t\t\t\t\t<\/div>\n\t\t<\/div>\n\t\t\t\t\t<\/div>\n\t\t<\/section>\n\t\t\t\t<section class=\"elementor-section elementor-top-section elementor-element elementor-element-8f100d7 elementor-section-boxed elementor-section-height-default elementor-section-height-default\" data-id=\"8f100d7\" data-element_type=\"section\" data-e-type=\"section\">\n\t\t\t\t\t\t<div class=\"elementor-container elementor-column-gap-default\">\n\t\t\t\t\t<div class=\"elementor-column elementor-col-100 elementor-top-column elementor-element elementor-element-45785d9\" data-id=\"45785d9\" data-element_type=\"column\" data-e-type=\"column\">\n\t\t\t<div class=\"elementor-widget-wrap elementor-element-populated\">\n\t\t\t\t\t\t<div class=\"elementor-element elementor-element-ea9ed2b actualitat elementor-widget elementor-widget-wb-post-slider\" data-id=\"ea9ed2b\" data-element_type=\"widget\" data-e-type=\"widget\" data-widget_type=\"wb-post-slider.default\">\n\t\t\t\t<div class=\"elementor-widget-container\">\n\t\t\t\t\t<div\r\n\t        \t\tclass=\"wbel_post_slider_wrapper wbel_post_slider_default\"\r\n\t        \t\tid=\"wbel_post_slider_wb_post_sliderea9ed2b\"\r\n\t        \t\tdata-slide-to-show=\"3\"\r\n\t        \t\tdata-slides-to-scroll=\"3\"\r\n\t        \t><div class=\"wb_ps_item\">\r\n\t<div class=\"wb_ps_single_item\">\r\n\t\t\t\t\t<div class=\"wb_ps_thumbnail\">\r\n\t\t\t\t<a href=\"https:\/\/www.ub.edu\/ossma\/actualitat-atencio-social\/memoria-activitat-ossma-2024\">\r\n\t\t\t\t\t<img decoding=\"async\" src=\"https:\/\/www.ub.edu\/ossma\/wp-content\/uploads\/2025\/07\/portada-memoria-ossma-2024-banner-750x178.jpg\" title=\"portada-memoria-ossma-2024-banner\" alt=\"portada-memoria-ossma-2024-banner\" \/>\t\t\t\t<\/a>\r\n\t\t\t<\/div>\r\n\t\t\t\t<div class=\"wb_ps_content\">\r\n\r\n\t\t\t<div class=\"wb_ps_title\">\r\n\t\t\t\t<h2 ><a href=\"https:\/\/www.ub.edu\/ossma\/actualitat-atencio-social\/memoria-activitat-ossma-2024\">Mem\u00f2ria d\u2019activitat OSSMA 2024<\/a><\/h2>\r\n\t\t\t<\/div>\r\n\r\n\t\t\t<div class=\"wb_ps_description\">\r\n\r\n\t\t\t\t<div class=\"wb_ps_text\"><p>La sisena mem\u00f2ria d\u2019activitat de l\u2019OSSMA recull les principals actuacions i projectes duts a terme l\u2019any 2024.<\/p>\n<\/div>\r\n\r\n\t\t\t\t\t\t\t<div class=\"wb_ps_readmore\">\r\n\t\t\t\t\t<a class=\"wb_ps_readmore_link\" href=\"https:\/\/www.ub.edu\/ossma\/actualitat-atencio-social\/memoria-activitat-ossma-2024\">M\u00e9s informaci\u00f3<\/a>\r\n\t\t\t\t<\/div>\r\n\t\t\t\r\n\t\t\t<\/div>\r\n\t\t\r\n\t\t<\/div>\r\n\t<\/div>\r\n<\/div><div class=\"wb_ps_item\">\r\n\t<div class=\"wb_ps_single_item\">\r\n\t\t\t\t\t<div class=\"wb_ps_thumbnail\">\r\n\t\t\t\t<a href=\"https:\/\/www.ub.edu\/ossma\/actualitat-atencio-social\/memoria-dactivitat-ossma-2023\">\r\n\t\t\t\t\t<img decoding=\"async\" src=\"https:\/\/www.ub.edu\/ossma\/wp-content\/uploads\/2024\/07\/portada-memoria-ossma-2023-banner-750x178.jpg\" title=\"portada-memoria-ossma-2023-banner\" alt=\"portada-memoria-ossma-2023-banner\" \/>\t\t\t\t<\/a>\r\n\t\t\t<\/div>\r\n\t\t\t\t<div class=\"wb_ps_content\">\r\n\r\n\t\t\t<div class=\"wb_ps_title\">\r\n\t\t\t\t<h2 ><a href=\"https:\/\/www.ub.edu\/ossma\/actualitat-atencio-social\/memoria-dactivitat-ossma-2023\">Mem\u00f2ria d\u2019activitat OSSMA 2023<\/a><\/h2>\r\n\t\t\t<\/div>\r\n\r\n\t\t\t<div class=\"wb_ps_description\">\r\n\r\n\t\t\t\t<div class=\"wb_ps_text\"><p>L\u2019OSSMA publica la cinquena mem\u00f2ria d\u2019activitat, on es recullen les principals actuacions i projectes que es van dur a terme al llarg de l\u2019any 2023.<\/p>\n<\/div>\r\n\r\n\t\t\t\t\t\t\t<div class=\"wb_ps_readmore\">\r\n\t\t\t\t\t<a class=\"wb_ps_readmore_link\" href=\"https:\/\/www.ub.edu\/ossma\/actualitat-atencio-social\/memoria-dactivitat-ossma-2023\">M\u00e9s informaci\u00f3<\/a>\r\n\t\t\t\t<\/div>\r\n\t\t\t\r\n\t\t\t<\/div>\r\n\t\t\r\n\t\t<\/div>\r\n\t<\/div>\r\n<\/div><div class=\"wb_ps_item\">\r\n\t<div class=\"wb_ps_single_item\">\r\n\t\t\t\t\t<div class=\"wb_ps_thumbnail\">\r\n\t\t\t\t<a href=\"https:\/\/www.ub.edu\/ossma\/actualitat-atencio-social\/memoria-activitat-ossma-2022\">\r\n\t\t\t\t\t<img decoding=\"async\" src=\"https:\/\/www.ub.edu\/ossma\/wp-content\/uploads\/2023\/05\/banner-memoria-ossma-2022-750x180.jpg\" title=\"banner-memoria-ossma-2022\" alt=\"Cap\u00e7alera mem\u00f2ria d'activitat OSSMA 2022\" \/>\t\t\t\t<\/a>\r\n\t\t\t<\/div>\r\n\t\t\t\t<div class=\"wb_ps_content\">\r\n\r\n\t\t\t<div class=\"wb_ps_title\">\r\n\t\t\t\t<h2 ><a href=\"https:\/\/www.ub.edu\/ossma\/actualitat-atencio-social\/memoria-activitat-ossma-2022\">Mem\u00f2ria d&#8217;activitat OSSMA 2022<\/a><\/h2>\r\n\t\t\t<\/div>\r\n\r\n\t\t\t<div class=\"wb_ps_description\">\r\n\r\n\t\t\t\t<div class=\"wb_ps_text\"><p>La quarta mem\u00f2ria d\u2019activitat de l\u2019OSSMA recull les principals actuacions i projectes duts a terme l\u2019any 2022.<\/p>\n<\/div>\r\n\r\n\t\t\t\t\t\t\t<div class=\"wb_ps_readmore\">\r\n\t\t\t\t\t<a class=\"wb_ps_readmore_link\" href=\"https:\/\/www.ub.edu\/ossma\/actualitat-atencio-social\/memoria-activitat-ossma-2022\">M\u00e9s informaci\u00f3<\/a>\r\n\t\t\t\t<\/div>\r\n\t\t\t\r\n\t\t\t<\/div>\r\n\t\t\r\n\t\t<\/div>\r\n\t<\/div>\r\n<\/div><div class=\"wb_ps_item\">\r\n\t<div class=\"wb_ps_single_item\">\r\n\t\t\t\t\t<div class=\"wb_ps_thumbnail\">\r\n\t\t\t\t<a href=\"https:\/\/www.ub.edu\/ossma\/actualitat-medi-ambient\/naturconsells\">\r\n\t\t\t\t\t<img decoding=\"async\" src=\"https:\/\/www.ub.edu\/ossma\/wp-content\/uploads\/2022\/05\/capcalera-ecoconsells-naturconsells-300x71.jpg\" title=\"\" alt=\"\" \/>\t\t\t\t<\/a>\r\n\t\t\t<\/div>\r\n\t\t\t\t<div class=\"wb_ps_content\">\r\n\r\n\t\t\t<div class=\"wb_ps_title\">\r\n\t\t\t\t<h2 ><a href=\"https:\/\/www.ub.edu\/ossma\/actualitat-medi-ambient\/naturconsells\">NaturConsells: conservar la natura ens aporta molts beneficis. Els vols descobrir?<\/a><\/h2>\r\n\t\t\t<\/div>\r\n\r\n\t\t\t<div class=\"wb_ps_description\">\r\n\r\n\t\t\t\t<div class=\"wb_ps_text\"><p>Conservar la natura ens aporta molts beneficis, ja que redueix la contaminaci\u00f3 atmosf\u00e8rica i ac\u00fastica, millora el nostre benestar f\u00edsic i emocional, entre d'altres. Llegeix els NaturConsells que hem publicat<br \/>\na les xarxes socials durant el mes de maig per descobrir-ho.<\/p>\n<\/div>\r\n\r\n\t\t\t\t\t\t\t<div class=\"wb_ps_readmore\">\r\n\t\t\t\t\t<a class=\"wb_ps_readmore_link\" href=\"https:\/\/www.ub.edu\/ossma\/actualitat-medi-ambient\/naturconsells\">M\u00e9s informaci\u00f3<\/a>\r\n\t\t\t\t<\/div>\r\n\t\t\t\r\n\t\t\t<\/div>\r\n\t\t\r\n\t\t<\/div>\r\n\t<\/div>\r\n<\/div><div class=\"wb_ps_item\">\r\n\t<div class=\"wb_ps_single_item\">\r\n\t\t\t\t\t<div class=\"wb_ps_thumbnail\">\r\n\t\t\t\t<a href=\"https:\/\/www.ub.edu\/ossma\/actualitat-atencio-social\/memoria-activitat-ossma-2021\">\r\n\t\t\t\t\t<img decoding=\"async\" src=\"https:\/\/www.ub.edu\/ossma\/wp-content\/uploads\/2022\/03\/1270-300-memoria-ossma-2021-300x71.png\" title=\"\" alt=\"Cap\u00e7alera de la mem\u00f2ria d'activitat de l'OSSMA 2021\" \/>\t\t\t\t<\/a>\r\n\t\t\t<\/div>\r\n\t\t\t\t<div class=\"wb_ps_content\">\r\n\r\n\t\t\t<div class=\"wb_ps_title\">\r\n\t\t\t\t<h2 ><a href=\"https:\/\/www.ub.edu\/ossma\/actualitat-atencio-social\/memoria-activitat-ossma-2021\">Mem\u00f2ria d\u2019activitat OSSMA 2021<\/a><\/h2>\r\n\t\t\t<\/div>\r\n\r\n\t\t\t<div class=\"wb_ps_description\">\r\n\r\n\t\t\t\t<div class=\"wb_ps_text\"><p>Aquesta \u00e9s la tercera mem\u00f2ria d'activitat transversal de l'OSSMA, que recull les principals actuacions i projectes duts a terme l'any 2021.<\/p>\n<\/div>\r\n\r\n\t\t\t\t\t\t\t<div class=\"wb_ps_readmore\">\r\n\t\t\t\t\t<a class=\"wb_ps_readmore_link\" href=\"https:\/\/www.ub.edu\/ossma\/actualitat-atencio-social\/memoria-activitat-ossma-2021\">M\u00e9s informaci\u00f3<\/a>\r\n\t\t\t\t<\/div>\r\n\t\t\t\r\n\t\t\t<\/div>\r\n\t\t\r\n\t\t<\/div>\r\n\t<\/div>\r\n<\/div><div class=\"wb_ps_item\">\r\n\t<div class=\"wb_ps_single_item\">\r\n\t\t\t\t\t<div class=\"wb_ps_thumbnail\">\r\n\t\t\t\t<a href=\"https:\/\/www.ub.edu\/ossma\/actualitat-medi-ambient\/reptes-verds-uni-eco-2022\">\r\n\t\t\t\t\t<img decoding=\"async\" src=\"https:\/\/www.ub.edu\/ossma\/wp-content\/uploads\/2021\/12\/capcalera-web-Greenchallenges2022-300x71.jpg\" title=\"cap\u00e7alera-web-Greenchallenges2022\" alt=\"Reptes verds Unieco - segona edici\u00f3\" \/>\t\t\t\t<\/a>\r\n\t\t\t<\/div>\r\n\t\t\t\t<div class=\"wb_ps_content\">\r\n\r\n\t\t\t<div class=\"wb_ps_title\">\r\n\t\t\t\t<h2 ><a href=\"https:\/\/www.ub.edu\/ossma\/actualitat-medi-ambient\/reptes-verds-uni-eco-2022\">2a edici\u00f3 dels \u00abReptes verds\u00bb UNI-ECO<\/a><\/h2>\r\n\t\t\t<\/div>\r\n\r\n\t\t\t<div class=\"wb_ps_description\">\r\n\r\n\t\t\t\t<div class=\"wb_ps_text\"><p>UNI-ECO convoca la\u00a02a edici\u00f3 dels \u00abReptes verds\u00bb, adre\u00e7ada a aquelles persones de la comunitat universit\u00e0ria interessades a construir una universitat m\u00e9s sostenible. <\/p>\n<\/div>\r\n\r\n\t\t\t\t\t\t\t<div class=\"wb_ps_readmore\">\r\n\t\t\t\t\t<a class=\"wb_ps_readmore_link\" href=\"https:\/\/www.ub.edu\/ossma\/actualitat-medi-ambient\/reptes-verds-uni-eco-2022\">M\u00e9s informaci\u00f3<\/a>\r\n\t\t\t\t<\/div>\r\n\t\t\t\r\n\t\t\t<\/div>\r\n\t\t\r\n\t\t<\/div>\r\n\t<\/div>\r\n<\/div><div class=\"wb_ps_item\">\r\n\t<div class=\"wb_ps_single_item\">\r\n\t\t\t\t\t<div class=\"wb_ps_thumbnail\">\r\n\t\t\t\t<a href=\"https:\/\/www.ub.edu\/ossma\/actualitat-medi-ambient\/inici-campanya-reptes-verds-uni-eco\">\r\n\t\t\t\t\t<img decoding=\"async\" src=\"https:\/\/www.ub.edu\/ossma\/wp-content\/uploads\/2021\/12\/capcalera-web-Greenchallenges2022-300x71.jpg\" title=\"cap\u00e7alera-web-Greenchallenges2022\" alt=\"Reptes verds Unieco - segona edici\u00f3\" \/>\t\t\t\t<\/a>\r\n\t\t\t<\/div>\r\n\t\t\t\t<div class=\"wb_ps_content\">\r\n\r\n\t\t\t<div class=\"wb_ps_title\">\r\n\t\t\t\t<h2 ><a href=\"https:\/\/www.ub.edu\/ossma\/actualitat-medi-ambient\/inici-campanya-reptes-verds-uni-eco\">Comen\u00e7a la campanya \u00abReptes verds: per un campus m\u00e9s sostenible\u00bb<\/a><\/h2>\r\n\t\t\t<\/div>\r\n\r\n\t\t\t<div class=\"wb_ps_description\">\r\n\r\n\t\t\t\t<div class=\"wb_ps_text\"><p>Si estudies o treballes en la UB, forma un equip i, a trav\u00e8s de la plataforma en l\u00ednia d\u2019UNI-ECO, proposa abans de l'11 d'abril un projecte que contribueixi a fer m\u00e9s sostenible el teu campus.<\/p>\n<\/div>\r\n\r\n\t\t\t\t\t\t\t<div class=\"wb_ps_readmore\">\r\n\t\t\t\t\t<a class=\"wb_ps_readmore_link\" href=\"https:\/\/www.ub.edu\/ossma\/actualitat-medi-ambient\/inici-campanya-reptes-verds-uni-eco\">M\u00e9s informaci\u00f3<\/a>\r\n\t\t\t\t<\/div>\r\n\t\t\t\r\n\t\t\t<\/div>\r\n\t\t\r\n\t\t<\/div>\r\n\t<\/div>\r\n<\/div><div class=\"wb_ps_item\">\r\n\t<div class=\"wb_ps_single_item\">\r\n\t\t\t\t\t<div class=\"wb_ps_thumbnail\">\r\n\t\t\t\t<a href=\"https:\/\/www.ub.edu\/ossma\/actualitat-medi-ambient\/presentada-al-claustre-darrera-memoria-pla-sostenibilitat-ub\">\r\n\t\t\t\t\t<img decoding=\"async\" src=\"https:\/\/www.ub.edu\/ossma\/wp-content\/uploads\/2024\/08\/capcalera-pla-sostenibilitat-ub-750x177.png\" title=\"cap\u00e7alera-pla-sostenibilitat-ub\" alt=\"Cap\u00e7alera Pla Sostenibilitat UB\" \/>\t\t\t\t<\/a>\r\n\t\t\t<\/div>\r\n\t\t\t\t<div class=\"wb_ps_content\">\r\n\r\n\t\t\t<div class=\"wb_ps_title\">\r\n\t\t\t\t<h2 ><a href=\"https:\/\/www.ub.edu\/ossma\/actualitat-medi-ambient\/presentada-al-claustre-darrera-memoria-pla-sostenibilitat-ub\">Es presenta al Claustre la darrera mem\u00f2ria de seguiment del Pla de Sostenibilitat UB<\/a><\/h2>\r\n\t\t\t<\/div>\r\n\r\n\t\t\t<div class=\"wb_ps_description\">\r\n\r\n\t\t\t\t<div class=\"wb_ps_text\"><p>En la sessi\u00f3 ordin\u00e0ria del Claustre de la UB de l'11 de desembre es van presentar els principals resultats de la darrera mem\u00f2ria anual de seguiment del Pla de Sostenibilitat UB.<\/p>\n<\/div>\r\n\r\n\t\t\t\t\t\t\t<div class=\"wb_ps_readmore\">\r\n\t\t\t\t\t<a class=\"wb_ps_readmore_link\" href=\"https:\/\/www.ub.edu\/ossma\/actualitat-medi-ambient\/presentada-al-claustre-darrera-memoria-pla-sostenibilitat-ub\">M\u00e9s informaci\u00f3<\/a>\r\n\t\t\t\t<\/div>\r\n\t\t\t\r\n\t\t\t<\/div>\r\n\t\t\r\n\t\t<\/div>\r\n\t<\/div>\r\n<\/div><div class=\"wb_ps_item\">\r\n\t<div class=\"wb_ps_single_item\">\r\n\t\t\t\t\t<div class=\"wb_ps_thumbnail\">\r\n\t\t\t\t<a href=\"https:\/\/www.ub.edu\/ossma\/actualitat-medi-ambient\/inscripcions-conama-2016\">\r\n\t\t\t\t\t<img decoding=\"async\" src=\"https:\/\/www.ub.edu\/ossma\/wp-content\/uploads\/2016\/09\/logoconama2016-300x155.png\" title=\"logoconama2016\" alt=\"logoconama2016\" \/>\t\t\t\t<\/a>\r\n\t\t\t<\/div>\r\n\t\t\t\t<div class=\"wb_ps_content\">\r\n\r\n\t\t\t<div class=\"wb_ps_title\">\r\n\t\t\t\t<h2 ><a href=\"https:\/\/www.ub.edu\/ossma\/actualitat-medi-ambient\/inscripcions-conama-2016\">Inscripcions gratu\u00eftes a CONAMA 2016 per presentar comunicacions t\u00e8cniques<\/a><\/h2>\r\n\t\t\t<\/div>\r\n\r\n\t\t\t<div class=\"wb_ps_description\">\r\n\r\n\t\t\t\t<div class=\"wb_ps_text\"><p>En el marc del conveni de col\u00b7laboraci\u00f3 amb el Congreso Nacional de Medio Ambiente (CONAMA), la Universitat de Barcelona disposa de fins a cinc inscripcions gratu\u00eftes per presentar p\u00f2sters o comunicacions t\u00e8cniques a la 13a edici\u00f3 de CONAMA, que es celebrar\u00e0 del 28 de novembre a l\u20191 de desembre al Palacio Municipal de Congresos de Madrid.<\/p>\n<\/div>\r\n\r\n\t\t\t\t\t\t\t<div class=\"wb_ps_readmore\">\r\n\t\t\t\t\t<a class=\"wb_ps_readmore_link\" href=\"https:\/\/www.ub.edu\/ossma\/actualitat-medi-ambient\/inscripcions-conama-2016\">M\u00e9s informaci\u00f3<\/a>\r\n\t\t\t\t<\/div>\r\n\t\t\t\r\n\t\t\t<\/div>\r\n\t\t\r\n\t\t<\/div>\r\n\t<\/div>\r\n<\/div><div class=\"wb_ps_item\">\r\n\t<div class=\"wb_ps_single_item\">\r\n\t\t\t\t\t<div class=\"wb_ps_thumbnail\">\r\n\t\t\t\t<a href=\"https:\/\/www.ub.edu\/ossma\/actualitat-medi-ambient\/politica-sostenibilitat-ub\">\r\n\t\t\t\t\t<img decoding=\"async\" src=\"https:\/\/www.ub.edu\/ossma\/wp-content\/uploads\/2024\/02\/capcalera-mediambient-altres-750x177.jpg\" title=\"cap\u00e7alera-mediambient-altres\" alt=\"cap\u00e7alera-mediambient-altres\" \/>\t\t\t\t<\/a>\r\n\t\t\t<\/div>\r\n\t\t\t\t<div class=\"wb_ps_content\">\r\n\r\n\t\t\t<div class=\"wb_ps_title\">\r\n\t\t\t\t<h2 ><a href=\"https:\/\/www.ub.edu\/ossma\/actualitat-medi-ambient\/politica-sostenibilitat-ub\">Nova Pol\u00edtica de Sostenibilitat de la Universitat de Barcelona<\/a><\/h2>\r\n\t\t\t<\/div>\r\n\r\n\t\t\t<div class=\"wb_ps_description\">\r\n\r\n\t\t\t\t<div class=\"wb_ps_text\"><p>El passat 13 de juliol el Consell de Govern va ser informat i va acceptar la substituci\u00f3 de la Declaraci\u00f3 Pol\u00edtica de Medi Ambient de la UB, vigent des de l\u2019any 2000, per la nova Pol\u00edtica de Sostenibilitat.<\/p>\n<\/div>\r\n\r\n\t\t\t\t\t\t\t<div class=\"wb_ps_readmore\">\r\n\t\t\t\t\t<a class=\"wb_ps_readmore_link\" href=\"https:\/\/www.ub.edu\/ossma\/actualitat-medi-ambient\/politica-sostenibilitat-ub\">M\u00e9s informaci\u00f3<\/a>\r\n\t\t\t\t<\/div>\r\n\t\t\t\r\n\t\t\t<\/div>\r\n\t\t\r\n\t\t<\/div>\r\n\t<\/div>\r\n<\/div><\/div>\t\t\t\t<div class=\"wbel-arrow wb-arrow-prev\">\r\n\t\t\t\t\t<i class=\"fa fa-angle-left\"><\/i>\r\n\t\t\t\t<\/div>\r\n\t\t\t\t<div class=\"wbel-arrow wb-arrow-next\">\r\n\t\t\t\t\t<i class=\"fa fa-angle-right\"><\/i>\r\n\t\t\t\t<\/div>\r\n\t\t\t\t\t\t\t<\/div>\n\t\t\t\t<\/div>\n\t\t\t\t<div class=\"elementor-element elementor-element-0280355 elementor-align-right elementor-widget elementor-widget-button\" data-id=\"0280355\" data-element_type=\"widget\" data-e-type=\"widget\" data-widget_type=\"button.default\">\n\t\t\t\t<div class=\"elementor-widget-container\">\n\t\t\t\t\t\t\t\t\t<div class=\"elementor-button-wrapper\">\n\t\t\t\t\t<a class=\"elementor-button elementor-button-link elementor-size-sm\" href=\"https:\/\/www.ub.edu\/ossma\/tag\/ods15\/\">\n\t\t\t\t\t\t<span class=\"elementor-button-content-wrapper\">\n\t\t\t\t\t\t\t\t\t<span class=\"elementor-button-text\">Totes les activitats relacionades<\/span>\n\t\t\t\t\t<\/span>\n\t\t\t\t\t<\/a>\n\t\t\t\t<\/div>\n\t\t\t\t\t\t\t\t<\/div>\n\t\t\t\t<\/div>\n\t\t\t\t\t<\/div>\n\t\t<\/div>\n\t\t\t\t\t<\/div>\n\t\t<\/section>\n\t\t\t\t<\/div>\n\t\t","protected":false},"excerpt":{"rendered":"<p>El passat 13 de juliol el Consell de Govern va ser informat i va acceptar la substituci\u00f3 de la Declaraci\u00f3 Pol\u00edtica de Medi Ambient\u00a0de la UB, vigent des de l&#8217;any 2000, per la <a href=\"https:\/\/www.ub.edu\/ossma\/medi-ambient\/arxiu-projectes\/altres\" data-type=\"page\" data-id=\"24866\">nova Pol\u00edtica de Sostenibilitat<\/a>.<\/p>\n","protected":false},"author":1,"featured_media":23752,"parent":5743,"menu_order":0,"comment_status":"closed","ping_status":"closed","template":"","meta":{"advgb_blocks_editor_width":"","advgb_blocks_columns_visual_guide":"","footnotes":""},"class_list":["post-6977","page","type-page","status-publish","has-post-thumbnail","hentry"],"coauthors":[],"author_meta":{"author_link":"https:\/\/www.ub.edu\/ossma\/author\/ossmau1","display_name":"OSSMA"},"relative_dates":{"created":"Posted 7 anys ago","modified":"Updated 3 anys ago"},"absolute_dates":{"created":"Posted on 13\/05\/2019","modified":"Updated on 01\/02\/2023"},"absolute_dates_time":{"created":"Posted on 13\/05\/2019 10:48","modified":"Updated on 01\/02\/2023 8:48"},"featured_img_caption":"","featured_img":"https:\/\/www.ub.edu\/ossma\/wp-content\/uploads\/2021\/03\/ossma-ub.jpg","series_order":"","_links":{"self":[{"href":"https:\/\/www.ub.edu\/ossma\/wp-json\/wp\/v2\/pages\/6977","targetHints":{"allow":["GET"]}}],"collection":[{"href":"https:\/\/www.ub.edu\/ossma\/wp-json\/wp\/v2\/pages"}],"about":[{"href":"https:\/\/www.ub.edu\/ossma\/wp-json\/wp\/v2\/types\/page"}],"author":[{"embeddable":true,"href":"https:\/\/www.ub.edu\/ossma\/wp-json\/wp\/v2\/users\/1"}],"replies":[{"embeddable":true,"href":"https:\/\/www.ub.edu\/ossma\/wp-json\/wp\/v2\/comments?post=6977"}],"version-history":[{"count":15,"href":"https:\/\/www.ub.edu\/ossma\/wp-json\/wp\/v2\/pages\/6977\/revisions"}],"predecessor-version":[{"id":44311,"href":"https:\/\/www.ub.edu\/ossma\/wp-json\/wp\/v2\/pages\/6977\/revisions\/44311"}],"up":[{"embeddable":true,"href":"https:\/\/www.ub.edu\/ossma\/wp-json\/wp\/v2\/pages\/5743"}],"wp:featuredmedia":[{"embeddable":true,"href":"https:\/\/www.ub.edu\/ossma\/wp-json\/wp\/v2\/media\/23752"}],"wp:attachment":[{"href":"https:\/\/www.ub.edu\/ossma\/wp-json\/wp\/v2\/media?parent=6977"}],"curies":[{"name":"wp","href":"https:\/\/api.w.org\/{rel}","templated":true}]}}